{"id":57396,"date":"2020-12-04T11:15:13","date_gmt":"2020-12-04T10:15:13","guid":{"rendered":"https:\/\/agir.wwf.fr\/urgence-climat\/?page_id=57396"},"modified":"2020-12-04T11:18:07","modified_gmt":"2020-12-04T10:18:07","slug":"mentions-legales","status":"publish","type":"page","link":"https:\/\/agir.wwf.fr\/urgence-climat\/mentions-legales\/","title":{"rendered":"Mentions l\u00e9gales"},"content":{"rendered":"<p>[et_pb_section fb_built=\u00a0\u00bb1&Prime; custom_padding_last_edited=\u00a0\u00bbon|phone\u00a0\u00bb admin_label=\u00a0\u00bbPopup &#8211; #undefined\u00a0\u00bb module_class=\u00a0\u00bbcentrer-verticalement\u00a0\u00bb _builder_version=\u00a0\u00bb4.7.4&Prime; use_background_color_gradient=\u00a0\u00bbon\u00a0\u00bb background_color_gradient_start=\u00a0\u00bb#d83a24&Prime; background_color_gradient_end=\u00a0\u00bbrgba(13,19,29,0.43)\u00a0\u00bb background_color_gradient_direction=\u00a0\u00bb1deg\u00a0\u00bb background_color_gradient_end_position=\u00a0\u00bb40%\u00a0\u00bb background_image=\u00a0\u00bbhttps:\/\/agir.wwf.fr\/urgence-climat\/wp-content\/uploads\/sites\/31\/2020\/11\/bg-don-1024&#215;597-1.jpg\u00a0\u00bb background_blend=\u00a0\u00bbmultiply\u00a0\u00bb width_tablet=\u00a0\u00bb\u00a0\u00bb width_phone=\u00a0\u00bb100%\u00a0\u00bb width_last_edited=\u00a0\u00bbon|phone\u00a0\u00bb max_width_tablet=\u00a0\u00bb\u00a0\u00bb max_width_phone=\u00a0\u00bb100%\u00a0\u00bb max_width_last_edited=\u00a0\u00bbon|phone\u00a0\u00bb custom_margin_tablet=\u00a0\u00bb\u00a0\u00bb custom_margin_phone=\u00a0\u00bb|0px||0px|false|false\u00a0\u00bb custom_margin_last_edited=\u00a0\u00bbon|phone\u00a0\u00bb custom_padding=\u00a0\u00bb5%||5%||true|false\u00a0\u00bb custom_padding_tablet=\u00a0\u00bb\u00a0\u00bb custom_padding_phone=\u00a0\u00bb|0px||0px|true|false\u00a0\u00bb custom_css_main_element=\u00a0\u00bbmin-height: 100%;||align-items: center;\u00a0\u00bb da_disable_devices=\u00a0\u00bboff|off|off\u00a0\u00bb da_is_popup=\u00a0\u00bboff\u00a0\u00bb da_exit_intent=\u00a0\u00bboff\u00a0\u00bb da_has_close=\u00a0\u00bbon\u00a0\u00bb da_alt_close=\u00a0\u00bboff\u00a0\u00bb da_dark_close=\u00a0\u00bboff\u00a0\u00bb da_not_modal=\u00a0\u00bbon\u00a0\u00bb da_is_singular=\u00a0\u00bboff\u00a0\u00bb da_with_loader=\u00a0\u00bboff\u00a0\u00bb da_has_shadow=\u00a0\u00bbon\u00a0\u00bb][et_pb_row column_structure=\u00a0\u00bb1_2,1_2&Prime; _builder_version=\u00a0\u00bb4.6.6&Prime; _module_preset=\u00a0\u00bbdefault\u00a0\u00bb custom_margin=\u00a0\u00bb|||15%|false|false\u00a0\u00bb][et_pb_column type=\u00a0\u00bb1_2&Prime; _builder_version=\u00a0\u00bb4.6.6&Prime; _module_preset=\u00a0\u00bbdefault\u00a0\u00bb][et_pb_text _builder_version=\u00a0\u00bb4.7.4&Prime; header_font=\u00a0\u00bb|||on|||||\u00a0\u00bb header_text_color=\u00a0\u00bb#ffffff\u00a0\u00bb header_font_size=\u00a0\u00bb3.4em\u00a0\u00bb header_letter_spacing=\u00a0\u00bb5px\u00a0\u00bb header_line_height=\u00a0\u00bb1.1em\u00a0\u00bb header_2_font=\u00a0\u00bb|300||on|||||\u00a0\u00bb header_2_text_color=\u00a0\u00bb#ffffff\u00a0\u00bb header_2_font_size=\u00a0\u00bb3em\u00a0\u00bb header_2_letter_spacing=\u00a0\u00bb3px\u00a0\u00bb custom_margin=\u00a0\u00bb|||18%|false|false\u00a0\u00bb custom_margin_tablet=\u00a0\u00bb\u00a0\u00bb custom_margin_phone=\u00a0\u00bb\u00a0\u00bb custom_margin_last_edited=\u00a0\u00bbon|phone\u00a0\u00bb animation_style=\u00a0\u00bbslide\u00a0\u00bb animation_direction=\u00a0\u00bbtop\u00a0\u00bb animation_intensity_slide=\u00a0\u00bb5%\u00a0\u00bb scroll_blur=\u00a0\u00bb0|40|60|100|10px|0px|0px\u00a0\u00bb hover_enabled=\u00a0\u00bb0&Prime; header_font_size_tablet=\u00a0\u00bb\u00a0\u00bb header_font_size_phone=\u00a0\u00bb42px\u00a0\u00bb header_font_size_last_edited=\u00a0\u00bbon|phone\u00a0\u00bb header_text_shadow_style=\u00a0\u00bbpreset3&Prime; sticky_enabled=\u00a0\u00bb0&Prime;]<\/p>\n<h1>Mentions l\u00e9gales<\/h1>\n<p>[\/et_pb_text][\/et_pb_column][et_pb_column type=\u00a0\u00bb1_2&Prime; _builder_version=\u00a0\u00bb4.6.6&Prime; _module_preset=\u00a0\u00bbdefault\u00a0\u00bb][\/et_pb_column][\/et_pb_row][\/et_pb_section][et_pb_section fb_built=\u00a0\u00bb1&Prime; admin_label=\u00a0\u00bbPopup &#8211; #undefined\u00a0\u00bb _builder_version=\u00a0\u00bb4.7.0&Prime; _module_preset=\u00a0\u00bbdefault\u00a0\u00bb background_color=\u00a0\u00bb#000&Prime; background_enable_image=\u00a0\u00bboff\u00a0\u00bb background_size=\u00a0\u00bbinitial\u00a0\u00bb background_repeat=\u00a0\u00bbrepeat\u00a0\u00bb custom_margin=\u00a0\u00bb||||false|false\u00a0\u00bb custom_padding=\u00a0\u00bb||6%||false|false\u00a0\u00bb da_disable_devices=\u00a0\u00bboff|off|off\u00a0\u00bb da_is_popup=\u00a0\u00bboff\u00a0\u00bb da_exit_intent=\u00a0\u00bboff\u00a0\u00bb da_has_close=\u00a0\u00bbon\u00a0\u00bb da_alt_close=\u00a0\u00bboff\u00a0\u00bb da_dark_close=\u00a0\u00bboff\u00a0\u00bb da_not_modal=\u00a0\u00bbon\u00a0\u00bb da_is_singular=\u00a0\u00bboff\u00a0\u00bb da_with_loader=\u00a0\u00bboff\u00a0\u00bb da_has_shadow=\u00a0\u00bbon\u00a0\u00bb][et_pb_row _builder_version=\u00a0\u00bb4.7.4&Prime; _module_preset=\u00a0\u00bbdefault\u00a0\u00bb custom_margin=\u00a0\u00bb5%|15%|5%|15%|true|true\u00a0\u00bb hover_enabled=\u00a0\u00bb0&Prime; custom_padding=\u00a0\u00bb|7%||7%|false|true\u00a0\u00bb sticky_enabled=\u00a0\u00bb0&Prime;][et_pb_column type=\u00a0\u00bb4_4&Prime; _builder_version=\u00a0\u00bb4.7.4&Prime; _module_preset=\u00a0\u00bbdefault\u00a0\u00bb][et_pb_text _builder_version=\u00a0\u00bb4.7.4&Prime; _module_preset=\u00a0\u00bbdefault\u00a0\u00bb text_text_color=\u00a0\u00bb#ffffff\u00a0\u00bb header_text_color=\u00a0\u00bb#ffffff\u00a0\u00bb header_2_text_color=\u00a0\u00bb#ffffff\u00a0\u00bb]<\/p>\n<div class=\"field__item\">\n<div class=\"paragraph paragraph--type--text-block paragraph--view-mode--default\">\n<div class=\"paragraph-inner\">\n<div class=\"text-block-inner\">\n<h2 class=\"text-block-title\">\u00c9diteur du site<\/h2>\n<\/div>\n<div class=\"text-block-inner\">\n<div class=\"text-block-content\">\n<div class=\"field field-name--field-text-block-text field-type--text-long field__item\">\n<p>Le site www.wwf.fr est \u00e9dit\u00e9 par Fonds Mondial pour la Nature France, dit WWF France. Le WWF est une fondation reconnue d\u2019utilit\u00e9 publique, dont le si\u00e8ge social est situ\u00e9 au 35-37 rue Baudin, 93310 Le Pr\u00e9-Saint-Gervais.<\/p>\n<p><strong>Renseignements g\u00e9n\u00e9raux<\/strong> :<br \/>Num\u00e9ro SIREN : 302 518 667<br \/>Num\u00e9ro SIRET : 302 518 667 00084<br \/>Code APE: Autres organisations fonctionnant par adh\u00e9sion volontaire (9499Z)<br \/>Num\u00e9ro de t\u00e9l\u00e9phone: 01 71 86 40 60<br \/>Adresse de messagerie : contact@wwf.fr<\/p>\n<\/div>\n<\/div>\n<\/div>\n<\/div>\n<\/div>\n<\/div>\n<div class=\"field__item\">\n<div class=\"paragraph paragraph--type--text-block paragraph--view-mode--default\">\n<div class=\"paragraph-inner\">\n<div class=\"text-block-inner\">\n<h2 class=\"text-block-title\">Direction de la publication<\/h2>\n<\/div>\n<div class=\"text-block-inner\">\n<div class=\"text-block-content\">\n<div class=\"field field-name--field-text-block-text field-type--text-long field__item\">\n<p>La directrice de la publication est Madame Isabelle Autissier, en sa qualit\u00e9 de Pr\u00e9sidente du WWF.<\/p>\n<\/div>\n<\/div>\n<\/div>\n<\/div>\n<\/div>\n<\/div>\n<div class=\"field__item\">\n<div class=\"image-block-full-width paragraph paragraph--type--image-block paragraph--view-mode--default\">\n<div class=\"paragraph-inner\">\n<div class=\"field field-name--field-image-block-caption field-type--text field__item\">\n<div id=\"politique-confidentialite\"><\/div>\n<\/div>\n<\/div>\n<\/div>\n<\/div>\n<div class=\"field__item\">\n<div class=\"paragraph paragraph--type--text-block paragraph--view-mode--default\">\n<div class=\"paragraph-inner\">\n<div class=\"text-block-inner\">\n<h2 class=\"text-block-title\">Droits d\u2019auteur<\/h2>\n<\/div>\n<div class=\"text-block-inner\">\n<div class=\"text-block-content\">\n<div class=\"field field-name--field-text-block-text field-type--text-long field__item\">\n<p>Ce site respecte le droit d\u2019auteur. L&rsquo;ensemble des contenus, pages, scripts, ic\u00f4nes ou sons de ce site sont la propri\u00e9t\u00e9 exclusive du Fonds Mondial pour la Nature France (WWF France). Toute production, reproduction ou repr\u00e9sentation de ce site, en tout ou partie (textes, sons ou images), sur quelque support que ce soit est interdite. Le non-respect de cette interdiction constitue une contrefa\u00e7on pouvant engager la responsabilit\u00e9 civile et p\u00e9nale du contrefacteur.<\/p>\n<p>Il est strictement interdit d&rsquo;utiliser ou de reproduire le nom \u00ab\u00a0Fonds Mondial pour la Nature France\u00a0\u00bb ou son logo, seuls ou associ\u00e9s, ainsi que les autres marques, mod\u00e8les ou dessins enregistr\u00e9s, qui sont la propri\u00e9t\u00e9 de Fonds Mondial pour la Nature France (WWF France), \u00e0 quelque titre que ce soit et notamment \u00e0 des fins publicitaires sans l&rsquo;accord pr\u00e9alable \u00e9crit de Fonds Mondial pour la Nature France (WWF France).<\/p>\n<\/div>\n<\/div>\n<\/div>\n<\/div>\n<\/div>\n<\/div>\n<div class=\"field__item\">\n<div class=\"paragraph paragraph--type--text-block paragraph--view-mode--default\">\n<div class=\"paragraph-inner\">\n<div class=\"text-block-inner\">\n<h2 class=\"text-block-title\">Conditions d\u2019utilisation<\/h2>\n<\/div>\n<div class=\"text-block-inner\">\n<div class=\"text-block-content\">\n<div class=\"field field-name--field-text-block-text field-type--text-long field__item\">\n<p>Les informations contenues dans ce site sont soumises \u00e0 la loi fran\u00e7aise et sont fournies \u00ab\u00a0telles quelles\u00a0\u00bb sans garanties d&rsquo;aucune sorte, ni explicites, ni tacites. Ces informations peuvent contenir des inexactitudes techniques ou des erreurs typographiques. Elles sont non contractuelles et sujettes \u00e0 modification sans pr\u00e9avis.<\/p>\n<p>En utilisant ce site, le visiteur reconna\u00eet avoir eu la possibilit\u00e9 de prendre connaissance de cet avertissement.<\/p>\n<p>Le Fonds Mondial pour la Nature France (WWF France) n&rsquo;est pas responsable du contenu de tout autre site auquel vous pourriez avoir acc\u00e8s via le site WWF ou ses sites annexes.<\/p>\n<p>Le Fonds Mondial pour la Nature France (WWF France) n\u2019assure aucune garantie, expresse ou tacite, concernant tout ou partie de son site WEB. Le Fonds Mondial pour la Nature France (WWF France) a fait tous ses efforts pour s\u2019assurer que les informations accessibles par l\u2019interm\u00e9diaire de son site web sont exactes. Cependant, nous ne garantissons en aucune mani\u00e8re que ces informations soient exactes, compl\u00e8tes et \u00e0 jour.<\/p>\n<p>Il est express\u00e9ment entendu par l&rsquo;utilisateur de ce site qu&rsquo;en aucun cas Fonds Mondial pour la Nature France (WWF France) ne peut \u00eatre tenu responsable des dommages quelconques, directs ou indirects, mat\u00e9riels ou immat\u00e9riels ou sp\u00e9ciaux, r\u00e9sultant notamment de la consultation et \/ ou de l&rsquo;utilisation de ce site WEB ou d&rsquo;autres sites qui lui sont li\u00e9s, comme des utilisations d&rsquo;informations textuelles, sonores ou visuelles qui auraient pu y \u00eatre recueillies et notamment de tout pr\u00e9judice financier ou commercial, de pertes de programmes ou de donn\u00e9es dans son syst\u00e8me d&rsquo;information ou autre.<\/p>\n<\/div>\n<\/div>\n<\/div>\n<\/div>\n<\/div>\n<\/div>\n<div class=\"field__item\">\n<div class=\"paragraph paragraph--type--text-block paragraph--view-mode--default\">\n<div class=\"paragraph-inner\">\n<div class=\"text-block-inner\">\n<h2 class=\"text-block-title\">Conception et r\u00e9alisation<\/h2>\n<\/div>\n<div class=\"text-block-inner\">\n<div class=\"text-block-content\">\n<div class=\"field field-name--field-text-block-text field-type--text-long field__item\">\n<p>Le site a \u00e9t\u00e9 con\u00e7u et r\u00e9alis\u00e9 par Nexize, dont le si\u00e8ge social est situ\u00e9\u00a0<span>121 rue d\u2019Aguesseau 92100 Boulogne-Billancourt (France) <\/span>\u00a0et enregistr\u00e9 au RCS de Nanterre sous le num\u00e9ro\u00a0<span>513 141 879<\/span>.<\/p>\n<p>La maintenance et les \u00e9volutions du site sont assur\u00e9es par Nexize, dont le si\u00e8ge social est situ\u00e9\u00a0<span>121 rue d\u2019Aguesseau 92100 Boulogne-Billancourt (France) <\/span>\u00a0et enregistr\u00e9 au RCS de Nanterre sous le num\u00e9ro\u00a0<span>513 141 879<\/span>.<\/p>\n<p>&nbsp;<\/p>\n<\/div>\n<\/div>\n<\/div>\n<\/div>\n<\/div>\n<\/div>\n<div class=\"field__item\">\n<div class=\"paragraph paragraph--type--text-block paragraph--view-mode--default\">\n<div class=\"paragraph-inner\">\n<div class=\"text-block-inner\">\n<h2 class=\"text-block-title\">H\u00e9bergement<\/h2>\n<\/div>\n<div class=\"text-block-inner\">\n<div class=\"text-block-content\">\n<div class=\"field field-name--field-text-block-text field-type--text-long field__item\">\n<p dir=\"ltr\">Le site est h\u00e9berg\u00e9 par la soci\u00e9t\u00e9 OVH dont le si\u00e8ge social se situe\u00a0<span>2 rue Kellermann &#8211; 59100 Roubaix &#8211; France<\/span><span>\u00a0<\/span>.<\/p>\n<\/div>\n<\/div>\n<\/div>\n<\/div>\n<\/div>\n<\/div>\n<p>[\/et_pb_text][\/et_pb_column][\/et_pb_row][\/et_pb_section][et_pb_section fb_built=\u00a0\u00bb1&Prime; disabled_on=\u00a0\u00bboff|off|off\u00a0\u00bb admin_label=\u00a0\u00bbSection PC &#038; Tablette\u00a0\u00bb _builder_version=\u00a0\u00bb4.7.2&Prime; background_color=\u00a0\u00bb#000000&Prime; background_enable_image=\u00a0\u00bboff\u00a0\u00bb background_size=\u00a0\u00bbinitial\u00a0\u00bb background_repeat=\u00a0\u00bbrepeat\u00a0\u00bb custom_padding=\u00a0\u00bb4px|0px|0|0px|false|false\u00a0\u00bb z_index_tablet=\u00a0\u00bb500&Prime; da_disable_devices=\u00a0\u00bboff|off|off\u00a0\u00bb box_shadow_horizontal_tablet=\u00a0\u00bb0px\u00a0\u00bb box_shadow_vertical_tablet=\u00a0\u00bb0px\u00a0\u00bb box_shadow_blur_tablet=\u00a0\u00bb40px\u00a0\u00bb box_shadow_spread_tablet=\u00a0\u00bb0px\u00a0\u00bb global_module=\u00a0\u00bb55325&Prime; saved_tabs=\u00a0\u00bball\u00a0\u00bb da_is_popup=\u00a0\u00bboff\u00a0\u00bb da_exit_intent=\u00a0\u00bboff\u00a0\u00bb da_has_close=\u00a0\u00bbon\u00a0\u00bb da_alt_close=\u00a0\u00bboff\u00a0\u00bb da_dark_close=\u00a0\u00bboff\u00a0\u00bb da_not_modal=\u00a0\u00bbon\u00a0\u00bb da_is_singular=\u00a0\u00bboff\u00a0\u00bb da_with_loader=\u00a0\u00bboff\u00a0\u00bb da_has_shadow=\u00a0\u00bbon\u00a0\u00bb][et_pb_row column_structure=\u00a0\u00bb1_5,3_5,1_5&Prime; use_custom_gutter=\u00a0\u00bbon\u00a0\u00bb gutter_width=\u00a0\u00bb2&Prime; _builder_version=\u00a0\u00bb4.0.6&Prime; width=\u00a0\u00bb100%\u00a0\u00bb width_tablet=\u00a0\u00bb80%\u00a0\u00bb width_phone=\u00a0\u00bb80%\u00a0\u00bb width_last_edited=\u00a0\u00bbon|tablet\u00a0\u00bb max_width=\u00a0\u00bb1420px\u00a0\u00bb custom_margin=\u00a0\u00bb||||false|false\u00a0\u00bb][et_pb_column type=\u00a0\u00bb1_5&Prime; _builder_version=\u00a0\u00bb4.0.6&Prime; custom_padding=\u00a0\u00bb|0%|||false|false\u00a0\u00bb custom_padding__hover=\u00a0\u00bb|||\u00a0\u00bb][et_pb_image src=\u00a0\u00bbhttps:\/\/agir.wwf.fr\/urgence-climat\/wp-content\/uploads\/sites\/31\/2020\/10\/logo-wwf-2.jpg\u00a0\u00bb title_text=\u00a0\u00bblogo-wwf-2&Prime; show_bottom_space=\u00a0\u00bboff\u00a0\u00bb align_tablet=\u00a0\u00bb\u00a0\u00bb align_phone=\u00a0\u00bbright\u00a0\u00bb align_last_edited=\u00a0\u00bbon|phone\u00a0\u00bb disabled_on=\u00a0\u00bbon|off|off\u00a0\u00bb _builder_version=\u00a0\u00bb4.6.6&Prime; width=\u00a0\u00bb25%\u00a0\u00bb width_tablet=\u00a0\u00bb12%\u00a0\u00bb width_phone=\u00a0\u00bb\u00a0\u00bb width_last_edited=\u00a0\u00bbon|tablet\u00a0\u00bb max_width_tablet=\u00a0\u00bb\u00a0\u00bb max_width_phone=\u00a0\u00bb\u00a0\u00bb max_width_last_edited=\u00a0\u00bbon|tablet\u00a0\u00bb module_alignment=\u00a0\u00bbright\u00a0\u00bb custom_margin=\u00a0\u00bb-0.8vh||||false|false\u00a0\u00bb custom_margin_tablet=\u00a0\u00bb\u00a0\u00bb custom_margin_phone=\u00a0\u00bb\u00a0\u00bb custom_margin_last_edited=\u00a0\u00bbon|desktop\u00a0\u00bb][\/et_pb_image][\/et_pb_column][et_pb_column type=\u00a0\u00bb3_5&Prime; _builder_version=\u00a0\u00bb4.0.6&Prime; custom_padding=\u00a0\u00bb||||false|false\u00a0\u00bb][et_pb_text _builder_version=\u00a0\u00bb4.6.6&Prime; text_font=\u00a0\u00bb||||||||\u00a0\u00bb text_text_color=\u00a0\u00bb#fcfcfc\u00a0\u00bb header_font=\u00a0\u00bbWWF2|300|||||||\u00a0\u00bb header_text_color=\u00a0\u00bb#ffffff\u00a0\u00bb header_letter_spacing=\u00a0\u00bb1px\u00a0\u00bb header_3_font=\u00a0\u00bbWWF|||on|||||\u00a0\u00bb custom_margin=\u00a0\u00bb1vh||-5px||false|false\u00a0\u00bb custom_padding=\u00a0\u00bb30px|||||\u00a0\u00bb]<\/p>\n<h3><span style=\"font-size: 24px; color: #fcfcfc;\">\u00a0Freinons le r\u00e9chauffement climatique<\/span><\/h3>\n<div class=\"footer-mission-text\"><\/div>\n<div class=\"footer-mission-text\"><\/div>\n<div class=\"footer-mission-text\"><\/div>\n<div class=\"footer-mission-text\"><\/div>\n<p>[\/et_pb_text][et_pb_text _builder_version=\u00a0\u00bb4.6.6&Prime; text_font=\u00a0\u00bb||||||||\u00a0\u00bb text_text_color=\u00a0\u00bb#ffffff\u00a0\u00bb header_font=\u00a0\u00bbWWF2|300|||||||\u00a0\u00bb header_text_color=\u00a0\u00bb#ffffff\u00a0\u00bb header_letter_spacing=\u00a0\u00bb1px\u00a0\u00bb header_3_font=\u00a0\u00bbWWF2|600|||||||\u00a0\u00bb header_3_text_color=\u00a0\u00bb#ffffff\u00a0\u00bb header_3_font_size=\u00a0\u00bb21px\u00a0\u00bb custom_margin=\u00a0\u00bb||||false|false\u00a0\u00bb custom_padding=\u00a0\u00bb||||false|false\u00a0\u00bb]<\/p>\n<h3><span style=\"font-weight: 400;\">\u00a0Il est temps d\u2019\u00e9crire un nouveau sc\u00e9nario.<\/span><\/h3>\n<div class=\"footer-mission-text\"><\/div>\n<div class=\"footer-mission-text\"><\/div>\n<div class=\"footer-mission-text\"><\/div>\n<div class=\"footer-mission-text\"><\/div>\n<p>[\/et_pb_text][et_pb_text _builder_version=\u00a0\u00bb4.7.2&Prime; text_font=\u00a0\u00bbArial||||||||\u00a0\u00bb text_text_color=\u00a0\u00bb#fcfcfc\u00a0\u00bb text_font_size=\u00a0\u00bb14px\u00a0\u00bb header_font=\u00a0\u00bbWWF|800|||||||\u00a0\u00bb header_text_color=\u00a0\u00bb#ffffff\u00a0\u00bb custom_margin=\u00a0\u00bb2vw|17vw|2vw||true|false\u00a0\u00bb custom_margin_tablet=\u00a0\u00bb\u00a0\u00bb custom_margin_phone=\u00a0\u00bb|2vw|||true|false\u00a0\u00bb custom_margin_last_edited=\u00a0\u00bbon|phone\u00a0\u00bb]<\/p>\n<div class=\"footer-inner\">\n<div class=\"footer-mission\">\n<hr \/>\n<\/div>\n<\/div>\n<div class=\"footer-inner\">\n<div class=\"footer-end-wrapper\">\n<div class=\"footer-end-inner\">\n<div class=\"footer-bank-details\"><strong>D\u00e9duction fiscale<\/strong><\/div>\n<div class=\"footer-bank-details\"><span>66 % du montant de votre don au profit du WWF peut \u00eatre d\u00e9duit de votre imp\u00f4t sur le revenu.<\/span><\/div>\n<div class=\"footer-bank-details\"><span><\/span><\/div>\n<div class=\"footer-bank-details\">\n<br \/>\n<b>Mutualisation des dons<\/b><br \/>\n<span style=\"font-weight: 400;\">Prot\u00e9ger l&rsquo;environnement, c&rsquo;est prot\u00e9ger la plan\u00e8te et tous les \u00eatres vivants. Cela n\u00e9cessite d&rsquo;agir sur tous les fronts : climat, \u00e9nergie, syst\u00e8mes alimentaires, for\u00eat, vie sauvage, oc\u00e9ans, par des actions de terrain et de sensibilisation du public. Afin d&rsquo;\u00eatre le plus efficace possible, le WWF fait le choix d&rsquo;utiliser les dons selon les besoins des programmes et de ne pas affecter les dons, sauf demande expresse.<\/span><\/p>\n<p><span>Le Fonds Mondial pour la Nature France, dit WWF France est une Fondation reconnue d&rsquo;utilit\u00e9 publique.<\/span><br \/>\n<span>Num\u00e9ro d\u2019enregistrement et SIREN : 302 518 667<\/span><\/p>\n<\/div>\n<div class=\"footer-bank-details\"><\/div>\n<div class=\"footer-bank-details\">\u00a9 2019 WWF &#8211; World Wide Fund For Nature \u00a9 1986 Panda Symbol WWF \u2013 World Wide Fund For Nature (formerly World Wildlife Fund) \u00ae<\/div>\n<div class=\"footer-bank-details\">\u201cWWF\u201d is a WWF Registered Trademark<\/div>\n<\/div>\n<\/div>\n<\/div>\n<p>[\/et_pb_text][et_pb_text _builder_version=\u00a0\u00bb4.7.4&Prime; text_text_color=\u00a0\u00bb#ffffff\u00a0\u00bb text_font_size=\u00a0\u00bb14px\u00a0\u00bb custom_margin=\u00a0\u00bb1vh||6vh||false|false\u00a0\u00bb custom_padding=\u00a0\u00bb||||false|false\u00a0\u00bb hover_enabled=\u00a0\u00bb0&Prime; sticky_enabled=\u00a0\u00bb0&Prime;]<\/p>\n<p><a href=\"https:\/\/agir.wwf.fr\/urgence-climat\/mentions-legales\/\" target=\"_blank\" rel=\"noopener noreferrer\">Mentions l\u00e9gales<\/a>\u00a0 \u00a0\u00a0\u00a0\u00a0\u00a0\u00a0\u00a0<a href=\"https:\/\/www.wwf.fr\/politique-cookies\" target=\"_blank\" rel=\"noopener noreferrer\">Politique de cookies<\/a>\u00a0\u00a0\u00a0\u00a0\u00a0\u00a0 <a href=\"https:\/\/agir.wwf.fr\/urgence-climat\/urgence-climat-credits\/\" target=\"_blank\" rel=\"noopener noreferrer\">Cr\u00e9dits photos<\/a><\/p>\n<p>[\/et_pb_text][\/et_pb_column][et_pb_column type=\u00a0\u00bb1_5&Prime; _builder_version=\u00a0\u00bb3.25&Prime; custom_padding=\u00a0\u00bb|||\u00a0\u00bb custom_padding__hover=\u00a0\u00bb|||\u00a0\u00bb][et_pb_social_media_follow use_icon_font_size=\u00a0\u00bbon\u00a0\u00bb icon_font_size=\u00a0\u00bb20px\u00a0\u00bb _builder_version=\u00a0\u00bb4.7.2&Prime; text_orientation=\u00a0\u00bbleft\u00a0\u00bb custom_margin=\u00a0\u00bb3vw|||-40px|false|false\u00a0\u00bb custom_padding=\u00a0\u00bb10px||0px||false|false\u00a0\u00bb text_orientation_tablet=\u00a0\u00bb\u00a0\u00bb text_orientation_phone=\u00a0\u00bbcenter\u00a0\u00bb text_orientation_last_edited=\u00a0\u00bbon|phone\u00a0\u00bb custom_css_follow_button=\u00a0\u00bbwidth: 70%;\u00a0\u00bb border_radii=\u00a0\u00bbon|50px|50px|50px|50px\u00a0\u00bb][et_pb_social_media_follow_network social_network=\u00a0\u00bbfacebook\u00a0\u00bb url=\u00a0\u00bbhttps:\/\/www.facebook.com\/WWFFrance\/\u00a0\u00bb _builder_version=\u00a0\u00bb4.6.0&Prime; background_color=\u00a0\u00bb#e02b20&Prime; background_enable_color=\u00a0\u00bbon\u00a0\u00bb follow_button=\u00a0\u00bboff\u00a0\u00bb url_new_window=\u00a0\u00bbon\u00a0\u00bb]facebook[\/et_pb_social_media_follow_network][et_pb_social_media_follow_network social_network=\u00a0\u00bbtwitter\u00a0\u00bb url=\u00a0\u00bbhttps:\/\/twitter.com\/wwffrance\u00a0\u00bb _builder_version=\u00a0\u00bb4.6.0&Prime; background_color=\u00a0\u00bb#e02b20&Prime; background_enable_color=\u00a0\u00bbon\u00a0\u00bb follow_button=\u00a0\u00bboff\u00a0\u00bb url_new_window=\u00a0\u00bbon\u00a0\u00bb]twitter[\/et_pb_social_media_follow_network][et_pb_social_media_follow_network social_network=\u00a0\u00bbinstagram\u00a0\u00bb url=\u00a0\u00bbhttps:\/\/www.instagram.com\/wwffrance\/?hl=fr\u00a0\u00bb _builder_version=\u00a0\u00bb4.6.0&Prime; background_color=\u00a0\u00bb#e02b20&Prime; background_enable_color=\u00a0\u00bbon\u00a0\u00bb follow_button=\u00a0\u00bboff\u00a0\u00bb url_new_window=\u00a0\u00bbon\u00a0\u00bb]instagram[\/et_pb_social_media_follow_network][et_pb_social_media_follow_network social_network=\u00a0\u00bbyoutube\u00a0\u00bb url=\u00a0\u00bbhttps:\/\/www.youtube.com\/user\/WWFFrance\/videos\u00a0\u00bb _builder_version=\u00a0\u00bb4.6.0&Prime; background_color=\u00a0\u00bb#e02b20&Prime; background_enable_color=\u00a0\u00bbon\u00a0\u00bb follow_button=\u00a0\u00bboff\u00a0\u00bb url_new_window=\u00a0\u00bbon\u00a0\u00bb]youtube[\/et_pb_social_media_follow_network][\/et_pb_social_media_follow][\/et_pb_column][\/et_pb_row][\/et_pb_section]<\/p>\n","protected":false},"excerpt":{"rendered":"<p>Mentions l\u00e9gales \u00c9diteur du site Le site www.wwf.fr est \u00e9dit\u00e9 par Fonds Mondial pour la Nature France, dit WWF France. Le WWF est une fondation reconnue d\u2019utilit\u00e9 publique, dont le si\u00e8ge social est situ\u00e9 au 35-37 rue Baudin, 93310 Le Pr\u00e9-Saint-Gervais. Renseignements g\u00e9n\u00e9raux :Num\u00e9ro SIREN : 302 518 667Num\u00e9ro SIRET : 302 518 667 00084Code [&hellip;]<\/p>\n","protected":false},"author":5,"featured_media":0,"parent":0,"menu_order":0,"comment_status":"closed","ping_status":"closed","template":"","meta":{"_et_pb_use_builder":"on","_et_pb_old_content":"","_et_gb_content_width":""},"yoast_head":"<!-- This site is optimized with the Yoast SEO plugin v21.1 - https:\/\/yoast.com\/wordpress\/plugins\/seo\/ -->\n<title>Mentions l\u00e9gales - WWF | Urgence Climat<\/title>\n<meta name=\"description\" content=\"N&#039;attendons pas que la faune suavage devienne imaginaire. Agissons ensemble.\" \/>\n<meta name=\"robots\" content=\"index, follow, max-snippet:-1, max-image-preview:large, max-video-preview:-1\" \/>\n<link rel=\"canonical\" href=\"https:\/\/agir.wwf.fr\/urgence-climat\/mentions-legales\/\" \/>\n<meta property=\"og:locale\" content=\"fr_FR\" \/>\n<meta property=\"og:type\" content=\"article\" \/>\n<meta property=\"og:title\" content=\"Mentions l\u00e9gales - WWF | Urgence Climat\" \/>\n<meta property=\"og:description\" content=\"N&#039;attendons pas que la faune suavage devienne imaginaire. Agissons ensemble.\" \/>\n<meta property=\"og:url\" content=\"https:\/\/agir.wwf.fr\/urgence-climat\/mentions-legales\/\" \/>\n<meta property=\"og:site_name\" content=\"WWF | Urgence Climat\" \/>\n<meta property=\"article:publisher\" content=\"https:\/\/www.facebook.com\/WWFFRANCE\" \/>\n<meta property=\"article:modified_time\" content=\"2020-12-04T10:18:07+00:00\" \/>\n<meta property=\"og:image\" content=\"https:\/\/agir.wwf.fr\/urgence-climat\/wp-content\/uploads\/sites\/31\/2020\/11\/GettyImages-1195174769-scaled.jpg\" \/>\n\t<meta property=\"og:image:width\" content=\"2560\" \/>\n\t<meta property=\"og:image:height\" content=\"1313\" \/>\n\t<meta property=\"og:image:type\" content=\"image\/jpeg\" \/>\n<meta name=\"twitter:card\" content=\"summary_large_image\" \/>\n<meta name=\"twitter:site\" content=\"@WWFFRANCE\" \/>\n<meta name=\"twitter:label1\" content=\"Dur\u00e9e de lecture estim\u00e9e\" \/>\n\t<meta name=\"twitter:data1\" content=\"9 minutes\" \/>\n<script type=\"application\/ld+json\" class=\"yoast-schema-graph\">{\"@context\":\"https:\/\/schema.org\",\"@graph\":[{\"@type\":\"WebPage\",\"@id\":\"https:\/\/agir.wwf.fr\/urgence-climat\/mentions-legales\/\",\"url\":\"https:\/\/agir.wwf.fr\/urgence-climat\/mentions-legales\/\",\"name\":\"Mentions l\u00e9gales - WWF | Urgence Climat\",\"isPartOf\":{\"@id\":\"https:\/\/agir.wwf.fr\/urgence-climat\/#website\"},\"datePublished\":\"2020-12-04T10:15:13+00:00\",\"dateModified\":\"2020-12-04T10:18:07+00:00\",\"description\":\"N'attendons pas que la faune suavage devienne imaginaire. Agissons ensemble.\",\"breadcrumb\":{\"@id\":\"https:\/\/agir.wwf.fr\/urgence-climat\/mentions-legales\/#breadcrumb\"},\"inLanguage\":\"fr-FR\",\"potentialAction\":[{\"@type\":\"ReadAction\",\"target\":[\"https:\/\/agir.wwf.fr\/urgence-climat\/mentions-legales\/\"]}]},{\"@type\":\"BreadcrumbList\",\"@id\":\"https:\/\/agir.wwf.fr\/urgence-climat\/mentions-legales\/#breadcrumb\",\"itemListElement\":[{\"@type\":\"ListItem\",\"position\":1,\"name\":\"Accueil\",\"item\":\"https:\/\/agir.wwf.fr\/urgence-climat\/\"},{\"@type\":\"ListItem\",\"position\":2,\"name\":\"Mentions l\u00e9gales\"}]},{\"@type\":\"WebSite\",\"@id\":\"https:\/\/agir.wwf.fr\/urgence-climat\/#website\",\"url\":\"https:\/\/agir.wwf.fr\/urgence-climat\/\",\"name\":\"WWF | Urgence Climat\",\"description\":\"R\u00e9\u00e9crivons le sc\u00e9nario\",\"publisher\":{\"@id\":\"https:\/\/agir.wwf.fr\/urgence-climat\/#organization\"},\"potentialAction\":[{\"@type\":\"SearchAction\",\"target\":{\"@type\":\"EntryPoint\",\"urlTemplate\":\"https:\/\/agir.wwf.fr\/urgence-climat\/?s={search_term_string}\"},\"query-input\":\"required name=search_term_string\"}],\"inLanguage\":\"fr-FR\"},{\"@type\":\"Organization\",\"@id\":\"https:\/\/agir.wwf.fr\/urgence-climat\/#organization\",\"name\":\"WWF\",\"url\":\"https:\/\/agir.wwf.fr\/urgence-climat\/\",\"logo\":{\"@type\":\"ImageObject\",\"inLanguage\":\"fr-FR\",\"@id\":\"https:\/\/agir.wwf.fr\/urgence-climat\/#\/schema\/logo\/image\/\",\"url\":\"https:\/\/agir.wwf.fr\/urgence-climat\/wp-content\/uploads\/sites\/31\/2019\/03\/wwflogo.png\",\"contentUrl\":\"https:\/\/agir.wwf.fr\/urgence-climat\/wp-content\/uploads\/sites\/31\/2019\/03\/wwflogo.png\",\"width\":647,\"height\":306,\"caption\":\"WWF\"},\"image\":{\"@id\":\"https:\/\/agir.wwf.fr\/urgence-climat\/#\/schema\/logo\/image\/\"},\"sameAs\":[\"https:\/\/www.facebook.com\/WWFFRANCE\",\"https:\/\/twitter.com\/WWFFRANCE\",\"https:\/\/www.instagram.com\/wwffrance\/\",\"https:\/\/www.linkedin.com\/company\/wwf-france\",\"https:\/\/www.youtube.com\/user\/WWFFrance\"]}]}<\/script>\n<!-- \/ Yoast SEO plugin. -->","yoast_head_json":{"title":"Mentions l\u00e9gales - WWF | Urgence Climat","description":"N'attendons pas que la faune suavage devienne imaginaire. Agissons ensemble.","robots":{"index":"index","follow":"follow","max-snippet":"max-snippet:-1","max-image-preview":"max-image-preview:large","max-video-preview":"max-video-preview:-1"},"canonical":"https:\/\/agir.wwf.fr\/urgence-climat\/mentions-legales\/","og_locale":"fr_FR","og_type":"article","og_title":"Mentions l\u00e9gales - WWF | Urgence Climat","og_description":"N'attendons pas que la faune suavage devienne imaginaire. Agissons ensemble.","og_url":"https:\/\/agir.wwf.fr\/urgence-climat\/mentions-legales\/","og_site_name":"WWF | Urgence Climat","article_publisher":"https:\/\/www.facebook.com\/WWFFRANCE","article_modified_time":"2020-12-04T10:18:07+00:00","og_image":[{"width":2560,"height":1313,"url":"https:\/\/agir.wwf.fr\/urgence-climat\/wp-content\/uploads\/sites\/31\/2020\/11\/GettyImages-1195174769-scaled.jpg","type":"image\/jpeg"}],"twitter_card":"summary_large_image","twitter_site":"@WWFFRANCE","twitter_misc":{"Dur\u00e9e de lecture estim\u00e9e":"9 minutes"},"schema":{"@context":"https:\/\/schema.org","@graph":[{"@type":"WebPage","@id":"https:\/\/agir.wwf.fr\/urgence-climat\/mentions-legales\/","url":"https:\/\/agir.wwf.fr\/urgence-climat\/mentions-legales\/","name":"Mentions l\u00e9gales - WWF | Urgence Climat","isPartOf":{"@id":"https:\/\/agir.wwf.fr\/urgence-climat\/#website"},"datePublished":"2020-12-04T10:15:13+00:00","dateModified":"2020-12-04T10:18:07+00:00","description":"N'attendons pas que la faune suavage devienne imaginaire. Agissons ensemble.","breadcrumb":{"@id":"https:\/\/agir.wwf.fr\/urgence-climat\/mentions-legales\/#breadcrumb"},"inLanguage":"fr-FR","potentialAction":[{"@type":"ReadAction","target":["https:\/\/agir.wwf.fr\/urgence-climat\/mentions-legales\/"]}]},{"@type":"BreadcrumbList","@id":"https:\/\/agir.wwf.fr\/urgence-climat\/mentions-legales\/#breadcrumb","itemListElement":[{"@type":"ListItem","position":1,"name":"Accueil","item":"https:\/\/agir.wwf.fr\/urgence-climat\/"},{"@type":"ListItem","position":2,"name":"Mentions l\u00e9gales"}]},{"@type":"WebSite","@id":"https:\/\/agir.wwf.fr\/urgence-climat\/#website","url":"https:\/\/agir.wwf.fr\/urgence-climat\/","name":"WWF | Urgence Climat","description":"R\u00e9\u00e9crivons le sc\u00e9nario","publisher":{"@id":"https:\/\/agir.wwf.fr\/urgence-climat\/#organization"},"potentialAction":[{"@type":"SearchAction","target":{"@type":"EntryPoint","urlTemplate":"https:\/\/agir.wwf.fr\/urgence-climat\/?s={search_term_string}"},"query-input":"required name=search_term_string"}],"inLanguage":"fr-FR"},{"@type":"Organization","@id":"https:\/\/agir.wwf.fr\/urgence-climat\/#organization","name":"WWF","url":"https:\/\/agir.wwf.fr\/urgence-climat\/","logo":{"@type":"ImageObject","inLanguage":"fr-FR","@id":"https:\/\/agir.wwf.fr\/urgence-climat\/#\/schema\/logo\/image\/","url":"https:\/\/agir.wwf.fr\/urgence-climat\/wp-content\/uploads\/sites\/31\/2019\/03\/wwflogo.png","contentUrl":"https:\/\/agir.wwf.fr\/urgence-climat\/wp-content\/uploads\/sites\/31\/2019\/03\/wwflogo.png","width":647,"height":306,"caption":"WWF"},"image":{"@id":"https:\/\/agir.wwf.fr\/urgence-climat\/#\/schema\/logo\/image\/"},"sameAs":["https:\/\/www.facebook.com\/WWFFRANCE","https:\/\/twitter.com\/WWFFRANCE","https:\/\/www.instagram.com\/wwffrance\/","https:\/\/www.linkedin.com\/company\/wwf-france","https:\/\/www.youtube.com\/user\/WWFFrance"]}]}},"_links":{"self":[{"href":"https:\/\/agir.wwf.fr\/urgence-climat\/wp-json\/wp\/v2\/pages\/57396"}],"collection":[{"href":"https:\/\/agir.wwf.fr\/urgence-climat\/wp-json\/wp\/v2\/pages"}],"about":[{"href":"https:\/\/agir.wwf.fr\/urgence-climat\/wp-json\/wp\/v2\/types\/page"}],"author":[{"embeddable":true,"href":"https:\/\/agir.wwf.fr\/urgence-climat\/wp-json\/wp\/v2\/users\/5"}],"replies":[{"embeddable":true,"href":"https:\/\/agir.wwf.fr\/urgence-climat\/wp-json\/wp\/v2\/comments?post=57396"}],"version-history":[{"count":0,"href":"https:\/\/agir.wwf.fr\/urgence-climat\/wp-json\/wp\/v2\/pages\/57396\/revisions"}],"wp:attachment":[{"href":"https:\/\/agir.wwf.fr\/urgence-climat\/wp-json\/wp\/v2\/media?parent=57396"}],"curies":[{"name":"wp","href":"https:\/\/api.w.org\/{rel}","templated":true}]}}