{"id":56617,"date":"2020-11-16T13:58:21","date_gmt":"2020-11-16T12:58:21","guid":{"rendered":"https:\/\/agir.wwf.fr\/urgence-climat\/?page_id=56617"},"modified":"2021-04-13T11:18:19","modified_gmt":"2021-04-13T09:18:19","slug":"urgence-climat-credits","status":"publish","type":"page","link":"https:\/\/agir.wwf.fr\/urgence-climat\/urgence-climat-credits\/","title":{"rendered":"Cr\u00e9dits"},"content":{"rendered":"<p>[et_pb_section fb_built=\u00a0\u00bb1&Prime; _builder_version=\u00a0\u00bb4.0.7&Prime; background_color=\u00a0\u00bb#000000&Prime; custom_margin=\u00a0\u00bb||||false|false\u00a0\u00bb custom_padding=\u00a0\u00bb||10%||false|false\u00a0\u00bb da_disable_devices=\u00a0\u00bboff|off|off\u00a0\u00bb da_is_popup=\u00a0\u00bboff\u00a0\u00bb da_exit_intent=\u00a0\u00bboff\u00a0\u00bb da_has_close=\u00a0\u00bbon\u00a0\u00bb da_alt_close=\u00a0\u00bboff\u00a0\u00bb da_dark_close=\u00a0\u00bboff\u00a0\u00bb da_not_modal=\u00a0\u00bbon\u00a0\u00bb da_is_singular=\u00a0\u00bboff\u00a0\u00bb da_with_loader=\u00a0\u00bboff\u00a0\u00bb da_has_shadow=\u00a0\u00bbon\u00a0\u00bb][et_pb_row _builder_version=\u00a0\u00bb4.0.7&Prime;][et_pb_column type=\u00a0\u00bb4_4&Prime; _builder_version=\u00a0\u00bb4.0.7&Prime;][et_pb_text _builder_version=\u00a0\u00bb4.0.7&Prime; text_text_color=\u00a0\u00bb#ffffff\u00a0\u00bb header_font=\u00a0\u00bbWWF new|||on|||||\u00a0\u00bb header_text_color=\u00a0\u00bb#ffffff\u00a0\u00bb header_font_size=\u00a0\u00bb3em\u00a0\u00bb custom_padding=\u00a0\u00bb27px|||||\u00a0\u00bb]<\/p>\n<h1 style=\"text-align: center;\">Cr\u00e9dits photos<\/h1>\n<p>[\/et_pb_text][\/et_pb_column][\/et_pb_row][et_pb_row column_structure=\u00a0\u00bb1_4,1_4,1_4,1_4&Prime; use_custom_gutter=\u00a0\u00bbon\u00a0\u00bb gutter_width=\u00a0\u00bb1&Prime; _builder_version=\u00a0\u00bb4.0.7&Prime; min_height=\u00a0\u00bb42px\u00a0\u00bb custom_margin=\u00a0\u00bb16px|auto||auto||\u00a0\u00bb custom_padding=\u00a0\u00bb19px||0px|||\u00a0\u00bb custom_margin__hover_enabled=\u00a0\u00bbon|desktop\u00a0\u00bb][et_pb_column type=\u00a0\u00bb1_4&Prime; _builder_version=\u00a0\u00bb4.0.7&Prime;][et_pb_image src=\u00a0\u00bbhttps:\/\/agir.wwf.fr\/urgence-climat\/wp-content\/uploads\/sites\/31\/2020\/11\/Small_WW188612-1.jpg\u00a0\u00bb title_text=\u00a0\u00bbAerial view of industrial development, Johannesburg, South Afric\u00a0\u00bb align=\u00a0\u00bbcenter\u00a0\u00bb _builder_version=\u00a0\u00bb4.7.3&Prime; width=\u00a0\u00bb100%\u00a0\u00bb][\/et_pb_image][\/et_pb_column][et_pb_column type=\u00a0\u00bb1_4&Prime; _builder_version=\u00a0\u00bb4.0.7&Prime;][et_pb_text _builder_version=\u00a0\u00bb4.7.4&Prime; text_text_color=\u00a0\u00bb#ffffff\u00a0\u00bb]<\/p>\n<p style=\"text-align: left;\">\u00a0\u00a9\u00a0\u00a0<span style=\"font-weight: 400;\">Martin Harvey \/ WWF<\/span><\/p>\n<p>[\/et_pb_text][\/et_pb_column][et_pb_column type=\u00a0\u00bb1_4&Prime; _builder_version=\u00a0\u00bb4.0.7&Prime;][et_pb_image src=\u00a0\u00bbhttps:\/\/agir.wwf.fr\/urgence-climat\/wp-content\/uploads\/sites\/31\/2020\/11\/together4forest-1024&#215;695-1.jpg\u00a0\u00bb title_text=\u00a0\u00bbtogether4forest-1024&#215;695&Prime; _builder_version=\u00a0\u00bb4.7.3&Prime; width=\u00a0\u00bb100%\u00a0\u00bb][\/et_pb_image][\/et_pb_column][et_pb_column type=\u00a0\u00bb1_4&Prime; _builder_version=\u00a0\u00bb4.0.7&Prime;][et_pb_text _builder_version=\u00a0\u00bb4.7.4&Prime; text_text_color=\u00a0\u00bb#ffffff\u00a0\u00bb]<\/p>\n<p style=\"text-align: left;\">\u00a9 <span>Jaime Rojo \/ WWF-US<\/span><\/p>\n<p>[\/et_pb_text][\/et_pb_column][\/et_pb_row][et_pb_row column_structure=\u00a0\u00bb1_4,1_4,1_4,1_4&Prime; use_custom_gutter=\u00a0\u00bbon\u00a0\u00bb gutter_width=\u00a0\u00bb1&Prime; _builder_version=\u00a0\u00bb4.0.7&Prime; min_height=\u00a0\u00bb88px\u00a0\u00bb custom_margin=\u00a0\u00bb43px|auto||auto||\u00a0\u00bb custom_padding=\u00a0\u00bb7px|||||\u00a0\u00bb custom_margin__hover_enabled=\u00a0\u00bbon|desktop\u00a0\u00bb][et_pb_column type=\u00a0\u00bb1_4&Prime; _builder_version=\u00a0\u00bb4.0.7&Prime;][et_pb_image src=\u00a0\u00bbhttps:\/\/agir.wwf.fr\/urgence-climat\/wp-content\/uploads\/sites\/31\/2020\/11\/Medium_WW211214-1.jpg\u00a0\u00bb title_text=\u00a0\u00bbMedium_WW211214&Prime; align=\u00a0\u00bbcenter\u00a0\u00bb _builder_version=\u00a0\u00bb4.7.3&Prime; width=\u00a0\u00bb100%\u00a0\u00bb][\/et_pb_image][\/et_pb_column][et_pb_column type=\u00a0\u00bb1_4&Prime; _builder_version=\u00a0\u00bb4.0.7&Prime;][et_pb_text _builder_version=\u00a0\u00bb4.0.7&Prime; text_text_color=\u00a0\u00bb#ffffff\u00a0\u00bb custom_margin=\u00a0\u00bb||||false|false\u00a0\u00bb custom_padding=\u00a0\u00bb|||10px|false|false\u00a0\u00bb]<\/p>\n<p style=\"text-align: left;\">\n<p style=\"text-align: left;\">\n<p style=\"text-align: left;\">\n<p style=\"text-align: left;\">\n<p style=\"text-align: left;\">\u00a9 \u00a0WWF<\/p>\n<p>[\/et_pb_text][\/et_pb_column][et_pb_column type=\u00a0\u00bb1_4&Prime; _builder_version=\u00a0\u00bb4.0.7&Prime;][et_pb_image src=\u00a0\u00bbhttps:\/\/agir.wwf.fr\/urgence-climat\/wp-content\/uploads\/sites\/31\/2020\/11\/Medium_WW2136584-min.jpg\u00a0\u00bb title_text=\u00a0\u00bbMedium_WW2136584-min\u00a0\u00bb align=\u00a0\u00bbcenter\u00a0\u00bb _builder_version=\u00a0\u00bb4.7.3&Prime; width=\u00a0\u00bb100%\u00a0\u00bb][\/et_pb_image][\/et_pb_column][et_pb_column type=\u00a0\u00bb1_4&Prime; _builder_version=\u00a0\u00bb4.0.7&Prime;][et_pb_text _builder_version=\u00a0\u00bb4.7.4&Prime; text_text_color=\u00a0\u00bb#ffffff\u00a0\u00bb custom_margin=\u00a0\u00bb25%||||false|false\u00a0\u00bb]<\/p>\n<p style=\"text-align: left;\">\u00a0\u00a9\u00a0<span>Luis Barreto \/ WWF-UK<\/span><\/p>\n<p>[\/et_pb_text][\/et_pb_column][\/et_pb_row][et_pb_row column_structure=\u00a0\u00bb1_4,1_4,1_4,1_4&Prime; use_custom_gutter=\u00a0\u00bbon\u00a0\u00bb gutter_width=\u00a0\u00bb1&Prime; _builder_version=\u00a0\u00bb4.0.7&Prime; min_height=\u00a0\u00bb88px\u00a0\u00bb custom_margin=\u00a0\u00bb43px|auto||auto||\u00a0\u00bb custom_padding=\u00a0\u00bb7px|||||\u00a0\u00bb custom_margin__hover_enabled=\u00a0\u00bbon|desktop\u00a0\u00bb][et_pb_column type=\u00a0\u00bb1_4&Prime; _builder_version=\u00a0\u00bb4.0.7&Prime;][et_pb_image src=\u00a0\u00bbhttps:\/\/agir.wwf.fr\/urgence-climat\/wp-content\/uploads\/sites\/31\/2020\/11\/Small_WW223559.jpg\u00a0\u00bb title_text=\u00a0\u00bbSmall_WW223559&Prime; align=\u00a0\u00bbcenter\u00a0\u00bb _builder_version=\u00a0\u00bb4.7.3&Prime; width=\u00a0\u00bb100%\u00a0\u00bb][\/et_pb_image][\/et_pb_column][et_pb_column type=\u00a0\u00bb1_4&Prime; _builder_version=\u00a0\u00bb4.0.7&Prime;][et_pb_text _builder_version=\u00a0\u00bb4.7.4&Prime; text_text_color=\u00a0\u00bb#ffffff\u00a0\u00bb custom_margin=\u00a0\u00bb||||false|false\u00a0\u00bb custom_padding=\u00a0\u00bb|||10px|false|false\u00a0\u00bb]<\/p>\n<p style=\"text-align: left;\">\u00a9\u00a0 <span style=\"font-weight: 400;\">Karine Aigner\/WWF-US<\/span><\/p>\n<p>[\/et_pb_text][\/et_pb_column][et_pb_column type=\u00a0\u00bb1_4&Prime; _builder_version=\u00a0\u00bb4.0.7&Prime;][et_pb_image src=\u00a0\u00bbhttps:\/\/agir.wwf.fr\/urgence-climat\/wp-content\/uploads\/sites\/31\/2020\/11\/Small_WW2741.jpg\u00a0\u00bb title_text=\u00a0\u00bbForest in spring. Montenegro.\u00a0\u00bb align=\u00a0\u00bbcenter\u00a0\u00bb _builder_version=\u00a0\u00bb4.7.3&Prime; width=\u00a0\u00bb100%\u00a0\u00bb][\/et_pb_image][\/et_pb_column][et_pb_column type=\u00a0\u00bb1_4&Prime; _builder_version=\u00a0\u00bb4.0.7&Prime;][et_pb_text _builder_version=\u00a0\u00bb4.7.4&Prime; text_text_color=\u00a0\u00bb#ffffff\u00a0\u00bb custom_margin=\u00a0\u00bb25%||||false|false\u00a0\u00bb]<\/p>\n<p style=\"text-align: left;\">\u00a0\u00a9\u00a0<span style=\"font-weight: 400;\">Michel Gunther \/ WWF<\/span><\/p>\n<p>[\/et_pb_text][\/et_pb_column][\/et_pb_row][et_pb_row column_structure=\u00a0\u00bb1_4,1_4,1_4,1_4&Prime; use_custom_gutter=\u00a0\u00bbon\u00a0\u00bb gutter_width=\u00a0\u00bb1&Prime; _builder_version=\u00a0\u00bb4.0.7&Prime; min_height=\u00a0\u00bb88px\u00a0\u00bb custom_margin=\u00a0\u00bb43px|auto||auto||\u00a0\u00bb custom_padding=\u00a0\u00bb7px|||||\u00a0\u00bb custom_margin__hover_enabled=\u00a0\u00bbon|desktop\u00a0\u00bb][et_pb_column type=\u00a0\u00bb1_4&Prime; _builder_version=\u00a0\u00bb4.0.7&Prime;][et_pb_image src=\u00a0\u00bbhttps:\/\/agir.wwf.fr\/urgence-climat\/wp-content\/uploads\/sites\/31\/2020\/11\/Australie-feux-1273879304.jpg\u00a0\u00bb alt=\u00a0\u00bbFeux Australie\u00a0\u00bb title_text=\u00a0\u00bbAustralian bushfire montage\u00a0\u00bb align=\u00a0\u00bbcenter\u00a0\u00bb _builder_version=\u00a0\u00bb4.7.3&Prime; width=\u00a0\u00bb100%\u00a0\u00bb][\/et_pb_image][\/et_pb_column][et_pb_column type=\u00a0\u00bb1_4&Prime; _builder_version=\u00a0\u00bb4.0.7&Prime;][et_pb_text _builder_version=\u00a0\u00bb4.7.3&Prime; text_text_color=\u00a0\u00bb#ffffff\u00a0\u00bb custom_margin=\u00a0\u00bb25%||||false|false\u00a0\u00bb]<\/p>\n<p style=\"text-align: left;\">\u00a9 \u00a0Gettty Images<\/p>\n<p>[\/et_pb_text][\/et_pb_column][et_pb_column type=\u00a0\u00bb1_4&Prime; _builder_version=\u00a0\u00bb4.0.7&Prime;][et_pb_image src=\u00a0\u00bbhttps:\/\/agir.wwf.fr\/urgence-climat\/wp-content\/uploads\/sites\/31\/2020\/11\/GettyImages-1271590894-1-scaled.jpg\u00a0\u00bb title_text=\u00a0\u00bbSan Francisco During California Forest Fire\u00a0\u00bb align=\u00a0\u00bbcenter\u00a0\u00bb _builder_version=\u00a0\u00bb4.7.3&Prime; width=\u00a0\u00bb100%\u00a0\u00bb][\/et_pb_image][\/et_pb_column][et_pb_column type=\u00a0\u00bb1_4&Prime; _builder_version=\u00a0\u00bb4.0.7&Prime;][et_pb_text _builder_version=\u00a0\u00bb4.7.3&Prime; text_text_color=\u00a0\u00bb#ffffff\u00a0\u00bb custom_margin=\u00a0\u00bb25%||||false|false\u00a0\u00bb]<\/p>\n<p style=\"text-align: left;\">\u00a0\u00a9\u00a0Getty images<\/p>\n<p>[\/et_pb_text][\/et_pb_column][\/et_pb_row][et_pb_row column_structure=\u00a0\u00bb1_4,1_4,1_4,1_4&Prime; use_custom_gutter=\u00a0\u00bbon\u00a0\u00bb gutter_width=\u00a0\u00bb1&Prime; _builder_version=\u00a0\u00bb4.7.3&Prime; min_height=\u00a0\u00bb88px\u00a0\u00bb custom_margin=\u00a0\u00bb43px|auto||auto||\u00a0\u00bb custom_padding=\u00a0\u00bb7px|||||\u00a0\u00bb custom_margin__hover_enabled=\u00a0\u00bbon|desktop\u00a0\u00bb][et_pb_column type=\u00a0\u00bb1_4&Prime; _builder_version=\u00a0\u00bb4.0.7&Prime;][et_pb_image src=\u00a0\u00bbhttps:\/\/agir.wwf.fr\/urgence-climat\/wp-content\/uploads\/sites\/31\/2020\/11\/GettyImages-529686500-scaled.jpg\u00a0\u00bb alt=\u00a0\u00bbFeux Australie\u00a0\u00bb title_text=\u00a0\u00bbFarm tractor planting and cultivating spring fields, aerial view\u00a0\u00bb align=\u00a0\u00bbcenter\u00a0\u00bb _builder_version=\u00a0\u00bb4.7.3&Prime; width=\u00a0\u00bb100%\u00a0\u00bb][\/et_pb_image][\/et_pb_column][et_pb_column type=\u00a0\u00bb1_4&Prime; _builder_version=\u00a0\u00bb4.0.7&Prime;][et_pb_text _builder_version=\u00a0\u00bb4.7.3&Prime; text_text_color=\u00a0\u00bb#ffffff\u00a0\u00bb custom_margin=\u00a0\u00bb25%||||false|false\u00a0\u00bb]<\/p>\n<p style=\"text-align: left;\">\u00a9 \u00a0Gettty Images<\/p>\n<p>[\/et_pb_text][\/et_pb_column][et_pb_column type=\u00a0\u00bb1_4&Prime; _builder_version=\u00a0\u00bb4.0.7&Prime;][et_pb_image src=\u00a0\u00bbhttps:\/\/agir.wwf.fr\/urgence-climat\/wp-content\/uploads\/sites\/31\/2020\/11\/Original_WW14691-scaled.jpg\u00a0\u00bb title_text=\u00a0\u00bbSvalbard\u00a0\u00bb align=\u00a0\u00bbcenter\u00a0\u00bb _builder_version=\u00a0\u00bb4.7.3&Prime; width=\u00a0\u00bb100%\u00a0\u00bb][\/et_pb_image][\/et_pb_column][et_pb_column type=\u00a0\u00bb1_4&Prime; _builder_version=\u00a0\u00bb4.0.7&Prime;][et_pb_text _builder_version=\u00a0\u00bb4.7.3&Prime; text_text_color=\u00a0\u00bb#ffffff\u00a0\u00bb custom_margin=\u00a0\u00bb25%||||false|false\u00a0\u00bb]<\/p>\n<p style=\"text-align: left;\">\u00a0\u00a9\u00a0WWF<\/p>\n<p>[\/et_pb_text][\/et_pb_column][\/et_pb_row][et_pb_row column_structure=\u00a0\u00bb1_4,1_4,1_4,1_4&Prime; use_custom_gutter=\u00a0\u00bbon\u00a0\u00bb gutter_width=\u00a0\u00bb1&Prime; _builder_version=\u00a0\u00bb4.7.3&Prime; min_height=\u00a0\u00bb88px\u00a0\u00bb custom_margin=\u00a0\u00bb43px|auto||auto||\u00a0\u00bb custom_padding=\u00a0\u00bb7px|||||\u00a0\u00bb custom_margin__hover_enabled=\u00a0\u00bbon|desktop\u00a0\u00bb][et_pb_column type=\u00a0\u00bb1_4&Prime; _builder_version=\u00a0\u00bb4.0.7&Prime;][et_pb_image src=\u00a0\u00bbhttps:\/\/agir.wwf.fr\/urgence-climat\/wp-content\/uploads\/sites\/31\/2020\/09\/tobias-cornille-301605-min.jpg\u00a0\u00bb alt=\u00a0\u00bbFeux Australie\u00a0\u00bb title_text=\u00a0\u00bbtobias-cornille-301605-min\u00a0\u00bb align=\u00a0\u00bbcenter\u00a0\u00bb _builder_version=\u00a0\u00bb4.7.3&Prime; width=\u00a0\u00bb100%\u00a0\u00bb][\/et_pb_image][\/et_pb_column][et_pb_column type=\u00a0\u00bb1_4&Prime; _builder_version=\u00a0\u00bb4.0.7&Prime;][et_pb_text _builder_version=\u00a0\u00bb4.7.3&Prime; text_text_color=\u00a0\u00bb#ffffff\u00a0\u00bb custom_margin=\u00a0\u00bb25%||||false|false\u00a0\u00bb]<\/p>\n<p style=\"text-align: left;\">\u00a9 \u00a0Tobias Cornille \/WWF<\/p>\n<p>[\/et_pb_text][\/et_pb_column][et_pb_column type=\u00a0\u00bb1_4&Prime; _builder_version=\u00a0\u00bb4.0.7&Prime;][et_pb_image src=\u00a0\u00bbhttps:\/\/agir.wwf.fr\/urgence-climat\/wp-content\/uploads\/sites\/31\/2020\/09\/Amazonie-BrC3A9sil-en-feu.jpg\u00a0\u00bb title_text=\u00a0\u00bbAmazonie-Brsil-en-feu\u00a0\u00bb align=\u00a0\u00bbcenter\u00a0\u00bb _builder_version=\u00a0\u00bb4.7.3&Prime; width=\u00a0\u00bb100%\u00a0\u00bb][\/et_pb_image][\/et_pb_column][et_pb_column type=\u00a0\u00bb1_4&Prime; _builder_version=\u00a0\u00bb4.0.7&Prime;][et_pb_text _builder_version=\u00a0\u00bb4.7.3&Prime; text_text_color=\u00a0\u00bb#ffffff\u00a0\u00bb custom_margin=\u00a0\u00bb25%||||false|false\u00a0\u00bb]<\/p>\n<p style=\"text-align: left;\">\u00a0\u00a9<span>Araque\u00e9m Alc\u00e1ntara \/ WWF-Brazil<\/span><\/p>\n<p>[\/et_pb_text][\/et_pb_column][\/et_pb_row][et_pb_row column_structure=\u00a0\u00bb1_4,1_4,1_4,1_4&Prime; use_custom_gutter=\u00a0\u00bbon\u00a0\u00bb gutter_width=\u00a0\u00bb1&Prime; _builder_version=\u00a0\u00bb4.7.3&Prime; min_height=\u00a0\u00bb88px\u00a0\u00bb custom_margin=\u00a0\u00bb43px|auto||auto||\u00a0\u00bb custom_padding=\u00a0\u00bb7px|||||\u00a0\u00bb custom_margin__hover_enabled=\u00a0\u00bbon|desktop\u00a0\u00bb][et_pb_column type=\u00a0\u00bb1_4&Prime; _builder_version=\u00a0\u00bb4.0.7&Prime;][et_pb_image src=\u00a0\u00bbhttps:\/\/agir.wwf.fr\/urgence-climat\/wp-content\/uploads\/sites\/31\/2019\/11\/bg-don.png\u00a0\u00bb alt=\u00a0\u00bbFeux Australie\u00a0\u00bb title_text=\u00a0\u00bbbg-don\u00a0\u00bb align=\u00a0\u00bbcenter\u00a0\u00bb _builder_version=\u00a0\u00bb4.7.3&Prime; width=\u00a0\u00bb100%\u00a0\u00bb][\/et_pb_image][\/et_pb_column][et_pb_column type=\u00a0\u00bb1_4&Prime; _builder_version=\u00a0\u00bb4.0.7&Prime;][et_pb_text _builder_version=\u00a0\u00bb4.7.4&Prime; text_text_color=\u00a0\u00bb#ffffff\u00a0\u00bb custom_margin=\u00a0\u00bb25%||||false|false\u00a0\u00bb]<\/p>\n<p style=\"text-align: left;\">\u00a9\u00a0 <span>naturepl.com \/ Andy Rouse \/ WWF<\/span><\/p>\n<p>[\/et_pb_text][\/et_pb_column][et_pb_column type=\u00a0\u00bb1_4&Prime; _builder_version=\u00a0\u00bb4.0.7&Prime;][et_pb_image src=\u00a0\u00bbhttps:\/\/agir.wwf.fr\/urgence-climat\/wp-content\/uploads\/sites\/31\/2020\/11\/Original_WW225900-scaled.jpg\u00a0\u00bb title_text=\u00a0\u00bbPortrait of a polar bear ( Ursus maritimus ). Svalbard, Norway\u00a0\u00bb align=\u00a0\u00bbcenter\u00a0\u00bb _builder_version=\u00a0\u00bb4.7.3&Prime; width=\u00a0\u00bb100%\u00a0\u00bb][\/et_pb_image][\/et_pb_column][et_pb_column type=\u00a0\u00bb1_4&Prime; _builder_version=\u00a0\u00bb4.0.7&Prime;][et_pb_text _builder_version=\u00a0\u00bb4.7.3&Prime; text_text_color=\u00a0\u00bb#ffffff\u00a0\u00bb custom_margin=\u00a0\u00bb25%||||false|false\u00a0\u00bb]<\/p>\n<p style=\"text-align: left;\">\u00a0\u00a9\u00a0<span>WWF<\/span><\/p>\n<p>[\/et_pb_text][\/et_pb_column][\/et_pb_row][\/et_pb_section][et_pb_section fb_built=\u00a0\u00bb1&Prime; disabled_on=\u00a0\u00bboff|off|off\u00a0\u00bb admin_label=\u00a0\u00bbSection PC &#038; Tablette\u00a0\u00bb _builder_version=\u00a0\u00bb4.7.2&Prime; background_color=\u00a0\u00bb#000000&Prime; background_enable_image=\u00a0\u00bboff\u00a0\u00bb background_size=\u00a0\u00bbinitial\u00a0\u00bb background_repeat=\u00a0\u00bbrepeat\u00a0\u00bb custom_padding=\u00a0\u00bb4px|0px|0|0px|false|false\u00a0\u00bb z_index_tablet=\u00a0\u00bb500&Prime; da_disable_devices=\u00a0\u00bboff|off|off\u00a0\u00bb box_shadow_horizontal_tablet=\u00a0\u00bb0px\u00a0\u00bb box_shadow_vertical_tablet=\u00a0\u00bb0px\u00a0\u00bb box_shadow_blur_tablet=\u00a0\u00bb40px\u00a0\u00bb box_shadow_spread_tablet=\u00a0\u00bb0px\u00a0\u00bb global_module=\u00a0\u00bb55325&Prime; saved_tabs=\u00a0\u00bball\u00a0\u00bb da_is_popup=\u00a0\u00bboff\u00a0\u00bb da_exit_intent=\u00a0\u00bboff\u00a0\u00bb da_has_close=\u00a0\u00bbon\u00a0\u00bb da_alt_close=\u00a0\u00bboff\u00a0\u00bb da_dark_close=\u00a0\u00bboff\u00a0\u00bb da_not_modal=\u00a0\u00bbon\u00a0\u00bb da_is_singular=\u00a0\u00bboff\u00a0\u00bb da_with_loader=\u00a0\u00bboff\u00a0\u00bb da_has_shadow=\u00a0\u00bbon\u00a0\u00bb][et_pb_row column_structure=\u00a0\u00bb1_5,3_5,1_5&Prime; use_custom_gutter=\u00a0\u00bbon\u00a0\u00bb gutter_width=\u00a0\u00bb2&Prime; _builder_version=\u00a0\u00bb4.0.6&Prime; width=\u00a0\u00bb100%\u00a0\u00bb width_tablet=\u00a0\u00bb80%\u00a0\u00bb width_phone=\u00a0\u00bb80%\u00a0\u00bb width_last_edited=\u00a0\u00bbon|tablet\u00a0\u00bb max_width=\u00a0\u00bb1420px\u00a0\u00bb custom_margin=\u00a0\u00bb||||false|false\u00a0\u00bb][et_pb_column type=\u00a0\u00bb1_5&Prime; _builder_version=\u00a0\u00bb4.0.6&Prime; custom_padding=\u00a0\u00bb|0%|||false|false\u00a0\u00bb custom_padding__hover=\u00a0\u00bb|||\u00a0\u00bb][et_pb_image src=\u00a0\u00bbhttps:\/\/agir.wwf.fr\/urgence-climat\/wp-content\/uploads\/sites\/31\/2020\/10\/logo-wwf-2.jpg\u00a0\u00bb title_text=\u00a0\u00bblogo-wwf-2&Prime; show_bottom_space=\u00a0\u00bboff\u00a0\u00bb align_tablet=\u00a0\u00bb\u00a0\u00bb align_phone=\u00a0\u00bbright\u00a0\u00bb align_last_edited=\u00a0\u00bbon|phone\u00a0\u00bb disabled_on=\u00a0\u00bbon|off|off\u00a0\u00bb _builder_version=\u00a0\u00bb4.6.6&Prime; width=\u00a0\u00bb25%\u00a0\u00bb width_tablet=\u00a0\u00bb12%\u00a0\u00bb width_phone=\u00a0\u00bb\u00a0\u00bb width_last_edited=\u00a0\u00bbon|tablet\u00a0\u00bb max_width_tablet=\u00a0\u00bb\u00a0\u00bb max_width_phone=\u00a0\u00bb\u00a0\u00bb max_width_last_edited=\u00a0\u00bbon|tablet\u00a0\u00bb module_alignment=\u00a0\u00bbright\u00a0\u00bb custom_margin=\u00a0\u00bb-0.8vh||||false|false\u00a0\u00bb custom_margin_tablet=\u00a0\u00bb\u00a0\u00bb custom_margin_phone=\u00a0\u00bb\u00a0\u00bb custom_margin_last_edited=\u00a0\u00bbon|desktop\u00a0\u00bb][\/et_pb_image][\/et_pb_column][et_pb_column type=\u00a0\u00bb3_5&Prime; _builder_version=\u00a0\u00bb4.0.6&Prime; custom_padding=\u00a0\u00bb||||false|false\u00a0\u00bb][et_pb_text _builder_version=\u00a0\u00bb4.6.6&Prime; text_font=\u00a0\u00bb||||||||\u00a0\u00bb text_text_color=\u00a0\u00bb#fcfcfc\u00a0\u00bb header_font=\u00a0\u00bbWWF2|300|||||||\u00a0\u00bb header_text_color=\u00a0\u00bb#ffffff\u00a0\u00bb header_letter_spacing=\u00a0\u00bb1px\u00a0\u00bb header_3_font=\u00a0\u00bbWWF|||on|||||\u00a0\u00bb custom_margin=\u00a0\u00bb1vh||-5px||false|false\u00a0\u00bb custom_padding=\u00a0\u00bb30px|||||\u00a0\u00bb]<\/p>\n<h3><span style=\"font-size: 24px; color: #fcfcfc;\">\u00a0Freinons le r\u00e9chauffement climatique<\/span><\/h3>\n<div class=\"footer-mission-text\"><\/div>\n<div class=\"footer-mission-text\"><\/div>\n<div class=\"footer-mission-text\"><\/div>\n<div class=\"footer-mission-text\"><\/div>\n<p>[\/et_pb_text][et_pb_text _builder_version=\u00a0\u00bb4.6.6&Prime; text_font=\u00a0\u00bb||||||||\u00a0\u00bb text_text_color=\u00a0\u00bb#ffffff\u00a0\u00bb header_font=\u00a0\u00bbWWF2|300|||||||\u00a0\u00bb header_text_color=\u00a0\u00bb#ffffff\u00a0\u00bb header_letter_spacing=\u00a0\u00bb1px\u00a0\u00bb header_3_font=\u00a0\u00bbWWF2|600|||||||\u00a0\u00bb header_3_text_color=\u00a0\u00bb#ffffff\u00a0\u00bb header_3_font_size=\u00a0\u00bb21px\u00a0\u00bb custom_margin=\u00a0\u00bb||||false|false\u00a0\u00bb custom_padding=\u00a0\u00bb||||false|false\u00a0\u00bb]<\/p>\n<h3><span style=\"font-weight: 400;\">\u00a0Il est temps d\u2019\u00e9crire un nouveau sc\u00e9nario.<\/span><\/h3>\n<div class=\"footer-mission-text\"><\/div>\n<div class=\"footer-mission-text\"><\/div>\n<div class=\"footer-mission-text\"><\/div>\n<div class=\"footer-mission-text\"><\/div>\n<p>[\/et_pb_text][et_pb_text _builder_version=\u00a0\u00bb4.7.4&Prime; text_font=\u00a0\u00bbSource Sans Pro||||||||\u00a0\u00bb text_text_color=\u00a0\u00bb#fcfcfc\u00a0\u00bb text_font_size=\u00a0\u00bb14px\u00a0\u00bb header_font=\u00a0\u00bbWWF|800|||||||\u00a0\u00bb header_text_color=\u00a0\u00bb#ffffff\u00a0\u00bb custom_margin=\u00a0\u00bb2vw|17vw|2vw||true|false\u00a0\u00bb custom_margin_tablet=\u00a0\u00bb\u00a0\u00bb custom_margin_phone=\u00a0\u00bb|2vw|||true|false\u00a0\u00bb custom_margin_last_edited=\u00a0\u00bbon|phone\u00a0\u00bb]<\/p>\n<div class=\"footer-inner\">\n<div class=\"footer-mission\">\n<hr \/>\n<\/div>\n<\/div>\n<div class=\"footer-inner\">\n<div class=\"footer-end-wrapper\">\n<div class=\"footer-end-inner\">\n<div class=\"footer-bank-details\"><strong>D\u00e9duction fiscale<\/strong><\/div>\n<div class=\"footer-bank-details\"><span>66 % du montant de votre don au profit du WWF peut \u00eatre d\u00e9duit de votre imp\u00f4t sur le revenu.<\/span><\/div>\n<div class=\"footer-bank-details\"><span><\/span><\/div>\n<div class=\"footer-bank-details\">\n<p><b>Mutualisation des dons<\/b><br \/> <span style=\"font-weight: 400;\">Prot\u00e9ger l&rsquo;environnement, c&rsquo;est prot\u00e9ger la plan\u00e8te et tous les \u00eatres vivants. Cela n\u00e9cessite d&rsquo;agir sur tous les fronts : climat, \u00e9nergie, syst\u00e8mes alimentaires, for\u00eat, vie sauvage, oc\u00e9ans, par des actions de terrain et de sensibilisation du public. Afin d&rsquo;\u00eatre le plus efficace possible, le WWF fait le choix d&rsquo;utiliser les dons selon les besoins des programmes et de ne pas affecter les dons, sauf demande expresse.<\/span><\/p>\n<p><span>Le Fonds Mondial pour la Nature France, dit WWF France est une Fondation reconnue d&rsquo;utilit\u00e9 publique.<\/span><br \/> <span>Num\u00e9ro d\u2019enregistrement et SIREN : 302 518 667<\/span><\/p>\n<\/div>\n<div class=\"footer-bank-details\"><\/div>\n<div class=\"footer-bank-details\">\u00a9 2019 WWF &#8211; World Wide Fund For Nature \u00a9 1986 Panda Symbol WWF \u2013 World Wide Fund For Nature (formerly World Wildlife Fund) \u00ae<\/div>\n<div class=\"footer-bank-details\">\u201cWWF\u201d is a WWF Registered Trademark<\/div>\n<\/div>\n<\/div>\n<\/div>\n<p>[\/et_pb_text][et_pb_text _builder_version=\u00a0\u00bb4.7.4&Prime; text_text_color=\u00a0\u00bb#ffffff\u00a0\u00bb text_font_size=\u00a0\u00bb14px\u00a0\u00bb custom_margin=\u00a0\u00bb1vh||6vh||false|false\u00a0\u00bb custom_padding=\u00a0\u00bb||||false|false\u00a0\u00bb]<\/p>\n<p><a href=\"https:\/\/agir.wwf.fr\/urgence-climat\/mentions-legales\/\" target=\"_blank\" rel=\"noopener noreferrer\">Mentions l\u00e9gales<\/a>\u00a0 \u00a0\u00a0\u00a0\u00a0\u00a0\u00a0\u00a0<a href=\"https:\/\/www.wwf.fr\/politique-cookies\" target=\"_blank\" rel=\"noopener noreferrer\">Politique de cookies<\/a>\u00a0\u00a0\u00a0\u00a0\u00a0\u00a0 <a href=\"https:\/\/agir.wwf.fr\/urgence-climat\/urgence-climat-credits\/\" target=\"_blank\" rel=\"noopener noreferrer\">Cr\u00e9dits photos<\/a><\/p>\n<p>[\/et_pb_text][\/et_pb_column][et_pb_column type=\u00a0\u00bb1_5&Prime; _builder_version=\u00a0\u00bb3.25&Prime; custom_padding=\u00a0\u00bb|||\u00a0\u00bb custom_padding__hover=\u00a0\u00bb|||\u00a0\u00bb][et_pb_social_media_follow use_icon_font_size=\u00a0\u00bbon\u00a0\u00bb icon_font_size=\u00a0\u00bb20px\u00a0\u00bb _builder_version=\u00a0\u00bb4.7.4&Prime; text_orientation=\u00a0\u00bbleft\u00a0\u00bb custom_margin=\u00a0\u00bb3vw|||-40px|false|false\u00a0\u00bb custom_padding=\u00a0\u00bb10px||0px||false|false\u00a0\u00bb text_orientation_tablet=\u00a0\u00bb\u00a0\u00bb text_orientation_phone=\u00a0\u00bbcenter\u00a0\u00bb text_orientation_last_edited=\u00a0\u00bbon|phone\u00a0\u00bb custom_css_follow_button=\u00a0\u00bbwidth: 70%;\u00a0\u00bb border_radii=\u00a0\u00bbon|50px|50px|50px|50px\u00a0\u00bb][et_pb_social_media_follow_network social_network=\u00a0\u00bbfacebook\u00a0\u00bb url=\u00a0\u00bbhttps:\/\/www.facebook.com\/WWFFrance\/\u00a0\u00bb _builder_version=\u00a0\u00bb4.6.0&Prime; background_color=\u00a0\u00bb#e02b20&Prime; background_enable_color=\u00a0\u00bbon\u00a0\u00bb follow_button=\u00a0\u00bboff\u00a0\u00bb url_new_window=\u00a0\u00bbon\u00a0\u00bb]facebook[\/et_pb_social_media_follow_network][et_pb_social_media_follow_network social_network=\u00a0\u00bbtwitter\u00a0\u00bb url=\u00a0\u00bbhttps:\/\/twitter.com\/wwffrance\u00a0\u00bb _builder_version=\u00a0\u00bb4.6.0&Prime; background_color=\u00a0\u00bb#e02b20&Prime; background_enable_color=\u00a0\u00bbon\u00a0\u00bb follow_button=\u00a0\u00bboff\u00a0\u00bb url_new_window=\u00a0\u00bbon\u00a0\u00bb]twitter[\/et_pb_social_media_follow_network][et_pb_social_media_follow_network social_network=\u00a0\u00bbinstagram\u00a0\u00bb url=\u00a0\u00bbhttps:\/\/www.instagram.com\/wwffrance\/?hl=fr\u00a0\u00bb _builder_version=\u00a0\u00bb4.6.0&Prime; background_color=\u00a0\u00bb#e02b20&Prime; background_enable_color=\u00a0\u00bbon\u00a0\u00bb follow_button=\u00a0\u00bboff\u00a0\u00bb url_new_window=\u00a0\u00bbon\u00a0\u00bb]instagram[\/et_pb_social_media_follow_network][et_pb_social_media_follow_network social_network=\u00a0\u00bbyoutube\u00a0\u00bb url=\u00a0\u00bbhttps:\/\/www.youtube.com\/user\/WWFFrance\/videos\u00a0\u00bb _builder_version=\u00a0\u00bb4.6.0&Prime; background_color=\u00a0\u00bb#e02b20&Prime; background_enable_color=\u00a0\u00bbon\u00a0\u00bb follow_button=\u00a0\u00bboff\u00a0\u00bb url_new_window=\u00a0\u00bbon\u00a0\u00bb]youtube[\/et_pb_social_media_follow_network][\/et_pb_social_media_follow][et_pb_text _builder_version=\u00a0\u00bb4.7.4&Prime; _module_preset=\u00a0\u00bbdefault\u00a0\u00bb text_font=\u00a0\u00bbSource Sans Pro|700|||||||\u00a0\u00bb text_text_color=\u00a0\u00bb#ffffff\u00a0\u00bb text_font_size=\u00a0\u00bb14px\u00a0\u00bb custom_margin=\u00a0\u00bb||10px|-15%|false|false\u00a0\u00bb]<\/p>\n<p>Plan du site<\/p>\n<p>[\/et_pb_text][et_pb_menu menu_id=\u00a0\u00bb398&Prime; submenu_direction=\u00a0\u00bbdownwards\u00a0\u00bb active_link_color=\u00a0\u00bb#ffffff\u00a0\u00bb menu_icon_color=\u00a0\u00bb#ffffff\u00a0\u00bb _builder_version=\u00a0\u00bb4.7.4&Prime; _module_preset=\u00a0\u00bbdefault\u00a0\u00bb menu_font=\u00a0\u00bbSource Sans Pro||||||||\u00a0\u00bb menu_text_color=\u00a0\u00bb#ffffff\u00a0\u00bb menu_line_height=\u00a0\u00bb0.6em\u00a0\u00bb background_color=\u00a0\u00bbrgba(0,0,0,0)\u00a0\u00bb width=\u00a0\u00bb78.2%\u00a0\u00bb custom_margin=\u00a0\u00bb|||-15%|false|false\u00a0\u00bb custom_padding=\u00a0\u00bb|30%|||false|false\u00a0\u00bb][\/et_pb_menu][\/et_pb_column][\/et_pb_row][\/et_pb_section][et_pb_section fb_built=\u00a0\u00bb1&Prime; custom_padding_last_edited=\u00a0\u00bbon|phone\u00a0\u00bb disabled_on=\u00a0\u00bboff|on|on\u00a0\u00bb admin_label=\u00a0\u00bbSection Mobile\u00a0\u00bb _builder_version=\u00a0\u00bb4.0.6&Prime; background_color=\u00a0\u00bb#000000&Prime; custom_padding_tablet=\u00a0\u00bb\u00a0\u00bb custom_padding_phone=\u00a0\u00bb10vh||||false|false\u00a0\u00bb da_disable_devices=\u00a0\u00bboff|off|off\u00a0\u00bb da_is_popup=\u00a0\u00bboff\u00a0\u00bb da_exit_intent=\u00a0\u00bboff\u00a0\u00bb da_has_close=\u00a0\u00bbon\u00a0\u00bb da_alt_close=\u00a0\u00bboff\u00a0\u00bb da_dark_close=\u00a0\u00bboff\u00a0\u00bb da_not_modal=\u00a0\u00bbon\u00a0\u00bb da_is_singular=\u00a0\u00bboff\u00a0\u00bb da_with_loader=\u00a0\u00bboff\u00a0\u00bb da_has_shadow=\u00a0\u00bbon\u00a0\u00bb][et_pb_row _builder_version=\u00a0\u00bb4.0.6&Prime; custom_margin_tablet=\u00a0\u00bb\u00a0\u00bb custom_margin_phone=\u00a0\u00bb||||false|false\u00a0\u00bb custom_margin_last_edited=\u00a0\u00bbon|phone\u00a0\u00bb][et_pb_column type=\u00a0\u00bb4_4&Prime; _builder_version=\u00a0\u00bb4.0.6&Prime;][et_pb_image src=\u00a0\u00bbhttps:\/\/agir.wwf.fr\/urgence-climat\/wp-content\/uploads\/sites\/31\/2020\/11\/header-logo.svg\u00a0\u00bb title_text=\u00a0\u00bbheader-logo\u00a0\u00bb align=\u00a0\u00bbcenter\u00a0\u00bb _builder_version=\u00a0\u00bb4.7.0&Prime; max_width=\u00a0\u00bb15%\u00a0\u00bb][\/et_pb_image][et_pb_text _builder_version=\u00a0\u00bb4.7.0&Prime; text_font=\u00a0\u00bbWWF new|200||on|||||\u00a0\u00bb text_text_color=\u00a0\u00bb#ffffff\u00a0\u00bb text_font_size=\u00a0\u00bb1.8em\u00a0\u00bb text_orientation=\u00a0\u00bbcenter\u00a0\u00bb background_layout=\u00a0\u00bbdark\u00a0\u00bb]<\/p>\n<p>FREINONS LE R\u00c9CHAUFFEMENT CLIMATIQUE<\/p>\n<p>[\/et_pb_text][et_pb_text _builder_version=\u00a0\u00bb4.7.0&Prime; text_orientation=\u00a0\u00bbcenter\u00a0\u00bb background_layout=\u00a0\u00bbdark\u00a0\u00bb]<\/p>\n<p>Il est temps d&rsquo;\u00e9crire un nouveau sc\u00e9nario.<\/p>\n<p>[\/et_pb_text][et_pb_text _builder_version=\u00a0\u00bb4.0.6&Prime; text_orientation=\u00a0\u00bbcenter\u00a0\u00bb background_layout=\u00a0\u00bbdark\u00a0\u00bb custom_padding=\u00a0\u00bb10px||||false|false\u00a0\u00bb border_width_top=\u00a0\u00bb1px\u00a0\u00bb border_color_top=\u00a0\u00bb#ffffff\u00a0\u00bb]<\/p>\n<p>Nous suivre<\/p>\n<p>[\/et_pb_text][et_pb_code raw_content_last_edited=\u00a0\u00bboff|desktop\u00a0\u00bb _builder_version=\u00a0\u00bb4.0.6&Prime; text_orientation=\u00a0\u00bbcenter\u00a0\u00bb custom_margin=\u00a0\u00bb3vw||||false|false\u00a0\u00bb text_orientation_tablet=\u00a0\u00bbcenter\u00a0\u00bb text_orientation_phone=\u00a0\u00bbcenter\u00a0\u00bb text_orientation_last_edited=\u00a0\u00bbon|phone\u00a0\u00bb]<\/p>\n<div class=\"mobile_rs\"><!-- [et_pb_line_break_holder] --><div class=\"et_social_networks et_social_autowidth et_social_slide et_social_circle et_social_top et_social_shortcode_0 et_social_mobile_on et_social_outer_dark\">\n\t\t\t\t\t<style type=\"text\/css\">.et_monarch .et_social_shortcode_0 li,.et_monarch .et_social_shortcode_0.et_social_circle ul li i.et_social_icon { background: #ffffff; } .et_monarch .et_social_shortcode_0.et_social_rounded .et_social_icons_container li:hover, .et_monarch .et_social_shortcode_0.et_social_rectangle .et_social_icons_container li:hover, .et_monarch .et_social_shortcode_0.et_social_circle .et_social_icons_container li:hover i.et_social_icon { background: #ffffff !important; } .et_monarch .et_social_shortcode_0 .et_social_icon, .et_monarch .et_social_shortcode_0 .et_social_networks .et_social_network_label, .et_monarch .et_social_shortcode_0 .et_social_networkname, .et_monarch .et_social_shortcode_0 .et_social_count { color: #000000 !important; } .et_monarch .et_social_shortcode_0 .et_social_icons_container li:hover .et_social_icon, .et_monarch .et_social_shortcode_0 .et_social_networks .et_social_icons_container li:hover .et_social_network_label, .et_monarch .et_social_shortcode_0 .et_social_icons_container li:hover .et_social_networkname, .et_monarch .et_social_rounded.et_social_shortcode_0 .et_social_icons_container li:hover .et_social_count, .et_monarch .et_social_rectangle.et_social_shortcode_0 .et_social_icons_container li:hover .et_social_count { color: #fe6a23 !important; }<\/style>\n\t\t\t\t\t\n\t\t\t\t\t<ul class=\"et_social_icons_container\"><li class=\"et_social_facebook\">\n\t\t\t\t\t\t<a href=\"https:\/\/www.facebook.com\/WWFFrance\/\" class=\"et_social_follow\" data-social_name=\"facebook\" data-social_type=\"follow\" data-post_id=\"0\" target=\"_blank\">\n\t\t\t\t\t\t\t<i class=\"et_social_icon et_social_icon_facebook\"><\/i>\n\t\t\t\t\t\t\t\n\t\t\t\t\t\t\t<span class=\"et_social_overlay\"><\/span>\n\t\t\t\t\t\t<\/a>\n\t\t\t\t\t<\/li><li class=\"et_social_twitter\">\n\t\t\t\t\t\t<a href=\"https:\/\/twitter.com\/WWFFRANCE\" class=\"et_social_follow\" data-social_name=\"twitter\" data-social_type=\"follow\" data-post_id=\"0\" target=\"_blank\">\n\t\t\t\t\t\t\t<i class=\"et_social_icon et_social_icon_twitter\"><\/i>\n\t\t\t\t\t\t\t\n\t\t\t\t\t\t\t<span class=\"et_social_overlay\"><\/span>\n\t\t\t\t\t\t<\/a>\n\t\t\t\t\t<\/li><li class=\"et_social_instagram\">\n\t\t\t\t\t\t<a href=\"https:\/\/www.instagram.com\/wwffrance\/\" class=\"et_social_follow\" data-social_name=\"instagram\" data-social_type=\"follow\" data-post_id=\"0\" target=\"_blank\">\n\t\t\t\t\t\t\t<i class=\"et_social_icon et_social_icon_instagram\"><\/i>\n\t\t\t\t\t\t\t\n\t\t\t\t\t\t\t<span class=\"et_social_overlay\"><\/span>\n\t\t\t\t\t\t<\/a>\n\t\t\t\t\t<\/li><\/ul>\n\t\t\t\t<\/div><!-- [et_pb_line_break_holder] -->  <\/div>\n<p>[\/et_pb_code][et_pb_text _builder_version=\u00a0\u00bb4.0.6&Prime; text_font=\u00a0\u00bbArial||||||||\u00a0\u00bb text_text_color=\u00a0\u00bb#fcfcfc\u00a0\u00bb text_font_size=\u00a0\u00bb14px\u00a0\u00bb header_font=\u00a0\u00bbWWF|800|||||||\u00a0\u00bb header_text_color=\u00a0\u00bb#ffffff\u00a0\u00bb text_orientation=\u00a0\u00bbcenter\u00a0\u00bb custom_margin=\u00a0\u00bb2vw||2vw||true|false\u00a0\u00bb custom_padding_tablet=\u00a0\u00bb\u00a0\u00bb custom_padding_phone=\u00a0\u00bb\u00a0\u00bb custom_padding_last_edited=\u00a0\u00bbon|phone\u00a0\u00bb]<\/p>\n<p style=\"text-align: center;\"><span>66 % du montant de votre don au profit du WWF peut \u00eatre d\u00e9duit de votre imp\u00f4t sur le revenu.<\/span><br \/><span>Le Fonds Mondial pour la Nature France, dit WWF France est une Fondation reconnue d&rsquo;utilit\u00e9 publique.<\/span><br \/><span>Num\u00e9ro d\u2019enregistrement et SIREN : 302 518 667<\/span><\/p>\n<p style=\"text-align: center;\">\u00a9 2019 WWF &#8211; World Wide Fund For Nature \u00a9 1986 Panda Symbol WWF \u2013 World Wide Fund For Nature (formerly World Wildlife Fund)<\/p>\n<p style=\"text-align: center;\">\u00ae\u201cWWF\u201d is a WWF Registered Trademark<\/p>\n<p>[\/et_pb_text][\/et_pb_column][\/et_pb_row][\/et_pb_section]<\/p>\n","protected":false},"excerpt":{"rendered":"<p>Cr\u00e9dits photos\u00a0\u00a9\u00a0\u00a0Martin Harvey \/ WWF\u00a9 Jaime Rojo \/ WWF-US \u00a9 \u00a0WWF\u00a0\u00a9\u00a0Luis Barreto \/ WWF-UK\u00a9\u00a0 Karine Aigner\/WWF-US\u00a0\u00a9\u00a0Michel Gunther \/ WWF\u00a9 \u00a0Gettty Images\u00a0\u00a9\u00a0Getty images\u00a9 \u00a0Gettty Images\u00a0\u00a9\u00a0WWF\u00a9 \u00a0Tobias Cornille \/WWF\u00a0\u00a9Araque\u00e9m Alc\u00e1ntara \/ WWF-Brazil\u00a9\u00a0 naturepl.com \/ Andy Rouse \/ WWF\u00a0\u00a9\u00a0WWF\u00a0Freinons le r\u00e9chauffement climatique \u00a0Il est temps d\u2019\u00e9crire un nouveau sc\u00e9nario. D\u00e9duction fiscale 66 % du montant de votre don [&hellip;]<\/p>\n","protected":false},"author":5,"featured_media":56236,"parent":0,"menu_order":0,"comment_status":"closed","ping_status":"closed","template":"","meta":{"_et_pb_use_builder":"on","_et_pb_old_content":"","_et_gb_content_width":""},"yoast_head":"<!-- This site is optimized with the Yoast SEO plugin v21.1 - https:\/\/yoast.com\/wordpress\/plugins\/seo\/ -->\n<title>Cr\u00e9dits - WWF | Urgence Climat<\/title>\n<meta name=\"description\" content=\"Les cons\u00e9quences du r\u00e9chauffement climatique s\u2019intensifient. Mais nous pouvons encore agir pour changer le cours de l\u2019histoire.\" \/>\n<meta name=\"robots\" content=\"index, follow, max-snippet:-1, max-image-preview:large, max-video-preview:-1\" \/>\n<link rel=\"canonical\" href=\"https:\/\/agir.wwf.fr\/urgence-climat\/urgence-climat-credits\/\" \/>\n<meta property=\"og:locale\" content=\"fr_FR\" \/>\n<meta property=\"og:type\" content=\"article\" \/>\n<meta property=\"og:title\" content=\"Cr\u00e9dits - WWF | Urgence Climat\" \/>\n<meta property=\"og:description\" content=\"Les cons\u00e9quences du r\u00e9chauffement climatique s\u2019intensifient. Mais nous pouvons encore agir pour changer le cours de l\u2019histoire.\" \/>\n<meta property=\"og:url\" content=\"https:\/\/agir.wwf.fr\/urgence-climat\/urgence-climat-credits\/\" \/>\n<meta property=\"og:site_name\" content=\"WWF | Urgence Climat\" \/>\n<meta property=\"article:publisher\" content=\"https:\/\/www.facebook.com\/WWFFRANCE\" \/>\n<meta property=\"article:modified_time\" content=\"2021-04-13T09:18:19+00:00\" \/>\n<meta property=\"og:image\" content=\"https:\/\/agir.wwf.fr\/urgence-climat\/wp-content\/uploads\/sites\/31\/2020\/11\/GettyImages-1271590894-scaled.jpg\" \/>\n\t<meta property=\"og:image:width\" content=\"2560\" \/>\n\t<meta property=\"og:image:height\" content=\"1707\" \/>\n\t<meta property=\"og:image:type\" content=\"image\/jpeg\" \/>\n<meta name=\"twitter:card\" content=\"summary_large_image\" \/>\n<meta name=\"twitter:site\" content=\"@WWFFRANCE\" \/>\n<meta name=\"twitter:label1\" content=\"Dur\u00e9e de lecture estim\u00e9e\" \/>\n\t<meta name=\"twitter:data1\" content=\"13 minutes\" \/>\n<script type=\"application\/ld+json\" class=\"yoast-schema-graph\">{\"@context\":\"https:\/\/schema.org\",\"@graph\":[{\"@type\":\"WebPage\",\"@id\":\"https:\/\/agir.wwf.fr\/urgence-climat\/urgence-climat-credits\/\",\"url\":\"https:\/\/agir.wwf.fr\/urgence-climat\/urgence-climat-credits\/\",\"name\":\"Cr\u00e9dits - WWF | Urgence Climat\",\"isPartOf\":{\"@id\":\"https:\/\/agir.wwf.fr\/urgence-climat\/#website\"},\"datePublished\":\"2020-11-16T12:58:21+00:00\",\"dateModified\":\"2021-04-13T09:18:19+00:00\",\"description\":\"Les cons\u00e9quences du r\u00e9chauffement climatique s\u2019intensifient. Mais nous pouvons encore agir pour changer le cours de l\u2019histoire.\",\"breadcrumb\":{\"@id\":\"https:\/\/agir.wwf.fr\/urgence-climat\/urgence-climat-credits\/#breadcrumb\"},\"inLanguage\":\"fr-FR\",\"potentialAction\":[{\"@type\":\"ReadAction\",\"target\":[\"https:\/\/agir.wwf.fr\/urgence-climat\/urgence-climat-credits\/\"]}]},{\"@type\":\"BreadcrumbList\",\"@id\":\"https:\/\/agir.wwf.fr\/urgence-climat\/urgence-climat-credits\/#breadcrumb\",\"itemListElement\":[{\"@type\":\"ListItem\",\"position\":1,\"name\":\"Accueil\",\"item\":\"https:\/\/agir.wwf.fr\/urgence-climat\/\"},{\"@type\":\"ListItem\",\"position\":2,\"name\":\"Cr\u00e9dits\"}]},{\"@type\":\"WebSite\",\"@id\":\"https:\/\/agir.wwf.fr\/urgence-climat\/#website\",\"url\":\"https:\/\/agir.wwf.fr\/urgence-climat\/\",\"name\":\"WWF | Urgence Climat\",\"description\":\"R\u00e9\u00e9crivons le sc\u00e9nario\",\"publisher\":{\"@id\":\"https:\/\/agir.wwf.fr\/urgence-climat\/#organization\"},\"potentialAction\":[{\"@type\":\"SearchAction\",\"target\":{\"@type\":\"EntryPoint\",\"urlTemplate\":\"https:\/\/agir.wwf.fr\/urgence-climat\/?s={search_term_string}\"},\"query-input\":\"required name=search_term_string\"}],\"inLanguage\":\"fr-FR\"},{\"@type\":\"Organization\",\"@id\":\"https:\/\/agir.wwf.fr\/urgence-climat\/#organization\",\"name\":\"WWF\",\"url\":\"https:\/\/agir.wwf.fr\/urgence-climat\/\",\"logo\":{\"@type\":\"ImageObject\",\"inLanguage\":\"fr-FR\",\"@id\":\"https:\/\/agir.wwf.fr\/urgence-climat\/#\/schema\/logo\/image\/\",\"url\":\"https:\/\/agir.wwf.fr\/urgence-climat\/wp-content\/uploads\/sites\/31\/2019\/03\/wwflogo.png\",\"contentUrl\":\"https:\/\/agir.wwf.fr\/urgence-climat\/wp-content\/uploads\/sites\/31\/2019\/03\/wwflogo.png\",\"width\":647,\"height\":306,\"caption\":\"WWF\"},\"image\":{\"@id\":\"https:\/\/agir.wwf.fr\/urgence-climat\/#\/schema\/logo\/image\/\"},\"sameAs\":[\"https:\/\/www.facebook.com\/WWFFRANCE\",\"https:\/\/twitter.com\/WWFFRANCE\",\"https:\/\/www.instagram.com\/wwffrance\/\",\"https:\/\/www.linkedin.com\/company\/wwf-france\",\"https:\/\/www.youtube.com\/user\/WWFFrance\"]}]}<\/script>\n<!-- \/ Yoast SEO plugin. -->","yoast_head_json":{"title":"Cr\u00e9dits - WWF | Urgence Climat","description":"Les cons\u00e9quences du r\u00e9chauffement climatique s\u2019intensifient. Mais nous pouvons encore agir pour changer le cours de l\u2019histoire.","robots":{"index":"index","follow":"follow","max-snippet":"max-snippet:-1","max-image-preview":"max-image-preview:large","max-video-preview":"max-video-preview:-1"},"canonical":"https:\/\/agir.wwf.fr\/urgence-climat\/urgence-climat-credits\/","og_locale":"fr_FR","og_type":"article","og_title":"Cr\u00e9dits - WWF | Urgence Climat","og_description":"Les cons\u00e9quences du r\u00e9chauffement climatique s\u2019intensifient. Mais nous pouvons encore agir pour changer le cours de l\u2019histoire.","og_url":"https:\/\/agir.wwf.fr\/urgence-climat\/urgence-climat-credits\/","og_site_name":"WWF | Urgence Climat","article_publisher":"https:\/\/www.facebook.com\/WWFFRANCE","article_modified_time":"2021-04-13T09:18:19+00:00","og_image":[{"width":2560,"height":1707,"url":"https:\/\/agir.wwf.fr\/urgence-climat\/wp-content\/uploads\/sites\/31\/2020\/11\/GettyImages-1271590894-scaled.jpg","type":"image\/jpeg"}],"twitter_card":"summary_large_image","twitter_site":"@WWFFRANCE","twitter_misc":{"Dur\u00e9e de lecture estim\u00e9e":"13 minutes"},"schema":{"@context":"https:\/\/schema.org","@graph":[{"@type":"WebPage","@id":"https:\/\/agir.wwf.fr\/urgence-climat\/urgence-climat-credits\/","url":"https:\/\/agir.wwf.fr\/urgence-climat\/urgence-climat-credits\/","name":"Cr\u00e9dits - WWF | Urgence Climat","isPartOf":{"@id":"https:\/\/agir.wwf.fr\/urgence-climat\/#website"},"datePublished":"2020-11-16T12:58:21+00:00","dateModified":"2021-04-13T09:18:19+00:00","description":"Les cons\u00e9quences du r\u00e9chauffement climatique s\u2019intensifient. Mais nous pouvons encore agir pour changer le cours de l\u2019histoire.","breadcrumb":{"@id":"https:\/\/agir.wwf.fr\/urgence-climat\/urgence-climat-credits\/#breadcrumb"},"inLanguage":"fr-FR","potentialAction":[{"@type":"ReadAction","target":["https:\/\/agir.wwf.fr\/urgence-climat\/urgence-climat-credits\/"]}]},{"@type":"BreadcrumbList","@id":"https:\/\/agir.wwf.fr\/urgence-climat\/urgence-climat-credits\/#breadcrumb","itemListElement":[{"@type":"ListItem","position":1,"name":"Accueil","item":"https:\/\/agir.wwf.fr\/urgence-climat\/"},{"@type":"ListItem","position":2,"name":"Cr\u00e9dits"}]},{"@type":"WebSite","@id":"https:\/\/agir.wwf.fr\/urgence-climat\/#website","url":"https:\/\/agir.wwf.fr\/urgence-climat\/","name":"WWF | Urgence Climat","description":"R\u00e9\u00e9crivons le sc\u00e9nario","publisher":{"@id":"https:\/\/agir.wwf.fr\/urgence-climat\/#organization"},"potentialAction":[{"@type":"SearchAction","target":{"@type":"EntryPoint","urlTemplate":"https:\/\/agir.wwf.fr\/urgence-climat\/?s={search_term_string}"},"query-input":"required name=search_term_string"}],"inLanguage":"fr-FR"},{"@type":"Organization","@id":"https:\/\/agir.wwf.fr\/urgence-climat\/#organization","name":"WWF","url":"https:\/\/agir.wwf.fr\/urgence-climat\/","logo":{"@type":"ImageObject","inLanguage":"fr-FR","@id":"https:\/\/agir.wwf.fr\/urgence-climat\/#\/schema\/logo\/image\/","url":"https:\/\/agir.wwf.fr\/urgence-climat\/wp-content\/uploads\/sites\/31\/2019\/03\/wwflogo.png","contentUrl":"https:\/\/agir.wwf.fr\/urgence-climat\/wp-content\/uploads\/sites\/31\/2019\/03\/wwflogo.png","width":647,"height":306,"caption":"WWF"},"image":{"@id":"https:\/\/agir.wwf.fr\/urgence-climat\/#\/schema\/logo\/image\/"},"sameAs":["https:\/\/www.facebook.com\/WWFFRANCE","https:\/\/twitter.com\/WWFFRANCE","https:\/\/www.instagram.com\/wwffrance\/","https:\/\/www.linkedin.com\/company\/wwf-france","https:\/\/www.youtube.com\/user\/WWFFrance"]}]}},"_links":{"self":[{"href":"https:\/\/agir.wwf.fr\/urgence-climat\/wp-json\/wp\/v2\/pages\/56617"}],"collection":[{"href":"https:\/\/agir.wwf.fr\/urgence-climat\/wp-json\/wp\/v2\/pages"}],"about":[{"href":"https:\/\/agir.wwf.fr\/urgence-climat\/wp-json\/wp\/v2\/types\/page"}],"author":[{"embeddable":true,"href":"https:\/\/agir.wwf.fr\/urgence-climat\/wp-json\/wp\/v2\/users\/5"}],"replies":[{"embeddable":true,"href":"https:\/\/agir.wwf.fr\/urgence-climat\/wp-json\/wp\/v2\/comments?post=56617"}],"version-history":[{"count":0,"href":"https:\/\/agir.wwf.fr\/urgence-climat\/wp-json\/wp\/v2\/pages\/56617\/revisions"}],"wp:featuredmedia":[{"embeddable":true,"href":"https:\/\/agir.wwf.fr\/urgence-climat\/wp-json\/wp\/v2\/media\/56236"}],"wp:attachment":[{"href":"https:\/\/agir.wwf.fr\/urgence-climat\/wp-json\/wp\/v2\/media?parent=56617"}],"curies":[{"name":"wp","href":"https:\/\/api.w.org\/{rel}","templated":true}]}}