{"id":56142,"date":"2020-10-27T12:37:40","date_gmt":"2020-10-27T11:37:40","guid":{"rendered":"https:\/\/agir.wwf.fr\/urgence-climat\/?page_id=56142"},"modified":"2021-12-03T17:21:53","modified_gmt":"2021-12-03T16:21:53","slug":"consequences","status":"publish","type":"page","link":"https:\/\/agir.wwf.fr\/urgence-climat\/consequences\/","title":{"rendered":"Cons\u00e9quences"},"content":{"rendered":"<p>[et_pb_section fb_built=\u00a0\u00bb1&Prime; custom_padding_last_edited=\u00a0\u00bbon|phone\u00a0\u00bb module_class=\u00a0\u00bbcentrer-verticalement\u00a0\u00bb _builder_version=\u00a0\u00bb4.7.0&Prime; use_background_color_gradient=\u00a0\u00bbon\u00a0\u00bb background_color_gradient_start=\u00a0\u00bb#d83a24&Prime; background_color_gradient_end=\u00a0\u00bbrgba(13,19,29,0.11)\u00a0\u00bb background_color_gradient_direction=\u00a0\u00bb1deg\u00a0\u00bb background_image=\u00a0\u00bbhttps:\/\/agir.wwf.fr\/urgence-climat\/wp-content\/uploads\/sites\/31\/2020\/11\/GettyImages-901300342-scaled.jpg\u00a0\u00bb background_blend=\u00a0\u00bbmultiply\u00a0\u00bb custom_padding=\u00a0\u00bb5%||5%||true|false\u00a0\u00bb custom_padding_tablet=\u00a0\u00bb\u00a0\u00bb custom_padding_phone=\u00a0\u00bb10%||10%||true|false\u00a0\u00bb custom_css_main_element=\u00a0\u00bbmin-height: 100%;||align-items: center;\u00a0\u00bb da_disable_devices=\u00a0\u00bboff|off|off\u00a0\u00bb global_colors_info=\u00a0\u00bb{}\u00a0\u00bb da_is_popup=\u00a0\u00bboff\u00a0\u00bb da_exit_intent=\u00a0\u00bboff\u00a0\u00bb da_has_close=\u00a0\u00bbon\u00a0\u00bb da_alt_close=\u00a0\u00bboff\u00a0\u00bb da_dark_close=\u00a0\u00bboff\u00a0\u00bb da_not_modal=\u00a0\u00bbon\u00a0\u00bb da_is_singular=\u00a0\u00bboff\u00a0\u00bb da_with_loader=\u00a0\u00bboff\u00a0\u00bb da_has_shadow=\u00a0\u00bbon\u00a0\u00bb][et_pb_row column_structure=\u00a0\u00bb1_2,1_2&Prime; _builder_version=\u00a0\u00bb4.7.0&Prime; _module_preset=\u00a0\u00bbdefault\u00a0\u00bb custom_margin=\u00a0\u00bb|||15%|false|false\u00a0\u00bb custom_margin_tablet=\u00a0\u00bb\u00a0\u00bb custom_margin_phone=\u00a0\u00bb|5vw||5vw|false|false\u00a0\u00bb custom_margin_last_edited=\u00a0\u00bbon|phone\u00a0\u00bb global_colors_info=\u00a0\u00bb{}\u00a0\u00bb][et_pb_column type=\u00a0\u00bb1_2&Prime; _builder_version=\u00a0\u00bb4.6.6&Prime; _module_preset=\u00a0\u00bbdefault\u00a0\u00bb global_colors_info=\u00a0\u00bb{}\u00a0\u00bb][et_pb_text _builder_version=\u00a0\u00bb4.7.0&Prime; header_font=\u00a0\u00bb|||on|||||\u00a0\u00bb header_text_color=\u00a0\u00bb#ffffff\u00a0\u00bb header_font_size=\u00a0\u00bb3.4em\u00a0\u00bb header_letter_spacing=\u00a0\u00bb5px\u00a0\u00bb header_line_height=\u00a0\u00bb1.1em\u00a0\u00bb header_2_font=\u00a0\u00bb|300||on|||||\u00a0\u00bb header_2_text_color=\u00a0\u00bb#ffffff\u00a0\u00bb header_2_font_size=\u00a0\u00bb3em\u00a0\u00bb header_2_letter_spacing=\u00a0\u00bb3px\u00a0\u00bb custom_margin=\u00a0\u00bb||||false|false\u00a0\u00bb custom_padding=\u00a0\u00bb|54px||10%|false|false\u00a0\u00bb custom_padding_tablet=\u00a0\u00bb\u00a0\u00bb custom_padding_phone=\u00a0\u00bb|0px||0%|false|false\u00a0\u00bb custom_padding_last_edited=\u00a0\u00bbon|phone\u00a0\u00bb animation_style=\u00a0\u00bbslide\u00a0\u00bb animation_direction=\u00a0\u00bbtop\u00a0\u00bb animation_intensity_slide=\u00a0\u00bb5%\u00a0\u00bb scroll_blur=\u00a0\u00bb0|40|60|100|10px|0px|0px\u00a0\u00bb header_font_size_tablet=\u00a0\u00bb\u00a0\u00bb header_font_size_phone=\u00a0\u00bb42px\u00a0\u00bb header_font_size_last_edited=\u00a0\u00bbon|phone\u00a0\u00bb header_text_shadow_style=\u00a0\u00bbpreset3&Prime; global_colors_info=\u00a0\u00bb{}\u00a0\u00bb]<\/p>\n<h1>Les cons\u00e9quences<br \/> du r\u00e9chauffement climatique<\/h1>\n<p>[\/et_pb_text][\/et_pb_column][et_pb_column type=\u00a0\u00bb1_2&Prime; _builder_version=\u00a0\u00bb4.6.6&Prime; _module_preset=\u00a0\u00bbdefault\u00a0\u00bb global_colors_info=\u00a0\u00bb{}\u00a0\u00bb][\/et_pb_column][\/et_pb_row][\/et_pb_section][et_pb_section fb_built=\u00a0\u00bb1&Prime; module_class=\u00a0\u00bbcentrer-verticalement\u00a0\u00bb _builder_version=\u00a0\u00bb4.7.0&Prime; background_color=\u00a0\u00bb#0d131d\u00a0\u00bb background_color_gradient_direction=\u00a0\u00bb1deg\u00a0\u00bb background_image=\u00a0\u00bbhttps:\/\/agir.wwf.fr\/urgence-climat\/wp-content\/uploads\/sites\/31\/2020\/11\/Medium_WW2131057.jpg\u00a0\u00bb background_blend=\u00a0\u00bbmultiply\u00a0\u00bb height=\u00a0\u00bb600px\u00a0\u00bb height_tablet=\u00a0\u00bb\u00a0\u00bb height_phone=\u00a0\u00bb\u00a0\u00bb height_last_edited=\u00a0\u00bbon|phone\u00a0\u00bb custom_padding=\u00a0\u00bb5%||5%||true|false\u00a0\u00bb da_disable_devices=\u00a0\u00bboff|off|off\u00a0\u00bb global_colors_info=\u00a0\u00bb{}\u00a0\u00bb da_is_popup=\u00a0\u00bboff\u00a0\u00bb da_exit_intent=\u00a0\u00bboff\u00a0\u00bb da_has_close=\u00a0\u00bbon\u00a0\u00bb da_alt_close=\u00a0\u00bboff\u00a0\u00bb da_dark_close=\u00a0\u00bboff\u00a0\u00bb da_not_modal=\u00a0\u00bbon\u00a0\u00bb da_is_singular=\u00a0\u00bboff\u00a0\u00bb da_with_loader=\u00a0\u00bboff\u00a0\u00bb da_has_shadow=\u00a0\u00bbon\u00a0\u00bb][et_pb_row _builder_version=\u00a0\u00bb4.7.0&Prime; _module_preset=\u00a0\u00bbdefault\u00a0\u00bb width_tablet=\u00a0\u00bb\u00a0\u00bb width_phone=\u00a0\u00bb100%\u00a0\u00bb width_last_edited=\u00a0\u00bbon|phone\u00a0\u00bb custom_margin=\u00a0\u00bb13px|auto||auto|false|false\u00a0\u00bb custom_margin_tablet=\u00a0\u00bb\u00a0\u00bb custom_margin_phone=\u00a0\u00bb13px||||false|false\u00a0\u00bb custom_margin_last_edited=\u00a0\u00bbon|phone\u00a0\u00bb custom_padding=\u00a0\u00bb3%|5vw|3%|5vw|true|false\u00a0\u00bb global_colors_info=\u00a0\u00bb{}\u00a0\u00bb][et_pb_column type=\u00a0\u00bb4_4&Prime; _builder_version=\u00a0\u00bb4.6.5&Prime; _module_preset=\u00a0\u00bbdefault\u00a0\u00bb global_colors_info=\u00a0\u00bb{}\u00a0\u00bb][et_pb_text _builder_version=\u00a0\u00bb4.7.0&Prime; _module_preset=\u00a0\u00bbdefault\u00a0\u00bb header_text_align=\u00a0\u00bbcenter\u00a0\u00bb header_2_font=\u00a0\u00bb|||on|||||\u00a0\u00bb header_2_text_align=\u00a0\u00bbcenter\u00a0\u00bb header_2_text_color=\u00a0\u00bb#ffffff\u00a0\u00bb header_2_font_size=\u00a0\u00bb2.5em\u00a0\u00bb header_2_letter_spacing=\u00a0\u00bb3px\u00a0\u00bb header_3_font=\u00a0\u00bb|||on|||||\u00a0\u00bb header_3_text_align=\u00a0\u00bbcenter\u00a0\u00bb header_3_text_color=\u00a0\u00bb#ffffff\u00a0\u00bb background_color=\u00a0\u00bb#d52500&Prime; transform_rotate=\u00a0\u00bb0deg|0deg|356deg\u00a0\u00bb z_index=\u00a0\u00bb2&Prime; custom_margin=\u00a0\u00bb|39%|0px|39%|false|true\u00a0\u00bb custom_margin_tablet=\u00a0\u00bb\u00a0\u00bb custom_margin_phone=\u00a0\u00bb|20%|0px|20%|false|true\u00a0\u00bb custom_margin_last_edited=\u00a0\u00bbon|phone\u00a0\u00bb custom_padding=\u00a0\u00bb1%||1%||false|true\u00a0\u00bb global_colors_info=\u00a0\u00bb{}\u00a0\u00bb transform_styles__hover_enabled=\u00a0\u00bbon|hover\u00a0\u00bb transform_scale__hover_enabled=\u00a0\u00bbon|desktop\u00a0\u00bb transform_translate__hover_enabled=\u00a0\u00bbon|desktop\u00a0\u00bb transform_rotate__hover_enabled=\u00a0\u00bbon|hover\u00a0\u00bb transform_skew__hover_enabled=\u00a0\u00bbon|desktop\u00a0\u00bb transform_origin__hover_enabled=\u00a0\u00bbon|desktop\u00a0\u00bb transform_rotate__hover=\u00a0\u00bb0deg|0deg|356deg\u00a0\u00bb]<\/p>\n<h2>\u00e7a chauffe<\/h2>\n<p>[\/et_pb_text][et_pb_text _builder_version=\u00a0\u00bb4.7.0&Prime; _module_preset=\u00a0\u00bbdefault\u00a0\u00bb header_text_align=\u00a0\u00bbcenter\u00a0\u00bb header_2_font=\u00a0\u00bb|||on|||||\u00a0\u00bb header_2_text_align=\u00a0\u00bbcenter\u00a0\u00bb header_2_text_color=\u00a0\u00bb#ffffff\u00a0\u00bb header_2_font_size=\u00a0\u00bb2.5em\u00a0\u00bb header_2_letter_spacing=\u00a0\u00bb3px\u00a0\u00bb header_3_text_align=\u00a0\u00bbcenter\u00a0\u00bb header_3_text_color=\u00a0\u00bb#ffffff\u00a0\u00bb background_color=\u00a0\u00bb#d52500&Prime; z_index=\u00a0\u00bb2&Prime; custom_margin=\u00a0\u00bb-12px|32%||32%|false|true\u00a0\u00bb custom_margin_tablet=\u00a0\u00bb\u00a0\u00bb custom_margin_phone=\u00a0\u00bb-12px|0%||0%|false|true\u00a0\u00bb custom_margin_last_edited=\u00a0\u00bbon|phone\u00a0\u00bb custom_padding=\u00a0\u00bb1%||1%||false|true\u00a0\u00bb global_colors_info=\u00a0\u00bb{}\u00a0\u00bb]<\/p>\n<h2>sur toute la plan\u00e8te<\/h2>\n<p>[\/et_pb_text][\/et_pb_column][\/et_pb_row][et_pb_row column_structure=\u00a0\u00bb1_5,1_5,1_5,1_5,1_5&Prime; use_custom_gutter=\u00a0\u00bbon\u00a0\u00bb custom_padding_last_edited=\u00a0\u00bbon|phone\u00a0\u00bb _builder_version=\u00a0\u00bb4.7.4&Prime; width=\u00a0\u00bb58%\u00a0\u00bb min_height=\u00a0\u00bb76px\u00a0\u00bb min_height_tablet=\u00a0\u00bb\u00a0\u00bb min_height_phone=\u00a0\u00bb\u00a0\u00bb min_height_last_edited=\u00a0\u00bbon|phone\u00a0\u00bb custom_margin=\u00a0\u00bb1%||1%||true|false\u00a0\u00bb custom_padding=\u00a0\u00bb||||false|false\u00a0\u00bb custom_padding_tablet=\u00a0\u00bb\u00a0\u00bb custom_padding_phone=\u00a0\u00bb10%||10%||false|false\u00a0\u00bb scroll_vertical_motion=\u00a0\u00bb0|56|56|100|4|0|-4&Prime; scroll_horizontal_motion=\u00a0\u00bb0|35|35|100|4|0|-4&Prime; global_colors_info=\u00a0\u00bb{}\u00a0\u00bb][et_pb_column type=\u00a0\u00bb1_5&Prime; _builder_version=\u00a0\u00bb4.6.1&Prime; background_color=\u00a0\u00bbrgba(0,0,0,0)\u00a0\u00bb custom_padding=\u00a0\u00bb||||false|false\u00a0\u00bb animation_style=\u00a0\u00bbslide\u00a0\u00bb animation_direction=\u00a0\u00bbleft\u00a0\u00bb animation_intensity_slide=\u00a0\u00bb5%\u00a0\u00bb scroll_horizontal_motion=\u00a0\u00bb0|62|62|100|4|0|-4&Prime; global_colors_info=\u00a0\u00bb{}\u00a0\u00bb][et_pb_number_counter title=\u00a0\u00bben France en 2019&Prime; number=\u00a0\u00bb46\u00b0\u00a0\u00bb percent_sign=\u00a0\u00bboff\u00a0\u00bb module_class=\u00a0\u00bb.degree\u00a0\u00bb _builder_version=\u00a0\u00bb4.6.6&Prime; _module_preset=\u00a0\u00bbdefault\u00a0\u00bb title_font=\u00a0\u00bbGeorgia||||||||\u00a0\u00bb title_text_align=\u00a0\u00bbcenter\u00a0\u00bb title_text_color=\u00a0\u00bb#ffffff\u00a0\u00bb title_font_size=\u00a0\u00bb18px\u00a0\u00bb title_line_height=\u00a0\u00bb1.2em\u00a0\u00bb number_font=\u00a0\u00bbWWF||||||||\u00a0\u00bb number_text_align=\u00a0\u00bbcenter\u00a0\u00bb number_text_color=\u00a0\u00bb#d52500&Prime; number_font_size=\u00a0\u00bb6em\u00a0\u00bb number_text_shadow_style=\u00a0\u00bbpreset3&Prime; number_text_shadow_color=\u00a0\u00bb#d52500&Prime; global_colors_info=\u00a0\u00bb{}\u00a0\u00bb][\/et_pb_number_counter][\/et_pb_column][et_pb_column type=\u00a0\u00bb1_5&Prime; _builder_version=\u00a0\u00bb4.6.1&Prime; background_color=\u00a0\u00bbrgba(0,0,0,0)\u00a0\u00bb custom_padding=\u00a0\u00bb||||false|false\u00a0\u00bb animation_style=\u00a0\u00bbslide\u00a0\u00bb animation_direction=\u00a0\u00bbleft\u00a0\u00bb animation_intensity_slide=\u00a0\u00bb5%\u00a0\u00bb scroll_horizontal_motion=\u00a0\u00bb0|62|62|100|4|0|-4&Prime; global_colors_info=\u00a0\u00bb{}\u00a0\u00bb][et_pb_number_counter title=\u00a0\u00bben Sib\u00e9rie en 2020&Prime; number=\u00a0\u00bb38\u00b0\u00a0\u00bb percent_sign=\u00a0\u00bboff\u00a0\u00bb module_class=\u00a0\u00bb.degree\u00a0\u00bb _builder_version=\u00a0\u00bb4.6.6&Prime; _module_preset=\u00a0\u00bbdefault\u00a0\u00bb title_font=\u00a0\u00bbGeorgia||||||||\u00a0\u00bb title_text_align=\u00a0\u00bbcenter\u00a0\u00bb title_text_color=\u00a0\u00bb#ffffff\u00a0\u00bb title_font_size=\u00a0\u00bb18px\u00a0\u00bb title_line_height=\u00a0\u00bb1.2em\u00a0\u00bb number_font=\u00a0\u00bbWWF||||||||\u00a0\u00bb number_text_align=\u00a0\u00bbcenter\u00a0\u00bb number_text_color=\u00a0\u00bb#d52500&Prime; number_font_size=\u00a0\u00bb6em\u00a0\u00bb number_text_shadow_style=\u00a0\u00bbpreset3&Prime; number_text_shadow_color=\u00a0\u00bb#d52500&Prime; global_colors_info=\u00a0\u00bb{}\u00a0\u00bb][\/et_pb_number_counter][\/et_pb_column][et_pb_column type=\u00a0\u00bb1_5&Prime; _builder_version=\u00a0\u00bb4.6.1&Prime; background_color=\u00a0\u00bbrgba(0,0,0,0)\u00a0\u00bb custom_padding=\u00a0\u00bb||||false|false\u00a0\u00bb animation_style=\u00a0\u00bbslide\u00a0\u00bb animation_direction=\u00a0\u00bbleft\u00a0\u00bb animation_intensity_slide=\u00a0\u00bb5%\u00a0\u00bb scroll_horizontal_motion=\u00a0\u00bb0|62|62|100|4|0|-4&Prime; global_colors_info=\u00a0\u00bb{}\u00a0\u00bb][et_pb_number_counter title=\u00a0\u00bben Californie en 2020&Prime; number=\u00a0\u00bb54\u00b0\u00a0\u00bb percent_sign=\u00a0\u00bboff\u00a0\u00bb module_class=\u00a0\u00bb.degree\u00a0\u00bb _builder_version=\u00a0\u00bb4.6.6&Prime; _module_preset=\u00a0\u00bbdefault\u00a0\u00bb title_font=\u00a0\u00bbGeorgia||||||||\u00a0\u00bb title_text_align=\u00a0\u00bbcenter\u00a0\u00bb title_text_color=\u00a0\u00bb#ffffff\u00a0\u00bb title_font_size=\u00a0\u00bb18px\u00a0\u00bb title_line_height=\u00a0\u00bb1.2em\u00a0\u00bb number_font=\u00a0\u00bbWWF||||||||\u00a0\u00bb number_text_align=\u00a0\u00bbcenter\u00a0\u00bb number_text_color=\u00a0\u00bb#d52500&Prime; number_font_size=\u00a0\u00bb6em\u00a0\u00bb number_text_shadow_style=\u00a0\u00bbpreset3&Prime; number_text_shadow_color=\u00a0\u00bb#d52500&Prime; global_colors_info=\u00a0\u00bb{}\u00a0\u00bb][\/et_pb_number_counter][\/et_pb_column][et_pb_column type=\u00a0\u00bb1_5&Prime; _builder_version=\u00a0\u00bb4.6.1&Prime; background_color=\u00a0\u00bbrgba(0,0,0,0)\u00a0\u00bb custom_padding=\u00a0\u00bb||||false|false\u00a0\u00bb animation_style=\u00a0\u00bbslide\u00a0\u00bb animation_direction=\u00a0\u00bbleft\u00a0\u00bb animation_intensity_slide=\u00a0\u00bb5%\u00a0\u00bb scroll_horizontal_motion=\u00a0\u00bb0|62|62|100|4|0|-4&Prime; global_colors_info=\u00a0\u00bb{}\u00a0\u00bb][et_pb_number_counter title=\u00a0\u00bben Australie en 2019&Prime; number=\u00a0\u00bb45\u00b0\u00a0\u00bb percent_sign=\u00a0\u00bboff\u00a0\u00bb module_class=\u00a0\u00bb.degree\u00a0\u00bb _builder_version=\u00a0\u00bb4.6.6&Prime; _module_preset=\u00a0\u00bbdefault\u00a0\u00bb title_font=\u00a0\u00bbGeorgia||||||||\u00a0\u00bb title_text_align=\u00a0\u00bbcenter\u00a0\u00bb title_text_color=\u00a0\u00bb#ffffff\u00a0\u00bb title_font_size=\u00a0\u00bb18px\u00a0\u00bb title_line_height=\u00a0\u00bb1.2em\u00a0\u00bb number_font=\u00a0\u00bbWWF||||||||\u00a0\u00bb number_text_align=\u00a0\u00bbcenter\u00a0\u00bb number_text_color=\u00a0\u00bb#d52500&Prime; number_font_size=\u00a0\u00bb6em\u00a0\u00bb number_text_shadow_style=\u00a0\u00bbpreset3&Prime; number_text_shadow_color=\u00a0\u00bb#d52500&Prime; global_colors_info=\u00a0\u00bb{}\u00a0\u00bb][\/et_pb_number_counter][\/et_pb_column][et_pb_column type=\u00a0\u00bb1_5&Prime; _builder_version=\u00a0\u00bb4.7.4&Prime; background_color=\u00a0\u00bbrgba(0,0,0,0)\u00a0\u00bb custom_padding=\u00a0\u00bb||||false|false\u00a0\u00bb animation_style=\u00a0\u00bbslide\u00a0\u00bb animation_direction=\u00a0\u00bbleft\u00a0\u00bb animation_intensity_slide=\u00a0\u00bb5%\u00a0\u00bb scroll_horizontal_motion=\u00a0\u00bb0|62|62|100|4|0|-4&Prime; global_colors_info=\u00a0\u00bb{}\u00a0\u00bb][et_pb_number_counter title=\u00a0\u00bbau Canada en 2021&Prime; number=\u00a0\u00bb49\u00b0\u00a0\u00bb percent_sign=\u00a0\u00bboff\u00a0\u00bb module_class=\u00a0\u00bb.degree\u00a0\u00bb _builder_version=\u00a0\u00bb4.11.4&Prime; _module_preset=\u00a0\u00bbdefault\u00a0\u00bb title_font=\u00a0\u00bbGeorgia||||||||\u00a0\u00bb title_text_align=\u00a0\u00bbcenter\u00a0\u00bb title_text_color=\u00a0\u00bb#ffffff\u00a0\u00bb title_font_size=\u00a0\u00bb18px\u00a0\u00bb title_line_height=\u00a0\u00bb1.2em\u00a0\u00bb number_font=\u00a0\u00bbWWF||||||||\u00a0\u00bb number_text_align=\u00a0\u00bbcenter\u00a0\u00bb number_text_color=\u00a0\u00bb#d52500&Prime; number_font_size=\u00a0\u00bb6em\u00a0\u00bb number_text_shadow_style=\u00a0\u00bbpreset3&Prime; number_text_shadow_color=\u00a0\u00bb#d52500&Prime; global_colors_info=\u00a0\u00bb{}\u00a0\u00bb][\/et_pb_number_counter][\/et_pb_column][\/et_pb_row][et_pb_row _builder_version=\u00a0\u00bb4.6.6&Prime; _module_preset=\u00a0\u00bbdefault\u00a0\u00bb custom_margin=\u00a0\u00bb7%|auto|7%|auto|true|false\u00a0\u00bb custom_padding=\u00a0\u00bb||||false|false\u00a0\u00bb global_colors_info=\u00a0\u00bb{}\u00a0\u00bb][et_pb_column type=\u00a0\u00bb4_4&Prime; _builder_version=\u00a0\u00bb4.6.5&Prime; _module_preset=\u00a0\u00bbdefault\u00a0\u00bb global_colors_info=\u00a0\u00bb{}\u00a0\u00bb][et_pb_button button_url=\u00a0\u00bbhttps:\/\/faireundon.wwf.fr\/b?cid=311&#038;lang=fr_FR&#038;amount=8000&#038;frequency=once\u00a0\u00bb button_text=\u00a0\u00bbJ&rsquo;AGIS, MAINTENANT\u00a0\u00bb button_alignment=\u00a0\u00bbcenter\u00a0\u00bb disabled_on=\u00a0\u00bboff|off|off\u00a0\u00bb _builder_version=\u00a0\u00bb4.7.4&Prime; custom_button=\u00a0\u00bbon\u00a0\u00bb button_letter_spacing=\u00a0\u00bb2px\u00a0\u00bb button_font=\u00a0\u00bbWWF new|300|||||||\u00a0\u00bb button_use_icon=\u00a0\u00bboff\u00a0\u00bb custom_margin=\u00a0\u00bb||||false|false\u00a0\u00bb custom_padding=\u00a0\u00bb||||false|false\u00a0\u00bb animation_style=\u00a0\u00bbslide\u00a0\u00bb animation_direction=\u00a0\u00bbbottom\u00a0\u00bb global_colors_info=\u00a0\u00bb{}\u00a0\u00bb][\/et_pb_button][\/et_pb_column][\/et_pb_row][\/et_pb_section][et_pb_section fb_built=\u00a0\u00bb1&Prime; _builder_version=\u00a0\u00bb4.6.6&Prime; _module_preset=\u00a0\u00bbdefault\u00a0\u00bb background_color=\u00a0\u00bb#ffffff\u00a0\u00bb background_enable_image=\u00a0\u00bboff\u00a0\u00bb background_size=\u00a0\u00bbinitial\u00a0\u00bb background_repeat=\u00a0\u00bbrepeat\u00a0\u00bb custom_margin=\u00a0\u00bb||||false|false\u00a0\u00bb custom_padding=\u00a0\u00bb||3.3%||false|false\u00a0\u00bb da_disable_devices=\u00a0\u00bboff|off|off\u00a0\u00bb global_colors_info=\u00a0\u00bb{}\u00a0\u00bb da_is_popup=\u00a0\u00bboff\u00a0\u00bb da_exit_intent=\u00a0\u00bboff\u00a0\u00bb da_has_close=\u00a0\u00bbon\u00a0\u00bb da_alt_close=\u00a0\u00bboff\u00a0\u00bb da_dark_close=\u00a0\u00bboff\u00a0\u00bb da_not_modal=\u00a0\u00bbon\u00a0\u00bb da_is_singular=\u00a0\u00bboff\u00a0\u00bb da_with_loader=\u00a0\u00bboff\u00a0\u00bb da_has_shadow=\u00a0\u00bbon\u00a0\u00bb][et_pb_row _builder_version=\u00a0\u00bb4.6.6&Prime; _module_preset=\u00a0\u00bbdefault\u00a0\u00bb custom_margin=\u00a0\u00bb|auto||auto|false|false\u00a0\u00bb custom_padding=\u00a0\u00bb4.7%||4%||false|false\u00a0\u00bb global_colors_info=\u00a0\u00bb{}\u00a0\u00bb][et_pb_column type=\u00a0\u00bb4_4&Prime; _builder_version=\u00a0\u00bb4.6.5&Prime; _module_preset=\u00a0\u00bbdefault\u00a0\u00bb global_colors_info=\u00a0\u00bb{}\u00a0\u00bb][et_pb_text _builder_version=\u00a0\u00bb4.7.0&Prime; _module_preset=\u00a0\u00bbdefault\u00a0\u00bb header_text_align=\u00a0\u00bbcenter\u00a0\u00bb header_2_text_align=\u00a0\u00bbcenter\u00a0\u00bb header_2_text_color=\u00a0\u00bb#ffffff\u00a0\u00bb header_2_font_size=\u00a0\u00bb2.5em\u00a0\u00bb header_2_letter_spacing=\u00a0\u00bb3px\u00a0\u00bb header_3_text_align=\u00a0\u00bbcenter\u00a0\u00bb header_3_text_color=\u00a0\u00bb#ffffff\u00a0\u00bb background_color=\u00a0\u00bb#d52500&Prime; transform_rotate=\u00a0\u00bb0deg|0deg|356deg\u00a0\u00bb z_index=\u00a0\u00bb2&Prime; custom_margin=\u00a0\u00bb|38%|-1px|38%|false|true\u00a0\u00bb custom_margin_tablet=\u00a0\u00bb\u00a0\u00bb custom_margin_phone=\u00a0\u00bb|15%|-1px|15%|false|true\u00a0\u00bb custom_margin_last_edited=\u00a0\u00bbon|phone\u00a0\u00bb custom_padding=\u00a0\u00bb1%||1%||false|true\u00a0\u00bb global_colors_info=\u00a0\u00bb{}\u00a0\u00bb transform_styles__hover_enabled=\u00a0\u00bbon|hover\u00a0\u00bb transform_scale__hover_enabled=\u00a0\u00bbon|desktop\u00a0\u00bb transform_translate__hover_enabled=\u00a0\u00bbon|desktop\u00a0\u00bb transform_rotate__hover_enabled=\u00a0\u00bbon|hover\u00a0\u00bb transform_skew__hover_enabled=\u00a0\u00bbon|desktop\u00a0\u00bb transform_origin__hover_enabled=\u00a0\u00bbon|desktop\u00a0\u00bb transform_rotate__hover=\u00a0\u00bb0deg|0deg|356deg\u00a0\u00bb]<\/p>\n<h2>QUELS IMPACTS<\/h2>\n<p>[\/et_pb_text][et_pb_text _builder_version=\u00a0\u00bb4.7.0&Prime; _module_preset=\u00a0\u00bbdefault\u00a0\u00bb header_text_align=\u00a0\u00bbcenter\u00a0\u00bb header_2_font=\u00a0\u00bb|||on|||||\u00a0\u00bb header_2_text_align=\u00a0\u00bbcenter\u00a0\u00bb header_2_text_color=\u00a0\u00bb#ffffff\u00a0\u00bb header_2_font_size=\u00a0\u00bb2.5em\u00a0\u00bb header_2_letter_spacing=\u00a0\u00bb3px\u00a0\u00bb header_3_text_align=\u00a0\u00bbcenter\u00a0\u00bb header_3_text_color=\u00a0\u00bb#ffffff\u00a0\u00bb background_color=\u00a0\u00bb#d52500&Prime; z_index=\u00a0\u00bb2&Prime; custom_margin=\u00a0\u00bb-12px|26%||26%|false|true\u00a0\u00bb custom_margin_tablet=\u00a0\u00bb\u00a0\u00bb custom_margin_phone=\u00a0\u00bb-3px|5%||5%|false|true\u00a0\u00bb custom_margin_last_edited=\u00a0\u00bbon|phone\u00a0\u00bb custom_padding=\u00a0\u00bb1%||1%||false|true\u00a0\u00bb global_colors_info=\u00a0\u00bb{}\u00a0\u00bb]<\/p>\n<h2>pour l&rsquo;homme et la plan\u00e8te ?<\/h2>\n<p>[\/et_pb_text][et_pb_text _builder_version=\u00a0\u00bb4.11.4&Prime; _module_preset=\u00a0\u00bbdefault\u00a0\u00bb text_font=\u00a0\u00bbSource Sans Pro||||||||\u00a0\u00bb text_text_color=\u00a0\u00bb#0d131d\u00a0\u00bb text_orientation=\u00a0\u00bbcenter\u00a0\u00bb background_layout=\u00a0\u00bbdark\u00a0\u00bb global_colors_info=\u00a0\u00bb{}\u00a0\u00bb]<\/p>\n<p><span style=\"font-weight: 400;\"><strong>M\u00e9ga feux en Gr\u00e8ce, en Finlande, en France, en Alg\u00e9rie, en Australie, en Californie, en Sib\u00e9rie, ouragans, canicules, mont\u00e9e des eaux, \u00e9pid\u00e9mies\u2026<\/strong> si les cons\u00e9quences du r\u00e9chauffement climatiques se font de plus en plus sentir \u00e0 l\u2019\u00e9chelle mondiale mais \u00e9galement localement en France, ce n\u2019est malheureusement que la bande annonce de ce qui nous attend si nous continuons sur cette trajectoire. <strong>Ensemble, nous devons agir pour \u00e9viter le sc\u00e9nario du pire.\u00a0<\/strong><\/span><\/p>\n<p>[\/et_pb_text][\/et_pb_column][\/et_pb_row][et_pb_row column_structure=\u00a0\u00bb1_3,1_3,1_3&Prime; use_custom_gutter=\u00a0\u00bbon\u00a0\u00bb gutter_width=\u00a0\u00bb2&Prime; custom_padding_last_edited=\u00a0\u00bbon|phone\u00a0\u00bb _builder_version=\u00a0\u00bb4.7.0&Prime; _module_preset=\u00a0\u00bbdefault\u00a0\u00bb custom_margin=\u00a0\u00bb0px|auto||auto|false|false\u00a0\u00bb custom_padding=\u00a0\u00bb2%|70px|0.6%|70px|false|true\u00a0\u00bb custom_padding_tablet=\u00a0\u00bb\u00a0\u00bb custom_padding_phone=\u00a0\u00bb7%|0px|0.6%|0px|false|true\u00a0\u00bb global_colors_info=\u00a0\u00bb{}\u00a0\u00bb][et_pb_column type=\u00a0\u00bb1_3&Prime; _builder_version=\u00a0\u00bb4.6.1&Prime; _module_preset=\u00a0\u00bbdefault\u00a0\u00bb global_colors_info=\u00a0\u00bb{}\u00a0\u00bb][et_pb_image src=\u00a0\u00bbhttps:\/\/agir.wwf.fr\/urgence-climat\/wp-content\/uploads\/sites\/31\/2020\/09\/polar-bear-e1605264736684.png\u00a0\u00bb title_text=\u00a0\u00bbpolar-bear\u00a0\u00bb align_tablet=\u00a0\u00bb\u00a0\u00bb align_phone=\u00a0\u00bbcenter\u00a0\u00bb align_last_edited=\u00a0\u00bbon|phone\u00a0\u00bb _builder_version=\u00a0\u00bb4.7.0&Prime; _module_preset=\u00a0\u00bbdefault\u00a0\u00bb max_width=\u00a0\u00bb25%\u00a0\u00bb global_colors_info=\u00a0\u00bb{}\u00a0\u00bb][\/et_pb_image][et_pb_text _builder_version=\u00a0\u00bb4.7.0&Prime; _module_preset=\u00a0\u00bbdefault\u00a0\u00bb header_3_font=\u00a0\u00bb|||on|||||\u00a0\u00bb header_3_text_align=\u00a0\u00bbleft\u00a0\u00bb header_3_text_color=\u00a0\u00bb#d83a24&Prime; header_3_font_size=\u00a0\u00bb2em\u00a0\u00bb header_3_text_align_tablet=\u00a0\u00bb\u00a0\u00bb header_3_text_align_phone=\u00a0\u00bbcenter\u00a0\u00bb header_3_text_align_last_edited=\u00a0\u00bbon|phone\u00a0\u00bb global_colors_info=\u00a0\u00bb{}\u00a0\u00bb]<\/p>\n<h3>Disparition des esp\u00e8ces<\/h3>\n<p>[\/et_pb_text][et_pb_text _builder_version=\u00a0\u00bb4.7.2&Prime; _module_preset=\u00a0\u00bbdefault\u00a0\u00bb text_font=\u00a0\u00bbSource Sans Pro||||||||\u00a0\u00bb text_text_color=\u00a0\u00bb#0d131d\u00a0\u00bb text_orientation=\u00a0\u00bbcenter\u00a0\u00bb background_layout=\u00a0\u00bbdark\u00a0\u00bb global_colors_info=\u00a0\u00bb{}\u00a0\u00bb]<\/p>\n<p style=\"text-align: left;\"><span style=\"font-weight: 400;\">Un cinqui\u00e8me des esp\u00e8ces sauvages est menac\u00e9 d\u2019extinction en raison du seul changement climatique. Ainsi, selon notre rapport \u201cLa nature face au choc climatique\u201d paru en 2018, <\/span><span style=\"font-weight: 400;\">un r\u00e9chauffement atteignant les 4,5\u00b0C d\u2019ici 2100 menacerait pr\u00e8s de 50% des esp\u00e8ces peuplant actuellement les \u00e9cor\u00e9gions prioritaires.<\/span><\/p>\n<p>[\/et_pb_text][\/et_pb_column][et_pb_column type=\u00a0\u00bb1_3&Prime; _builder_version=\u00a0\u00bb4.6.1&Prime; _module_preset=\u00a0\u00bbdefault\u00a0\u00bb global_colors_info=\u00a0\u00bb{}\u00a0\u00bb][et_pb_image src=\u00a0\u00bbhttps:\/\/agir.wwf.fr\/urgence-climat\/wp-content\/uploads\/sites\/31\/2020\/09\/wildfire.png\u00a0\u00bb title_text=\u00a0\u00bbwildfire\u00a0\u00bb align_tablet=\u00a0\u00bb\u00a0\u00bb align_phone=\u00a0\u00bbcenter\u00a0\u00bb align_last_edited=\u00a0\u00bbon|phone\u00a0\u00bb _builder_version=\u00a0\u00bb4.7.0&Prime; _module_preset=\u00a0\u00bbdefault\u00a0\u00bb max_width=\u00a0\u00bb25%\u00a0\u00bb global_colors_info=\u00a0\u00bb{}\u00a0\u00bb][\/et_pb_image][et_pb_text _builder_version=\u00a0\u00bb4.7.0&Prime; _module_preset=\u00a0\u00bbdefault\u00a0\u00bb header_3_font=\u00a0\u00bb|||on|||||\u00a0\u00bb header_3_text_align=\u00a0\u00bbleft\u00a0\u00bb header_3_text_color=\u00a0\u00bb#d83a24&Prime; header_3_font_size=\u00a0\u00bb2em\u00a0\u00bb header_3_text_align_tablet=\u00a0\u00bb\u00a0\u00bb header_3_text_align_phone=\u00a0\u00bbcenter\u00a0\u00bb header_3_text_align_last_edited=\u00a0\u00bbon|phone\u00a0\u00bb global_colors_info=\u00a0\u00bb{}\u00a0\u00bb]<\/p>\n<h3>Catastrophes naturelles<\/h3>\n<p>[\/et_pb_text][et_pb_text _builder_version=\u00a0\u00bb4.7.2&Prime; _module_preset=\u00a0\u00bbdefault\u00a0\u00bb text_font=\u00a0\u00bbSource Sans Pro||||||||\u00a0\u00bb text_text_color=\u00a0\u00bb#0d131d\u00a0\u00bb text_orientation=\u00a0\u00bbcenter\u00a0\u00bb background_layout=\u00a0\u00bbdark\u00a0\u00bb global_colors_info=\u00a0\u00bb{}\u00a0\u00bb]<\/p>\n<p style=\"text-align: left;\"><span style=\"font-weight: 400;\">Le changement climatique contribue, selon les r\u00e9gions, \u00e0 l\u2019augmentation du risque de s\u00e9cheresse (hausse de la variabilit\u00e9 interannuelle de la pluviom\u00e9trie) et d\u2019incendies mais aussi aux inondations li\u00e9es aux pluies diluviennes ou encore aux cyclones, ouragans et typhons qui peuvent cro\u00eetre en intensit\u00e9 ou en fr\u00e9quence.<\/span><\/p>\n<p>[\/et_pb_text][\/et_pb_column][et_pb_column type=\u00a0\u00bb1_3&Prime; _builder_version=\u00a0\u00bb4.6.1&Prime; _module_preset=\u00a0\u00bbdefault\u00a0\u00bb global_colors_info=\u00a0\u00bb{}\u00a0\u00bb][et_pb_image src=\u00a0\u00bbhttps:\/\/agir.wwf.fr\/urgence-climat\/wp-content\/uploads\/sites\/31\/2020\/09\/flood.png\u00a0\u00bb title_text=\u00a0\u00bbflood\u00a0\u00bb align_tablet=\u00a0\u00bb\u00a0\u00bb align_phone=\u00a0\u00bbcenter\u00a0\u00bb align_last_edited=\u00a0\u00bbon|phone\u00a0\u00bb _builder_version=\u00a0\u00bb4.7.0&Prime; _module_preset=\u00a0\u00bbdefault\u00a0\u00bb max_width=\u00a0\u00bb25%\u00a0\u00bb global_colors_info=\u00a0\u00bb{}\u00a0\u00bb][\/et_pb_image][et_pb_text _builder_version=\u00a0\u00bb4.7.0&Prime; _module_preset=\u00a0\u00bbdefault\u00a0\u00bb header_3_font=\u00a0\u00bb|||on|||||\u00a0\u00bb header_3_text_align=\u00a0\u00bbleft\u00a0\u00bb header_3_text_color=\u00a0\u00bb#d83a24&Prime; header_3_font_size=\u00a0\u00bb2em\u00a0\u00bb header_3_text_align_tablet=\u00a0\u00bb\u00a0\u00bb header_3_text_align_phone=\u00a0\u00bbcenter\u00a0\u00bb header_3_text_align_last_edited=\u00a0\u00bbon|phone\u00a0\u00bb global_colors_info=\u00a0\u00bb{}\u00a0\u00bb]<\/p>\n<h3>Mont\u00e9e des eaux<\/h3>\n<p>[\/et_pb_text][et_pb_text _builder_version=\u00a0\u00bb4.7.2&Prime; _module_preset=\u00a0\u00bbdefault\u00a0\u00bb text_font=\u00a0\u00bbSource Sans Pro||||||||\u00a0\u00bb text_text_color=\u00a0\u00bb#0d131d\u00a0\u00bb text_orientation=\u00a0\u00bbcenter\u00a0\u00bb background_layout=\u00a0\u00bbdark\u00a0\u00bb global_colors_info=\u00a0\u00bb{}\u00a0\u00bb]<\/p>\n<p style=\"text-align: left;\"><span style=\"font-weight: 400;\">La mont\u00e9e du niveau de la mer pourrait \u00eatre 5 fois plus importante selon le pire des sc\u00e9narios, augmentant de 15 mm par an d\u2019ici 2050. A cet horizon et en raison de la littoralisation croissante des peuplements, 1 milliard de personnes vivant \u00e0 une altitude int\u00e9rieure \u00e0 10m pourraient \u00eatre affect\u00e9es par cette hausse selon le GIEC.<\/span><\/p>\n<p style=\"text-align: left;\">[\/et_pb_text][\/et_pb_column][\/et_pb_row][et_pb_row column_structure=\u00a0\u00bb1_3,1_3,1_3&Prime; use_custom_gutter=\u00a0\u00bbon\u00a0\u00bb gutter_width=\u00a0\u00bb2&Prime; custom_padding_last_edited=\u00a0\u00bbon|phone\u00a0\u00bb _builder_version=\u00a0\u00bb4.7.0&Prime; _module_preset=\u00a0\u00bbdefault\u00a0\u00bb custom_padding=\u00a0\u00bb|70px||70px|false|true\u00a0\u00bb custom_padding_tablet=\u00a0\u00bb\u00a0\u00bb custom_padding_phone=\u00a0\u00bb|0px||0px|false|true\u00a0\u00bb global_colors_info=\u00a0\u00bb{}\u00a0\u00bb][et_pb_column type=\u00a0\u00bb1_3&Prime; _builder_version=\u00a0\u00bb4.6.1&Prime; _module_preset=\u00a0\u00bbdefault\u00a0\u00bb global_colors_info=\u00a0\u00bb{}\u00a0\u00bb][et_pb_image src=\u00a0\u00bbhttps:\/\/agir.wwf.fr\/urgence-climat\/wp-content\/uploads\/sites\/31\/2020\/09\/meal.png\u00a0\u00bb title_text=\u00a0\u00bbmeal\u00a0\u00bb align_tablet=\u00a0\u00bb\u00a0\u00bb align_phone=\u00a0\u00bbcenter\u00a0\u00bb align_last_edited=\u00a0\u00bbon|phone\u00a0\u00bb _builder_version=\u00a0\u00bb4.7.0&Prime; _module_preset=\u00a0\u00bbdefault\u00a0\u00bb max_width=\u00a0\u00bb25%\u00a0\u00bb global_colors_info=\u00a0\u00bb{}\u00a0\u00bb][\/et_pb_image][et_pb_text _builder_version=\u00a0\u00bb4.7.0&Prime; _module_preset=\u00a0\u00bbdefault\u00a0\u00bb header_3_font=\u00a0\u00bb|||on|||||\u00a0\u00bb header_3_text_align=\u00a0\u00bbleft\u00a0\u00bb header_3_text_color=\u00a0\u00bb#d83a24&Prime; header_3_font_size=\u00a0\u00bb2em\u00a0\u00bb header_3_text_align_tablet=\u00a0\u00bb\u00a0\u00bb header_3_text_align_phone=\u00a0\u00bbcenter\u00a0\u00bb header_3_text_align_last_edited=\u00a0\u00bbon|phone\u00a0\u00bb global_colors_info=\u00a0\u00bb{}\u00a0\u00bb]<\/p>\n<h3>Pauvret\u00e9<\/h3>\n<p>[\/et_pb_text][et_pb_text _builder_version=\u00a0\u00bb4.7.2&Prime; _module_preset=\u00a0\u00bbdefault\u00a0\u00bb text_font=\u00a0\u00bbSource Sans Pro||||||||\u00a0\u00bb text_text_color=\u00a0\u00bb#0d131d\u00a0\u00bb text_orientation=\u00a0\u00bbcenter\u00a0\u00bb background_layout=\u00a0\u00bbdark\u00a0\u00bb global_colors_info=\u00a0\u00bb{}\u00a0\u00bb]<\/p>\n<p style=\"text-align: left;\"><span style=\"font-weight: 400;\">Selon la FAO, les baisses de rendements agricoles <\/span><span style=\"font-weight: 400;\">et la diminution des stocks halieutiques<\/span><span style=\"font-weight: 400;\"> pourraient faire basculer plus de 100 millions de personnes dans l\u2019extr\u00eame pauvret\u00e9, pr\u00e8s de 600 millions pourraient souffrir de malnutrition d\u2019ici 2080.<\/span><\/p>\n<p>[\/et_pb_text][\/et_pb_column][et_pb_column type=\u00a0\u00bb1_3&Prime; _builder_version=\u00a0\u00bb4.6.1&Prime; _module_preset=\u00a0\u00bbdefault\u00a0\u00bb global_colors_info=\u00a0\u00bb{}\u00a0\u00bb][et_pb_image src=\u00a0\u00bbhttps:\/\/agir.wwf.fr\/urgence-climat\/wp-content\/uploads\/sites\/31\/2020\/09\/migration.png\u00a0\u00bb title_text=\u00a0\u00bbmigration\u00a0\u00bb align_tablet=\u00a0\u00bb\u00a0\u00bb align_phone=\u00a0\u00bbcenter\u00a0\u00bb align_last_edited=\u00a0\u00bbon|phone\u00a0\u00bb _builder_version=\u00a0\u00bb4.7.0&Prime; _module_preset=\u00a0\u00bbdefault\u00a0\u00bb max_width=\u00a0\u00bb25%\u00a0\u00bb global_colors_info=\u00a0\u00bb{}\u00a0\u00bb][\/et_pb_image][et_pb_text _builder_version=\u00a0\u00bb4.7.0&Prime; _module_preset=\u00a0\u00bbdefault\u00a0\u00bb header_3_font=\u00a0\u00bb|||on|||||\u00a0\u00bb header_3_text_align=\u00a0\u00bbleft\u00a0\u00bb header_3_text_color=\u00a0\u00bb#d83a24&Prime; header_3_font_size=\u00a0\u00bb2em\u00a0\u00bb header_3_text_align_tablet=\u00a0\u00bb\u00a0\u00bb header_3_text_align_phone=\u00a0\u00bbcenter\u00a0\u00bb header_3_text_align_last_edited=\u00a0\u00bbon|phone\u00a0\u00bb global_colors_info=\u00a0\u00bb{}\u00a0\u00bb]<\/p>\n<h3>Migrations<\/h3>\n<p>[\/et_pb_text][et_pb_text _builder_version=\u00a0\u00bb4.7.0&Prime; _module_preset=\u00a0\u00bbdefault\u00a0\u00bb text_font=\u00a0\u00bbSource Sans Pro||||||||\u00a0\u00bb text_text_color=\u00a0\u00bb#0d131d\u00a0\u00bb text_orientation=\u00a0\u00bbcenter\u00a0\u00bb background_layout=\u00a0\u00bbdark\u00a0\u00bb global_colors_info=\u00a0\u00bb{}\u00a0\u00bb]<\/p>\n<p style=\"text-align: left\">Selon une \u00e9tude de la Banque mondiale, l\u2019aggravation des effets du changement climatique dans trois r\u00e9gions du monde dens\u00e9ment peupl\u00e9es pourrait pousser plus de 140 millions de personnes \u00e0 migrer \u00e0 l\u2019int\u00e9rieur de leur propre pays d\u2019ici 2050.<\/p>\n<p>[\/et_pb_text][\/et_pb_column][et_pb_column type=\u00a0\u00bb1_3&Prime; _builder_version=\u00a0\u00bb4.6.1&Prime; _module_preset=\u00a0\u00bbdefault\u00a0\u00bb global_colors_info=\u00a0\u00bb{}\u00a0\u00bb][et_pb_image src=\u00a0\u00bbhttps:\/\/agir.wwf.fr\/urgence-climat\/wp-content\/uploads\/sites\/31\/2020\/11\/crops.png\u00a0\u00bb title_text=\u00a0\u00bbcrops\u00a0\u00bb align_tablet=\u00a0\u00bb\u00a0\u00bb align_phone=\u00a0\u00bbcenter\u00a0\u00bb align_last_edited=\u00a0\u00bbon|phone\u00a0\u00bb _builder_version=\u00a0\u00bb4.7.0&Prime; _module_preset=\u00a0\u00bbdefault\u00a0\u00bb max_width=\u00a0\u00bb25%\u00a0\u00bb global_colors_info=\u00a0\u00bb{}\u00a0\u00bb][\/et_pb_image][et_pb_text _builder_version=\u00a0\u00bb4.7.0&Prime; _module_preset=\u00a0\u00bbdefault\u00a0\u00bb header_3_font=\u00a0\u00bb|||on|||||\u00a0\u00bb header_3_text_align=\u00a0\u00bbleft\u00a0\u00bb header_3_text_color=\u00a0\u00bb#d83a24&Prime; header_3_font_size=\u00a0\u00bb2em\u00a0\u00bb header_3_text_align_tablet=\u00a0\u00bb\u00a0\u00bb header_3_text_align_phone=\u00a0\u00bbcenter\u00a0\u00bb header_3_text_align_last_edited=\u00a0\u00bbon|phone\u00a0\u00bb global_colors_info=\u00a0\u00bb{}\u00a0\u00bb]<\/p>\n<h3>Perte de r\u00e9coltes<\/h3>\n<p>[\/et_pb_text][et_pb_text _builder_version=\u00a0\u00bb4.7.2&Prime; _module_preset=\u00a0\u00bbdefault\u00a0\u00bb text_font=\u00a0\u00bbSource Sans Pro||||||||\u00a0\u00bb text_text_color=\u00a0\u00bb#0d131d\u00a0\u00bb text_orientation=\u00a0\u00bbcenter\u00a0\u00bb background_layout=\u00a0\u00bbdark\u00a0\u00bb global_colors_info=\u00a0\u00bb{}\u00a0\u00bb]<\/p>\n<p style=\"text-align: left;\"><span style=\"font-weight: 400;\">R\u00e9chauffement et al\u00e9as climatiques menacent les rendements agricoles, <\/span><span style=\"font-weight: 400;\">un <\/span><span style=\"font-weight: 400;\">constat qui ne se limite pas aux zones tropicales. En 2016 en France, la s\u00e9cheresse mais aussi les inondations r\u00e9p\u00e9t\u00e9es ont entra\u00een\u00e9 une perte\u00a0 de 20 \u00e0 30%\u00a0 des r\u00e9coltes c\u00e9r\u00e9ali\u00e8res et <\/span><span style=\"font-weight: 400;\">mara\u00eech\u00e8res.<\/span><\/p>\n<p>[\/et_pb_text][\/et_pb_column][\/et_pb_row][et_pb_row _builder_version=\u00a0\u00bb4.6.6&Prime; _module_preset=\u00a0\u00bbdefault\u00a0\u00bb global_colors_info=\u00a0\u00bb{}\u00a0\u00bb][et_pb_column type=\u00a0\u00bb4_4&Prime; _builder_version=\u00a0\u00bb4.6.6&Prime; _module_preset=\u00a0\u00bbdefault\u00a0\u00bb global_colors_info=\u00a0\u00bb{}\u00a0\u00bb][et_pb_button button_url=\u00a0\u00bbhttps:\/\/faireundon.wwf.fr\/b?cid=311&#038;lang=fr_FR&#038;amount=8000&#038;frequency=once\u00a0\u00bb button_text=\u00a0\u00bbJ&rsquo;AGIS, MAINTENANT\u00a0\u00bb button_alignment=\u00a0\u00bbcenter\u00a0\u00bb disabled_on=\u00a0\u00bboff|off|off\u00a0\u00bb _builder_version=\u00a0\u00bb4.7.4&Prime; custom_button=\u00a0\u00bbon\u00a0\u00bb button_letter_spacing=\u00a0\u00bb2px\u00a0\u00bb button_font=\u00a0\u00bbWWF new|300|||||||\u00a0\u00bb button_use_icon=\u00a0\u00bboff\u00a0\u00bb custom_margin=\u00a0\u00bb47px||||false|false\u00a0\u00bb custom_margin_tablet=\u00a0\u00bb\u00a0\u00bb custom_margin_phone=\u00a0\u00bb47px||47px||false|false\u00a0\u00bb custom_margin_last_edited=\u00a0\u00bbon|phone\u00a0\u00bb custom_padding=\u00a0\u00bb||||false|false\u00a0\u00bb animation_style=\u00a0\u00bbslide\u00a0\u00bb animation_direction=\u00a0\u00bbbottom\u00a0\u00bb global_colors_info=\u00a0\u00bb{}\u00a0\u00bb][\/et_pb_button][\/et_pb_column][\/et_pb_row][\/et_pb_section][et_pb_section fb_built=\u00a0\u00bb1&Prime; admin_label=\u00a0\u00bbSection PC &#038; Tablette\u00a0\u00bb module_id=\u00a0\u00bbsante\u00a0\u00bb _builder_version=\u00a0\u00bb4.7.7&Prime; background_color=\u00a0\u00bbrgba(13,19,29,0.29)\u00a0\u00bb use_background_color_gradient=\u00a0\u00bbon\u00a0\u00bb background_color_gradient_start=\u00a0\u00bb#d52500&Prime; background_color_gradient_end=\u00a0\u00bbrgba(41,196,169,0)\u00a0\u00bb background_color_gradient_direction=\u00a0\u00bb1deg\u00a0\u00bb background_image=\u00a0\u00bbhttps:\/\/agir.wwf.fr\/urgence-climat\/wp-content\/uploads\/sites\/31\/2020\/11\/Medium_WW2136584-min.jpg\u00a0\u00bb background_blend=\u00a0\u00bbmultiply\u00a0\u00bb custom_padding=\u00a0\u00bb5%||5%||true|false\u00a0\u00bb da_popup_slug=\u00a0\u00bbsante\u00a0\u00bb da_disable_devices=\u00a0\u00bboff|off|off\u00a0\u00bb global_colors_info=\u00a0\u00bb{}\u00a0\u00bb da_is_popup=\u00a0\u00bboff\u00a0\u00bb da_exit_intent=\u00a0\u00bboff\u00a0\u00bb da_has_close=\u00a0\u00bbon\u00a0\u00bb da_alt_close=\u00a0\u00bboff\u00a0\u00bb da_dark_close=\u00a0\u00bboff\u00a0\u00bb da_not_modal=\u00a0\u00bbon\u00a0\u00bb da_is_singular=\u00a0\u00bboff\u00a0\u00bb da_with_loader=\u00a0\u00bboff\u00a0\u00bb da_has_shadow=\u00a0\u00bbon\u00a0\u00bb][et_pb_row _builder_version=\u00a0\u00bb4.6.6&Prime; _module_preset=\u00a0\u00bbdefault\u00a0\u00bb custom_margin=\u00a0\u00bb|auto||auto|false|false\u00a0\u00bb custom_padding=\u00a0\u00bb6%||1.5%||false|false\u00a0\u00bb global_colors_info=\u00a0\u00bb{}\u00a0\u00bb][et_pb_column type=\u00a0\u00bb4_4&Prime; _builder_version=\u00a0\u00bb4.6.5&Prime; _module_preset=\u00a0\u00bbdefault\u00a0\u00bb global_colors_info=\u00a0\u00bb{}\u00a0\u00bb][et_pb_text _builder_version=\u00a0\u00bb4.7.0&Prime; _module_preset=\u00a0\u00bbdefault\u00a0\u00bb header_text_align=\u00a0\u00bbcenter\u00a0\u00bb header_2_font=\u00a0\u00bb|||on|||||\u00a0\u00bb header_2_text_align=\u00a0\u00bbcenter\u00a0\u00bb header_2_text_color=\u00a0\u00bb#ffffff\u00a0\u00bb header_2_font_size=\u00a0\u00bb2.5em\u00a0\u00bb header_2_letter_spacing=\u00a0\u00bb3px\u00a0\u00bb header_3_font=\u00a0\u00bb|||on|||||\u00a0\u00bb header_3_text_align=\u00a0\u00bbcenter\u00a0\u00bb header_3_text_color=\u00a0\u00bb#ffffff\u00a0\u00bb background_color=\u00a0\u00bb#d52500&Prime; transform_rotate=\u00a0\u00bb0deg|0deg|356deg\u00a0\u00bb z_index=\u00a0\u00bb2&Prime; custom_margin=\u00a0\u00bb|32%|0px|32%|false|true\u00a0\u00bb custom_margin_tablet=\u00a0\u00bb\u00a0\u00bb custom_margin_phone=\u00a0\u00bb|15%|0px|15%|false|true\u00a0\u00bb custom_margin_last_edited=\u00a0\u00bbon|phone\u00a0\u00bb custom_padding=\u00a0\u00bb1%||1%||false|true\u00a0\u00bb global_colors_info=\u00a0\u00bb{}\u00a0\u00bb transform_styles__hover_enabled=\u00a0\u00bbon|hover\u00a0\u00bb transform_scale__hover_enabled=\u00a0\u00bbon|desktop\u00a0\u00bb transform_translate__hover_enabled=\u00a0\u00bbon|desktop\u00a0\u00bb transform_rotate__hover_enabled=\u00a0\u00bbon|hover\u00a0\u00bb transform_skew__hover_enabled=\u00a0\u00bbon|desktop\u00a0\u00bb transform_origin__hover_enabled=\u00a0\u00bbon|desktop\u00a0\u00bb transform_rotate__hover=\u00a0\u00bb0deg|0deg|356deg\u00a0\u00bb]<\/p>\n<h2><span style=\"font-weight: 400\">\u00a0Propagation des virus<\/span><\/h2>\n<p>[\/et_pb_text][et_pb_text _builder_version=\u00a0\u00bb4.7.0&Prime; _module_preset=\u00a0\u00bbdefault\u00a0\u00bb header_text_align=\u00a0\u00bbcenter\u00a0\u00bb header_2_font=\u00a0\u00bb|||on|||||\u00a0\u00bb header_2_text_align=\u00a0\u00bbcenter\u00a0\u00bb header_2_text_color=\u00a0\u00bb#ffffff\u00a0\u00bb header_2_font_size=\u00a0\u00bb2.5em\u00a0\u00bb header_2_letter_spacing=\u00a0\u00bb3px\u00a0\u00bb header_3_text_align=\u00a0\u00bbcenter\u00a0\u00bb header_3_text_color=\u00a0\u00bb#ffffff\u00a0\u00bb background_color=\u00a0\u00bb#d52500&Prime; z_index=\u00a0\u00bb2&Prime; custom_margin=\u00a0\u00bb-12px|25%||25%|false|true\u00a0\u00bb custom_margin_tablet=\u00a0\u00bb\u00a0\u00bb custom_margin_phone=\u00a0\u00bb-12px|0%||0%|false|true\u00a0\u00bb custom_margin_last_edited=\u00a0\u00bbon|phone\u00a0\u00bb custom_padding=\u00a0\u00bb1%||1%||false|true\u00a0\u00bb global_colors_info=\u00a0\u00bb{}\u00a0\u00bb]<\/p>\n<h2><span> et r\u00e9chauffement climatique<\/span><\/h2>\n<p>[\/et_pb_text][\/et_pb_column][\/et_pb_row][et_pb_row _builder_version=\u00a0\u00bb4.6.6&Prime; _module_preset=\u00a0\u00bbdefault\u00a0\u00bb custom_padding=\u00a0\u00bb28px|||||\u00a0\u00bb global_colors_info=\u00a0\u00bb{}\u00a0\u00bb][et_pb_column type=\u00a0\u00bb4_4&Prime; _builder_version=\u00a0\u00bb4.6.6&Prime; _module_preset=\u00a0\u00bbdefault\u00a0\u00bb global_colors_info=\u00a0\u00bb{}\u00a0\u00bb][et_pb_text _builder_version=\u00a0\u00bb4.7.2&Prime; _module_preset=\u00a0\u00bbdefault\u00a0\u00bb text_text_color=\u00a0\u00bb#ffffff\u00a0\u00bb text_font_size=\u00a0\u00bb20px\u00a0\u00bb text_line_height=\u00a0\u00bb1.3em\u00a0\u00bb text_orientation=\u00a0\u00bbcenter\u00a0\u00bb max_width=\u00a0\u00bb60%\u00a0\u00bb max_width_tablet=\u00a0\u00bb\u00a0\u00bb max_width_phone=\u00a0\u00bb100%\u00a0\u00bb max_width_last_edited=\u00a0\u00bbon|phone\u00a0\u00bb module_alignment=\u00a0\u00bbcenter\u00a0\u00bb custom_margin=\u00a0\u00bb|20%||20%|false|true\u00a0\u00bb custom_margin_tablet=\u00a0\u00bb\u00a0\u00bb custom_margin_phone=\u00a0\u00bb|0%||0%|false|true\u00a0\u00bb custom_margin_last_edited=\u00a0\u00bbon|phone\u00a0\u00bb global_colors_info=\u00a0\u00bb{}\u00a0\u00bb]<\/p>\n<p><strong>I<\/strong><span style=\"font-weight: 400;\"><strong>l n\u2019y a pas d\u2019humain en bonne sant\u00e9<\/strong> sur <strong>une plan\u00e8te malade.<\/strong> Si nous ne voulons pas conna\u00eetre d\u2019autres coronavirus, il nous faut agir. <strong>L\u2019\u00e9l\u00e9vation des temp\u00e9ratures<\/strong> favorise la <strong>mutation des virus<\/strong> mais aussi le d\u00e9placement et la prolif\u00e9ration de certains vecteurs (moustiques) de maladies (zika, dengue, <\/span><span style=\"font-weight: 400;\">chikungunya).<\/span><span style=\"font-weight: 400;\"> Par ailleurs, dans les r\u00e9gions bor\u00e9ales, <strong>la fonte du permafrost<\/strong> risque de lib\u00e9rer des virus encore inconnus de l\u2019Homme.<\/span><\/p>\n<p>[\/et_pb_text][\/et_pb_column][\/et_pb_row][et_pb_row _builder_version=\u00a0\u00bb4.6.6&Prime; _module_preset=\u00a0\u00bbdefault\u00a0\u00bb custom_margin=\u00a0\u00bb4%|auto|4%|auto|true|false\u00a0\u00bb custom_padding=\u00a0\u00bb||||false|false\u00a0\u00bb global_colors_info=\u00a0\u00bb{}\u00a0\u00bb][et_pb_column type=\u00a0\u00bb4_4&Prime; _builder_version=\u00a0\u00bb4.6.5&Prime; _module_preset=\u00a0\u00bbdefault\u00a0\u00bb global_colors_info=\u00a0\u00bb{}\u00a0\u00bb][et_pb_button button_url=\u00a0\u00bbhttps:\/\/faireundon.wwf.fr\/b?cid=311&#038;lang=fr_FR&#038;amount=8000&#038;frequency=once\u00a0\u00bb button_text=\u00a0\u00bbJ&rsquo;AGIS, MAINTENANT\u00a0\u00bb button_alignment=\u00a0\u00bbcenter\u00a0\u00bb disabled_on=\u00a0\u00bboff|off|off\u00a0\u00bb _builder_version=\u00a0\u00bb4.7.4&Prime; custom_button=\u00a0\u00bbon\u00a0\u00bb button_letter_spacing=\u00a0\u00bb2px\u00a0\u00bb button_font=\u00a0\u00bbWWF new|300|||||||\u00a0\u00bb button_use_icon=\u00a0\u00bboff\u00a0\u00bb custom_margin=\u00a0\u00bb||||false|false\u00a0\u00bb custom_padding=\u00a0\u00bb||||false|false\u00a0\u00bb animation_style=\u00a0\u00bbslide\u00a0\u00bb animation_direction=\u00a0\u00bbbottom\u00a0\u00bb global_colors_info=\u00a0\u00bb{}\u00a0\u00bb][\/et_pb_button][\/et_pb_column][\/et_pb_row][\/et_pb_section][et_pb_section fb_built=\u00a0\u00bb1&Prime; _builder_version=\u00a0\u00bb4.6.6&Prime; _module_preset=\u00a0\u00bbdefault\u00a0\u00bb background_color=\u00a0\u00bb#ffffff\u00a0\u00bb background_enable_image=\u00a0\u00bboff\u00a0\u00bb background_size=\u00a0\u00bbinitial\u00a0\u00bb background_repeat=\u00a0\u00bbrepeat\u00a0\u00bb height=\u00a0\u00bb100%\u00a0\u00bb custom_css_main_element=\u00a0\u00bbdisplay: flex;||flex-direction: column;||justify-content: center;\u00a0\u00bb da_disable_devices=\u00a0\u00bboff|off|off\u00a0\u00bb global_colors_info=\u00a0\u00bb{}\u00a0\u00bb da_is_popup=\u00a0\u00bboff\u00a0\u00bb da_exit_intent=\u00a0\u00bboff\u00a0\u00bb da_has_close=\u00a0\u00bbon\u00a0\u00bb da_alt_close=\u00a0\u00bboff\u00a0\u00bb da_dark_close=\u00a0\u00bboff\u00a0\u00bb da_not_modal=\u00a0\u00bbon\u00a0\u00bb da_is_singular=\u00a0\u00bboff\u00a0\u00bb da_with_loader=\u00a0\u00bboff\u00a0\u00bb da_has_shadow=\u00a0\u00bbon\u00a0\u00bb][et_pb_row _builder_version=\u00a0\u00bb4.6.6&Prime; _module_preset=\u00a0\u00bbdefault\u00a0\u00bb custom_margin=\u00a0\u00bb3.3%|auto|10px|auto|false|false\u00a0\u00bb global_colors_info=\u00a0\u00bb{}\u00a0\u00bb][et_pb_column type=\u00a0\u00bb4_4&Prime; _builder_version=\u00a0\u00bb4.6.5&Prime; _module_preset=\u00a0\u00bbdefault\u00a0\u00bb global_colors_info=\u00a0\u00bb{}\u00a0\u00bb][et_pb_text _builder_version=\u00a0\u00bb4.7.0&Prime; _module_preset=\u00a0\u00bbdefault\u00a0\u00bb header_text_align=\u00a0\u00bbcenter\u00a0\u00bb header_2_text_align=\u00a0\u00bbcenter\u00a0\u00bb header_2_text_color=\u00a0\u00bb#ffffff\u00a0\u00bb header_2_font_size=\u00a0\u00bb2.7em\u00a0\u00bb header_2_letter_spacing=\u00a0\u00bb3px\u00a0\u00bb header_3_text_align=\u00a0\u00bbcenter\u00a0\u00bb header_3_text_color=\u00a0\u00bb#ffffff\u00a0\u00bb background_color=\u00a0\u00bb#d52500&Prime; transform_rotate=\u00a0\u00bb0deg|0deg|356deg\u00a0\u00bb z_index=\u00a0\u00bb2&Prime; custom_margin=\u00a0\u00bb|41%|-1px|41%|false|true\u00a0\u00bb custom_margin_tablet=\u00a0\u00bb\u00a0\u00bb custom_margin_phone=\u00a0\u00bb|19%||19%|false|true\u00a0\u00bb custom_margin_last_edited=\u00a0\u00bbon|phone\u00a0\u00bb custom_padding=\u00a0\u00bb1%||1%||false|true\u00a0\u00bb global_colors_info=\u00a0\u00bb{}\u00a0\u00bb transform_styles__hover_enabled=\u00a0\u00bbon|hover\u00a0\u00bb transform_scale__hover_enabled=\u00a0\u00bbon|desktop\u00a0\u00bb transform_translate__hover_enabled=\u00a0\u00bbon|desktop\u00a0\u00bb transform_rotate__hover_enabled=\u00a0\u00bbon|hover\u00a0\u00bb transform_skew__hover_enabled=\u00a0\u00bbon|desktop\u00a0\u00bb transform_origin__hover_enabled=\u00a0\u00bbon|desktop\u00a0\u00bb transform_rotate__hover=\u00a0\u00bb0deg|0deg|356deg\u00a0\u00bb]<\/p>\n<h2>COMMENT<\/h2>\n<p>[\/et_pb_text][et_pb_text _builder_version=\u00a0\u00bb4.7.0&Prime; _module_preset=\u00a0\u00bbdefault\u00a0\u00bb header_text_align=\u00a0\u00bbcenter\u00a0\u00bb header_2_text_align=\u00a0\u00bbcenter\u00a0\u00bb header_2_text_color=\u00a0\u00bb#ffffff\u00a0\u00bb header_2_font_size=\u00a0\u00bb2.7em\u00a0\u00bb header_2_letter_spacing=\u00a0\u00bb3px\u00a0\u00bb header_3_text_align=\u00a0\u00bbcenter\u00a0\u00bb header_3_text_color=\u00a0\u00bb#ffffff\u00a0\u00bb background_color=\u00a0\u00bb#d52500&Prime; z_index=\u00a0\u00bb2&Prime; custom_margin=\u00a0\u00bb-12px|37%||37%|false|true\u00a0\u00bb custom_margin_tablet=\u00a0\u00bb\u00a0\u00bb custom_margin_phone=\u00a0\u00bb-8px|14%||14%|false|true\u00a0\u00bb custom_margin_last_edited=\u00a0\u00bbon|phone\u00a0\u00bb custom_padding=\u00a0\u00bb1%||1%||false|true\u00a0\u00bb global_colors_info=\u00a0\u00bb{}\u00a0\u00bb]<\/p>\n<h2>LE WWF AGIT<\/h2>\n<p>[\/et_pb_text][\/et_pb_column][\/et_pb_row][et_pb_row column_structure=\u00a0\u00bb1_3,1_3,1_3&Prime; use_custom_gutter=\u00a0\u00bbon\u00a0\u00bb gutter_width=\u00a0\u00bb2&Prime; make_equal=\u00a0\u00bbon\u00a0\u00bb module_id=\u00a0\u00bbhow_section_padding\u00a0\u00bb _builder_version=\u00a0\u00bb4.7.2&Prime; _module_preset=\u00a0\u00bbdefault\u00a0\u00bb min_height=\u00a0\u00bb415px\u00a0\u00bb custom_margin=\u00a0\u00bb1%|auto|1%|auto|true|false\u00a0\u00bb global_colors_info=\u00a0\u00bb{}\u00a0\u00bb][et_pb_column type=\u00a0\u00bb1_3&Prime; _builder_version=\u00a0\u00bb4.7.0&Prime; _module_preset=\u00a0\u00bbdefault\u00a0\u00bb background_color=\u00a0\u00bbrgba(10,4,4,0.36)\u00a0\u00bb background_image=\u00a0\u00bbhttps:\/\/agir.wwf.fr\/urgence-climat\/wp-content\/uploads\/sites\/31\/2020\/11\/Medium_WW211214-1.jpg\u00a0\u00bb background_blend=\u00a0\u00bbmultiply\u00a0\u00bb global_colors_info=\u00a0\u00bb{}\u00a0\u00bb][et_pb_text _builder_version=\u00a0\u00bb4.7.2&Prime; _module_preset=\u00a0\u00bbdefault\u00a0\u00bb text_font_size=\u00a0\u00bb18px\u00a0\u00bb text_line_height=\u00a0\u00bb1.3em\u00a0\u00bb header_letter_spacing=\u00a0\u00bb2px\u00a0\u00bb header_2_font=\u00a0\u00bb|||on|||||\u00a0\u00bb header_2_font_size=\u00a0\u00bb34px\u00a0\u00bb header_2_letter_spacing=\u00a0\u00bb3px\u00a0\u00bb header_2_line_height=\u00a0\u00bb1.2em\u00a0\u00bb custom_margin=\u00a0\u00bb||-5%||false|false\u00a0\u00bb custom_margin_tablet=\u00a0\u00bb\u00a0\u00bb custom_margin_phone=\u00a0\u00bb||0%||false|false\u00a0\u00bb custom_margin_last_edited=\u00a0\u00bbon|phone\u00a0\u00bb custom_padding=\u00a0\u00bb22%|15%|0px|15%|false|true\u00a0\u00bb custom_padding_tablet=\u00a0\u00bb\u00a0\u00bb custom_padding_phone=\u00a0\u00bb22%|5vw|22%|5vw|false|true\u00a0\u00bb custom_padding_last_edited=\u00a0\u00bbon|phone\u00a0\u00bb header_text_shadow_style=\u00a0\u00bbpreset3&Prime; global_colors_info=\u00a0\u00bb{}\u00a0\u00bb]<\/p>\n<h2><span style=\"color: #ffffff\"><b>PAR DES<br \/> <span style=\"color: #ffffff\">PROJETS DE TERRAIN<\/span><\/b><\/span><\/h2>\n<p><span style=\"color: #ffffff;font-size: 18px\">Prot\u00e9ger et restaurer les for\u00eats de Nouvelle-Cal\u00e9donie.<\/span><\/p>\n<p><span style=\"color: #ffffff;font-size: 18px\"><\/span><\/p>\n<p>[\/et_pb_text][et_pb_button button_text=\u00a0\u00bbEN SAVOIR +\u00a0\u00bb module_class=\u00a0\u00bbrv_button\u00a0\u00bb _builder_version=\u00a0\u00bb4.7.2&Prime; _module_preset=\u00a0\u00bbdefault\u00a0\u00bb custom_button=\u00a0\u00bbon\u00a0\u00bb button_text_size=\u00a0\u00bb20px\u00a0\u00bb button_bg_color=\u00a0\u00bbrgba(0,0,0,0)\u00a0\u00bb button_use_icon=\u00a0\u00bboff\u00a0\u00bb custom_margin=\u00a0\u00bb5%|||15%|false|false\u00a0\u00bb custom_margin_tablet=\u00a0\u00bb\u00a0\u00bb custom_margin_phone=\u00a0\u00bb5%|||5vw|false|false\u00a0\u00bb custom_margin_last_edited=\u00a0\u00bbon|phone\u00a0\u00bb custom_padding=\u00a0\u00bb|0px||0px|false|true\u00a0\u00bb box_shadow_style=\u00a0\u00bbpreset4&Prime; box_shadow_horizontal=\u00a0\u00bb0px\u00a0\u00bb box_shadow_vertical=\u00a0\u00bb2px\u00a0\u00bb box_shadow_color=\u00a0\u00bb#ffffff\u00a0\u00bb global_colors_info=\u00a0\u00bb{}\u00a0\u00bb button_bg_color__hover_enabled=\u00a0\u00bbon|hover\u00a0\u00bb button_bg_color__hover=\u00a0\u00bbrgba(255,255,255,0)\u00a0\u00bb button_bg_enable_color__hover=\u00a0\u00bbon\u00a0\u00bb custom_padding__hover_enabled=\u00a0\u00bbon|hover\u00a0\u00bb custom_padding__hover=\u00a0\u00bb|0px||0px|false|true\u00a0\u00bb][\/et_pb_button][et_pb_text module_class=\u00a0\u00bbrevdiv closed\u00a0\u00bb _builder_version=\u00a0\u00bb4.7.2&Prime; _module_preset=\u00a0\u00bbdefault\u00a0\u00bb text_font=\u00a0\u00bbSource Sans Pro||||||||\u00a0\u00bb text_text_color=\u00a0\u00bb#ffffff\u00a0\u00bb text_font_size=\u00a0\u00bb14px\u00a0\u00bb background_color=\u00a0\u00bb#0d131d\u00a0\u00bb custom_margin=\u00a0\u00bb0%||0%||true|false\u00a0\u00bb custom_padding=\u00a0\u00bb10%|15%|20%|15%|false|true\u00a0\u00bb global_colors_info=\u00a0\u00bb{}\u00a0\u00bb]Pour assurer la pr\u00e9servation des for\u00eats humides de Nouvelle-Cal\u00e9donie, le WWF participe \u00e0 la restauration foresti\u00e8re du premier ch\u00e2teau d\u2019eau du territoire car c\u2019est lui qui alimente le plus grand nombre d&rsquo;habitants du pays. Par ailleurs, afin d\u2019alerter les d\u00e9cideurs politiques locaux, le WWF m\u00e8ne des \u00e9tudes mettant en \u00e9vidence le r\u00f4le, les menaces mais \u00e9galement les opportunit\u00e9s pour la protection des for\u00eats. [\/et_pb_text][et_pb_button button_url=\u00a0\u00bbhttps:\/\/faireundon.wwf.fr\/b?cid=311&#038;lang=fr_FR&#038;amount=8000&#038;frequency=once\u00a0\u00bb button_text=\u00a0\u00bbNouS SOUTENIR\u00a0\u00bb button_alignment=\u00a0\u00bbright\u00a0\u00bb _builder_version=\u00a0\u00bb4.7.4&Prime; _module_preset=\u00a0\u00bbdefault\u00a0\u00bb custom_button=\u00a0\u00bbon\u00a0\u00bb button_text_size=\u00a0\u00bb26px\u00a0\u00bb button_font=\u00a0\u00bbWWF||||||||\u00a0\u00bb button_use_icon=\u00a0\u00bboff\u00a0\u00bb positioning=\u00a0\u00bbabsolute\u00a0\u00bb position_origin_a=\u00a0\u00bbbottom_right\u00a0\u00bb custom_margin=\u00a0\u00bb1%||||false|false\u00a0\u00bb custom_css_main_element=\u00a0\u00bb||.rv_button.closed:after {content:%22%9233%22;}||.rv_button.opened:after{content:%22%9232%22;}||\u00a0\u00bb global_colors_info=\u00a0\u00bb{}\u00a0\u00bb][\/et_pb_button][\/et_pb_column][et_pb_column type=\u00a0\u00bb1_3&Prime; _builder_version=\u00a0\u00bb4.7.2&Prime; _module_preset=\u00a0\u00bbdefault\u00a0\u00bb background_color=\u00a0\u00bbrgba(13,19,29,0.17)\u00a0\u00bb background_image=\u00a0\u00bbhttps:\/\/agir.wwf.fr\/urgence-climat\/wp-content\/uploads\/sites\/31\/2020\/09\/forets.jpg\u00a0\u00bb background_blend=\u00a0\u00bbmultiply\u00a0\u00bb global_colors_info=\u00a0\u00bb{}\u00a0\u00bb][et_pb_text _builder_version=\u00a0\u00bb4.7.2&Prime; _module_preset=\u00a0\u00bbdefault\u00a0\u00bb text_font_size=\u00a0\u00bb18px\u00a0\u00bb text_line_height=\u00a0\u00bb1.3em\u00a0\u00bb header_letter_spacing=\u00a0\u00bb2px\u00a0\u00bb header_2_font=\u00a0\u00bb|||on|||||\u00a0\u00bb header_2_font_size=\u00a0\u00bb34px\u00a0\u00bb header_2_letter_spacing=\u00a0\u00bb3px\u00a0\u00bb header_2_line_height=\u00a0\u00bb1.2em\u00a0\u00bb custom_margin=\u00a0\u00bb||||false|false\u00a0\u00bb custom_margin_tablet=\u00a0\u00bb\u00a0\u00bb custom_margin_phone=\u00a0\u00bb||0%||false|false\u00a0\u00bb custom_margin_last_edited=\u00a0\u00bbon|phone\u00a0\u00bb custom_padding=\u00a0\u00bb22%|10%|0px|15%|false|false\u00a0\u00bb custom_padding_tablet=\u00a0\u00bb\u00a0\u00bb custom_padding_phone=\u00a0\u00bb22%|5vw|22%|5vw|false|true\u00a0\u00bb custom_padding_last_edited=\u00a0\u00bbon|phone\u00a0\u00bb header_text_shadow_style=\u00a0\u00bbpreset3&Prime; global_colors_info=\u00a0\u00bb{}\u00a0\u00bb]<\/p>\n<h2><span style=\"color: #ffffff\"><b>EN FAISANT ENTENDRE LA VOIX DE LA NATURE<br \/> <\/b><\/span><\/h2>\n<p><span style=\"font-weight: 400;color: #ffffff\">Le WWF demande une loi europ\u00e9enne contre la d\u00e9forestation.<\/span><\/p>\n<p>[\/et_pb_text][et_pb_button button_text=\u00a0\u00bbEN SAVOIR +\u00a0\u00bb module_class=\u00a0\u00bbrv_button\u00a0\u00bb _builder_version=\u00a0\u00bb4.7.2&Prime; _module_preset=\u00a0\u00bbdefault\u00a0\u00bb custom_button=\u00a0\u00bbon\u00a0\u00bb button_text_size=\u00a0\u00bb20px\u00a0\u00bb button_bg_color=\u00a0\u00bbrgba(0,0,0,0)\u00a0\u00bb button_use_icon=\u00a0\u00bboff\u00a0\u00bb custom_margin=\u00a0\u00bb5%|||15%|false|false\u00a0\u00bb custom_margin_tablet=\u00a0\u00bb\u00a0\u00bb custom_margin_phone=\u00a0\u00bb5%|||5vw|false|false\u00a0\u00bb custom_margin_last_edited=\u00a0\u00bbon|phone\u00a0\u00bb custom_padding=\u00a0\u00bb|0px||0px|false|true\u00a0\u00bb box_shadow_style=\u00a0\u00bbpreset4&Prime; box_shadow_horizontal=\u00a0\u00bb0px\u00a0\u00bb box_shadow_vertical=\u00a0\u00bb2px\u00a0\u00bb box_shadow_color=\u00a0\u00bb#ffffff\u00a0\u00bb global_colors_info=\u00a0\u00bb{}\u00a0\u00bb button_bg_color__hover_enabled=\u00a0\u00bbon|hover\u00a0\u00bb button_bg_color__hover=\u00a0\u00bbrgba(255,255,255,0)\u00a0\u00bb button_bg_enable_color__hover=\u00a0\u00bbon\u00a0\u00bb custom_padding__hover_enabled=\u00a0\u00bbon|hover\u00a0\u00bb custom_padding__hover=\u00a0\u00bb|0px||0px|false|true\u00a0\u00bb][\/et_pb_button][et_pb_text module_class=\u00a0\u00bbrevdiv closed\u00a0\u00bb _builder_version=\u00a0\u00bb4.7.2&Prime; _module_preset=\u00a0\u00bbdefault\u00a0\u00bb text_font=\u00a0\u00bbSource Sans Pro||||||||\u00a0\u00bb text_text_color=\u00a0\u00bb#ffffff\u00a0\u00bb text_font_size=\u00a0\u00bb14px\u00a0\u00bb background_color=\u00a0\u00bb#0d131d\u00a0\u00bb custom_margin=\u00a0\u00bb0px||0px||true|false\u00a0\u00bb custom_padding=\u00a0\u00bb10%|15%|20%|15%|false|true\u00a0\u00bb global_colors_info=\u00a0\u00bb{}\u00a0\u00bb]L\u2019Union Europ\u00e9enne est l&rsquo;un des principaux importateurs de produits li\u00e9s \u00e0 la d\u00e9forestation comme l&rsquo;huile de palme et le soja. Le WWF demande une l\u00e9gislation forte pour interdire en Europe tout produit issus de fili\u00e8res non-durables qui contribuent \u00e0 la d\u00e9forestation. Une telle loi aurait un impact massif puisque la d\u00e9forestation repr\u00e9sente environ 12 % des \u00e9missions mondiales de GES.[\/et_pb_text][et_pb_button button_url=\u00a0\u00bbhttps:\/\/faireundon.wwf.fr\/b?cid=311&#038;lang=fr_FR&#038;amount=8000&#038;frequency=once\u00a0\u00bb button_text=\u00a0\u00bbNouS SOUTENIR\u00a0\u00bb button_alignment=\u00a0\u00bbright\u00a0\u00bb _builder_version=\u00a0\u00bb4.7.4&Prime; _module_preset=\u00a0\u00bbdefault\u00a0\u00bb custom_button=\u00a0\u00bbon\u00a0\u00bb button_text_size=\u00a0\u00bb26px\u00a0\u00bb button_font=\u00a0\u00bbWWF||||||||\u00a0\u00bb button_use_icon=\u00a0\u00bboff\u00a0\u00bb positioning=\u00a0\u00bbabsolute\u00a0\u00bb position_origin_a=\u00a0\u00bbbottom_right\u00a0\u00bb custom_margin=\u00a0\u00bb1%||||false|false\u00a0\u00bb custom_css_main_element=\u00a0\u00bb||.rv_button.closed:after {content:%22%9233%22;}||.rv_button.opened:after{content:%22%9232%22;}||\u00a0\u00bb global_colors_info=\u00a0\u00bb{}\u00a0\u00bb][\/et_pb_button][\/et_pb_column][et_pb_column type=\u00a0\u00bb1_3&Prime; _builder_version=\u00a0\u00bb4.7.2&Prime; _module_preset=\u00a0\u00bbdefault\u00a0\u00bb background_color=\u00a0\u00bbrgba(10,10,10,0.36)\u00a0\u00bb background_image=\u00a0\u00bbhttps:\/\/agir.wwf.fr\/urgence-climat\/wp-content\/uploads\/sites\/31\/2020\/11\/Original_WW225900-scaled.jpg\u00a0\u00bb background_blend=\u00a0\u00bbmultiply\u00a0\u00bb global_colors_info=\u00a0\u00bb{}\u00a0\u00bb][et_pb_text _builder_version=\u00a0\u00bb4.7.2&Prime; _module_preset=\u00a0\u00bbdefault\u00a0\u00bb text_font_size=\u00a0\u00bb18px\u00a0\u00bb text_line_height=\u00a0\u00bb1.3em\u00a0\u00bb header_letter_spacing=\u00a0\u00bb2px\u00a0\u00bb header_2_font=\u00a0\u00bb|||on|||||\u00a0\u00bb header_2_font_size=\u00a0\u00bb34px\u00a0\u00bb header_2_letter_spacing=\u00a0\u00bb3px\u00a0\u00bb header_2_line_height=\u00a0\u00bb1.2em\u00a0\u00bb custom_margin=\u00a0\u00bb||||false|false\u00a0\u00bb custom_margin_tablet=\u00a0\u00bb\u00a0\u00bb custom_margin_phone=\u00a0\u00bb||0%||false|false\u00a0\u00bb custom_margin_last_edited=\u00a0\u00bbon|phone\u00a0\u00bb custom_padding=\u00a0\u00bb22%|15%|0px|15%|false|false\u00a0\u00bb custom_padding_tablet=\u00a0\u00bb\u00a0\u00bb custom_padding_phone=\u00a0\u00bb22%|5vw|22%|5vw|false|true\u00a0\u00bb custom_padding_last_edited=\u00a0\u00bbon|phone\u00a0\u00bb header_text_shadow_style=\u00a0\u00bbpreset3&Prime; global_colors_info=\u00a0\u00bb{}\u00a0\u00bb]<\/p>\n<h2><span style=\"color: #ffffff\"><b>En produisant des rapports scientifiques<br \/> <\/b><\/span><\/h2>\n<p><span style=\"font-weight: 400;color: #ffffff\">Rapport Plan\u00e8te Vivante sur le d\u00e9clin de la biodiversit\u00e9 dans le monde.<\/span><\/p>\n<p>[\/et_pb_text][et_pb_button button_text=\u00a0\u00bbEN SAVOIR +\u00a0\u00bb module_class=\u00a0\u00bbrv_button\u00a0\u00bb _builder_version=\u00a0\u00bb4.7.2&Prime; _module_preset=\u00a0\u00bbdefault\u00a0\u00bb custom_button=\u00a0\u00bbon\u00a0\u00bb button_text_size=\u00a0\u00bb20px\u00a0\u00bb button_bg_color=\u00a0\u00bbrgba(0,0,0,0)\u00a0\u00bb button_use_icon=\u00a0\u00bboff\u00a0\u00bb custom_margin=\u00a0\u00bb5%|||15%|false|false\u00a0\u00bb custom_margin_tablet=\u00a0\u00bb\u00a0\u00bb custom_margin_phone=\u00a0\u00bb5%|||5vw|false|false\u00a0\u00bb custom_margin_last_edited=\u00a0\u00bbon|phone\u00a0\u00bb custom_padding=\u00a0\u00bb|0px||0px|false|true\u00a0\u00bb box_shadow_style=\u00a0\u00bbpreset4&Prime; box_shadow_horizontal=\u00a0\u00bb0px\u00a0\u00bb box_shadow_vertical=\u00a0\u00bb2px\u00a0\u00bb box_shadow_color=\u00a0\u00bb#ffffff\u00a0\u00bb global_colors_info=\u00a0\u00bb{}\u00a0\u00bb button_bg_color__hover_enabled=\u00a0\u00bbon|hover\u00a0\u00bb button_bg_color__hover=\u00a0\u00bbrgba(255,255,255,0)\u00a0\u00bb button_bg_enable_color__hover=\u00a0\u00bbon\u00a0\u00bb custom_padding__hover_enabled=\u00a0\u00bbon|hover\u00a0\u00bb custom_padding__hover=\u00a0\u00bb|0px||0px|false|true\u00a0\u00bb][\/et_pb_button][et_pb_text module_class=\u00a0\u00bbrevdiv closed\u00a0\u00bb _builder_version=\u00a0\u00bb4.7.2&Prime; _module_preset=\u00a0\u00bbdefault\u00a0\u00bb text_font=\u00a0\u00bbSource Sans Pro||||||||\u00a0\u00bb text_text_color=\u00a0\u00bb#ffffff\u00a0\u00bb text_font_size=\u00a0\u00bb14px\u00a0\u00bb background_color=\u00a0\u00bb#0d131d\u00a0\u00bb custom_margin=\u00a0\u00bb0px||0px||true|false\u00a0\u00bb custom_padding=\u00a0\u00bb10%|15%|20%|15%|false|true\u00a0\u00bb global_colors_info=\u00a0\u00bb{}\u00a0\u00bb]<\/p>\n<p><span style=\"font-weight: 400\">Depuis 1998, nous publions tous les deux ans le Rapport Plan\u00e8te Vivante qui mesure l&rsquo;\u00e9tat de la biodiversit\u00e9 sur la plan\u00e8te. En cette ann\u00e9e 2020, le rapport fait \u00e9tat d\u2019un d\u00e9clin de 68% des populations de vert\u00e9br\u00e9s depuis 1970. Une situation dramatique que nous avons fait entendre en haut lieu. Une bonne nouvelle cette ann\u00e9e : 75 pays se sont engag\u00e9s \u00e0 enrayer la courbe de perte de biodiversit\u00e9 d\u2019ici 2030.\u00a0<\/span><\/p>\n<p>[\/et_pb_text][et_pb_button button_url=\u00a0\u00bbhttps:\/\/faireundon.wwf.fr\/b?cid=311&#038;lang=fr_FR&#038;amount=8000&#038;frequency=once\u00a0\u00bb button_text=\u00a0\u00bbNouS SOUTENIR\u00a0\u00bb button_alignment=\u00a0\u00bbright\u00a0\u00bb _builder_version=\u00a0\u00bb4.7.4&Prime; _module_preset=\u00a0\u00bbdefault\u00a0\u00bb custom_button=\u00a0\u00bbon\u00a0\u00bb button_text_size=\u00a0\u00bb26px\u00a0\u00bb button_font=\u00a0\u00bbWWF||||||||\u00a0\u00bb button_use_icon=\u00a0\u00bboff\u00a0\u00bb positioning=\u00a0\u00bbabsolute\u00a0\u00bb position_origin_a=\u00a0\u00bbbottom_right\u00a0\u00bb custom_margin=\u00a0\u00bb1%||||false|false\u00a0\u00bb custom_css_main_element=\u00a0\u00bb||.rv_button.closed:after {content:%22%9233%22;}||.rv_button.opened:after{content:%22%9232%22;}||\u00a0\u00bb global_colors_info=\u00a0\u00bb{}\u00a0\u00bb][\/et_pb_button][\/et_pb_column][\/et_pb_row][\/et_pb_section][et_pb_section fb_built=\u00a0\u00bb1&Prime; module_class=\u00a0\u00bbcentrer-verticalement\u00a0\u00bb _builder_version=\u00a0\u00bb4.7.2&Prime; _module_preset=\u00a0\u00bbdefault\u00a0\u00bb background_color=\u00a0\u00bb#0d131d\u00a0\u00bb background_enable_image=\u00a0\u00bboff\u00a0\u00bb background_size=\u00a0\u00bbinitial\u00a0\u00bb background_repeat=\u00a0\u00bbrepeat\u00a0\u00bb height=\u00a0\u00bb100%\u00a0\u00bb custom_padding=\u00a0\u00bb5.2%||5.2%||true|false\u00a0\u00bb custom_css_main_element=\u00a0\u00bbdisplay: flex;||flex-direction: column;||justify-content: center;\u00a0\u00bb da_disable_devices=\u00a0\u00bboff|off|off\u00a0\u00bb global_colors_info=\u00a0\u00bb{}\u00a0\u00bb da_is_popup=\u00a0\u00bboff\u00a0\u00bb da_exit_intent=\u00a0\u00bboff\u00a0\u00bb da_has_close=\u00a0\u00bbon\u00a0\u00bb da_alt_close=\u00a0\u00bboff\u00a0\u00bb da_dark_close=\u00a0\u00bboff\u00a0\u00bb da_not_modal=\u00a0\u00bbon\u00a0\u00bb da_is_singular=\u00a0\u00bboff\u00a0\u00bb da_with_loader=\u00a0\u00bboff\u00a0\u00bb da_has_shadow=\u00a0\u00bbon\u00a0\u00bb][et_pb_row _builder_version=\u00a0\u00bb4.6.6&Prime; _module_preset=\u00a0\u00bbdefault\u00a0\u00bb custom_margin=\u00a0\u00bb|auto|5.3%|auto|false|false\u00a0\u00bb custom_padding=\u00a0\u00bb||||false|false\u00a0\u00bb global_colors_info=\u00a0\u00bb{}\u00a0\u00bb][et_pb_column type=\u00a0\u00bb4_4&Prime; _builder_version=\u00a0\u00bb4.6.5&Prime; _module_preset=\u00a0\u00bbdefault\u00a0\u00bb global_colors_info=\u00a0\u00bb{}\u00a0\u00bb][et_pb_text _builder_version=\u00a0\u00bb4.7.0&Prime; _module_preset=\u00a0\u00bbdefault\u00a0\u00bb header_text_align=\u00a0\u00bbcenter\u00a0\u00bb header_2_text_align=\u00a0\u00bbcenter\u00a0\u00bb header_2_text_color=\u00a0\u00bb#ffffff\u00a0\u00bb header_2_font_size=\u00a0\u00bb2.5em\u00a0\u00bb header_2_letter_spacing=\u00a0\u00bb3px\u00a0\u00bb header_3_text_align=\u00a0\u00bbcenter\u00a0\u00bb header_3_text_color=\u00a0\u00bb#ffffff\u00a0\u00bb background_color=\u00a0\u00bb#d52500&Prime; transform_rotate=\u00a0\u00bb0deg|0deg|356deg\u00a0\u00bb z_index=\u00a0\u00bb2&Prime; custom_margin=\u00a0\u00bb|41%|-1px|41%|false|true\u00a0\u00bb custom_margin_tablet=\u00a0\u00bb\u00a0\u00bb custom_margin_phone=\u00a0\u00bb|26%|-1px|26%|false|true\u00a0\u00bb custom_margin_last_edited=\u00a0\u00bbon|phone\u00a0\u00bb custom_padding=\u00a0\u00bb1%||1%||false|true\u00a0\u00bb global_colors_info=\u00a0\u00bb{}\u00a0\u00bb transform_styles__hover_enabled=\u00a0\u00bbon|hover\u00a0\u00bb transform_scale__hover_enabled=\u00a0\u00bbon|desktop\u00a0\u00bb transform_translate__hover_enabled=\u00a0\u00bbon|desktop\u00a0\u00bb transform_rotate__hover_enabled=\u00a0\u00bbon|hover\u00a0\u00bb transform_skew__hover_enabled=\u00a0\u00bbon|desktop\u00a0\u00bb transform_origin__hover_enabled=\u00a0\u00bbon|desktop\u00a0\u00bb transform_rotate__hover=\u00a0\u00bb0deg|0deg|356deg\u00a0\u00bb]<\/p>\n<h2>POURQUOI<\/h2>\n<p>[\/et_pb_text][et_pb_text _builder_version=\u00a0\u00bb4.7.0&Prime; _module_preset=\u00a0\u00bbdefault\u00a0\u00bb header_text_align=\u00a0\u00bbcenter\u00a0\u00bb header_2_text_align=\u00a0\u00bbcenter\u00a0\u00bb header_2_text_color=\u00a0\u00bb#ffffff\u00a0\u00bb header_2_font_size=\u00a0\u00bb2.5em\u00a0\u00bb header_2_letter_spacing=\u00a0\u00bb3px\u00a0\u00bb header_3_text_align=\u00a0\u00bbcenter\u00a0\u00bb header_3_text_color=\u00a0\u00bb#ffffff\u00a0\u00bb background_color=\u00a0\u00bb#d52500&Prime; z_index=\u00a0\u00bb2&Prime; custom_margin=\u00a0\u00bb-12px|35%||35%|false|true\u00a0\u00bb custom_margin_tablet=\u00a0\u00bb\u00a0\u00bb custom_margin_phone=\u00a0\u00bb-12px|5%||5%|false|true\u00a0\u00bb custom_margin_last_edited=\u00a0\u00bbon|phone\u00a0\u00bb custom_padding=\u00a0\u00bb1%||1%||false|true\u00a0\u00bb global_colors_info=\u00a0\u00bb{}\u00a0\u00bb]<\/p>\n<h2>IL FAUT AGIR, <span style=\"color: #000000\">VITE<\/span><\/h2>\n<p>[\/et_pb_text][\/et_pb_column][\/et_pb_row][et_pb_row column_structure=\u00a0\u00bb1_4,1_4,1_4,1_4&Prime; _builder_version=\u00a0\u00bb4.7.2&Prime; _module_preset=\u00a0\u00bbdefault\u00a0\u00bb collapsed=\u00a0\u00bboff\u00a0\u00bb global_colors_info=\u00a0\u00bb{}\u00a0\u00bb][et_pb_column type=\u00a0\u00bb1_4&Prime; _builder_version=\u00a0\u00bb4.6.0&Prime; _module_preset=\u00a0\u00bbdefault\u00a0\u00bb global_colors_info=\u00a0\u00bb{}\u00a0\u00bb][et_pb_number_counter title=\u00a0\u00bbd&rsquo;\u00e9missions de CO2 en plus depuis 1990 malgr\u00e9 la mise en oeuvre du protocole de Kyoto en 2005&Prime; number=\u00a0\u00bb+64&Prime; _builder_version=\u00a0\u00bb4.7.0&Prime; _module_preset=\u00a0\u00bbdefault\u00a0\u00bb title_font=\u00a0\u00bbGeorgia||||||||\u00a0\u00bb title_text_color=\u00a0\u00bb#ffffff\u00a0\u00bb title_font_size=\u00a0\u00bb1.1em\u00a0\u00bb title_line_height=\u00a0\u00bb1.2em\u00a0\u00bb number_font=\u00a0\u00bbWWF|700|||||||\u00a0\u00bb number_text_color=\u00a0\u00bb#ffffff\u00a0\u00bb global_colors_info=\u00a0\u00bb{}\u00a0\u00bb][\/et_pb_number_counter][\/et_pb_column][et_pb_column type=\u00a0\u00bb1_4&Prime; _builder_version=\u00a0\u00bb4.6.0&Prime; _module_preset=\u00a0\u00bbdefault\u00a0\u00bb global_colors_info=\u00a0\u00bb{}\u00a0\u00bb][et_pb_number_counter title=\u00a0\u00bbd\u2019\u00e9missions par an et par habitant depuis 1990 alors que la population mondiale est pass\u00e9e de 5,3 \u00e0 7,7 milliards\u00a0\u00bb number=\u00a0\u00bb+15&Prime; _builder_version=\u00a0\u00bb4.7.0&Prime; _module_preset=\u00a0\u00bbdefault\u00a0\u00bb title_font=\u00a0\u00bbGeorgia||||||||\u00a0\u00bb title_text_color=\u00a0\u00bb#ffffff\u00a0\u00bb title_font_size=\u00a0\u00bb1.1em\u00a0\u00bb title_line_height=\u00a0\u00bb1.2em\u00a0\u00bb number_font=\u00a0\u00bbWWF|700|||||||\u00a0\u00bb number_text_color=\u00a0\u00bb#ffffff\u00a0\u00bb global_colors_info=\u00a0\u00bb{}\u00a0\u00bb][\/et_pb_number_counter][\/et_pb_column][et_pb_column type=\u00a0\u00bb1_4&Prime; _builder_version=\u00a0\u00bb4.6.0&Prime; _module_preset=\u00a0\u00bbdefault\u00a0\u00bb global_colors_info=\u00a0\u00bb{}\u00a0\u00bb][et_pb_number_counter title=\u00a0\u00bbd\u00e9j\u00e0 atteint par rapport \u00e0 l&rsquo;\u00e8re pr\u00e9-industrielle\u00a0\u00bb number=\u00a0\u00bb+1\u00b0C\u00a0\u00bb percent_sign=\u00a0\u00bboff\u00a0\u00bb _builder_version=\u00a0\u00bb4.7.0&Prime; _module_preset=\u00a0\u00bbdefault\u00a0\u00bb title_font=\u00a0\u00bbGeorgia||||||||\u00a0\u00bb title_text_color=\u00a0\u00bb#ffffff\u00a0\u00bb title_font_size=\u00a0\u00bb1.1em\u00a0\u00bb title_line_height=\u00a0\u00bb1.2em\u00a0\u00bb number_font=\u00a0\u00bbWWF|700|||||||\u00a0\u00bb number_text_color=\u00a0\u00bb#ffffff\u00a0\u00bb global_colors_info=\u00a0\u00bb{}\u00a0\u00bb][\/et_pb_number_counter][\/et_pb_column][et_pb_column type=\u00a0\u00bb1_4&Prime; _builder_version=\u00a0\u00bb4.6.0&Prime; _module_preset=\u00a0\u00bbdefault\u00a0\u00bb global_colors_info=\u00a0\u00bb{}\u00a0\u00bb][et_pb_number_counter title=\u00a0\u00bbd&rsquo;hectares brul\u00e9s en Australie entre juin 2019 et janvier 2 2020&Prime; number=\u00a0\u00bb18 millions\u00a0\u00bb percent_sign=\u00a0\u00bboff\u00a0\u00bb _builder_version=\u00a0\u00bb4.7.0&Prime; _module_preset=\u00a0\u00bbdefault\u00a0\u00bb title_font=\u00a0\u00bbGeorgia||||||||\u00a0\u00bb title_text_color=\u00a0\u00bb#ffffff\u00a0\u00bb title_font_size=\u00a0\u00bb1.1em\u00a0\u00bb title_line_height=\u00a0\u00bb1.2em\u00a0\u00bb number_font=\u00a0\u00bbWWF|700|||||||\u00a0\u00bb number_text_color=\u00a0\u00bb#ffffff\u00a0\u00bb global_colors_info=\u00a0\u00bb{}\u00a0\u00bb][\/et_pb_number_counter][\/et_pb_column][\/et_pb_row][et_pb_row _builder_version=\u00a0\u00bb4.6.6&Prime; _module_preset=\u00a0\u00bbdefault\u00a0\u00bb custom_margin=\u00a0\u00bb|auto|3%|auto|false|false\u00a0\u00bb custom_padding=\u00a0\u00bb||||false|false\u00a0\u00bb global_colors_info=\u00a0\u00bb{}\u00a0\u00bb][et_pb_column type=\u00a0\u00bb4_4&Prime; _builder_version=\u00a0\u00bb4.6.5&Prime; _module_preset=\u00a0\u00bbdefault\u00a0\u00bb global_colors_info=\u00a0\u00bb{}\u00a0\u00bb][et_pb_button button_url=\u00a0\u00bbhttps:\/\/faireundon.wwf.fr\/b?cid=311&#038;lang=fr_FR&#038;amount=8000&#038;frequency=once\u00a0\u00bb button_text=\u00a0\u00bbJ&rsquo;AGIS, MAINTENANT\u00a0\u00bb button_alignment=\u00a0\u00bbcenter\u00a0\u00bb disabled_on=\u00a0\u00bboff|off|off\u00a0\u00bb _builder_version=\u00a0\u00bb4.7.4&Prime; custom_button=\u00a0\u00bbon\u00a0\u00bb button_letter_spacing=\u00a0\u00bb2px\u00a0\u00bb button_font=\u00a0\u00bbWWF new|300|||||||\u00a0\u00bb button_use_icon=\u00a0\u00bboff\u00a0\u00bb custom_margin=\u00a0\u00bb60px||||false|false\u00a0\u00bb custom_padding=\u00a0\u00bb||||false|false\u00a0\u00bb animation_style=\u00a0\u00bbslide\u00a0\u00bb animation_direction=\u00a0\u00bbbottom\u00a0\u00bb global_colors_info=\u00a0\u00bb{}\u00a0\u00bb][\/et_pb_button][\/et_pb_column][\/et_pb_row][\/et_pb_section][et_pb_section fb_built=\u00a0\u00bb1&Prime; module_id=\u00a0\u00bbdon\u00a0\u00bb _builder_version=\u00a0\u00bb4.7.2&Prime; background_color=\u00a0\u00bb#a31515&Prime; use_background_color_gradient=\u00a0\u00bbon\u00a0\u00bb background_color_gradient_start=\u00a0\u00bb#960b0a\u00a0\u00bb background_color_gradient_end=\u00a0\u00bbrgba(198,55,31,0)\u00a0\u00bb background_color_gradient_direction=\u00a0\u00bb1deg\u00a0\u00bb background_color_gradient_overlays_image=\u00a0\u00bbon\u00a0\u00bb background_image=\u00a0\u00bbhttps:\/\/agir.wwf.fr\/urgence-climat\/wp-content\/uploads\/sites\/31\/2020\/09\/Medium_WW225900-min.jpg\u00a0\u00bb background_blend=\u00a0\u00bbmultiply\u00a0\u00bb min_height=\u00a0\u00bb100vh\u00a0\u00bb custom_margin=\u00a0\u00bb||||false|false\u00a0\u00bb background_last_edited=\u00a0\u00bbon|phone\u00a0\u00bb background_image_phone=\u00a0\u00bbhttps:\/\/agir.wwf.fr\/urgence-climat\/wp-content\/uploads\/sites\/31\/2020\/11\/Original_WW225900-scaled.jpg\u00a0\u00bb background_enable_image_phone=\u00a0\u00bbon\u00a0\u00bb parallax_phone=\u00a0\u00bboff\u00a0\u00bb background_position_phone=\u00a0\u00bbtop_center\u00a0\u00bb custom_css_main_element=\u00a0\u00bbdisplay: flex;||flex-direction: column;||justify-content: center;\u00a0\u00bb da_popup_slug=\u00a0\u00bbdon\u00a0\u00bb da_disable_devices=\u00a0\u00bboff|off|off\u00a0\u00bb global_colors_info=\u00a0\u00bb{}\u00a0\u00bb title_text_phone=\u00a0\u00bbPortrait of a polar bear ( Ursus maritimus ). Svalbard, Norway\u00a0\u00bb da_is_popup=\u00a0\u00bboff\u00a0\u00bb da_exit_intent=\u00a0\u00bboff\u00a0\u00bb da_has_close=\u00a0\u00bbon\u00a0\u00bb da_alt_close=\u00a0\u00bboff\u00a0\u00bb da_dark_close=\u00a0\u00bboff\u00a0\u00bb da_not_modal=\u00a0\u00bbon\u00a0\u00bb da_is_singular=\u00a0\u00bboff\u00a0\u00bb da_with_loader=\u00a0\u00bboff\u00a0\u00bb da_has_shadow=\u00a0\u00bbon\u00a0\u00bb][et_pb_row column_structure=\u00a0\u00bb3_5,2_5&Prime; use_custom_gutter=\u00a0\u00bbon\u00a0\u00bb gutter_width=\u00a0\u00bb4&Prime; custom_padding_last_edited=\u00a0\u00bbon|phone\u00a0\u00bb _builder_version=\u00a0\u00bb4.7.2&Prime; width_tablet=\u00a0\u00bb\u00a0\u00bb width_phone=\u00a0\u00bb100%\u00a0\u00bb width_last_edited=\u00a0\u00bbon|phone\u00a0\u00bb min_height=\u00a0\u00bb350px\u00a0\u00bb min_height_tablet=\u00a0\u00bb\u00a0\u00bb min_height_phone=\u00a0\u00bb\u00a0\u00bb min_height_last_edited=\u00a0\u00bbon|phone\u00a0\u00bb custom_margin=\u00a0\u00bb8%|auto|-13%|20%|false|false\u00a0\u00bb custom_margin_tablet=\u00a0\u00bb||||false|false\u00a0\u00bb custom_margin_phone=\u00a0\u00bb20vh|0px||0px|false|false\u00a0\u00bb custom_margin_last_edited=\u00a0\u00bbon|phone\u00a0\u00bb custom_padding_tablet=\u00a0\u00bb\u00a0\u00bb custom_padding_phone=\u00a0\u00bb|5vw||5vw|false|false\u00a0\u00bb global_colors_info=\u00a0\u00bb{}\u00a0\u00bb][et_pb_column type=\u00a0\u00bb3_5&Prime; _builder_version=\u00a0\u00bb4.0.6&Prime; global_colors_info=\u00a0\u00bb{}\u00a0\u00bb][et_pb_text _builder_version=\u00a0\u00bb4.6.6&Prime; header_2_font=\u00a0\u00bb|300||on|||||\u00a0\u00bb header_2_text_color=\u00a0\u00bb#ffffff\u00a0\u00bb header_2_font_size=\u00a0\u00bb3em\u00a0\u00bb header_2_letter_spacing=\u00a0\u00bb3px\u00a0\u00bb custom_margin=\u00a0\u00bb||||false|false\u00a0\u00bb custom_padding=\u00a0\u00bb||||false|false\u00a0\u00bb animation_style=\u00a0\u00bbslide\u00a0\u00bb animation_direction=\u00a0\u00bbtop\u00a0\u00bb animation_intensity_slide=\u00a0\u00bb5%\u00a0\u00bb scroll_blur=\u00a0\u00bb0|40|60|100|10px|0px|0px\u00a0\u00bb header_text_shadow_style=\u00a0\u00bbpreset3&Prime; global_colors_info=\u00a0\u00bb{}\u00a0\u00bb]<\/p>\n<h2>Pour la nature, <br \/>pour nous, devenez<br \/> acteur du changement<\/h2>\n<p>[\/et_pb_text][\/et_pb_column][et_pb_column type=\u00a0\u00bb2_5&Prime; _builder_version=\u00a0\u00bb4.0.6&Prime; global_colors_info=\u00a0\u00bb{}\u00a0\u00bb][\/et_pb_column][\/et_pb_row][et_pb_row column_structure=\u00a0\u00bb1_5,1_5,1_5,1_5,1_5&Prime; custom_padding_last_edited=\u00a0\u00bbon|phone\u00a0\u00bb _builder_version=\u00a0\u00bb4.7.2&Prime; max_width_tablet=\u00a0\u00bb\u00a0\u00bb max_width_phone=\u00a0\u00bb\u00a0\u00bb max_width_last_edited=\u00a0\u00bbon|phone\u00a0\u00bb min_height=\u00a0\u00bb195px\u00a0\u00bb min_height_tablet=\u00a0\u00bb\u00a0\u00bb min_height_phone=\u00a0\u00bb\u00a0\u00bb min_height_last_edited=\u00a0\u00bbon|phone\u00a0\u00bb height_tablet=\u00a0\u00bb\u00a0\u00bb height_phone=\u00a0\u00bb\u00a0\u00bb height_last_edited=\u00a0\u00bbon|phone\u00a0\u00bb custom_margin=\u00a0\u00bb|20%||20%|false|false\u00a0\u00bb custom_margin_tablet=\u00a0\u00bb-5vh||||false|false\u00a0\u00bb custom_margin_phone=\u00a0\u00bb3vh|0px||0px|false|false\u00a0\u00bb custom_margin_last_edited=\u00a0\u00bbon|tablet\u00a0\u00bb custom_padding=\u00a0\u00bb||||false|false\u00a0\u00bb custom_padding_tablet=\u00a0\u00bb\u00a0\u00bb custom_padding_phone=\u00a0\u00bb0em|5vw||5vw|false|false\u00a0\u00bb animation_style=\u00a0\u00bbfade\u00a0\u00bb global_colors_info=\u00a0\u00bb{}\u00a0\u00bb height__hover_enabled=\u00a0\u00bbon|desktop\u00a0\u00bb][et_pb_column type=\u00a0\u00bb1_5&Prime; _builder_version=\u00a0\u00bb4.6.0&Prime; custom_padding=\u00a0\u00bb||||false|false\u00a0\u00bb custom_padding_tablet=\u00a0\u00bb\u00a0\u00bb custom_padding_phone=\u00a0\u00bb\u00a0\u00bb custom_padding_last_edited=\u00a0\u00bbon|phone\u00a0\u00bb custom_css_main_element=\u00a0\u00bbclear:both;\u00a0\u00bb global_colors_info=\u00a0\u00bb{}\u00a0\u00bb][et_pb_text _builder_version=\u00a0\u00bb4.6.0&Prime; text_font_size=\u00a0\u00bb1.2em\u00a0\u00bb text_line_height=\u00a0\u00bb1.3em\u00a0\u00bb header_font_size=\u00a0\u00bb3em\u00a0\u00bb custom_margin=\u00a0\u00bb||||false|false\u00a0\u00bb custom_margin_tablet=\u00a0\u00bb\u00a0\u00bb custom_margin_phone=\u00a0\u00bb||||false|false\u00a0\u00bb custom_margin_last_edited=\u00a0\u00bbon|phone\u00a0\u00bb custom_padding=\u00a0\u00bb|15%|||false|false\u00a0\u00bb header_font_size_tablet=\u00a0\u00bb\u00a0\u00bb header_font_size_phone=\u00a0\u00bb2em\u00a0\u00bb header_font_size_last_edited=\u00a0\u00bbon|phone\u00a0\u00bb global_colors_info=\u00a0\u00bb{}\u00a0\u00bb]<\/p>\n<h1><span style=\"color: #ffffff\">80 \u20ac<\/span><\/h1>\n<p><span style=\"color: #ffffff\">Votre don ne vous co\u00fbte r\u00e9ellement que 27\u20ac apr\u00e8s d\u00e9duction fiscale<\/span><\/p>\n<p>[\/et_pb_text][et_pb_button button_url=\u00a0\u00bbhttps:\/\/faireundon.wwf.fr\/b?cid=311&#038;lang=fr_FR&#038;amount=8000&#038;frequency=once\u00a0\u00bb button_text=\u00a0\u00bbFAIRE UN DON\u00a0\u00bb button_alignment=\u00a0\u00bbleft\u00a0\u00bb disabled_on=\u00a0\u00bboff|off|off\u00a0\u00bb _builder_version=\u00a0\u00bb4.14.2&Prime; custom_button=\u00a0\u00bbon\u00a0\u00bb button_letter_spacing=\u00a0\u00bb2px\u00a0\u00bb button_font=\u00a0\u00bbWWF new|300|||||||\u00a0\u00bb button_use_icon=\u00a0\u00bboff\u00a0\u00bb custom_margin=\u00a0\u00bb3vh||||false|false\u00a0\u00bb animation_style=\u00a0\u00bbslide\u00a0\u00bb animation_direction=\u00a0\u00bbbottom\u00a0\u00bb global_colors_info=\u00a0\u00bb{}\u00a0\u00bb][\/et_pb_button][\/et_pb_column][et_pb_column type=\u00a0\u00bb1_5&Prime; _builder_version=\u00a0\u00bb4.6.0&Prime; global_colors_info=\u00a0\u00bb{}\u00a0\u00bb][et_pb_text _builder_version=\u00a0\u00bb4.0.6&Prime; text_font_size=\u00a0\u00bb1.2em\u00a0\u00bb text_line_height=\u00a0\u00bb1.3em\u00a0\u00bb header_font_size=\u00a0\u00bb3em\u00a0\u00bb custom_margin=\u00a0\u00bb||||false|false\u00a0\u00bb custom_margin_tablet=\u00a0\u00bb\u00a0\u00bb custom_margin_phone=\u00a0\u00bb||||false|false\u00a0\u00bb custom_margin_last_edited=\u00a0\u00bbon|phone\u00a0\u00bb custom_padding=\u00a0\u00bb|15%|||false|false\u00a0\u00bb header_font_size_tablet=\u00a0\u00bb\u00a0\u00bb header_font_size_phone=\u00a0\u00bb2em\u00a0\u00bb header_font_size_last_edited=\u00a0\u00bbon|phone\u00a0\u00bb global_colors_info=\u00a0\u00bb{}\u00a0\u00bb]<\/p>\n<h1><span style=\"color: #ffffff\">100 \u20ac<\/span><\/h1>\n<p><span style=\"color: #ffffff\">Votre don ne vous co\u00fbte r\u00e9ellement que 34\u20ac apr\u00e8s d\u00e9duction fiscale<\/span><\/p>\n<p>[\/et_pb_text][et_pb_button button_url=\u00a0\u00bbhttps:\/\/faireundon.wwf.fr\/b?cid=311&#038;lang=fr_FR&#038;amount=10000&#038;frequency=once\u00a0\u00bb button_text=\u00a0\u00bbFAIRE UN DON\u00a0\u00bb button_alignment=\u00a0\u00bbleft\u00a0\u00bb disabled_on=\u00a0\u00bboff|off|off\u00a0\u00bb _builder_version=\u00a0\u00bb4.14.2&Prime; custom_button=\u00a0\u00bbon\u00a0\u00bb button_letter_spacing=\u00a0\u00bb2px\u00a0\u00bb button_font=\u00a0\u00bbWWF new|300|||||||\u00a0\u00bb button_use_icon=\u00a0\u00bboff\u00a0\u00bb custom_margin=\u00a0\u00bb3vh||||false|false\u00a0\u00bb animation_style=\u00a0\u00bbslide\u00a0\u00bb animation_direction=\u00a0\u00bbbottom\u00a0\u00bb global_colors_info=\u00a0\u00bb{}\u00a0\u00bb][\/et_pb_button][\/et_pb_column][et_pb_column type=\u00a0\u00bb1_5&Prime; _builder_version=\u00a0\u00bb4.0.6&Prime; global_colors_info=\u00a0\u00bb{}\u00a0\u00bb][et_pb_text _builder_version=\u00a0\u00bb4.0.6&Prime; text_font_size=\u00a0\u00bb1.2em\u00a0\u00bb text_line_height=\u00a0\u00bb1.3em\u00a0\u00bb header_font_size=\u00a0\u00bb3em\u00a0\u00bb custom_margin=\u00a0\u00bb||||false|false\u00a0\u00bb custom_margin_tablet=\u00a0\u00bb\u00a0\u00bb custom_margin_phone=\u00a0\u00bb||||false|false\u00a0\u00bb custom_margin_last_edited=\u00a0\u00bbon|phone\u00a0\u00bb custom_padding=\u00a0\u00bb|15%|||false|false\u00a0\u00bb header_font_size_tablet=\u00a0\u00bb\u00a0\u00bb header_font_size_phone=\u00a0\u00bb2em\u00a0\u00bb header_font_size_last_edited=\u00a0\u00bbon|phone\u00a0\u00bb global_colors_info=\u00a0\u00bb{}\u00a0\u00bb]<\/p>\n<h1><span style=\"color: #ffffff\">120 \u20ac<\/span><\/h1>\n<p><span style=\"color: #ffffff\">Votre don ne vous co\u00fbte r\u00e9ellement que 41\u20ac apr\u00e8s d\u00e9duction fiscale<\/span><\/p>\n<p>[\/et_pb_text][et_pb_button button_url=\u00a0\u00bbhttps:\/\/faireundon.wwf.fr\/b?cid=311&#038;lang=fr_FR&#038;amount=12000&#038;frequency=once\u00a0\u00bb button_text=\u00a0\u00bbFAIRE UN DON\u00a0\u00bb button_alignment=\u00a0\u00bbleft\u00a0\u00bb disabled_on=\u00a0\u00bboff|off|off\u00a0\u00bb _builder_version=\u00a0\u00bb4.14.2&Prime; custom_button=\u00a0\u00bbon\u00a0\u00bb button_letter_spacing=\u00a0\u00bb2px\u00a0\u00bb button_font=\u00a0\u00bbWWF new|300|||||||\u00a0\u00bb button_use_icon=\u00a0\u00bboff\u00a0\u00bb custom_margin=\u00a0\u00bb3vh||||false|false\u00a0\u00bb animation_style=\u00a0\u00bbslide\u00a0\u00bb animation_direction=\u00a0\u00bbbottom\u00a0\u00bb hover_enabled=\u00a0\u00bb0&Prime; global_colors_info=\u00a0\u00bb{}\u00a0\u00bb sticky_enabled=\u00a0\u00bb0&Prime;][\/et_pb_button][\/et_pb_column][et_pb_column type=\u00a0\u00bb1_5&Prime; _builder_version=\u00a0\u00bb4.0.6&Prime; global_colors_info=\u00a0\u00bb{}\u00a0\u00bb][\/et_pb_column][et_pb_column type=\u00a0\u00bb1_5&Prime; _builder_version=\u00a0\u00bb4.0.6&Prime; global_colors_info=\u00a0\u00bb{}\u00a0\u00bb][\/et_pb_column][\/et_pb_row][\/et_pb_section][et_pb_section fb_built=\u00a0\u00bb1&Prime; specialty=\u00a0\u00bbon\u00a0\u00bb _builder_version=\u00a0\u00bb4.7.0&Prime; background_enable_color=\u00a0\u00bboff\u00a0\u00bb use_background_color_gradient=\u00a0\u00bbon\u00a0\u00bb background_color_gradient_start=\u00a0\u00bbrgba(13,19,29,0.95)\u00a0\u00bb background_color_gradient_end=\u00a0\u00bb#0a0404&Prime; background_color_gradient_direction=\u00a0\u00bb1deg\u00a0\u00bb background_enable_image=\u00a0\u00bboff\u00a0\u00bb background_size=\u00a0\u00bbinitial\u00a0\u00bb background_repeat=\u00a0\u00bbrepeat\u00a0\u00bb custom_padding=\u00a0\u00bb2%||||false|false\u00a0\u00bb da_disable_devices=\u00a0\u00bboff|off|off\u00a0\u00bb global_module=\u00a0\u00bb57333&Prime; saved_tabs=\u00a0\u00bball\u00a0\u00bb global_colors_info=\u00a0\u00bb{}\u00a0\u00bb da_is_popup=\u00a0\u00bboff\u00a0\u00bb da_exit_intent=\u00a0\u00bboff\u00a0\u00bb da_has_close=\u00a0\u00bbon\u00a0\u00bb da_alt_close=\u00a0\u00bboff\u00a0\u00bb da_dark_close=\u00a0\u00bboff\u00a0\u00bb da_not_modal=\u00a0\u00bbon\u00a0\u00bb da_is_singular=\u00a0\u00bboff\u00a0\u00bb da_with_loader=\u00a0\u00bboff\u00a0\u00bb da_has_shadow=\u00a0\u00bbon\u00a0\u00bb][et_pb_column type=\u00a0\u00bb1_2&Prime; specialty_columns=\u00a0\u00bb2&Prime; _builder_version=\u00a0\u00bb3.25&Prime; custom_padding=\u00a0\u00bb|||\u00a0\u00bb global_colors_info=\u00a0\u00bb{}\u00a0\u00bb custom_padding__hover=\u00a0\u00bb|||\u00a0\u00bb][et_pb_row_inner _builder_version=\u00a0\u00bb4.0.2&Prime; max_width=\u00a0\u00bb710px\u00a0\u00bb animation_style=\u00a0\u00bbfold\u00a0\u00bb animation_direction=\u00a0\u00bbbottom\u00a0\u00bb animation_intensity_fold=\u00a0\u00bb20%\u00a0\u00bb global_colors_info=\u00a0\u00bb{}\u00a0\u00bb][et_pb_column_inner saved_specialty_column_type=\u00a0\u00bb1_2&Prime; _builder_version=\u00a0\u00bb4.0.2&Prime; global_colors_info=\u00a0\u00bb{}\u00a0\u00bb][et_pb_text admin_label=\u00a0\u00bbProject Section Title\u00a0\u00bb _builder_version=\u00a0\u00bb4.7.4&Prime; text_font=\u00a0\u00bbWWF||||||||\u00a0\u00bb text_font_size=\u00a0\u00bb38px\u00a0\u00bb text_line_height=\u00a0\u00bb1.4em\u00a0\u00bb header_font=\u00a0\u00bbWWF|||on|||||\u00a0\u00bb header_text_align=\u00a0\u00bbcenter\u00a0\u00bb header_text_color=\u00a0\u00bb#d83a24&Prime; header_font_size=\u00a0\u00bb1em\u00a0\u00bb header_3_font=\u00a0\u00bb|||on|||||\u00a0\u00bb header_3_text_color=\u00a0\u00bb#d52500&Prime; header_3_font_size=\u00a0\u00bb1em\u00a0\u00bb max_width=\u00a0\u00bb710px\u00a0\u00bb module_alignment=\u00a0\u00bbcenter\u00a0\u00bb animation_style=\u00a0\u00bbfold\u00a0\u00bb animation_direction=\u00a0\u00bbbottom\u00a0\u00bb animation_intensity_fold=\u00a0\u00bb20%\u00a0\u00bb text_orientation_tablet=\u00a0\u00bb\u00a0\u00bb text_orientation_phone=\u00a0\u00bbcenter\u00a0\u00bb text_orientation_last_edited=\u00a0\u00bbon|phone\u00a0\u00bb inline_fonts=\u00a0\u00bbYanone Kaffeesatz\u00a0\u00bb global_colors_info=\u00a0\u00bb{}\u00a0\u00bb]<\/p>\n<h3>Je partage l&rsquo;urgence<\/h3>\n<p>[\/et_pb_text][\/et_pb_column_inner][\/et_pb_row_inner][et_pb_row_inner column_structure=\u00a0\u00bb1_3,1_3,1_3&Prime; use_custom_gutter=\u00a0\u00bbon\u00a0\u00bb gutter_width=\u00a0\u00bb1&Prime; custom_padding_last_edited=\u00a0\u00bbon|phone\u00a0\u00bb _builder_version=\u00a0\u00bb4.7.0&Prime; _module_preset=\u00a0\u00bbdefault\u00a0\u00bb custom_padding=\u00a0\u00bb2px|135px|0px|||\u00a0\u00bb custom_padding_tablet=\u00a0\u00bb\u00a0\u00bb custom_padding_phone=\u00a0\u00bb2px|0px|0px||false|false\u00a0\u00bb module_alignment_tablet=\u00a0\u00bb\u00a0\u00bb module_alignment_phone=\u00a0\u00bbcenter\u00a0\u00bb module_alignment_last_edited=\u00a0\u00bbon|phone\u00a0\u00bb global_colors_info=\u00a0\u00bb{}\u00a0\u00bb][et_pb_column_inner type=\u00a0\u00bb1_3&Prime; saved_specialty_column_type=\u00a0\u00bb1_2&Prime; _builder_version=\u00a0\u00bb4.6.0&Prime; _module_preset=\u00a0\u00bbdefault\u00a0\u00bb global_colors_info=\u00a0\u00bb{}\u00a0\u00bb][et_pb_image src=\u00a0\u00bbhttps:\/\/agir.wwf.fr\/urgence-climat\/wp-content\/uploads\/sites\/31\/2020\/09\/facebook-1-300&#215;300-1.png\u00a0\u00bb title_text=\u00a0\u00bbfacebook-1-300&#215;300-1&Prime; url=\u00a0\u00bbhttps:\/\/www.facebook.com\/sharer.php?u=https%3A%2F%2Fagir.wwf.fr%2Furgence-climat&#038;t=WWF%20%7C%20Urgence%20Climat\u00a0\u00bb url_new_window=\u00a0\u00bbon\u00a0\u00bb _builder_version=\u00a0\u00bb4.7.4&Prime; _module_preset=\u00a0\u00bbdefault\u00a0\u00bb width_tablet=\u00a0\u00bb\u00a0\u00bb width_phone=\u00a0\u00bb50px\u00a0\u00bb width_last_edited=\u00a0\u00bbon|phone\u00a0\u00bb max_width=\u00a0\u00bb35%\u00a0\u00bb filter_invert=\u00a0\u00bb100%\u00a0\u00bb module_alignment_tablet=\u00a0\u00bb\u00a0\u00bb module_alignment_phone=\u00a0\u00bbcenter\u00a0\u00bb module_alignment_last_edited=\u00a0\u00bbon|phone\u00a0\u00bb global_colors_info=\u00a0\u00bb{}\u00a0\u00bb max_width__hover_enabled=\u00a0\u00bbon|hover\u00a0\u00bb max_width__hover=\u00a0\u00bb40%\u00a0\u00bb][\/et_pb_image][\/et_pb_column_inner][et_pb_column_inner type=\u00a0\u00bb1_3&Prime; saved_specialty_column_type=\u00a0\u00bb1_2&Prime; _builder_version=\u00a0\u00bb4.6.0&Prime; _module_preset=\u00a0\u00bbdefault\u00a0\u00bb global_colors_info=\u00a0\u00bb{}\u00a0\u00bb][et_pb_image src=\u00a0\u00bbhttps:\/\/agir.wwf.fr\/urgence-climat\/wp-content\/uploads\/sites\/31\/2020\/09\/twitter-1-300&#215;300-1.png\u00a0\u00bb title_text=\u00a0\u00bbtwitter-1-300&#215;300-1&Prime; url=\u00a0\u00bbhttps:\/\/twitter.com\/intent\/tweet?text=WWF%20%7C%20Urgence%20Climat&#038;url=https%3A%2F%2Fagir.wwf.fr%2Furgence-climat&#038;via=WWFFRANCE\u00a0\u00bb url_new_window=\u00a0\u00bbon\u00a0\u00bb _builder_version=\u00a0\u00bb4.7.4&Prime; _module_preset=\u00a0\u00bbdefault\u00a0\u00bb width_tablet=\u00a0\u00bb\u00a0\u00bb width_phone=\u00a0\u00bb50px\u00a0\u00bb width_last_edited=\u00a0\u00bbon|phone\u00a0\u00bb max_width=\u00a0\u00bb35%\u00a0\u00bb filter_invert=\u00a0\u00bb100%\u00a0\u00bb module_alignment_tablet=\u00a0\u00bb\u00a0\u00bb module_alignment_phone=\u00a0\u00bbcenter\u00a0\u00bb module_alignment_last_edited=\u00a0\u00bbon|phone\u00a0\u00bb global_colors_info=\u00a0\u00bb{}\u00a0\u00bb max_width__hover=\u00a0\u00bb40%\u00a0\u00bb max_width__hover_enabled=\u00a0\u00bbon|desktop\u00a0\u00bb][\/et_pb_image][\/et_pb_column_inner][et_pb_column_inner type=\u00a0\u00bb1_3&Prime; saved_specialty_column_type=\u00a0\u00bb1_2&Prime; _builder_version=\u00a0\u00bb4.6.0&Prime; _module_preset=\u00a0\u00bbdefault\u00a0\u00bb global_colors_info=\u00a0\u00bb{}\u00a0\u00bb][et_pb_image src=\u00a0\u00bbhttps:\/\/agir.wwf.fr\/urgence-climat\/wp-content\/uploads\/sites\/31\/2020\/09\/email-1.png\u00a0\u00bb title_text=\u00a0\u00bbemail\u00a0\u00bb url=\u00a0\u00bbmailto:?subject=R%C3%A9chauffement%20climatique%20-%20Ne%20laissons%20pas%20la%20r%C3%A9alit%C3%A9%20d%C3%A9passer%20la%20fiction%20&#038;body=https%3A%2F%2Fagir.wwf.fr%2Furgence-climat%2F%0A%0ALe%20WWF%20se%20mobilise%20sur%20les%20for%C3%AAts%2C%20sur%20le%20maintient%20de%20la%20biodiversit%C3%A9%2C%20sur%20l&rsquo;agriculture.%20Agissez%20avec%20nous%20pour%20infl%C3%A9chir%20la%20courbe%20des%20temp%C3%A9ratures.\u00a0\u00bb _builder_version=\u00a0\u00bb4.7.3&Prime; _module_preset=\u00a0\u00bbdefault\u00a0\u00bb width_tablet=\u00a0\u00bb\u00a0\u00bb width_phone=\u00a0\u00bb50px\u00a0\u00bb width_last_edited=\u00a0\u00bbon|phone\u00a0\u00bb max_width=\u00a0\u00bb35%\u00a0\u00bb filter_invert=\u00a0\u00bb100%\u00a0\u00bb module_alignment_tablet=\u00a0\u00bb\u00a0\u00bb module_alignment_phone=\u00a0\u00bbcenter\u00a0\u00bb module_alignment_last_edited=\u00a0\u00bbon|phone\u00a0\u00bb global_colors_info=\u00a0\u00bb{}\u00a0\u00bb max_width__hover=\u00a0\u00bb40%\u00a0\u00bb max_width__hover_enabled=\u00a0\u00bbon|desktop\u00a0\u00bb][\/et_pb_image][\/et_pb_column_inner][\/et_pb_row_inner][\/et_pb_column][et_pb_column type=\u00a0\u00bb1_2&Prime; _builder_version=\u00a0\u00bb3.25&Prime; custom_padding=\u00a0\u00bb|||\u00a0\u00bb global_colors_info=\u00a0\u00bb{}\u00a0\u00bb custom_padding__hover=\u00a0\u00bb|||\u00a0\u00bb][et_pb_text admin_label=\u00a0\u00bbProject Section Title\u00a0\u00bb _builder_version=\u00a0\u00bb4.7.4&Prime; text_font=\u00a0\u00bbWWF||||||||\u00a0\u00bb text_font_size=\u00a0\u00bb38px\u00a0\u00bb text_line_height=\u00a0\u00bb1.4em\u00a0\u00bb header_font=\u00a0\u00bbWWF|||on|||||\u00a0\u00bb header_text_align=\u00a0\u00bbcenter\u00a0\u00bb header_text_color=\u00a0\u00bb#d83a24&Prime; header_font_size=\u00a0\u00bb1em\u00a0\u00bb header_3_font=\u00a0\u00bb|||on|||||\u00a0\u00bb header_3_text_color=\u00a0\u00bb#d52500&Prime; header_3_font_size=\u00a0\u00bb1em\u00a0\u00bb text_orientation=\u00a0\u00bbcenter\u00a0\u00bb max_width=\u00a0\u00bb710px\u00a0\u00bb module_alignment=\u00a0\u00bbcenter\u00a0\u00bb animation_style=\u00a0\u00bbfold\u00a0\u00bb animation_direction=\u00a0\u00bbbottom\u00a0\u00bb animation_intensity_fold=\u00a0\u00bb20%\u00a0\u00bb inline_fonts=\u00a0\u00bbYanone Kaffeesatz\u00a0\u00bb global_colors_info=\u00a0\u00bb{}\u00a0\u00bb]<\/p>\n<h3 style=\"text-align: left\">Je m&rsquo;abonne aux alertes du WWF<\/h3>\n<p>[\/et_pb_text][et_pb_code disabled_on=\u00a0\u00bboff|off|off\u00a0\u00bb _builder_version=\u00a0\u00bb4.7.4&Prime; _module_preset=\u00a0\u00bbdefault\u00a0\u00bb max_width=\u00a0\u00bb100%\u00a0\u00bb global_colors_info=\u00a0\u00bb{}\u00a0\u00bb]<iframe class=\"mj-w-res-iframe\" frameborder=\"0\" scrolling=\"no\" marginheight=\"0\" marginwidth=\"0\" src=\"https:\/\/app.mailjet.com\/widget\/iframe\/4p5L\/Gt2\" width=\"100%\"><\/iframe><!-- [et_pb_line_break_holder] --><!-- [et_pb_line_break_holder] --><script type=\"text\/javascript\" src=\"https:\/\/app.mailjet.com\/statics\/js\/iframeResizer.min.js\"><\/script>[\/et_pb_code][\/et_pb_column][\/et_pb_section][et_pb_section fb_built=\u00a0\u00bb1&Prime; disabled_on=\u00a0\u00bboff|off|off\u00a0\u00bb admin_label=\u00a0\u00bbSection PC &#038; Tablette\u00a0\u00bb _builder_version=\u00a0\u00bb4.7.2&Prime; background_color=\u00a0\u00bb#000000&Prime; background_enable_image=\u00a0\u00bboff\u00a0\u00bb background_size=\u00a0\u00bbinitial\u00a0\u00bb background_repeat=\u00a0\u00bbrepeat\u00a0\u00bb custom_padding=\u00a0\u00bb4px|0px|0|0px|false|false\u00a0\u00bb z_index_tablet=\u00a0\u00bb500&Prime; da_disable_devices=\u00a0\u00bboff|off|off\u00a0\u00bb box_shadow_horizontal_tablet=\u00a0\u00bb0px\u00a0\u00bb box_shadow_vertical_tablet=\u00a0\u00bb0px\u00a0\u00bb box_shadow_blur_tablet=\u00a0\u00bb40px\u00a0\u00bb box_shadow_spread_tablet=\u00a0\u00bb0px\u00a0\u00bb global_module=\u00a0\u00bb55325&Prime; saved_tabs=\u00a0\u00bball\u00a0\u00bb global_colors_info=\u00a0\u00bb{}\u00a0\u00bb da_is_popup=\u00a0\u00bboff\u00a0\u00bb da_exit_intent=\u00a0\u00bboff\u00a0\u00bb da_has_close=\u00a0\u00bbon\u00a0\u00bb da_alt_close=\u00a0\u00bboff\u00a0\u00bb da_dark_close=\u00a0\u00bboff\u00a0\u00bb da_not_modal=\u00a0\u00bbon\u00a0\u00bb da_is_singular=\u00a0\u00bboff\u00a0\u00bb da_with_loader=\u00a0\u00bboff\u00a0\u00bb da_has_shadow=\u00a0\u00bbon\u00a0\u00bb][et_pb_row column_structure=\u00a0\u00bb1_5,3_5,1_5&Prime; use_custom_gutter=\u00a0\u00bbon\u00a0\u00bb gutter_width=\u00a0\u00bb2&Prime; _builder_version=\u00a0\u00bb4.0.6&Prime; width=\u00a0\u00bb100%\u00a0\u00bb width_tablet=\u00a0\u00bb80%\u00a0\u00bb width_phone=\u00a0\u00bb80%\u00a0\u00bb width_last_edited=\u00a0\u00bbon|tablet\u00a0\u00bb max_width=\u00a0\u00bb1420px\u00a0\u00bb custom_margin=\u00a0\u00bb||||false|false\u00a0\u00bb global_colors_info=\u00a0\u00bb{}\u00a0\u00bb][et_pb_column type=\u00a0\u00bb1_5&Prime; _builder_version=\u00a0\u00bb4.0.6&Prime; custom_padding=\u00a0\u00bb|0%|||false|false\u00a0\u00bb global_colors_info=\u00a0\u00bb{}\u00a0\u00bb custom_padding__hover=\u00a0\u00bb|||\u00a0\u00bb][et_pb_image src=\u00a0\u00bbhttps:\/\/agir.wwf.fr\/urgence-climat\/wp-content\/uploads\/sites\/31\/2020\/10\/logo-wwf-2.jpg\u00a0\u00bb title_text=\u00a0\u00bblogo-wwf-2&Prime; show_bottom_space=\u00a0\u00bboff\u00a0\u00bb align_tablet=\u00a0\u00bb\u00a0\u00bb align_phone=\u00a0\u00bbright\u00a0\u00bb align_last_edited=\u00a0\u00bbon|phone\u00a0\u00bb disabled_on=\u00a0\u00bbon|off|off\u00a0\u00bb _builder_version=\u00a0\u00bb4.6.6&Prime; width=\u00a0\u00bb25%\u00a0\u00bb width_tablet=\u00a0\u00bb12%\u00a0\u00bb width_phone=\u00a0\u00bb\u00a0\u00bb width_last_edited=\u00a0\u00bbon|tablet\u00a0\u00bb max_width_tablet=\u00a0\u00bb\u00a0\u00bb max_width_phone=\u00a0\u00bb\u00a0\u00bb max_width_last_edited=\u00a0\u00bbon|tablet\u00a0\u00bb module_alignment=\u00a0\u00bbright\u00a0\u00bb custom_margin=\u00a0\u00bb-0.8vh||||false|false\u00a0\u00bb custom_margin_tablet=\u00a0\u00bb\u00a0\u00bb custom_margin_phone=\u00a0\u00bb\u00a0\u00bb custom_margin_last_edited=\u00a0\u00bbon|desktop\u00a0\u00bb global_colors_info=\u00a0\u00bb{}\u00a0\u00bb][\/et_pb_image][\/et_pb_column][et_pb_column type=\u00a0\u00bb3_5&Prime; _builder_version=\u00a0\u00bb4.0.6&Prime; custom_padding=\u00a0\u00bb||||false|false\u00a0\u00bb global_colors_info=\u00a0\u00bb{}\u00a0\u00bb][et_pb_text _builder_version=\u00a0\u00bb4.6.6&Prime; text_font=\u00a0\u00bb||||||||\u00a0\u00bb text_text_color=\u00a0\u00bb#fcfcfc\u00a0\u00bb header_font=\u00a0\u00bbWWF2|300|||||||\u00a0\u00bb header_text_color=\u00a0\u00bb#ffffff\u00a0\u00bb header_letter_spacing=\u00a0\u00bb1px\u00a0\u00bb header_3_font=\u00a0\u00bbWWF|||on|||||\u00a0\u00bb custom_margin=\u00a0\u00bb1vh||-5px||false|false\u00a0\u00bb custom_padding=\u00a0\u00bb30px|||||\u00a0\u00bb global_colors_info=\u00a0\u00bb{}\u00a0\u00bb]<\/p>\n<h3><span style=\"font-size: 24px; color: #fcfcfc;\">\u00a0Freinons le r\u00e9chauffement climatique<\/span><\/h3>\n<div class=\"footer-mission-text\"><\/div>\n<div class=\"footer-mission-text\"><\/div>\n<div class=\"footer-mission-text\"><\/div>\n<div class=\"footer-mission-text\"><\/div>\n<p>[\/et_pb_text][et_pb_text _builder_version=\u00a0\u00bb4.6.6&Prime; text_font=\u00a0\u00bb||||||||\u00a0\u00bb text_text_color=\u00a0\u00bb#ffffff\u00a0\u00bb header_font=\u00a0\u00bbWWF2|300|||||||\u00a0\u00bb header_text_color=\u00a0\u00bb#ffffff\u00a0\u00bb header_letter_spacing=\u00a0\u00bb1px\u00a0\u00bb header_3_font=\u00a0\u00bbWWF2|600|||||||\u00a0\u00bb header_3_text_color=\u00a0\u00bb#ffffff\u00a0\u00bb header_3_font_size=\u00a0\u00bb21px\u00a0\u00bb custom_margin=\u00a0\u00bb||||false|false\u00a0\u00bb custom_padding=\u00a0\u00bb||||false|false\u00a0\u00bb global_colors_info=\u00a0\u00bb{}\u00a0\u00bb]<\/p>\n<h3><span style=\"font-weight: 400;\">\u00a0Il est temps d\u2019\u00e9crire un nouveau sc\u00e9nario.<\/span><\/h3>\n<div class=\"footer-mission-text\"><\/div>\n<div class=\"footer-mission-text\"><\/div>\n<div class=\"footer-mission-text\"><\/div>\n<div class=\"footer-mission-text\"><\/div>\n<p>[\/et_pb_text][et_pb_text _builder_version=\u00a0\u00bb4.7.4&Prime; text_font=\u00a0\u00bbSource Sans Pro||||||||\u00a0\u00bb text_text_color=\u00a0\u00bb#fcfcfc\u00a0\u00bb text_font_size=\u00a0\u00bb14px\u00a0\u00bb header_font=\u00a0\u00bbWWF|800|||||||\u00a0\u00bb header_text_color=\u00a0\u00bb#ffffff\u00a0\u00bb custom_margin=\u00a0\u00bb2vw|17vw|2vw||true|false\u00a0\u00bb custom_margin_tablet=\u00a0\u00bb\u00a0\u00bb custom_margin_phone=\u00a0\u00bb|2vw|||true|false\u00a0\u00bb custom_margin_last_edited=\u00a0\u00bbon|phone\u00a0\u00bb global_colors_info=\u00a0\u00bb{}\u00a0\u00bb]<\/p>\n<div class=\"footer-inner\">\n<div class=\"footer-mission\">\n<hr \/>\n<\/div>\n<\/div>\n<div class=\"footer-inner\">\n<div class=\"footer-end-wrapper\">\n<div class=\"footer-end-inner\">\n<div class=\"footer-bank-details\"><strong>D\u00e9duction fiscale<\/strong><\/div>\n<div class=\"footer-bank-details\"><span>66 % du montant de votre don au profit du WWF peut \u00eatre d\u00e9duit de votre imp\u00f4t sur le revenu.<\/span><\/div>\n<div class=\"footer-bank-details\"><span><\/span><\/div>\n<div class=\"footer-bank-details\">\n<p><b>Mutualisation des dons<\/b><br \/> <span style=\"font-weight: 400;\">Prot\u00e9ger l&rsquo;environnement, c&rsquo;est prot\u00e9ger la plan\u00e8te et tous les \u00eatres vivants. Cela n\u00e9cessite d&rsquo;agir sur tous les fronts : climat, \u00e9nergie, syst\u00e8mes alimentaires, for\u00eat, vie sauvage, oc\u00e9ans, par des actions de terrain et de sensibilisation du public. Afin d&rsquo;\u00eatre le plus efficace possible, le WWF fait le choix d&rsquo;utiliser les dons selon les besoins des programmes et de ne pas affecter les dons, sauf demande expresse.<\/span><\/p>\n<p><span>Le Fonds Mondial pour la Nature France, dit WWF France est une Fondation reconnue d&rsquo;utilit\u00e9 publique.<\/span><br \/> <span>Num\u00e9ro d\u2019enregistrement et SIREN : 302 518 667<\/span><\/p>\n<\/div>\n<div class=\"footer-bank-details\"><\/div>\n<div class=\"footer-bank-details\">\u00a9 2019 WWF &#8211; World Wide Fund For Nature \u00a9 1986 Panda Symbol WWF \u2013 World Wide Fund For Nature (formerly World Wildlife Fund) \u00ae<\/div>\n<div class=\"footer-bank-details\">\u201cWWF\u201d is a WWF Registered Trademark<\/div>\n<\/div>\n<\/div>\n<\/div>\n<p>[\/et_pb_text][et_pb_text _builder_version=\u00a0\u00bb4.7.4&Prime; text_text_color=\u00a0\u00bb#ffffff\u00a0\u00bb text_font_size=\u00a0\u00bb14px\u00a0\u00bb custom_margin=\u00a0\u00bb1vh||6vh||false|false\u00a0\u00bb custom_padding=\u00a0\u00bb||||false|false\u00a0\u00bb global_colors_info=\u00a0\u00bb{}\u00a0\u00bb]<\/p>\n<p><a href=\"https:\/\/agir.wwf.fr\/urgence-climat\/mentions-legales\/\" target=\"_blank\" rel=\"noopener noreferrer\">Mentions l\u00e9gales<\/a>\u00a0 \u00a0\u00a0\u00a0\u00a0\u00a0\u00a0\u00a0<a href=\"https:\/\/www.wwf.fr\/politique-cookies\" target=\"_blank\" rel=\"noopener noreferrer\">Politique de cookies<\/a>\u00a0\u00a0\u00a0\u00a0\u00a0\u00a0 <a href=\"https:\/\/agir.wwf.fr\/urgence-climat\/urgence-climat-credits\/\" target=\"_blank\" rel=\"noopener noreferrer\">Cr\u00e9dits photos<\/a><\/p>\n<p>[\/et_pb_text][\/et_pb_column][et_pb_column type=\u00a0\u00bb1_5&Prime; _builder_version=\u00a0\u00bb3.25&Prime; custom_padding=\u00a0\u00bb|||\u00a0\u00bb global_colors_info=\u00a0\u00bb{}\u00a0\u00bb custom_padding__hover=\u00a0\u00bb|||\u00a0\u00bb][et_pb_social_media_follow use_icon_font_size=\u00a0\u00bbon\u00a0\u00bb icon_font_size=\u00a0\u00bb20px\u00a0\u00bb _builder_version=\u00a0\u00bb4.7.4&Prime; text_orientation=\u00a0\u00bbleft\u00a0\u00bb custom_margin=\u00a0\u00bb3vw|||-40px|false|false\u00a0\u00bb custom_padding=\u00a0\u00bb10px||0px||false|false\u00a0\u00bb text_orientation_tablet=\u00a0\u00bb\u00a0\u00bb text_orientation_phone=\u00a0\u00bbcenter\u00a0\u00bb text_orientation_last_edited=\u00a0\u00bbon|phone\u00a0\u00bb custom_css_follow_button=\u00a0\u00bbwidth: 70%;\u00a0\u00bb border_radii=\u00a0\u00bbon|50px|50px|50px|50px\u00a0\u00bb global_colors_info=\u00a0\u00bb{}\u00a0\u00bb][et_pb_social_media_follow_network social_network=\u00a0\u00bbfacebook\u00a0\u00bb url=\u00a0\u00bbhttps:\/\/www.facebook.com\/WWFFrance\/\u00a0\u00bb _builder_version=\u00a0\u00bb4.6.0&Prime; background_color=\u00a0\u00bb#e02b20&Prime; background_enable_color=\u00a0\u00bbon\u00a0\u00bb global_colors_info=\u00a0\u00bb{}\u00a0\u00bb follow_button=\u00a0\u00bboff\u00a0\u00bb url_new_window=\u00a0\u00bbon\u00a0\u00bb]facebook[\/et_pb_social_media_follow_network][et_pb_social_media_follow_network social_network=\u00a0\u00bbtwitter\u00a0\u00bb url=\u00a0\u00bbhttps:\/\/twitter.com\/wwffrance\u00a0\u00bb _builder_version=\u00a0\u00bb4.6.0&Prime; background_color=\u00a0\u00bb#e02b20&Prime; background_enable_color=\u00a0\u00bbon\u00a0\u00bb global_colors_info=\u00a0\u00bb{}\u00a0\u00bb follow_button=\u00a0\u00bboff\u00a0\u00bb url_new_window=\u00a0\u00bbon\u00a0\u00bb]twitter[\/et_pb_social_media_follow_network][et_pb_social_media_follow_network social_network=\u00a0\u00bbinstagram\u00a0\u00bb url=\u00a0\u00bbhttps:\/\/www.instagram.com\/wwffrance\/?hl=fr\u00a0\u00bb _builder_version=\u00a0\u00bb4.6.0&Prime; background_color=\u00a0\u00bb#e02b20&Prime; background_enable_color=\u00a0\u00bbon\u00a0\u00bb global_colors_info=\u00a0\u00bb{}\u00a0\u00bb follow_button=\u00a0\u00bboff\u00a0\u00bb url_new_window=\u00a0\u00bbon\u00a0\u00bb]instagram[\/et_pb_social_media_follow_network][et_pb_social_media_follow_network social_network=\u00a0\u00bbyoutube\u00a0\u00bb url=\u00a0\u00bbhttps:\/\/www.youtube.com\/user\/WWFFrance\/videos\u00a0\u00bb _builder_version=\u00a0\u00bb4.6.0&Prime; background_color=\u00a0\u00bb#e02b20&Prime; background_enable_color=\u00a0\u00bbon\u00a0\u00bb global_colors_info=\u00a0\u00bb{}\u00a0\u00bb follow_button=\u00a0\u00bboff\u00a0\u00bb url_new_window=\u00a0\u00bbon\u00a0\u00bb]youtube[\/et_pb_social_media_follow_network][\/et_pb_social_media_follow][et_pb_text _builder_version=\u00a0\u00bb4.7.4&Prime; _module_preset=\u00a0\u00bbdefault\u00a0\u00bb text_font=\u00a0\u00bbSource Sans Pro|700|||||||\u00a0\u00bb text_text_color=\u00a0\u00bb#ffffff\u00a0\u00bb text_font_size=\u00a0\u00bb14px\u00a0\u00bb custom_margin=\u00a0\u00bb||10px|-15%|false|false\u00a0\u00bb global_colors_info=\u00a0\u00bb{}\u00a0\u00bb]<\/p>\n<p>Plan du site<\/p>\n<p>[\/et_pb_text][et_pb_menu menu_id=\u00a0\u00bb398&Prime; submenu_direction=\u00a0\u00bbdownwards\u00a0\u00bb active_link_color=\u00a0\u00bb#ffffff\u00a0\u00bb menu_icon_color=\u00a0\u00bb#ffffff\u00a0\u00bb _builder_version=\u00a0\u00bb4.7.4&Prime; _module_preset=\u00a0\u00bbdefault\u00a0\u00bb menu_font=\u00a0\u00bbSource Sans Pro||||||||\u00a0\u00bb menu_text_color=\u00a0\u00bb#ffffff\u00a0\u00bb menu_line_height=\u00a0\u00bb0.6em\u00a0\u00bb background_color=\u00a0\u00bbrgba(0,0,0,0)\u00a0\u00bb width=\u00a0\u00bb78.2%\u00a0\u00bb custom_margin=\u00a0\u00bb|||-15%|false|false\u00a0\u00bb custom_padding=\u00a0\u00bb|30%|||false|false\u00a0\u00bb global_colors_info=\u00a0\u00bb{}\u00a0\u00bb][\/et_pb_menu][\/et_pb_column][\/et_pb_row][\/et_pb_section]<\/p>\n","protected":false},"excerpt":{"rendered":"<p>Les cons\u00e9quences du r\u00e9chauffement climatique\u00e7a chauffesur toute la plan\u00e8teQUELS IMPACTSpour l&rsquo;homme et la plan\u00e8te ?M\u00e9ga feux en Gr\u00e8ce, en Finlande, en France, en Alg\u00e9rie, en Australie, en Californie, en Sib\u00e9rie, ouragans, canicules, mont\u00e9e des eaux, \u00e9pid\u00e9mies\u2026 si les cons\u00e9quences du r\u00e9chauffement climatiques se font de plus en plus sentir \u00e0 l\u2019\u00e9chelle mondiale mais \u00e9galement localement [&hellip;]<\/p>\n","protected":false},"author":5,"featured_media":0,"parent":0,"menu_order":0,"comment_status":"closed","ping_status":"closed","template":"","meta":{"_et_pb_use_builder":"on","_et_pb_old_content":"","_et_gb_content_width":""},"yoast_head":"<!-- This site is optimized with the Yoast SEO plugin v21.1 - https:\/\/yoast.com\/wordpress\/plugins\/seo\/ -->\n<title>Les cons\u00e9quences du r\u00e9chauffement climatique - Urgence Climat<\/title>\n<meta name=\"description\" content=\"Les impacts du r\u00e9chauffement climatique sont d\u00e9j\u00e0 visibles : m\u00e9ga feux, pic de chaleurs, s\u00e9cheresses et perte de r\u00e9coltes... Agissons !\" \/>\n<meta name=\"robots\" content=\"index, follow, max-snippet:-1, max-image-preview:large, max-video-preview:-1\" \/>\n<link rel=\"canonical\" href=\"https:\/\/agir.wwf.fr\/urgence-climat\/consequences\/\" \/>\n<meta property=\"og:locale\" content=\"fr_FR\" \/>\n<meta property=\"og:type\" content=\"article\" \/>\n<meta property=\"og:title\" content=\"Les cons\u00e9quences du r\u00e9chauffement climatique - Urgence Climat\" \/>\n<meta property=\"og:description\" content=\"Les impacts du r\u00e9chauffement climatique sont d\u00e9j\u00e0 visibles : m\u00e9ga feux, pic de chaleurs, s\u00e9cheresses et perte de r\u00e9coltes... Agissons !\" \/>\n<meta property=\"og:url\" content=\"https:\/\/agir.wwf.fr\/urgence-climat\/consequences\/\" \/>\n<meta property=\"og:site_name\" content=\"WWF | Urgence Climat\" \/>\n<meta property=\"article:publisher\" content=\"https:\/\/www.facebook.com\/WWFFRANCE\" \/>\n<meta property=\"article:modified_time\" content=\"2021-12-03T16:21:53+00:00\" \/>\n<meta property=\"og:image\" content=\"https:\/\/agir.wwf.fr\/urgence-climat\/wp-content\/uploads\/sites\/31\/2020\/11\/GettyImages-901300342-scaled.jpg\" \/>\n\t<meta property=\"og:image:width\" content=\"2880\" \/>\n\t<meta property=\"og:image:height\" content=\"1918\" \/>\n\t<meta property=\"og:image:type\" content=\"image\/jpeg\" \/>\n<meta name=\"twitter:card\" content=\"summary_large_image\" \/>\n<meta name=\"twitter:title\" content=\"Les cons\u00e9quences du r\u00e9chauffement climatique - Urgence Climat\" \/>\n<meta name=\"twitter:description\" content=\"Les impacts du r\u00e9chauffement climatique sont d\u00e9j\u00e0 visibles : m\u00e9ga feux, pic de chaleurs, s\u00e9cheresses et perte de r\u00e9coltes... Agissons !\" \/>\n<meta name=\"twitter:image\" content=\"https:\/\/agir.wwf.fr\/urgence-climat\/wp-content\/uploads\/sites\/31\/2020\/11\/GettyImages-901300342-1024x682-1.jpg\" \/>\n<meta name=\"twitter:site\" content=\"@WWFFRANCE\" \/>\n<meta name=\"twitter:label1\" content=\"Dur\u00e9e de lecture estim\u00e9e\" \/>\n\t<meta name=\"twitter:data1\" content=\"44 minutes\" \/>\n<script type=\"application\/ld+json\" class=\"yoast-schema-graph\">{\"@context\":\"https:\/\/schema.org\",\"@graph\":[{\"@type\":\"WebPage\",\"@id\":\"https:\/\/agir.wwf.fr\/urgence-climat\/consequences\/\",\"url\":\"https:\/\/agir.wwf.fr\/urgence-climat\/consequences\/\",\"name\":\"Les cons\u00e9quences du r\u00e9chauffement climatique - Urgence Climat\",\"isPartOf\":{\"@id\":\"https:\/\/agir.wwf.fr\/urgence-climat\/#website\"},\"datePublished\":\"2020-10-27T11:37:40+00:00\",\"dateModified\":\"2021-12-03T16:21:53+00:00\",\"description\":\"Les impacts du r\u00e9chauffement climatique sont d\u00e9j\u00e0 visibles : m\u00e9ga feux, pic de chaleurs, s\u00e9cheresses et perte de r\u00e9coltes... Agissons !\",\"breadcrumb\":{\"@id\":\"https:\/\/agir.wwf.fr\/urgence-climat\/consequences\/#breadcrumb\"},\"inLanguage\":\"fr-FR\",\"potentialAction\":[{\"@type\":\"ReadAction\",\"target\":[\"https:\/\/agir.wwf.fr\/urgence-climat\/consequences\/\"]}]},{\"@type\":\"BreadcrumbList\",\"@id\":\"https:\/\/agir.wwf.fr\/urgence-climat\/consequences\/#breadcrumb\",\"itemListElement\":[{\"@type\":\"ListItem\",\"position\":1,\"name\":\"Accueil\",\"item\":\"https:\/\/agir.wwf.fr\/urgence-climat\/\"},{\"@type\":\"ListItem\",\"position\":2,\"name\":\"Cons\u00e9quences\"}]},{\"@type\":\"WebSite\",\"@id\":\"https:\/\/agir.wwf.fr\/urgence-climat\/#website\",\"url\":\"https:\/\/agir.wwf.fr\/urgence-climat\/\",\"name\":\"WWF | Urgence Climat\",\"description\":\"R\u00e9\u00e9crivons le sc\u00e9nario\",\"publisher\":{\"@id\":\"https:\/\/agir.wwf.fr\/urgence-climat\/#organization\"},\"potentialAction\":[{\"@type\":\"SearchAction\",\"target\":{\"@type\":\"EntryPoint\",\"urlTemplate\":\"https:\/\/agir.wwf.fr\/urgence-climat\/?s={search_term_string}\"},\"query-input\":\"required name=search_term_string\"}],\"inLanguage\":\"fr-FR\"},{\"@type\":\"Organization\",\"@id\":\"https:\/\/agir.wwf.fr\/urgence-climat\/#organization\",\"name\":\"WWF\",\"url\":\"https:\/\/agir.wwf.fr\/urgence-climat\/\",\"logo\":{\"@type\":\"ImageObject\",\"inLanguage\":\"fr-FR\",\"@id\":\"https:\/\/agir.wwf.fr\/urgence-climat\/#\/schema\/logo\/image\/\",\"url\":\"https:\/\/agir.wwf.fr\/urgence-climat\/wp-content\/uploads\/sites\/31\/2019\/03\/wwflogo.png\",\"contentUrl\":\"https:\/\/agir.wwf.fr\/urgence-climat\/wp-content\/uploads\/sites\/31\/2019\/03\/wwflogo.png\",\"width\":647,\"height\":306,\"caption\":\"WWF\"},\"image\":{\"@id\":\"https:\/\/agir.wwf.fr\/urgence-climat\/#\/schema\/logo\/image\/\"},\"sameAs\":[\"https:\/\/www.facebook.com\/WWFFRANCE\",\"https:\/\/twitter.com\/WWFFRANCE\",\"https:\/\/www.instagram.com\/wwffrance\/\",\"https:\/\/www.linkedin.com\/company\/wwf-france\",\"https:\/\/www.youtube.com\/user\/WWFFrance\"]}]}<\/script>\n<!-- \/ Yoast SEO plugin. -->","yoast_head_json":{"title":"Les cons\u00e9quences du r\u00e9chauffement climatique - Urgence Climat","description":"Les impacts du r\u00e9chauffement climatique sont d\u00e9j\u00e0 visibles : m\u00e9ga feux, pic de chaleurs, s\u00e9cheresses et perte de r\u00e9coltes... Agissons !","robots":{"index":"index","follow":"follow","max-snippet":"max-snippet:-1","max-image-preview":"max-image-preview:large","max-video-preview":"max-video-preview:-1"},"canonical":"https:\/\/agir.wwf.fr\/urgence-climat\/consequences\/","og_locale":"fr_FR","og_type":"article","og_title":"Les cons\u00e9quences du r\u00e9chauffement climatique - Urgence Climat","og_description":"Les impacts du r\u00e9chauffement climatique sont d\u00e9j\u00e0 visibles : m\u00e9ga feux, pic de chaleurs, s\u00e9cheresses et perte de r\u00e9coltes... Agissons !","og_url":"https:\/\/agir.wwf.fr\/urgence-climat\/consequences\/","og_site_name":"WWF | Urgence Climat","article_publisher":"https:\/\/www.facebook.com\/WWFFRANCE","article_modified_time":"2021-12-03T16:21:53+00:00","og_image":[{"width":2880,"height":1918,"url":"https:\/\/agir.wwf.fr\/urgence-climat\/wp-content\/uploads\/sites\/31\/2020\/11\/GettyImages-901300342-scaled.jpg","type":"image\/jpeg"}],"twitter_card":"summary_large_image","twitter_title":"Les cons\u00e9quences du r\u00e9chauffement climatique - Urgence Climat","twitter_description":"Les impacts du r\u00e9chauffement climatique sont d\u00e9j\u00e0 visibles : m\u00e9ga feux, pic de chaleurs, s\u00e9cheresses et perte de r\u00e9coltes... Agissons !","twitter_image":"https:\/\/agir.wwf.fr\/urgence-climat\/wp-content\/uploads\/sites\/31\/2020\/11\/GettyImages-901300342-1024x682-1.jpg","twitter_site":"@WWFFRANCE","twitter_misc":{"Dur\u00e9e de lecture estim\u00e9e":"44 minutes"},"schema":{"@context":"https:\/\/schema.org","@graph":[{"@type":"WebPage","@id":"https:\/\/agir.wwf.fr\/urgence-climat\/consequences\/","url":"https:\/\/agir.wwf.fr\/urgence-climat\/consequences\/","name":"Les cons\u00e9quences du r\u00e9chauffement climatique - Urgence Climat","isPartOf":{"@id":"https:\/\/agir.wwf.fr\/urgence-climat\/#website"},"datePublished":"2020-10-27T11:37:40+00:00","dateModified":"2021-12-03T16:21:53+00:00","description":"Les impacts du r\u00e9chauffement climatique sont d\u00e9j\u00e0 visibles : m\u00e9ga feux, pic de chaleurs, s\u00e9cheresses et perte de r\u00e9coltes... Agissons !","breadcrumb":{"@id":"https:\/\/agir.wwf.fr\/urgence-climat\/consequences\/#breadcrumb"},"inLanguage":"fr-FR","potentialAction":[{"@type":"ReadAction","target":["https:\/\/agir.wwf.fr\/urgence-climat\/consequences\/"]}]},{"@type":"BreadcrumbList","@id":"https:\/\/agir.wwf.fr\/urgence-climat\/consequences\/#breadcrumb","itemListElement":[{"@type":"ListItem","position":1,"name":"Accueil","item":"https:\/\/agir.wwf.fr\/urgence-climat\/"},{"@type":"ListItem","position":2,"name":"Cons\u00e9quences"}]},{"@type":"WebSite","@id":"https:\/\/agir.wwf.fr\/urgence-climat\/#website","url":"https:\/\/agir.wwf.fr\/urgence-climat\/","name":"WWF | Urgence Climat","description":"R\u00e9\u00e9crivons le sc\u00e9nario","publisher":{"@id":"https:\/\/agir.wwf.fr\/urgence-climat\/#organization"},"potentialAction":[{"@type":"SearchAction","target":{"@type":"EntryPoint","urlTemplate":"https:\/\/agir.wwf.fr\/urgence-climat\/?s={search_term_string}"},"query-input":"required name=search_term_string"}],"inLanguage":"fr-FR"},{"@type":"Organization","@id":"https:\/\/agir.wwf.fr\/urgence-climat\/#organization","name":"WWF","url":"https:\/\/agir.wwf.fr\/urgence-climat\/","logo":{"@type":"ImageObject","inLanguage":"fr-FR","@id":"https:\/\/agir.wwf.fr\/urgence-climat\/#\/schema\/logo\/image\/","url":"https:\/\/agir.wwf.fr\/urgence-climat\/wp-content\/uploads\/sites\/31\/2019\/03\/wwflogo.png","contentUrl":"https:\/\/agir.wwf.fr\/urgence-climat\/wp-content\/uploads\/sites\/31\/2019\/03\/wwflogo.png","width":647,"height":306,"caption":"WWF"},"image":{"@id":"https:\/\/agir.wwf.fr\/urgence-climat\/#\/schema\/logo\/image\/"},"sameAs":["https:\/\/www.facebook.com\/WWFFRANCE","https:\/\/twitter.com\/WWFFRANCE","https:\/\/www.instagram.com\/wwffrance\/","https:\/\/www.linkedin.com\/company\/wwf-france","https:\/\/www.youtube.com\/user\/WWFFrance"]}]}},"_links":{"self":[{"href":"https:\/\/agir.wwf.fr\/urgence-climat\/wp-json\/wp\/v2\/pages\/56142"}],"collection":[{"href":"https:\/\/agir.wwf.fr\/urgence-climat\/wp-json\/wp\/v2\/pages"}],"about":[{"href":"https:\/\/agir.wwf.fr\/urgence-climat\/wp-json\/wp\/v2\/types\/page"}],"author":[{"embeddable":true,"href":"https:\/\/agir.wwf.fr\/urgence-climat\/wp-json\/wp\/v2\/users\/5"}],"replies":[{"embeddable":true,"href":"https:\/\/agir.wwf.fr\/urgence-climat\/wp-json\/wp\/v2\/comments?post=56142"}],"version-history":[{"count":5,"href":"https:\/\/agir.wwf.fr\/urgence-climat\/wp-json\/wp\/v2\/pages\/56142\/revisions"}],"predecessor-version":[{"id":57471,"href":"https:\/\/agir.wwf.fr\/urgence-climat\/wp-json\/wp\/v2\/pages\/56142\/revisions\/57471"}],"wp:attachment":[{"href":"https:\/\/agir.wwf.fr\/urgence-climat\/wp-json\/wp\/v2\/media?parent=56142"}],"curies":[{"name":"wp","href":"https:\/\/api.w.org\/{rel}","templated":true}]}}