
{"id":55092,"date":"2019-11-30T19:55:38","date_gmt":"2019-11-30T18:55:38","guid":{"rendered":"https:\/\/agir.wwf.fr\/stopextinction-saison-2\/?page_id=55092"},"modified":"2021-11-29T17:46:21","modified_gmt":"2021-11-29T16:46:21","slug":"conte-albatros","status":"publish","type":"page","link":"https:\/\/agir.wwf.fr\/stopextinction\/conte-albatros\/","title":{"rendered":"Conte Albatros"},"content":{"rendered":"<p>[et_pb_section fb_built=\u00a0\u00bb1&Prime; _builder_version=\u00a0\u00bb4.0.6&Prime; background_color=\u00a0\u00bb#000000&Prime; width=\u00a0\u00bb100%\u00a0\u00bb da_disable_devices=\u00a0\u00bboff|off|off\u00a0\u00bb global_colors_info=\u00a0\u00bb{}\u00a0\u00bb da_is_popup=\u00a0\u00bboff\u00a0\u00bb da_exit_intent=\u00a0\u00bboff\u00a0\u00bb da_has_close=\u00a0\u00bbon\u00a0\u00bb da_alt_close=\u00a0\u00bboff\u00a0\u00bb da_dark_close=\u00a0\u00bboff\u00a0\u00bb da_not_modal=\u00a0\u00bbon\u00a0\u00bb da_is_singular=\u00a0\u00bboff\u00a0\u00bb da_with_loader=\u00a0\u00bboff\u00a0\u00bb da_has_shadow=\u00a0\u00bbon\u00a0\u00bb][et_pb_row _builder_version=\u00a0\u00bb4.13.1&Prime; background_image=\u00a0\u00bbhttps:\/\/agir.wwf.fr\/stopextinction-saison-2\/wp-content\/uploads\/sites\/35\/2021\/11\/mobile_conte_albatros.png\u00a0\u00bb background_size=\u00a0\u00bbcontain\u00a0\u00bb background_position=\u00a0\u00bbtop_center\u00a0\u00bb width=\u00a0\u00bb100%\u00a0\u00bb custom_padding=\u00a0\u00bb||10vh||false|false\u00a0\u00bb global_colors_info=\u00a0\u00bb{}\u00a0\u00bb][et_pb_column type=\u00a0\u00bb4_4&Prime; _builder_version=\u00a0\u00bb4.0.6&Prime; custom_padding=\u00a0\u00bb||||false|false\u00a0\u00bb global_colors_info=\u00a0\u00bb{}\u00a0\u00bb][et_pb_text _builder_version=\u00a0\u00bb4.13.1&Prime; text_font=\u00a0\u00bbWWF new|200||on|||||\u00a0\u00bb text_text_color=\u00a0\u00bb#ffffff\u00a0\u00bb text_font_size=\u00a0\u00bb2em\u00a0\u00bb text_line_height=\u00a0\u00bb1em\u00a0\u00bb text_orientation=\u00a0\u00bbcenter\u00a0\u00bb background_layout=\u00a0\u00bbdark\u00a0\u00bb custom_margin=\u00a0\u00bb10vh||26vh||false|false\u00a0\u00bb global_colors_info=\u00a0\u00bb{}\u00a0\u00bb]<\/p>\n<p>L&rsquo;OR DES HOMMES<\/p>\n<p>[\/et_pb_text][et_pb_button button_url=\u00a0\u00bb@ET-DC@eyJkeW5hbWljIjp0cnVlLCJjb250ZW50IjoicG9zdF9saW5rX3VybF9wYWdlIiwic2V0dGluZ3MiOnsicG9zdF9pZCI6IjU0OTEzIn19@\u00a0\u00bb button_text=\u00a0\u00bbRetour\u00a0\u00bb _builder_version=\u00a0\u00bb4.13.1&Prime; _dynamic_attributes=\u00a0\u00bbbutton_url\u00a0\u00bb custom_button=\u00a0\u00bbon\u00a0\u00bb button_text_size=\u00a0\u00bb19px\u00a0\u00bb button_text_color=\u00a0\u00bb#ffffff\u00a0\u00bb button_icon=\u00a0\u00bb&#x3c;||divi||400&Prime; button_icon_color=\u00a0\u00bb#ffffff\u00a0\u00bb button_icon_placement=\u00a0\u00bbleft\u00a0\u00bb button_on_hover=\u00a0\u00bboff\u00a0\u00bb custom_margin=\u00a0\u00bb||5px|5vw|false|false\u00a0\u00bb custom_padding=\u00a0\u00bb8px|20px|8px|20px|true|true\u00a0\u00bb global_colors_info=\u00a0\u00bb{}\u00a0\u00bb][\/et_pb_button][et_pb_text _builder_version=\u00a0\u00bb4.14.1&Prime; text_text_color=\u00a0\u00bb#ffffff\u00a0\u00bb background_layout=\u00a0\u00bbdark\u00a0\u00bb min_height=\u00a0\u00bb970.3px\u00a0\u00bb custom_margin=\u00a0\u00bb|5vw||5vw|false|true\u00a0\u00bb global_colors_info=\u00a0\u00bb{}\u00a0\u00bb]<\/p>\n<p>&nbsp;<\/p>\n<p>Tout pr\u00e8s de l\u2019Antarctique, sur une \u00eele que l\u2019on appelait autrefois l\u2019\u00eele aux oiseaux, un bateau accosta. \u00c0 son bord, des enfants curieux \u00e0 qui des adultes enthousiastes racontaient \u00ab le temps d\u2019avant \u00bb : un paradis perdu, un \u00c2ge d\u2019or \u00e0 jamais disparu. Par la seule force de leur imagination, ils devaient donc repeupler cette terre inhabit\u00e9e de cr\u00e9atures ail\u00e9es, gracieuses et majestueuses : les albatros.<br \/>De fait, des pr\u00e9dateurs, animaux terrestres des plus communs, envahissaient de plus en plus les espaces de nidification et bien heureux de trouver dans les \u0153ufs ou les oisillons une nourriture providentielle, mena\u00e7aient le pr\u00e9caire \u00e9quilibre de l\u2019esp\u00e8ce. La pollution marine insinuant ses leurres fatals dans la nourriture des oiseaux, \u00e9touffait de plastique les petits comme les grands. Enfin, les palangriers, bateaux de p\u00eache dont les animaux se retrouvaient funestement prisonniers, avaient d\u00e9finitivement eu raison des volatiles.<br \/>On ne comptait d\u00e9sormais que de rares survivants, promis \u00e0 une extinction certaine. Les enfants perplexes interrog\u00e8rent les adultes qui paraissaient consid\u00e9rer cela comme quelque chose d\u2019in\u00e9luctable.<\/p>\n<p>Une petite fille, afflig\u00e9e par tant d\u2019inertie profita d\u2019un moment de libert\u00e9 pour s\u2019\u00e9loigner du groupe. Sur les hauteurs de l\u2019\u00eele, son regard fut attir\u00e9 par des reflets dor\u00e9s qui s\u2019agitaient au creux d\u2019un nid abandonn\u00e9. Elle s\u2019approcha et d\u00e9couvrit un \u0153uf d\u2019or, bien nich\u00e9 au fond d\u2019un modeste lit d\u2019algues et de brindilles et dont les rayons chatoyants du soleil semblaient r\u00e9v\u00e9ler la pr\u00e9ciosit\u00e9.<br \/>Elle l\u2019entoura d\u00e9licatement de ses mains et ferma les yeux. Une chaleur se diffusa dans tout son corps. Ses sens en \u00e9veil lui firent ressentir les puissantes rafales du vent glac\u00e9. Des bruits s\u2019entrem\u00eal\u00e8rent : des claquements de bec, des ailes d\u00e9ploy\u00e9es. Une danse se dessina alors nettement dans son esprit : un ballet dont les gestes pr\u00e9cis et r\u00e9p\u00e9t\u00e9s mettaient en lumi\u00e8re un spectacle des plus harmonieux. Des couples d\u2019albatros scellaient au cours de ces parades nuptiales leurs existences que rien hormis la mort ne pourrait s\u00e9parer.<\/p>\n<p>Un bruit sec la tira soudain de sa r\u00eaverie. Elle ouvrit les yeux. L\u2019\u0153uf \u00e9tait fendu. Elle \u00e9carta ses mains et la coquille se brisa enti\u00e8rement d\u00e9voilant un tr\u00e9sor : un poussin \u00e9tait n\u00e9. Un liser\u00e9 dor\u00e9 semblait souligner ses ailes encore fr\u00eales et grises. Ses yeux aveugles l\u2019emp\u00eachaient de voir l\u2019\u00e9tendue du monde hostile qui l\u2019entourait.<br \/>Elle eut envie de le prendre, mais craignant de lui faire du mal, elle se contenta de l\u2019observer. Une voix famili\u00e8re l\u2019arracha douloureusement de sa contemplation. On la sommait de retourner aupr\u00e8s du groupe. Pensant revenir plus tard avec quelques victuailles, la petite fille accepta de partir.<\/p>\n<p>Elle retourna \u00e0 bord du bateau. Mais, sentant le roulis, elle comprit avec effroi qu\u2019ils avaient lev\u00e9 l\u2019ancre. Courant sur le pont, elle fixa, boulevers\u00e9e, l\u2019\u00eele qui s\u2019\u00e9loignait inexorablement dans le cr\u00e9puscule. Elle pensa tristement au poussin vuln\u00e9rable qu\u2019elle n\u2019avait pas pu sauver.<br \/>Puis, glissant la main dans sa poche, elle sentit la fragile coquille de l\u2019\u0153uf dor\u00e9. Elle se promit alors de consacrer toute sa vie \u00e0 sauver les tr\u00e9sors qui pouvaient encore l\u2019\u00eatre. Elle sourit soudain, se sentant anim\u00e9e d\u2019une force incroyable. Elle ne raconta jamais la sc\u00e8ne qu\u2019elle venait de vivre. Elle se dit que ses camarades ne l\u2019auraient pas crue. Elle se dit aussi que les adultes, impuissants, la d\u00e9cevraient surement.<\/p>\n<p>La petite fille devint un jour une femme. Libre de ses choix, elle ne trahit pas sa promesse, \u0153uvrant de toute son \u00e9nergie pour la sauvegarde des esp\u00e8ces menac\u00e9es. Bien des ann\u00e9es plus tard, quand son arri\u00e8re-petit-fils naquit, elle l\u2019entoura de ses mains et la chaleur l\u2019envahit. Elle fit en cet instant une nouvelle promesse : retourner avec lui sur ces terres qui avaient vu na\u00eetre sa vocation lorsqu\u2019elle \u00e9tait petite.<\/p>\n<p>Lorsque le gar\u00e7on fut en \u00e2ge de traverser le monde, elle entreprit donc de l\u2019emmener sur l\u2019\u00eele aux oiseaux. Au cours du voyage, quelque part au milieu de l\u2019oc\u00e9an austral, sur le pont du bateau balay\u00e9 par un vent polaire, elle lui ouvrit la main et y d\u00e9posa la coquille d\u2019or. Le temps semblait suspendu. Le gar\u00e7onnet plongea ses yeux dans ceux de sa bisa\u00efeule. Alors, elle lui conta son histoire.<br \/>Quand elle eut termin\u00e9, l\u2019enfant, le visage \u00e9clair\u00e9 par la joie pointa son doigt en avant. L\u2019\u00eele \u00e9tait en vue. La vieille femme \u00e9carquilla les yeux. Une larme perla sur son visage. Travers\u00e9e d\u2019\u00e9motions, elle reconnut le tableau qu\u2019elle avait vu en r\u00eave. D\u00e9jouant les pronostics les plus pessimistes, une colonie d\u2019albatros peuplait de nouveau l\u2019\u00eele qui n\u2019avait jamais aussi bien port\u00e9 son nom.<br \/>Ils d\u00e9barqu\u00e8rent. Foulant le sol, port\u00e9 par un vent de libert\u00e9, l\u2019arri\u00e8re-petit-fils courait les bras ouverts. Il s\u2019arr\u00eata brusquement et se pencha pour ramasser quelque chose. Retournant \u00e0 la h\u00e2te aupr\u00e8s de son arri\u00e8re-grand-m\u00e8re, \u00e0 son tour, il lui d\u00e9posa dans la main ce qu\u2019il venait de trouver : une plume d\u2019or.<\/p>\n<p>[\/et_pb_text][et_pb_button button_url=\u00a0\u00bb@ET-DC@eyJkeW5hbWljIjp0cnVlLCJjb250ZW50IjoicG9zdF9saW5rX3VybF9wYWdlIiwic2V0dGluZ3MiOnsicG9zdF9pZCI6IjU0OTEzIn19@\u00a0\u00bb button_text=\u00a0\u00bbRetour\u00a0\u00bb _builder_version=\u00a0\u00bb4.13.1&Prime; _dynamic_attributes=\u00a0\u00bbbutton_url\u00a0\u00bb custom_button=\u00a0\u00bbon\u00a0\u00bb button_text_size=\u00a0\u00bb19px\u00a0\u00bb button_text_color=\u00a0\u00bb#ffffff\u00a0\u00bb button_icon=\u00a0\u00bb&#x3c;||divi||400&Prime; button_icon_color=\u00a0\u00bb#ffffff\u00a0\u00bb button_icon_placement=\u00a0\u00bbleft\u00a0\u00bb button_on_hover=\u00a0\u00bboff\u00a0\u00bb custom_margin=\u00a0\u00bb|||5vw|false|false\u00a0\u00bb custom_padding=\u00a0\u00bb8px|20px|8px|20px|true|true\u00a0\u00bb global_colors_info=\u00a0\u00bb{}\u00a0\u00bb][\/et_pb_button][\/et_pb_column][\/et_pb_row][\/et_pb_section]<\/p>\n","protected":false},"excerpt":{"rendered":"<p>L&rsquo;OR DES HOMMES&nbsp; Tout pr\u00e8s de l\u2019Antarctique, sur une \u00eele que l\u2019on appelait autrefois l\u2019\u00eele aux oiseaux, un bateau accosta. \u00c0 son bord, des enfants curieux \u00e0 qui des adultes enthousiastes racontaient \u00ab le temps d\u2019avant \u00bb : un paradis perdu, un \u00c2ge d\u2019or \u00e0 jamais disparu. Par la seule force de leur imagination, ils [&hellip;]<\/p>\n","protected":false},"author":5,"featured_media":0,"parent":0,"menu_order":0,"comment_status":"closed","ping_status":"closed","template":"page-template-blank.php","meta":{"_et_pb_use_builder":"on","_et_pb_old_content":"","_et_gb_content_width":""},"yoast_head":"<!-- This site is optimized with the Yoast SEO plugin v21.1 - https:\/\/yoast.com\/wordpress\/plugins\/seo\/ -->\n<title>Conte Albatros - WWF Stop Extinction Saison 2<\/title>\n<meta name=\"description\" content=\"N&#039;attendons pas que la faune suavage devienne imaginaire. Agissons ensemble.\" \/>\n<meta name=\"robots\" content=\"index, follow, max-snippet:-1, max-image-preview:large, max-video-preview:-1\" \/>\n<link rel=\"canonical\" href=\"https:\/\/agir.wwf.fr\/stopextinction\/conte-albatros\/\" \/>\n<meta property=\"og:locale\" content=\"fr_FR\" \/>\n<meta property=\"og:type\" content=\"article\" \/>\n<meta property=\"og:title\" content=\"Conte Albatros - WWF Stop Extinction Saison 2\" \/>\n<meta property=\"og:description\" content=\"N&#039;attendons pas que la faune suavage devienne imaginaire. Agissons ensemble.\" \/>\n<meta property=\"og:url\" content=\"https:\/\/agir.wwf.fr\/stopextinction\/conte-albatros\/\" \/>\n<meta property=\"og:site_name\" content=\"WWF Stop Extinction Saison 2\" \/>\n<meta property=\"article:modified_time\" content=\"2021-11-29T16:46:21+00:00\" \/>\n<meta property=\"og:image\" content=\"https:\/\/agir.wwf.fr\/stopextinction\/wp-content\/uploads\/sites\/35\/2021\/11\/wwf_big_lynx_2.jpg\" \/>\n\t<meta property=\"og:image:width\" content=\"1920\" \/>\n\t<meta property=\"og:image:height\" content=\"1080\" \/>\n\t<meta property=\"og:image:type\" content=\"image\/jpeg\" \/>\n<meta name=\"twitter:card\" content=\"summary_large_image\" \/>\n<meta name=\"twitter:label1\" content=\"Dur\u00e9e de lecture estim\u00e9e\" \/>\n\t<meta name=\"twitter:data1\" content=\"6 minutes\" \/>\n<script type=\"application\/ld+json\" class=\"yoast-schema-graph\">{\"@context\":\"https:\/\/schema.org\",\"@graph\":[{\"@type\":\"WebPage\",\"@id\":\"https:\/\/agir.wwf.fr\/stopextinction\/conte-albatros\/\",\"url\":\"https:\/\/agir.wwf.fr\/stopextinction\/conte-albatros\/\",\"name\":\"Conte Albatros - WWF Stop Extinction Saison 2\",\"isPartOf\":{\"@id\":\"https:\/\/agir.wwf.fr\/stopextinction\/#website\"},\"datePublished\":\"2019-11-30T18:55:38+00:00\",\"dateModified\":\"2021-11-29T16:46:21+00:00\",\"description\":\"N'attendons pas que la faune suavage devienne imaginaire. Agissons ensemble.\",\"breadcrumb\":{\"@id\":\"https:\/\/agir.wwf.fr\/stopextinction\/conte-albatros\/#breadcrumb\"},\"inLanguage\":\"fr-FR\",\"potentialAction\":[{\"@type\":\"ReadAction\",\"target\":[\"https:\/\/agir.wwf.fr\/stopextinction\/conte-albatros\/\"]}]},{\"@type\":\"BreadcrumbList\",\"@id\":\"https:\/\/agir.wwf.fr\/stopextinction\/conte-albatros\/#breadcrumb\",\"itemListElement\":[{\"@type\":\"ListItem\",\"position\":1,\"name\":\"Accueil\",\"item\":\"https:\/\/agir.wwf.fr\/stopextinction\/\"},{\"@type\":\"ListItem\",\"position\":2,\"name\":\"Conte Albatros\"}]},{\"@type\":\"WebSite\",\"@id\":\"https:\/\/agir.wwf.fr\/stopextinction\/#website\",\"url\":\"https:\/\/agir.wwf.fr\/stopextinction\/\",\"name\":\"WWF Stop Extinction Saison 2\",\"description\":\"N&#039;attendons pas que la faune sauvage devienne imaginaire. Agissons ensemble.\",\"publisher\":{\"@id\":\"https:\/\/agir.wwf.fr\/stopextinction\/#organization\"},\"potentialAction\":[{\"@type\":\"SearchAction\",\"target\":{\"@type\":\"EntryPoint\",\"urlTemplate\":\"https:\/\/agir.wwf.fr\/stopextinction\/?s={search_term_string}\"},\"query-input\":\"required name=search_term_string\"}],\"inLanguage\":\"fr-FR\"},{\"@type\":\"Organization\",\"@id\":\"https:\/\/agir.wwf.fr\/stopextinction\/#organization\",\"name\":\"WWF\",\"url\":\"https:\/\/agir.wwf.fr\/stopextinction\/\",\"logo\":{\"@type\":\"ImageObject\",\"inLanguage\":\"fr-FR\",\"@id\":\"https:\/\/agir.wwf.fr\/stopextinction\/#\/schema\/logo\/image\/\",\"url\":\"https:\/\/agir.wwf.fr\/stopextinction\/wp-content\/uploads\/sites\/27\/2019\/03\/wwflogo.png\",\"contentUrl\":\"https:\/\/agir.wwf.fr\/stopextinction\/wp-content\/uploads\/sites\/27\/2019\/03\/wwflogo.png\",\"width\":647,\"height\":306,\"caption\":\"WWF\"},\"image\":{\"@id\":\"https:\/\/agir.wwf.fr\/stopextinction\/#\/schema\/logo\/image\/\"}}]}<\/script>\n<!-- \/ Yoast SEO plugin. -->","yoast_head_json":{"title":"Conte Albatros - WWF Stop Extinction Saison 2","description":"N'attendons pas que la faune suavage devienne imaginaire. Agissons ensemble.","robots":{"index":"index","follow":"follow","max-snippet":"max-snippet:-1","max-image-preview":"max-image-preview:large","max-video-preview":"max-video-preview:-1"},"canonical":"https:\/\/agir.wwf.fr\/stopextinction\/conte-albatros\/","og_locale":"fr_FR","og_type":"article","og_title":"Conte Albatros - WWF Stop Extinction Saison 2","og_description":"N'attendons pas que la faune suavage devienne imaginaire. Agissons ensemble.","og_url":"https:\/\/agir.wwf.fr\/stopextinction\/conte-albatros\/","og_site_name":"WWF Stop Extinction Saison 2","article_modified_time":"2021-11-29T16:46:21+00:00","og_image":[{"width":1920,"height":1080,"url":"https:\/\/agir.wwf.fr\/stopextinction\/wp-content\/uploads\/sites\/35\/2021\/11\/wwf_big_lynx_2.jpg","type":"image\/jpeg"}],"twitter_card":"summary_large_image","twitter_misc":{"Dur\u00e9e de lecture estim\u00e9e":"6 minutes"},"schema":{"@context":"https:\/\/schema.org","@graph":[{"@type":"WebPage","@id":"https:\/\/agir.wwf.fr\/stopextinction\/conte-albatros\/","url":"https:\/\/agir.wwf.fr\/stopextinction\/conte-albatros\/","name":"Conte Albatros - WWF Stop Extinction Saison 2","isPartOf":{"@id":"https:\/\/agir.wwf.fr\/stopextinction\/#website"},"datePublished":"2019-11-30T18:55:38+00:00","dateModified":"2021-11-29T16:46:21+00:00","description":"N'attendons pas que la faune suavage devienne imaginaire. Agissons ensemble.","breadcrumb":{"@id":"https:\/\/agir.wwf.fr\/stopextinction\/conte-albatros\/#breadcrumb"},"inLanguage":"fr-FR","potentialAction":[{"@type":"ReadAction","target":["https:\/\/agir.wwf.fr\/stopextinction\/conte-albatros\/"]}]},{"@type":"BreadcrumbList","@id":"https:\/\/agir.wwf.fr\/stopextinction\/conte-albatros\/#breadcrumb","itemListElement":[{"@type":"ListItem","position":1,"name":"Accueil","item":"https:\/\/agir.wwf.fr\/stopextinction\/"},{"@type":"ListItem","position":2,"name":"Conte Albatros"}]},{"@type":"WebSite","@id":"https:\/\/agir.wwf.fr\/stopextinction\/#website","url":"https:\/\/agir.wwf.fr\/stopextinction\/","name":"WWF Stop Extinction Saison 2","description":"N&#039;attendons pas que la faune sauvage devienne imaginaire. Agissons ensemble.","publisher":{"@id":"https:\/\/agir.wwf.fr\/stopextinction\/#organization"},"potentialAction":[{"@type":"SearchAction","target":{"@type":"EntryPoint","urlTemplate":"https:\/\/agir.wwf.fr\/stopextinction\/?s={search_term_string}"},"query-input":"required name=search_term_string"}],"inLanguage":"fr-FR"},{"@type":"Organization","@id":"https:\/\/agir.wwf.fr\/stopextinction\/#organization","name":"WWF","url":"https:\/\/agir.wwf.fr\/stopextinction\/","logo":{"@type":"ImageObject","inLanguage":"fr-FR","@id":"https:\/\/agir.wwf.fr\/stopextinction\/#\/schema\/logo\/image\/","url":"https:\/\/agir.wwf.fr\/stopextinction\/wp-content\/uploads\/sites\/27\/2019\/03\/wwflogo.png","contentUrl":"https:\/\/agir.wwf.fr\/stopextinction\/wp-content\/uploads\/sites\/27\/2019\/03\/wwflogo.png","width":647,"height":306,"caption":"WWF"},"image":{"@id":"https:\/\/agir.wwf.fr\/stopextinction\/#\/schema\/logo\/image\/"}}]}},"_links":{"self":[{"href":"https:\/\/agir.wwf.fr\/stopextinction\/wp-json\/wp\/v2\/pages\/55092"}],"collection":[{"href":"https:\/\/agir.wwf.fr\/stopextinction\/wp-json\/wp\/v2\/pages"}],"about":[{"href":"https:\/\/agir.wwf.fr\/stopextinction\/wp-json\/wp\/v2\/types\/page"}],"author":[{"embeddable":true,"href":"https:\/\/agir.wwf.fr\/stopextinction\/wp-json\/wp\/v2\/users\/5"}],"replies":[{"embeddable":true,"href":"https:\/\/agir.wwf.fr\/stopextinction\/wp-json\/wp\/v2\/comments?post=55092"}],"version-history":[{"count":13,"href":"https:\/\/agir.wwf.fr\/stopextinction\/wp-json\/wp\/v2\/pages\/55092\/revisions"}],"predecessor-version":[{"id":56409,"href":"https:\/\/agir.wwf.fr\/stopextinction\/wp-json\/wp\/v2\/pages\/55092\/revisions\/56409"}],"wp:attachment":[{"href":"https:\/\/agir.wwf.fr\/stopextinction\/wp-json\/wp\/v2\/media?parent=55092"}],"curies":[{"name":"wp","href":"https:\/\/api.w.org\/{rel}","templated":true}]}}