
{"id":55049,"date":"2019-11-30T18:25:05","date_gmt":"2019-11-30T17:25:05","guid":{"rendered":"https:\/\/agir.wwf.fr\/stopextinction-saison-2\/?page_id=55049"},"modified":"2021-11-17T23:16:52","modified_gmt":"2021-11-17T22:16:52","slug":"tortue-luth","status":"publish","type":"page","link":"https:\/\/agir.wwf.fr\/stopextinction\/tortue-luth\/","title":{"rendered":"Conte Tortue Luth"},"content":{"rendered":"<p>[et_pb_section fb_built=\u00a0\u00bb1&Prime; _builder_version=\u00a0\u00bb4.0.6&Prime; background_color=\u00a0\u00bb#000000&Prime; width=\u00a0\u00bb100%\u00a0\u00bb da_disable_devices=\u00a0\u00bboff|off|off\u00a0\u00bb global_colors_info=\u00a0\u00bb{}\u00a0\u00bb da_is_popup=\u00a0\u00bboff\u00a0\u00bb da_exit_intent=\u00a0\u00bboff\u00a0\u00bb da_has_close=\u00a0\u00bbon\u00a0\u00bb da_alt_close=\u00a0\u00bboff\u00a0\u00bb da_dark_close=\u00a0\u00bboff\u00a0\u00bb da_not_modal=\u00a0\u00bbon\u00a0\u00bb da_is_singular=\u00a0\u00bboff\u00a0\u00bb da_with_loader=\u00a0\u00bboff\u00a0\u00bb da_has_shadow=\u00a0\u00bbon\u00a0\u00bb][et_pb_row _builder_version=\u00a0\u00bb4.13.1&Prime; background_image=\u00a0\u00bbhttps:\/\/agir.wwf.fr\/stopextinction-saison-2\/wp-content\/uploads\/sites\/35\/2021\/11\/mobile_conte_tortue.png\u00a0\u00bb background_size=\u00a0\u00bbcontain\u00a0\u00bb background_position=\u00a0\u00bbtop_center\u00a0\u00bb width=\u00a0\u00bb100%\u00a0\u00bb custom_padding=\u00a0\u00bb||10vh||false|false\u00a0\u00bb global_colors_info=\u00a0\u00bb{}\u00a0\u00bb][et_pb_column type=\u00a0\u00bb4_4&Prime; _builder_version=\u00a0\u00bb4.0.6&Prime; custom_padding=\u00a0\u00bb||||false|false\u00a0\u00bb global_colors_info=\u00a0\u00bb{}\u00a0\u00bb][et_pb_text _builder_version=\u00a0\u00bb4.13.1&Prime; text_font=\u00a0\u00bbWWF new|200||on|||||\u00a0\u00bb text_text_color=\u00a0\u00bb#FFFFFF\u00a0\u00bb text_font_size=\u00a0\u00bb2em\u00a0\u00bb text_line_height=\u00a0\u00bb1em\u00a0\u00bb text_orientation=\u00a0\u00bbcenter\u00a0\u00bb background_layout=\u00a0\u00bbdark\u00a0\u00bb custom_margin=\u00a0\u00bb10vh||18vh||false|false\u00a0\u00bb global_colors_info=\u00a0\u00bb{}\u00a0\u00bb]<\/p>\n<p>&nbsp;<\/p>\n<p>La tortue lutte<\/p>\n<p>[\/et_pb_text][et_pb_button button_url=\u00a0\u00bb@ET-DC@eyJkeW5hbWljIjp0cnVlLCJjb250ZW50IjoicG9zdF9saW5rX3VybF9wYWdlIiwic2V0dGluZ3MiOnsicG9zdF9pZCI6IjU0OTE5In19@\u00a0\u00bb button_text=\u00a0\u00bbRetour\u00a0\u00bb _builder_version=\u00a0\u00bb4.13.1&Prime; _dynamic_attributes=\u00a0\u00bbbutton_url\u00a0\u00bb custom_button=\u00a0\u00bbon\u00a0\u00bb button_text_size=\u00a0\u00bb19px\u00a0\u00bb button_text_color=\u00a0\u00bb#ffffff\u00a0\u00bb button_icon=\u00a0\u00bb&#x3c;||divi||400&Prime; button_icon_color=\u00a0\u00bb#ffffff\u00a0\u00bb button_icon_placement=\u00a0\u00bbleft\u00a0\u00bb button_on_hover=\u00a0\u00bboff\u00a0\u00bb custom_margin=\u00a0\u00bb|||5vw|false|false\u00a0\u00bb custom_padding=\u00a0\u00bb8px|20px|8px|20px|true|true\u00a0\u00bb global_colors_info=\u00a0\u00bb{}\u00a0\u00bb min_height=\u00a0\u00bb43px\u00a0\u00bb][\/et_pb_button][et_pb_text _builder_version=\u00a0\u00bb4.13.1&Prime; text_text_color=\u00a0\u00bb#ffffff\u00a0\u00bb background_layout=\u00a0\u00bbdark\u00a0\u00bb custom_margin=\u00a0\u00bb|5vw||5vw|false|true\u00a0\u00bb global_colors_info=\u00a0\u00bb{}\u00a0\u00bb min_height=\u00a0\u00bb1082px\u00a0\u00bb]<\/p>\n<p style=\"text-align: justify;\">C\u2019est l\u2019histoire triste d\u2019une tortue triste, mais qui n\u2019a pas toujours \u00e9t\u00e9 triste. M\u00eame qu\u2019elle \u00e9tait plut\u00f4t joyeuse, plaisantant volontiers avec les uns et les autres, animaux marins, bien s\u00fbr, car, pour ce qui est des humains, elle \u00e9tait volontiers m\u00e9fiante. Et elle avait raison, la tortue luth, de se m\u00e9fier. Car, s\u2019il y a des promeneurs inoffensifs, des amoureux de la nature, des photographes et des r\u00eaveurs, il y a aussi des malfaisants, des braconniers sans vergogne et des p\u00eacheurs sans scrupules. Alors, autant ne faire confiance \u00e0 personne.<\/p>\n<p style=\"text-align: justify;\">Car, m\u00eame si elle est la plus grande tortue de toutes les tortues, et malgr\u00e9 sa carapace de tortue, elle n\u2019est pas pour autant invincible. Parfois, somnolant sur le bord d\u2019une plage, berc\u00e9e par le clapotis des vagues, elle se prend \u00e0 r\u00eaver. Elle imagine un monde id\u00e9al, un monde dans lequel aucun animal ne serait le pr\u00e9dateur d\u2019aucun autre, un monde sans chasseurs ni chass\u00e9s, un monde dans lequel on pourrait s\u2019endormir sur ses deux oreilles, un monde qui n\u2019obligerait pas \u00e0 \u00eatre en permanence sur le qui vive, aux aguets de quelque attaque sournoise.<\/p>\n<p style=\"text-align: justify;\">Toujours est-il que la tortue luth \u00e9tait joyeuse. Elle n\u2019affichait aucune arrogance quant \u00e0 son statut de plus grande tortue, ne roulait pas des m\u00e9caniques, fr\u00e9quentait des animaux parfois tout petits, sympathisait avec des bigorneaux ou des palourdes, sans les \u00e9craser de son poids spectaculaire, 500kg, rendez-vous compte.<\/p>\n<p style=\"text-align: justify;\">Ce poids impressionnant la rend gauche lorsqu\u2019elle est sur la terre ferme. Elle avance lentement, p\u00e9niblement, comme si chaque m\u00e8tre lui co\u00fbtait sa vie. Il peut arriver que certains oiseaux moqueurs piaillent ironiquement en la voyant ramper comme une \u00e9norme serpill\u00e8re sur le sable. Mais elle ne fait aucun cas de ces railleries, sachant qu\u2019une fois remise \u00e0 l\u2019eau elle pourrait les \u00e9pater, ces volatiles sarcastiques, en filant \u00e0 pr\u00e8s de 35km\/h entre les vagues, comme une torpille, faisant fi des courants contraires, des temp\u00eates et des coups de tabac. Nager \u00e0 cette vitesse l\u00e0 quand on p\u00e8se 500Kg, vous avouerez que c\u2019est bluffant. Mais la tortue luth n\u2019est ni orgueilleuse, ni pr\u00e9tentieuse, du genre \u00ab\u00a0regardez comme je nage vite\u00a0\u00bb, non, elle est simplement heureuse de se faufiler si rapidement entre les algues et les coraux, laissant sur place ceux et celles qui pr\u00e9tendaient toucher leur bille en mati\u00e8re de v\u00e9locit\u00e9 subaquatique.<\/p>\n<p style=\"text-align: justify;\">Alors, pourquoi est-elle devenue triste, la tortue luth, alors qu\u2019elle \u00e9tait si joyeuse ? La raison de sa tristesse est assez effarante :<br \/>Le r\u00e9chauffement climatique nous rend parfois sceptiques, voire goguenards. Comme si cette alerte mondiale avait \u00e9t\u00e9 invent\u00e9e juste pour nous emp\u00eacher de dormir. Mais demandez \u00e0 la tortue luth ce qu\u2019elle en pense, elle, du r\u00e9chauffement climatique. Elle vous r\u00e9pondra, navr\u00e9e, inqui\u00e8te, que les mers dans lesquelles elle file \u00e0 la vitesse du TGV sont de plus en plus chaudes. Et le hic, c\u2019est que, lorsque la temp\u00e9rature de l\u2019eau atteint ou d\u00e9passe 29\u00b0, la tortue luth ne pond plus que des femelles. Or, avec le r\u00e9chauffement climatique, cette temp\u00e9rature est de plus en plus fr\u00e9quente l\u00e0 o\u00f9 se reproduit ce gros animal.<br \/>Nous pourrions lui conseiller de venir en vill\u00e9giature dans la Manche, par exemple, mais c\u2019est un trop long voyage pour elle. Et puis, vous imaginez un d\u00e9barquement de tortues luth sur les plages du d\u00e9barquement ?<\/p>\n<p style=\"text-align: justify;\">Quand il n\u2019y aura plus que des femelles, l\u2019esp\u00e8ce s\u2019\u00e9teindra, et l\u2019on ne verra plus jamais de tortues luth plaisanter avec des bigorneaux.<\/p>\n<p style=\"text-align: justify;\">Tout n\u2019est peut-\u00eatre pas perdu, la tortue luth s\u2019adaptera,les eaux cesseront de se r\u00e9chauffer. Si vous en croisez une, dites-lui cela,<br \/>pour lui donner du courage. Avec un peu de chance, elle s\u2019inqui\u00e9tera moins,<br \/>retrouvera sa gaiet\u00e9 et son insouciance.<\/p>\n<p style=\"text-align: justify;\">En attendant ces jours meilleurs, la tortue luth lutte.<\/p>\n<p>[\/et_pb_text][et_pb_button button_url=\u00a0\u00bb@ET-DC@eyJkeW5hbWljIjp0cnVlLCJjb250ZW50IjoicG9zdF9saW5rX3VybF9wYWdlIiwic2V0dGluZ3MiOnsicG9zdF9pZCI6IjU0OTE5In19@\u00a0\u00bb button_text=\u00a0\u00bbRetour\u00a0\u00bb _builder_version=\u00a0\u00bb4.13.1&Prime; _dynamic_attributes=\u00a0\u00bbbutton_url\u00a0\u00bb custom_button=\u00a0\u00bbon\u00a0\u00bb button_text_size=\u00a0\u00bb19px\u00a0\u00bb button_text_color=\u00a0\u00bb#ffffff\u00a0\u00bb button_icon=\u00a0\u00bb&#x3c;||divi||400&Prime; button_icon_color=\u00a0\u00bb#ffffff\u00a0\u00bb button_icon_placement=\u00a0\u00bbleft\u00a0\u00bb button_on_hover=\u00a0\u00bboff\u00a0\u00bb custom_margin=\u00a0\u00bb|||5vw|false|false\u00a0\u00bb custom_padding=\u00a0\u00bb8px|20px|8px|20px|true|true\u00a0\u00bb global_colors_info=\u00a0\u00bb{}\u00a0\u00bb][\/et_pb_button][\/et_pb_column][\/et_pb_row][\/et_pb_section]<\/p>\n","protected":false},"excerpt":{"rendered":"<p>&nbsp; La tortue lutteC\u2019est l\u2019histoire triste d\u2019une tortue triste, mais qui n\u2019a pas toujours \u00e9t\u00e9 triste. M\u00eame qu\u2019elle \u00e9tait plut\u00f4t joyeuse, plaisantant volontiers avec les uns et les autres, animaux marins, bien s\u00fbr, car, pour ce qui est des humains, elle \u00e9tait volontiers m\u00e9fiante. Et elle avait raison, la tortue luth, de se m\u00e9fier. Car, [&hellip;]<\/p>\n","protected":false},"author":5,"featured_media":0,"parent":0,"menu_order":0,"comment_status":"closed","ping_status":"closed","template":"page-template-blank.php","meta":{"_et_pb_use_builder":"on","_et_pb_old_content":"","_et_gb_content_width":""},"yoast_head":"<!-- This site is optimized with the Yoast SEO plugin v21.1 - https:\/\/yoast.com\/wordpress\/plugins\/seo\/ -->\n<title>Conte Tortue Luth - WWF Stop Extinction Saison 2<\/title>\n<meta name=\"description\" content=\"N&#039;attendons pas que la faune suavage devienne imaginaire. Agissons ensemble.\" \/>\n<meta name=\"robots\" content=\"index, follow, max-snippet:-1, max-image-preview:large, max-video-preview:-1\" \/>\n<link rel=\"canonical\" href=\"https:\/\/agir.wwf.fr\/stopextinction\/tortue-luth\/\" \/>\n<meta property=\"og:locale\" content=\"fr_FR\" \/>\n<meta property=\"og:type\" content=\"article\" \/>\n<meta property=\"og:title\" content=\"Conte Tortue Luth - WWF Stop Extinction Saison 2\" \/>\n<meta property=\"og:description\" content=\"N&#039;attendons pas que la faune suavage devienne imaginaire. Agissons ensemble.\" \/>\n<meta property=\"og:url\" content=\"https:\/\/agir.wwf.fr\/stopextinction\/tortue-luth\/\" \/>\n<meta property=\"og:site_name\" content=\"WWF Stop Extinction Saison 2\" \/>\n<meta property=\"article:modified_time\" content=\"2021-11-17T22:16:52+00:00\" \/>\n<meta property=\"og:image\" content=\"https:\/\/agir.wwf.fr\/stopextinction\/wp-content\/uploads\/sites\/35\/2021\/11\/wwf_big_lynx_2.jpg\" \/>\n\t<meta property=\"og:image:width\" content=\"1920\" \/>\n\t<meta property=\"og:image:height\" content=\"1080\" \/>\n\t<meta property=\"og:image:type\" content=\"image\/jpeg\" \/>\n<meta name=\"twitter:card\" content=\"summary_large_image\" \/>\n<meta name=\"twitter:label1\" content=\"Dur\u00e9e de lecture estim\u00e9e\" \/>\n\t<meta name=\"twitter:data1\" content=\"5 minutes\" \/>\n<script type=\"application\/ld+json\" class=\"yoast-schema-graph\">{\"@context\":\"https:\/\/schema.org\",\"@graph\":[{\"@type\":\"WebPage\",\"@id\":\"https:\/\/agir.wwf.fr\/stopextinction\/tortue-luth\/\",\"url\":\"https:\/\/agir.wwf.fr\/stopextinction\/tortue-luth\/\",\"name\":\"Conte Tortue Luth - WWF Stop Extinction Saison 2\",\"isPartOf\":{\"@id\":\"https:\/\/agir.wwf.fr\/stopextinction\/#website\"},\"datePublished\":\"2019-11-30T17:25:05+00:00\",\"dateModified\":\"2021-11-17T22:16:52+00:00\",\"description\":\"N'attendons pas que la faune suavage devienne imaginaire. Agissons ensemble.\",\"breadcrumb\":{\"@id\":\"https:\/\/agir.wwf.fr\/stopextinction\/tortue-luth\/#breadcrumb\"},\"inLanguage\":\"fr-FR\",\"potentialAction\":[{\"@type\":\"ReadAction\",\"target\":[\"https:\/\/agir.wwf.fr\/stopextinction\/tortue-luth\/\"]}]},{\"@type\":\"BreadcrumbList\",\"@id\":\"https:\/\/agir.wwf.fr\/stopextinction\/tortue-luth\/#breadcrumb\",\"itemListElement\":[{\"@type\":\"ListItem\",\"position\":1,\"name\":\"Accueil\",\"item\":\"https:\/\/agir.wwf.fr\/stopextinction\/\"},{\"@type\":\"ListItem\",\"position\":2,\"name\":\"Conte Tortue Luth\"}]},{\"@type\":\"WebSite\",\"@id\":\"https:\/\/agir.wwf.fr\/stopextinction\/#website\",\"url\":\"https:\/\/agir.wwf.fr\/stopextinction\/\",\"name\":\"WWF Stop Extinction Saison 2\",\"description\":\"N&#039;attendons pas que la faune sauvage devienne imaginaire. Agissons ensemble.\",\"publisher\":{\"@id\":\"https:\/\/agir.wwf.fr\/stopextinction\/#organization\"},\"potentialAction\":[{\"@type\":\"SearchAction\",\"target\":{\"@type\":\"EntryPoint\",\"urlTemplate\":\"https:\/\/agir.wwf.fr\/stopextinction\/?s={search_term_string}\"},\"query-input\":\"required name=search_term_string\"}],\"inLanguage\":\"fr-FR\"},{\"@type\":\"Organization\",\"@id\":\"https:\/\/agir.wwf.fr\/stopextinction\/#organization\",\"name\":\"WWF\",\"url\":\"https:\/\/agir.wwf.fr\/stopextinction\/\",\"logo\":{\"@type\":\"ImageObject\",\"inLanguage\":\"fr-FR\",\"@id\":\"https:\/\/agir.wwf.fr\/stopextinction\/#\/schema\/logo\/image\/\",\"url\":\"https:\/\/agir.wwf.fr\/stopextinction\/wp-content\/uploads\/sites\/27\/2019\/03\/wwflogo.png\",\"contentUrl\":\"https:\/\/agir.wwf.fr\/stopextinction\/wp-content\/uploads\/sites\/27\/2019\/03\/wwflogo.png\",\"width\":647,\"height\":306,\"caption\":\"WWF\"},\"image\":{\"@id\":\"https:\/\/agir.wwf.fr\/stopextinction\/#\/schema\/logo\/image\/\"}}]}<\/script>\n<!-- \/ Yoast SEO plugin. -->","yoast_head_json":{"title":"Conte Tortue Luth - WWF Stop Extinction Saison 2","description":"N'attendons pas que la faune suavage devienne imaginaire. Agissons ensemble.","robots":{"index":"index","follow":"follow","max-snippet":"max-snippet:-1","max-image-preview":"max-image-preview:large","max-video-preview":"max-video-preview:-1"},"canonical":"https:\/\/agir.wwf.fr\/stopextinction\/tortue-luth\/","og_locale":"fr_FR","og_type":"article","og_title":"Conte Tortue Luth - WWF Stop Extinction Saison 2","og_description":"N'attendons pas que la faune suavage devienne imaginaire. Agissons ensemble.","og_url":"https:\/\/agir.wwf.fr\/stopextinction\/tortue-luth\/","og_site_name":"WWF Stop Extinction Saison 2","article_modified_time":"2021-11-17T22:16:52+00:00","og_image":[{"width":1920,"height":1080,"url":"https:\/\/agir.wwf.fr\/stopextinction\/wp-content\/uploads\/sites\/35\/2021\/11\/wwf_big_lynx_2.jpg","type":"image\/jpeg"}],"twitter_card":"summary_large_image","twitter_misc":{"Dur\u00e9e de lecture estim\u00e9e":"5 minutes"},"schema":{"@context":"https:\/\/schema.org","@graph":[{"@type":"WebPage","@id":"https:\/\/agir.wwf.fr\/stopextinction\/tortue-luth\/","url":"https:\/\/agir.wwf.fr\/stopextinction\/tortue-luth\/","name":"Conte Tortue Luth - WWF Stop Extinction Saison 2","isPartOf":{"@id":"https:\/\/agir.wwf.fr\/stopextinction\/#website"},"datePublished":"2019-11-30T17:25:05+00:00","dateModified":"2021-11-17T22:16:52+00:00","description":"N'attendons pas que la faune suavage devienne imaginaire. Agissons ensemble.","breadcrumb":{"@id":"https:\/\/agir.wwf.fr\/stopextinction\/tortue-luth\/#breadcrumb"},"inLanguage":"fr-FR","potentialAction":[{"@type":"ReadAction","target":["https:\/\/agir.wwf.fr\/stopextinction\/tortue-luth\/"]}]},{"@type":"BreadcrumbList","@id":"https:\/\/agir.wwf.fr\/stopextinction\/tortue-luth\/#breadcrumb","itemListElement":[{"@type":"ListItem","position":1,"name":"Accueil","item":"https:\/\/agir.wwf.fr\/stopextinction\/"},{"@type":"ListItem","position":2,"name":"Conte Tortue Luth"}]},{"@type":"WebSite","@id":"https:\/\/agir.wwf.fr\/stopextinction\/#website","url":"https:\/\/agir.wwf.fr\/stopextinction\/","name":"WWF Stop Extinction Saison 2","description":"N&#039;attendons pas que la faune sauvage devienne imaginaire. Agissons ensemble.","publisher":{"@id":"https:\/\/agir.wwf.fr\/stopextinction\/#organization"},"potentialAction":[{"@type":"SearchAction","target":{"@type":"EntryPoint","urlTemplate":"https:\/\/agir.wwf.fr\/stopextinction\/?s={search_term_string}"},"query-input":"required name=search_term_string"}],"inLanguage":"fr-FR"},{"@type":"Organization","@id":"https:\/\/agir.wwf.fr\/stopextinction\/#organization","name":"WWF","url":"https:\/\/agir.wwf.fr\/stopextinction\/","logo":{"@type":"ImageObject","inLanguage":"fr-FR","@id":"https:\/\/agir.wwf.fr\/stopextinction\/#\/schema\/logo\/image\/","url":"https:\/\/agir.wwf.fr\/stopextinction\/wp-content\/uploads\/sites\/27\/2019\/03\/wwflogo.png","contentUrl":"https:\/\/agir.wwf.fr\/stopextinction\/wp-content\/uploads\/sites\/27\/2019\/03\/wwflogo.png","width":647,"height":306,"caption":"WWF"},"image":{"@id":"https:\/\/agir.wwf.fr\/stopextinction\/#\/schema\/logo\/image\/"}}]}},"_links":{"self":[{"href":"https:\/\/agir.wwf.fr\/stopextinction\/wp-json\/wp\/v2\/pages\/55049"}],"collection":[{"href":"https:\/\/agir.wwf.fr\/stopextinction\/wp-json\/wp\/v2\/pages"}],"about":[{"href":"https:\/\/agir.wwf.fr\/stopextinction\/wp-json\/wp\/v2\/types\/page"}],"author":[{"embeddable":true,"href":"https:\/\/agir.wwf.fr\/stopextinction\/wp-json\/wp\/v2\/users\/5"}],"replies":[{"embeddable":true,"href":"https:\/\/agir.wwf.fr\/stopextinction\/wp-json\/wp\/v2\/comments?post=55049"}],"version-history":[{"count":17,"href":"https:\/\/agir.wwf.fr\/stopextinction\/wp-json\/wp\/v2\/pages\/55049\/revisions"}],"predecessor-version":[{"id":56213,"href":"https:\/\/agir.wwf.fr\/stopextinction\/wp-json\/wp\/v2\/pages\/55049\/revisions\/56213"}],"wp:attachment":[{"href":"https:\/\/agir.wwf.fr\/stopextinction\/wp-json\/wp\/v2\/media?parent=55049"}],"curies":[{"name":"wp","href":"https:\/\/api.w.org\/{rel}","templated":true}]}}