
{"id":54982,"date":"2019-11-30T16:02:37","date_gmt":"2019-11-30T15:02:37","guid":{"rendered":"https:\/\/agir.wwf.fr\/stopextinction-saison-2\/?page_id=54982"},"modified":"2021-11-17T23:11:34","modified_gmt":"2021-11-17T22:11:34","slug":"conte-orang-outan","status":"publish","type":"page","link":"https:\/\/agir.wwf.fr\/stopextinction\/conte-orang-outan\/","title":{"rendered":"Conte Orang-Outan"},"content":{"rendered":"<p>[et_pb_section fb_built=\u00a0\u00bb1&Prime; _builder_version=\u00a0\u00bb4.13.1&Prime; background_color=\u00a0\u00bb#000000&Prime; width=\u00a0\u00bb100%\u00a0\u00bb hover_enabled=\u00a0\u00bb0&Prime; da_disable_devices=\u00a0\u00bboff|off|off\u00a0\u00bb global_colors_info=\u00a0\u00bb{}\u00a0\u00bb sticky_enabled=\u00a0\u00bb0&Prime; background_last_edited=\u00a0\u00bbon|phone\u00a0\u00bb title_text=\u00a0\u00bbmobile_conte_oran_outan\u00a0\u00bb background_image_phone=\u00a0\u00bbhttps:\/\/agir.wwf.fr\/stopextinction-saison-2\/wp-content\/uploads\/sites\/35\/2021\/11\/mobile_conte_oran_outan.png\u00a0\u00bb background_enable_image_phone=\u00a0\u00bbon\u00a0\u00bb da_is_popup=\u00a0\u00bboff\u00a0\u00bb da_exit_intent=\u00a0\u00bboff\u00a0\u00bb da_has_close=\u00a0\u00bbon\u00a0\u00bb da_alt_close=\u00a0\u00bboff\u00a0\u00bb da_dark_close=\u00a0\u00bboff\u00a0\u00bb da_not_modal=\u00a0\u00bbon\u00a0\u00bb da_is_singular=\u00a0\u00bboff\u00a0\u00bb da_with_loader=\u00a0\u00bboff\u00a0\u00bb da_has_shadow=\u00a0\u00bbon\u00a0\u00bb][et_pb_row _builder_version=\u00a0\u00bb4.13.1&Prime; background_image=\u00a0\u00bbhttps:\/\/agir.wwf.fr\/stopextinction-saison-2\/wp-content\/uploads\/sites\/35\/2021\/11\/mobile_conte_oran_outan.png\u00a0\u00bb background_size=\u00a0\u00bbcontain\u00a0\u00bb background_position=\u00a0\u00bbtop_center\u00a0\u00bb width=\u00a0\u00bb100%\u00a0\u00bb custom_padding=\u00a0\u00bb||10vh||false|false\u00a0\u00bb hover_enabled=\u00a0\u00bb0&Prime; global_colors_info=\u00a0\u00bb{}\u00a0\u00bb title_text=\u00a0\u00bbmobile_conte_oran_outan\u00a0\u00bb sticky_enabled=\u00a0\u00bb0&Prime;][et_pb_column type=\u00a0\u00bb4_4&Prime; _builder_version=\u00a0\u00bb4.0.6&Prime; custom_padding=\u00a0\u00bb||||false|false\u00a0\u00bb global_colors_info=\u00a0\u00bb{}\u00a0\u00bb][et_pb_text _builder_version=\u00a0\u00bb4.13.1&Prime; text_font=\u00a0\u00bbWWF new|200||on|||||\u00a0\u00bb text_text_color=\u00a0\u00bb#ffffff\u00a0\u00bb text_font_size=\u00a0\u00bb2em\u00a0\u00bb text_line_height=\u00a0\u00bb1em\u00a0\u00bb text_orientation=\u00a0\u00bbcenter\u00a0\u00bb background_layout=\u00a0\u00bbdark\u00a0\u00bb custom_margin=\u00a0\u00bb10vh||9vh||false|false\u00a0\u00bb hover_enabled=\u00a0\u00bb0&Prime; global_colors_info=\u00a0\u00bb{}\u00a0\u00bb sticky_enabled=\u00a0\u00bb0&Prime;]<\/p>\n<p>L&rsquo;ORANG-OUTAN<\/p>\n<p>AU CASQUE DE VERRE<\/p>\n<p>[\/et_pb_text][et_pb_button button_url=\u00a0\u00bb@ET-DC@eyJkeW5hbWljIjp0cnVlLCJjb250ZW50IjoicG9zdF9saW5rX3VybF9wYWdlIiwic2V0dGluZ3MiOnsicG9zdF9pZCI6IjU0OTEwIn19@\u00a0\u00bb button_text=\u00a0\u00bbRetour\u00a0\u00bb _builder_version=\u00a0\u00bb4.13.1&Prime; custom_button=\u00a0\u00bbon\u00a0\u00bb button_text_size=\u00a0\u00bb19px\u00a0\u00bb button_text_color=\u00a0\u00bb#ffffff\u00a0\u00bb button_icon=\u00a0\u00bb&#x3c;||divi||400&Prime; button_icon_color=\u00a0\u00bb#ffffff\u00a0\u00bb button_icon_placement=\u00a0\u00bbleft\u00a0\u00bb button_on_hover=\u00a0\u00bboff\u00a0\u00bb custom_margin=\u00a0\u00bb||32px|5vw|false|false\u00a0\u00bb custom_padding=\u00a0\u00bb7px|20px|7px|20px|true|true\u00a0\u00bb hover_enabled=\u00a0\u00bb0&Prime; global_colors_info=\u00a0\u00bb{}\u00a0\u00bb _dynamic_attributes=\u00a0\u00bbbutton_url\u00a0\u00bb sticky_enabled=\u00a0\u00bb0&Prime;][\/et_pb_button][et_pb_text _builder_version=\u00a0\u00bb4.0.6&Prime; text_text_color=\u00a0\u00bb#ffffff\u00a0\u00bb background_layout=\u00a0\u00bbdark\u00a0\u00bb custom_margin=\u00a0\u00bb|5vw||5vw|false|true\u00a0\u00bb global_colors_info=\u00a0\u00bb{}\u00a0\u00bb custom_padding=\u00a0\u00bb2px|||||\u00a0\u00bb min_height=\u00a0\u00bb990.3px\u00a0\u00bb]<\/p>\n<p><span><\/span><\/p>\n<p style=\"text-align: justify;\"><span>Un cultivateur vivait pr\u00e8s d\u2019une immense for\u00eat. Dans sa petite parcelle, il cultivait du manioc, dont les racines se vendaient bien sur le march\u00e9 et lui permettaient de gagner de quoi assurer la survie de sa famille.<\/span><\/p>\n<p style=\"text-align: justify;\"><span>Un jour, il entendit parler de la culture des palmiers \u00e0 huile, dont certains voisins lui avaient assur\u00e9 qu\u2019elle pourrait am\u00e9liorer sa vie. Notre cultivateur emporta alors une hache, avec l\u2019id\u00e9e d\u2019entamer la jungle afin d\u2019agrandir son terrain et d\u2019y planter des palmiers. En bordure de sa parcelle, il choisit donc un premier arbre de la for\u00eat toute proche, un petit manguier, et posa sa hache contre l\u2019\u00e9corce, d\u00e9cid\u00e9 \u00e0 l\u2019abattre. Mais une voix l\u2019interpella depuis les hauteurs : \u00ab ne fais pas \u00e7a, l\u2019humain ! <\/span><\/p>\n<p style=\"text-align: justify;\"><span>Il leva la t\u00eate et aper\u00e7ut alors un orang-outan, pos\u00e9 sur une branche et qui portait un casque en verre \u2013 car en ces temps-l\u00e0, l\u2019air devenait parfois irrespirable du fait des incendies occasionn\u00e9s par le r\u00e9chauffement climatique. <\/span><span>\u00ab Et pourquoi pas, le singe ? \u00bb r\u00e9torqua le cultivateur, \u00ab je ne fais qu\u2019abattre un arbre : \u00e7a n\u2019est presque rien !! \u00bb. L\u2019orang-outan descendit des hauteurs, retira son casque, et reprit la parole : \u00ab ma famille vit dans ce manguier, et nous nous nourrissons de ces fruits. \u00bb<\/span><\/p>\n<p style=\"text-align: justify;\"><span>Le cultivateur, bien que troubl\u00e9 par cet argument, pr\u00e9f\u00e9ra camper sur sa position : \u00ab tu n\u2019auras qu\u2019\u00e0 bouger, je sais que ton esp\u00e8ce est nomade. Et la for\u00eat est immense ! \u00bb<\/span><\/p>\n<p style=\"text-align: justify;\"><span> Le grand singe resta un instant silencieux, puis dit alors : \u00ab laisse-moi juste te raconter une histoire, l\u2019humain, et tu te d\u00e9cideras ensuite. \u00bb<\/span><\/p>\n<p style=\"text-align: justify;\"><span>Le cultivateur baissa sa hache et \u00e9couta alors l\u2019Orang-Outan, qui entama son r\u00e9cit : \u00ab Dans un royaume, non loin d\u2019ici, vivait un peuple dont la plus grande fiert\u00e9 \u00e9tait un immense et merveilleux Palais, le joyau de leur Nation, qui tr\u00f4nait au centre du pays, b\u00e2ti par d\u2019illustres anc\u00eatres mais qui semblait exister depuis l\u2019origine du monde &#8211; car de m\u00e9moire d\u2019homme et de femme, on en avait de tous temps admir\u00e9 les ornements d\u00e9licats et les d\u00e9corations somptueuses. Sa beaut\u00e9 \u00e9tait r\u00e9put\u00e9e dans le monde entier, au point que des voyageurs venus de toutes les r\u00e9gions se d\u00e9pla\u00e7aient expr\u00e8s pour avoir une chance de le voir une fois dans leur vie, afin d\u2019en parler ensuite \u00e0 leurs enfants.<\/span><\/p>\n<p style=\"text-align: justify;\"><span>Mais chaque fois qu\u2019un de ces voyageurs visitait le Palais merveilleux, il ou elle en pr\u00e9levait un tout petit bout, un fragment de rocher ou de brique, un souvenir, \u00ab presque rien \u00bb se disait la personne, \u00ab rien d\u2019important par rapport \u00e0 la grandeur de l\u2019\u00e9difice \u00bb. Et peu \u00e0 peu, semaine apr\u00e8s semaine, visite apr\u00e8s visite, le Palais se fragilisait\u2026 m\u00eame si de loin, il semblait encore intact et solide. <\/span><\/p>\n<p style=\"text-align: justify;\"><span>Jusqu\u2019au jour o\u00f9 un visiteur comme tous les autres, ni plus malveillant ni plus stupide que tous ses pr\u00e9d\u00e9cesseurs, retira le fragment de trop, celui qui fit basculer un rocher, qui fit tomber une brique, qui fit s\u2019effondrer un mur, qui entraina la chute de tout le Palais. Et il fut \u00e0 jamais impossible de le reconstruire, malgr\u00e9 les cris et les larmes des habitants du Royaume. \u00bb<\/span><\/p>\n<p style=\"text-align: justify;\"><span> L\u2019orang-outan fit une pause. Et alors que le cultivateur cherchait en vain quoi r\u00e9pondre, le singe conclut : \u00ab les minuscules rochers retir\u00e9s par ces visiteurs, ce sont les arbres de notre for\u00eat, l\u2019humain. Ce sont aussi les membres de ma famille, chacun unique en son genre. Et ce sont les esp\u00e8ces qui s\u2019\u00e9teignent en silence &#8211; la grenouille bleue, le poisson-chat \u00e0 grandes dents, le gingembre \u00e0 tige torsad\u00e9e\u2026 Autant de minuscules merveilles que nul \u2013 jamais &#8211; ne pourra faire revenir, mais dont d\u00e9pend l\u2019\u00e9quilibre de la Nature toute enti\u00e8re.\u00bb<\/span><\/p>\n<p style=\"text-align: justify;\"><span> Puis le singe remit tristement son casque, remonta dans le manguier, emporta ses petits et disparu dans les arbres. <\/span><\/p>\n<p style=\"text-align: justify;\"><span>Quant au cultivateur, il demeura un long moment seul, silencieux, sa hache dans la main, face \u00e0 cette for\u00eat immense, qui semblait \u00e9ternelle.\u00a0 Et il d\u00e9cida de rentrer chez lui, en laissant le manguier intact. \u00bb\u00a0<\/span><\/p>\n<p>[\/et_pb_text][et_pb_button button_url=\u00a0\u00bb@ET-DC@eyJkeW5hbWljIjp0cnVlLCJjb250ZW50IjoicG9zdF9saW5rX3VybF9wYWdlIiwic2V0dGluZ3MiOnsicG9zdF9pZCI6IjU0OTEwIn19@\u00a0\u00bb button_text=\u00a0\u00bbRetour\u00a0\u00bb _builder_version=\u00a0\u00bb4.13.1&Prime; custom_button=\u00a0\u00bbon\u00a0\u00bb button_text_size=\u00a0\u00bb19px\u00a0\u00bb button_text_color=\u00a0\u00bb#ffffff\u00a0\u00bb button_icon=\u00a0\u00bb&#x3c;||divi||400&Prime; button_icon_color=\u00a0\u00bb#ffffff\u00a0\u00bb button_icon_placement=\u00a0\u00bbleft\u00a0\u00bb button_on_hover=\u00a0\u00bboff\u00a0\u00bb custom_margin=\u00a0\u00bb|||5vw|false|false\u00a0\u00bb custom_padding=\u00a0\u00bb8px|20px|8px|20px|true|true\u00a0\u00bb hover_enabled=\u00a0\u00bb0&Prime; global_colors_info=\u00a0\u00bb{}\u00a0\u00bb _dynamic_attributes=\u00a0\u00bbbutton_url\u00a0\u00bb sticky_enabled=\u00a0\u00bb0&Prime;][\/et_pb_button][\/et_pb_column][\/et_pb_row][\/et_pb_section]<\/p>\n","protected":false},"excerpt":{"rendered":"<p>L&rsquo;ORANG-OUTAN AU CASQUE DE VERRE Un cultivateur vivait pr\u00e8s d\u2019une immense for\u00eat. Dans sa petite parcelle, il cultivait du manioc, dont les racines se vendaient bien sur le march\u00e9 et lui permettaient de gagner de quoi assurer la survie de sa famille. Un jour, il entendit parler de la culture des palmiers \u00e0 huile, dont [&hellip;]<\/p>\n","protected":false},"author":5,"featured_media":0,"parent":0,"menu_order":0,"comment_status":"closed","ping_status":"closed","template":"page-template-blank.php","meta":{"_et_pb_use_builder":"on","_et_pb_old_content":"","_et_gb_content_width":""},"yoast_head":"<!-- This site is optimized with the Yoast SEO plugin v21.1 - https:\/\/yoast.com\/wordpress\/plugins\/seo\/ -->\n<title>Conte Orang-Outan - WWF Stop Extinction Saison 2<\/title>\n<meta name=\"description\" content=\"N&#039;attendons pas que la faune suavage devienne imaginaire. Agissons ensemble.\" \/>\n<meta name=\"robots\" content=\"index, follow, max-snippet:-1, max-image-preview:large, max-video-preview:-1\" \/>\n<link rel=\"canonical\" href=\"https:\/\/agir.wwf.fr\/stopextinction\/conte-orang-outan\/\" \/>\n<meta property=\"og:locale\" content=\"fr_FR\" \/>\n<meta property=\"og:type\" content=\"article\" \/>\n<meta property=\"og:title\" content=\"Conte Orang-Outan - WWF Stop Extinction Saison 2\" \/>\n<meta property=\"og:description\" content=\"N&#039;attendons pas que la faune suavage devienne imaginaire. Agissons ensemble.\" \/>\n<meta property=\"og:url\" content=\"https:\/\/agir.wwf.fr\/stopextinction\/conte-orang-outan\/\" \/>\n<meta property=\"og:site_name\" content=\"WWF Stop Extinction Saison 2\" \/>\n<meta property=\"article:modified_time\" content=\"2021-11-17T22:11:34+00:00\" \/>\n<meta property=\"og:image\" content=\"https:\/\/agir.wwf.fr\/stopextinction\/wp-content\/uploads\/sites\/35\/2021\/11\/wwf_big_lynx_2.jpg\" \/>\n\t<meta property=\"og:image:width\" content=\"1920\" \/>\n\t<meta property=\"og:image:height\" content=\"1080\" \/>\n\t<meta property=\"og:image:type\" content=\"image\/jpeg\" \/>\n<meta name=\"twitter:card\" content=\"summary_large_image\" \/>\n<meta name=\"twitter:label1\" content=\"Dur\u00e9e de lecture estim\u00e9e\" \/>\n\t<meta name=\"twitter:data1\" content=\"6 minutes\" \/>\n<script type=\"application\/ld+json\" class=\"yoast-schema-graph\">{\"@context\":\"https:\/\/schema.org\",\"@graph\":[{\"@type\":\"WebPage\",\"@id\":\"https:\/\/agir.wwf.fr\/stopextinction\/conte-orang-outan\/\",\"url\":\"https:\/\/agir.wwf.fr\/stopextinction\/conte-orang-outan\/\",\"name\":\"Conte Orang-Outan - WWF Stop Extinction Saison 2\",\"isPartOf\":{\"@id\":\"https:\/\/agir.wwf.fr\/stopextinction\/#website\"},\"datePublished\":\"2019-11-30T15:02:37+00:00\",\"dateModified\":\"2021-11-17T22:11:34+00:00\",\"description\":\"N'attendons pas que la faune suavage devienne imaginaire. Agissons ensemble.\",\"breadcrumb\":{\"@id\":\"https:\/\/agir.wwf.fr\/stopextinction\/conte-orang-outan\/#breadcrumb\"},\"inLanguage\":\"fr-FR\",\"potentialAction\":[{\"@type\":\"ReadAction\",\"target\":[\"https:\/\/agir.wwf.fr\/stopextinction\/conte-orang-outan\/\"]}]},{\"@type\":\"BreadcrumbList\",\"@id\":\"https:\/\/agir.wwf.fr\/stopextinction\/conte-orang-outan\/#breadcrumb\",\"itemListElement\":[{\"@type\":\"ListItem\",\"position\":1,\"name\":\"Accueil\",\"item\":\"https:\/\/agir.wwf.fr\/stopextinction\/\"},{\"@type\":\"ListItem\",\"position\":2,\"name\":\"Conte Orang-Outan\"}]},{\"@type\":\"WebSite\",\"@id\":\"https:\/\/agir.wwf.fr\/stopextinction\/#website\",\"url\":\"https:\/\/agir.wwf.fr\/stopextinction\/\",\"name\":\"WWF Stop Extinction Saison 2\",\"description\":\"N&#039;attendons pas que la faune sauvage devienne imaginaire. Agissons ensemble.\",\"publisher\":{\"@id\":\"https:\/\/agir.wwf.fr\/stopextinction\/#organization\"},\"potentialAction\":[{\"@type\":\"SearchAction\",\"target\":{\"@type\":\"EntryPoint\",\"urlTemplate\":\"https:\/\/agir.wwf.fr\/stopextinction\/?s={search_term_string}\"},\"query-input\":\"required name=search_term_string\"}],\"inLanguage\":\"fr-FR\"},{\"@type\":\"Organization\",\"@id\":\"https:\/\/agir.wwf.fr\/stopextinction\/#organization\",\"name\":\"WWF\",\"url\":\"https:\/\/agir.wwf.fr\/stopextinction\/\",\"logo\":{\"@type\":\"ImageObject\",\"inLanguage\":\"fr-FR\",\"@id\":\"https:\/\/agir.wwf.fr\/stopextinction\/#\/schema\/logo\/image\/\",\"url\":\"https:\/\/agir.wwf.fr\/stopextinction\/wp-content\/uploads\/sites\/27\/2019\/03\/wwflogo.png\",\"contentUrl\":\"https:\/\/agir.wwf.fr\/stopextinction\/wp-content\/uploads\/sites\/27\/2019\/03\/wwflogo.png\",\"width\":647,\"height\":306,\"caption\":\"WWF\"},\"image\":{\"@id\":\"https:\/\/agir.wwf.fr\/stopextinction\/#\/schema\/logo\/image\/\"}}]}<\/script>\n<!-- \/ Yoast SEO plugin. -->","yoast_head_json":{"title":"Conte Orang-Outan - WWF Stop Extinction Saison 2","description":"N'attendons pas que la faune suavage devienne imaginaire. Agissons ensemble.","robots":{"index":"index","follow":"follow","max-snippet":"max-snippet:-1","max-image-preview":"max-image-preview:large","max-video-preview":"max-video-preview:-1"},"canonical":"https:\/\/agir.wwf.fr\/stopextinction\/conte-orang-outan\/","og_locale":"fr_FR","og_type":"article","og_title":"Conte Orang-Outan - WWF Stop Extinction Saison 2","og_description":"N'attendons pas que la faune suavage devienne imaginaire. Agissons ensemble.","og_url":"https:\/\/agir.wwf.fr\/stopextinction\/conte-orang-outan\/","og_site_name":"WWF Stop Extinction Saison 2","article_modified_time":"2021-11-17T22:11:34+00:00","og_image":[{"width":1920,"height":1080,"url":"https:\/\/agir.wwf.fr\/stopextinction\/wp-content\/uploads\/sites\/35\/2021\/11\/wwf_big_lynx_2.jpg","type":"image\/jpeg"}],"twitter_card":"summary_large_image","twitter_misc":{"Dur\u00e9e de lecture estim\u00e9e":"6 minutes"},"schema":{"@context":"https:\/\/schema.org","@graph":[{"@type":"WebPage","@id":"https:\/\/agir.wwf.fr\/stopextinction\/conte-orang-outan\/","url":"https:\/\/agir.wwf.fr\/stopextinction\/conte-orang-outan\/","name":"Conte Orang-Outan - WWF Stop Extinction Saison 2","isPartOf":{"@id":"https:\/\/agir.wwf.fr\/stopextinction\/#website"},"datePublished":"2019-11-30T15:02:37+00:00","dateModified":"2021-11-17T22:11:34+00:00","description":"N'attendons pas que la faune suavage devienne imaginaire. Agissons ensemble.","breadcrumb":{"@id":"https:\/\/agir.wwf.fr\/stopextinction\/conte-orang-outan\/#breadcrumb"},"inLanguage":"fr-FR","potentialAction":[{"@type":"ReadAction","target":["https:\/\/agir.wwf.fr\/stopextinction\/conte-orang-outan\/"]}]},{"@type":"BreadcrumbList","@id":"https:\/\/agir.wwf.fr\/stopextinction\/conte-orang-outan\/#breadcrumb","itemListElement":[{"@type":"ListItem","position":1,"name":"Accueil","item":"https:\/\/agir.wwf.fr\/stopextinction\/"},{"@type":"ListItem","position":2,"name":"Conte Orang-Outan"}]},{"@type":"WebSite","@id":"https:\/\/agir.wwf.fr\/stopextinction\/#website","url":"https:\/\/agir.wwf.fr\/stopextinction\/","name":"WWF Stop Extinction Saison 2","description":"N&#039;attendons pas que la faune sauvage devienne imaginaire. Agissons ensemble.","publisher":{"@id":"https:\/\/agir.wwf.fr\/stopextinction\/#organization"},"potentialAction":[{"@type":"SearchAction","target":{"@type":"EntryPoint","urlTemplate":"https:\/\/agir.wwf.fr\/stopextinction\/?s={search_term_string}"},"query-input":"required name=search_term_string"}],"inLanguage":"fr-FR"},{"@type":"Organization","@id":"https:\/\/agir.wwf.fr\/stopextinction\/#organization","name":"WWF","url":"https:\/\/agir.wwf.fr\/stopextinction\/","logo":{"@type":"ImageObject","inLanguage":"fr-FR","@id":"https:\/\/agir.wwf.fr\/stopextinction\/#\/schema\/logo\/image\/","url":"https:\/\/agir.wwf.fr\/stopextinction\/wp-content\/uploads\/sites\/27\/2019\/03\/wwflogo.png","contentUrl":"https:\/\/agir.wwf.fr\/stopextinction\/wp-content\/uploads\/sites\/27\/2019\/03\/wwflogo.png","width":647,"height":306,"caption":"WWF"},"image":{"@id":"https:\/\/agir.wwf.fr\/stopextinction\/#\/schema\/logo\/image\/"}}]}},"_links":{"self":[{"href":"https:\/\/agir.wwf.fr\/stopextinction\/wp-json\/wp\/v2\/pages\/54982"}],"collection":[{"href":"https:\/\/agir.wwf.fr\/stopextinction\/wp-json\/wp\/v2\/pages"}],"about":[{"href":"https:\/\/agir.wwf.fr\/stopextinction\/wp-json\/wp\/v2\/types\/page"}],"author":[{"embeddable":true,"href":"https:\/\/agir.wwf.fr\/stopextinction\/wp-json\/wp\/v2\/users\/5"}],"replies":[{"embeddable":true,"href":"https:\/\/agir.wwf.fr\/stopextinction\/wp-json\/wp\/v2\/comments?post=54982"}],"version-history":[{"count":14,"href":"https:\/\/agir.wwf.fr\/stopextinction\/wp-json\/wp\/v2\/pages\/54982\/revisions"}],"predecessor-version":[{"id":56206,"href":"https:\/\/agir.wwf.fr\/stopextinction\/wp-json\/wp\/v2\/pages\/54982\/revisions\/56206"}],"wp:attachment":[{"href":"https:\/\/agir.wwf.fr\/stopextinction\/wp-json\/wp\/v2\/media?parent=54982"}],"curies":[{"name":"wp","href":"https:\/\/api.w.org\/{rel}","templated":true}]}}