
{"id":54028,"date":"2021-11-19T17:56:07","date_gmt":"2021-11-19T16:56:07","guid":{"rendered":"https:\/\/agir.wwf.fr\/stopextinction-saison-2\/?page_id=54028"},"modified":"2021-12-15T11:56:28","modified_gmt":"2021-12-15T10:56:28","slug":"tigre-2","status":"publish","type":"page","link":"https:\/\/agir.wwf.fr\/stopextinction\/","title":{"rendered":"Lynx"},"content":{"rendered":"<p>[et_pb_section fb_built=\u00a0\u00bb1&Prime; disabled_on=\u00a0\u00bbon|off|off\u00a0\u00bb admin_label=\u00a0\u00bbSection PC &#038; Tablette\u00a0\u00bb module_class=\u00a0\u00bbfullscreen\u00a0\u00bb _builder_version=\u00a0\u00bb4.0.6&Prime; background_color=\u00a0\u00bb#000000&Prime; background_enable_image=\u00a0\u00bboff\u00a0\u00bb background_enable_video_mp4=\u00a0\u00bboff\u00a0\u00bb width=\u00a0\u00bb119%\u00a0\u00bb max_width=\u00a0\u00bb120%\u00a0\u00bb min_height=\u00a0\u00bb100vh\u00a0\u00bb height_last_edited=\u00a0\u00bboff|desktop\u00a0\u00bb custom_css_main_element=\u00a0\u00bbpadding-top:0 !important;\u00a0\u00bb da_disable_devices=\u00a0\u00bboff|off|off\u00a0\u00bb global_colors_info=\u00a0\u00bb{}\u00a0\u00bb da_is_popup=\u00a0\u00bboff\u00a0\u00bb da_exit_intent=\u00a0\u00bboff\u00a0\u00bb da_has_close=\u00a0\u00bbon\u00a0\u00bb da_alt_close=\u00a0\u00bboff\u00a0\u00bb da_dark_close=\u00a0\u00bboff\u00a0\u00bb da_not_modal=\u00a0\u00bbon\u00a0\u00bb da_is_singular=\u00a0\u00bboff\u00a0\u00bb da_with_loader=\u00a0\u00bboff\u00a0\u00bb da_has_shadow=\u00a0\u00bbon\u00a0\u00bb][et_pb_row _builder_version=\u00a0\u00bb4.0.6&Prime; background_color=\u00a0\u00bb#000000&Prime; width=\u00a0\u00bb100%\u00a0\u00bb module_alignment=\u00a0\u00bbleft\u00a0\u00bb custom_margin=\u00a0\u00bb|||20vw|false|false\u00a0\u00bb animation_style=\u00a0\u00bbslide\u00a0\u00bb animation_direction=\u00a0\u00bbleft\u00a0\u00bb animation_intensity_slide=\u00a0\u00bb1%\u00a0\u00bb custom_css_main_element=\u00a0\u00bbmargin: auto auto 0;\u00a0\u00bb global_colors_info=\u00a0\u00bb{}\u00a0\u00bb][et_pb_column type=\u00a0\u00bb4_4&Prime; _builder_version=\u00a0\u00bb4.0.6&Prime; background_color=\u00a0\u00bb#000000&Prime; background_enable_image=\u00a0\u00bboff\u00a0\u00bb global_colors_info=\u00a0\u00bb{}\u00a0\u00bb][et_pb_slider show_arrows=\u00a0\u00bboff\u00a0\u00bb show_pagination=\u00a0\u00bboff\u00a0\u00bb show_content_on_mobile=\u00a0\u00bboff\u00a0\u00bb admin_label=\u00a0\u00bbDiapo\u00a0\u00bb _builder_version=\u00a0\u00bb4.14.1&Prime; body_font_size=\u00a0\u00bb2em\u00a0\u00bb body_letter_spacing=\u00a0\u00bb1px\u00a0\u00bb custom_button=\u00a0\u00bbon\u00a0\u00bb button_font=\u00a0\u00bbWWF2||||||||\u00a0\u00bb text_orientation=\u00a0\u00bbleft\u00a0\u00bb width=\u00a0\u00bb100vw\u00a0\u00bb module_alignment=\u00a0\u00bbleft\u00a0\u00bb min_height=\u00a0\u00bb100vh\u00a0\u00bb custom_margin=\u00a0\u00bb||-20vh||false|false\u00a0\u00bb custom_padding=\u00a0\u00bb10vh|32vw||15vw|false|false\u00a0\u00bb auto=\u00a0\u00bbon\u00a0\u00bb auto_ignore_hover=\u00a0\u00bbon\u00a0\u00bb hover_transition_duration=\u00a0\u00bb450ms\u00a0\u00bb hover_transition_speed_curve=\u00a0\u00bbease-in-out\u00a0\u00bb header_font_size_tablet=\u00a0\u00bb30px\u00a0\u00bb header_font_size_phone=\u00a0\u00bb\u00a0\u00bb header_font_size_last_edited=\u00a0\u00bbon|tablet\u00a0\u00bb header_letter_spacing_tablet=\u00a0\u00bb0px\u00a0\u00bb header_letter_spacing_phone=\u00a0\u00bb\u00a0\u00bb header_letter_spacing_last_edited=\u00a0\u00bbon|tablet\u00a0\u00bb body_font_size_tablet=\u00a0\u00bb0.8em\u00a0\u00bb body_font_size_phone=\u00a0\u00bb\u00a0\u00bb body_font_size_last_edited=\u00a0\u00bbon|tablet\u00a0\u00bb body_letter_spacing_tablet=\u00a0\u00bb0px\u00a0\u00bb body_letter_spacing_phone=\u00a0\u00bb\u00a0\u00bb body_letter_spacing_last_edited=\u00a0\u00bbon|tablet\u00a0\u00bb body_line_height_tablet=\u00a0\u00bb1em\u00a0\u00bb body_line_height_phone=\u00a0\u00bb\u00a0\u00bb body_line_height_last_edited=\u00a0\u00bbon|tablet\u00a0\u00bb custom_css_slide_description=\u00a0\u00bbanimation-name: none;\u00a0\u00bb global_colors_info=\u00a0\u00bb{}\u00a0\u00bb][et_pb_slide heading=\u00a0\u00bbN&rsquo;attendons pas qu&rsquo;il devienne imaginaire\u00a0\u00bb button_link=\u00a0\u00bbhttps:\/\/faireundon.wwf.fr\/b?cid=352&#038;lang=fr_FR\u00a0\u00bb _builder_version=\u00a0\u00bb4.14.1&Prime; header_font=\u00a0\u00bbWWF2|200||on|||||\u00a0\u00bb header_text_align=\u00a0\u00bbleft\u00a0\u00bb header_font_size=\u00a0\u00bb3.5em\u00a0\u00bb header_letter_spacing=\u00a0\u00bb2px\u00a0\u00bb body_font_size=\u00a0\u00bb1em\u00a0\u00bb body_line_height=\u00a0\u00bb1.5em\u00a0\u00bb background_enable_color=\u00a0\u00bboff\u00a0\u00bb background_image=\u00a0\u00bbhttps:\/\/agir.wwf.fr\/stopextinction-saison-2\/wp-content\/uploads\/sites\/35\/2021\/11\/wwf_big_lynx_2.jpg\u00a0\u00bb background_enable_image=\u00a0\u00bbon\u00a0\u00bb parallax=\u00a0\u00bbon\u00a0\u00bb parallax_method=\u00a0\u00bboff\u00a0\u00bb custom_button=\u00a0\u00bbon\u00a0\u00bb button_letter_spacing=\u00a0\u00bb1px\u00a0\u00bb button_font=\u00a0\u00bbWWF new|500|||||||\u00a0\u00bb custom_padding=\u00a0\u00bb|40vw|||false|false\u00a0\u00bb hover_transition_speed_curve=\u00a0\u00bbease-in\u00a0\u00bb header_font_size_tablet=\u00a0\u00bb2em\u00a0\u00bb header_font_size_phone=\u00a0\u00bb\u00a0\u00bb header_font_size_last_edited=\u00a0\u00bbon|tablet\u00a0\u00bb header_letter_spacing_tablet=\u00a0\u00bb0px\u00a0\u00bb header_letter_spacing_phone=\u00a0\u00bb\u00a0\u00bb header_letter_spacing_last_edited=\u00a0\u00bbon|tablet\u00a0\u00bb body_font_size_tablet=\u00a0\u00bb0.8em\u00a0\u00bb body_font_size_phone=\u00a0\u00bb\u00a0\u00bb body_font_size_last_edited=\u00a0\u00bbon|tablet\u00a0\u00bb body_letter_spacing_tablet=\u00a0\u00bb0px\u00a0\u00bb body_letter_spacing_phone=\u00a0\u00bb\u00a0\u00bb body_letter_spacing_last_edited=\u00a0\u00bbon|tablet\u00a0\u00bb body_line_height_tablet=\u00a0\u00bb1em\u00a0\u00bb body_line_height_phone=\u00a0\u00bb\u00a0\u00bb body_line_height_last_edited=\u00a0\u00bbon|tablet\u00a0\u00bb background_last_edited=\u00a0\u00bbon|desktop\u00a0\u00bb background_image_phone=\u00a0\u00bbhttps:\/\/agir.wwf.fr\/stopextinction\/wp-content\/uploads\/sites\/35\/2021\/11\/wwf-mobile_lynx1.jpg\u00a0\u00bb background_enable_image_phone=\u00a0\u00bbon\u00a0\u00bb parallax_phone=\u00a0\u00bboff\u00a0\u00bb global_colors_info=\u00a0\u00bb{}\u00a0\u00bb sticky_transition=\u00a0\u00bbon\u00a0\u00bb]<\/p>\n<p><span style=\"font-weight: 400;\">En France, le lynx a le statut d\u2019esp\u00e8ce en danger et vit essentiellement dans le massif jurassien, plus rarement visible dans le massif alpin et a quasiment disparu des Vosges. \u00a0Ils seraient moins de 200 en France.<\/span><\/p>\n<p>[\/et_pb_slide][et_pb_slide heading=\u00a0\u00bbEnsemble, conservons le lynx dans le monde r\u00e9el\u00a0\u00bb button_text=\u00a0\u00bbFAIRE UN DON\u00a0\u00bb button_link=\u00a0\u00bbhttps:\/\/faireundon.wwf.fr\/b?cid=352&#038;lang=fr_FR\u00a0\u00bb _builder_version=\u00a0\u00bb4.14.1&Prime; header_font=\u00a0\u00bbWWF2|200||on|||||\u00a0\u00bb header_text_align=\u00a0\u00bbleft\u00a0\u00bb header_font_size=\u00a0\u00bb3.5em\u00a0\u00bb header_letter_spacing=\u00a0\u00bb2px\u00a0\u00bb body_font_size=\u00a0\u00bb1em\u00a0\u00bb body_line_height=\u00a0\u00bb1.5em\u00a0\u00bb background_enable_color=\u00a0\u00bboff\u00a0\u00bb background_image=\u00a0\u00bbhttps:\/\/agir.wwf.fr\/stopextinction-saison-2\/wp-content\/uploads\/sites\/35\/2021\/11\/wwf_big_lynx_1.jpg\u00a0\u00bb background_enable_image=\u00a0\u00bbon\u00a0\u00bb parallax=\u00a0\u00bbon\u00a0\u00bb parallax_method=\u00a0\u00bboff\u00a0\u00bb custom_button=\u00a0\u00bbon\u00a0\u00bb button_letter_spacing=\u00a0\u00bb1px\u00a0\u00bb button_font=\u00a0\u00bbWWF2|500|||||||\u00a0\u00bb custom_padding=\u00a0\u00bb|40vw|||false|false\u00a0\u00bb hover_transition_speed_curve=\u00a0\u00bbease-in\u00a0\u00bb header_font_size_tablet=\u00a0\u00bb2em\u00a0\u00bb header_font_size_phone=\u00a0\u00bb\u00a0\u00bb header_font_size_last_edited=\u00a0\u00bbon|tablet\u00a0\u00bb header_letter_spacing_tablet=\u00a0\u00bb0px\u00a0\u00bb header_letter_spacing_phone=\u00a0\u00bb\u00a0\u00bb header_letter_spacing_last_edited=\u00a0\u00bbon|tablet\u00a0\u00bb body_font_size_tablet=\u00a0\u00bb0.8em\u00a0\u00bb body_font_size_phone=\u00a0\u00bb\u00a0\u00bb body_font_size_last_edited=\u00a0\u00bbon|tablet\u00a0\u00bb body_letter_spacing_tablet=\u00a0\u00bb0px\u00a0\u00bb body_letter_spacing_phone=\u00a0\u00bb\u00a0\u00bb body_letter_spacing_last_edited=\u00a0\u00bbon|tablet\u00a0\u00bb body_line_height_tablet=\u00a0\u00bb1em\u00a0\u00bb body_line_height_phone=\u00a0\u00bb\u00a0\u00bb body_line_height_last_edited=\u00a0\u00bbon|tablet\u00a0\u00bb background_last_edited=\u00a0\u00bbon|phone\u00a0\u00bb background_image_phone=\u00a0\u00bbhttps:\/\/agir.wwf.fr\/stopextinction\/wp-content\/uploads\/sites\/35\/2021\/11\/wwf-mobile_lynx2.jpg\u00a0\u00bb background_enable_image_phone=\u00a0\u00bbon\u00a0\u00bb parallax_phone=\u00a0\u00bboff\u00a0\u00bb global_colors_info=\u00a0\u00bb{}\u00a0\u00bb body_line_height__hover_enabled=\u00a0\u00bboff|desktop\u00a0\u00bb sticky_transition=\u00a0\u00bbon\u00a0\u00bb]<\/p>\n<p><span style=\"font-weight: 400;\">Faire un don, c\u2019est agir aux c\u00f4t\u00e9s de WWF pour prot\u00e9ger\u00a0<\/span><span style=\"font-weight: 400;\">les esp\u00e8ces menac\u00e9es d\u2019extinction et leur permettre\u00a0<\/span><span style=\"font-weight: 400;\">d\u2019\u00e9voluer librement dans leur \u00e9cosyst\u00e8me.<\/span><\/p>\n<p>[\/et_pb_slide][\/et_pb_slider][\/et_pb_column][\/et_pb_row][et_pb_row column_structure=\u00a0\u00bb2_5,3_5&Prime; _builder_version=\u00a0\u00bb4.0.6&Prime; custom_margin=\u00a0\u00bb|auto||17%|false|false\u00a0\u00bb custom_padding=\u00a0\u00bb||||false|false\u00a0\u00bb animation_style=\u00a0\u00bbslide\u00a0\u00bb animation_direction=\u00a0\u00bbleft\u00a0\u00bb animation_intensity_slide=\u00a0\u00bb5%\u00a0\u00bb global_colors_info=\u00a0\u00bb{}\u00a0\u00bb][et_pb_column type=\u00a0\u00bb2_5&Prime; _builder_version=\u00a0\u00bb4.0.6&Prime; custom_padding=\u00a0\u00bb|0%|||false|false\u00a0\u00bb global_colors_info=\u00a0\u00bb{}\u00a0\u00bb][et_pb_text _builder_version=\u00a0\u00bb4.13.0&Prime; text_text_color=\u00a0\u00bb#ffffff\u00a0\u00bb text_font_size=\u00a0\u00bb0.9em\u00a0\u00bb custom_margin=\u00a0\u00bb||||false|false\u00a0\u00bb custom_padding=\u00a0\u00bb||||false|false\u00a0\u00bb text_font_size_tablet=\u00a0\u00bb\u00a0\u00bb text_font_size_phone=\u00a0\u00bb1.1em\u00a0\u00bb text_font_size_last_edited=\u00a0\u00bbon|phone\u00a0\u00bb global_colors_info=\u00a0\u00bb{}\u00a0\u00bb]<\/p>\n<p><a href=\"#podcast\" style=\"float: left;\"><img decoding=\"async\" loading=\"lazy\" src=\"https:\/\/agir.wwf.fr\/stopextinction-saison-2\/wp-content\/uploads\/sites\/35\/2021\/11\/pour-le-web.png\" width=\"64\" height=\"64\" alt=\"\" class=\"wp-image-55811 alignnone size-full\" \/>\u00a0<br \/><\/a><span style=\"padding-top: 16px; float: left; max-width: 300px;\">St\u00e9phane Bern nous conte<br \/><strong>L&rsquo;oeil de Lynx<\/strong><\/span><\/p>\n<p>[\/et_pb_text][\/et_pb_column][et_pb_column type=\u00a0\u00bb3_5&Prime; _builder_version=\u00a0\u00bb4.0.6&Prime; custom_padding=\u00a0\u00bb|0%||0px|false|false\u00a0\u00bb border_style_all=\u00a0\u00bbnone\u00a0\u00bb global_colors_info=\u00a0\u00bb{}\u00a0\u00bb][\/et_pb_column][\/et_pb_row][\/et_pb_section][et_pb_section fb_built=\u00a0\u00bb1&Prime; disabled_on=\u00a0\u00bboff|on|on\u00a0\u00bb admin_label=\u00a0\u00bbSection Mobile\u00a0\u00bb _builder_version=\u00a0\u00bb4.0.6&Prime; background_color=\u00a0\u00bb#000000&Prime; min_height=\u00a0\u00bb100vh\u00a0\u00bb custom_padding=\u00a0\u00bb0px|||||\u00a0\u00bb da_disable_devices=\u00a0\u00bboff|off|off\u00a0\u00bb global_colors_info=\u00a0\u00bb{}\u00a0\u00bb custom_css_main_element_last_edited=\u00a0\u00bbon|phone\u00a0\u00bb custom_css_main_element_phone=\u00a0\u00bbpadding-top:0 !important;\u00a0\u00bb da_is_popup=\u00a0\u00bboff\u00a0\u00bb da_exit_intent=\u00a0\u00bboff\u00a0\u00bb da_has_close=\u00a0\u00bbon\u00a0\u00bb da_alt_close=\u00a0\u00bboff\u00a0\u00bb da_dark_close=\u00a0\u00bboff\u00a0\u00bb da_not_modal=\u00a0\u00bbon\u00a0\u00bb da_is_singular=\u00a0\u00bboff\u00a0\u00bb da_with_loader=\u00a0\u00bboff\u00a0\u00bb da_has_shadow=\u00a0\u00bbon\u00a0\u00bb][et_pb_row make_equal=\u00a0\u00bbon\u00a0\u00bb _builder_version=\u00a0\u00bb4.0.6&Prime; background_color=\u00a0\u00bb#000000&Prime; width=\u00a0\u00bb100%\u00a0\u00bb max_width=\u00a0\u00bb1862px\u00a0\u00bb module_alignment=\u00a0\u00bbcenter\u00a0\u00bb height=\u00a0\u00bb100%\u00a0\u00bb module_alignment_last_edited=\u00a0\u00bboff|desktop\u00a0\u00bb global_colors_info=\u00a0\u00bb{}\u00a0\u00bb][et_pb_column type=\u00a0\u00bb4_4&Prime; _builder_version=\u00a0\u00bb4.0.6&Prime; global_colors_info=\u00a0\u00bb{}\u00a0\u00bb][et_pb_slider show_pagination=\u00a0\u00bboff\u00a0\u00bb show_cta_on_mobile=\u00a0\u00bboff\u00a0\u00bb _builder_version=\u00a0\u00bb4.14.1&Prime; background_color=\u00a0\u00bb#000000&Prime; custom_padding=\u00a0\u00bb500px||||false|false\u00a0\u00bb background_last_edited=\u00a0\u00bbon|phone\u00a0\u00bb global_colors_info=\u00a0\u00bb{}\u00a0\u00bb][et_pb_slide heading=\u00a0\u00bbN&rsquo;attendons pas qu&rsquo;il devienne imaginaire\u00a0\u00bb use_bg_overlay=\u00a0\u00bboff\u00a0\u00bb use_text_overlay=\u00a0\u00bboff\u00a0\u00bb alignment=\u00a0\u00bbbottom\u00a0\u00bb _builder_version=\u00a0\u00bb4.14.1&Prime; header_font=\u00a0\u00bbWWF2|200||on|||||\u00a0\u00bb header_text_align=\u00a0\u00bbcenter\u00a0\u00bb header_font_size=\u00a0\u00bb0px\u00a0\u00bb header_letter_spacing=\u00a0\u00bb2px\u00a0\u00bb body_font=\u00a0\u00bbWWF2|200||on|||||\u00a0\u00bb body_text_align=\u00a0\u00bbcenter\u00a0\u00bb body_text_color=\u00a0\u00bb#ffffff\u00a0\u00bb body_font_size=\u00a0\u00bb2.5em\u00a0\u00bb body_letter_spacing=\u00a0\u00bb2px\u00a0\u00bb body_line_height=\u00a0\u00bb1em\u00a0\u00bb background_color=\u00a0\u00bb#000000&Prime; background_enable_color=\u00a0\u00bbon\u00a0\u00bb background_image=\u00a0\u00bbhttps:\/\/agir.wwf.fr\/stopextinction-saison-2\/wp-content\/uploads\/sites\/35\/2021\/11\/lynx-pour-le-web-scaled.jpg\u00a0\u00bb background_enable_image=\u00a0\u00bbon\u00a0\u00bb background_position=\u00a0\u00bbtop_center\u00a0\u00bb text_orientation=\u00a0\u00bbcenter\u00a0\u00bb custom_padding_tablet=\u00a0\u00bb\u00a0\u00bb custom_padding_phone=\u00a0\u00bb85%||||false|false\u00a0\u00bb custom_padding_last_edited=\u00a0\u00bbon|phone\u00a0\u00bb body_letter_spacing_tablet=\u00a0\u00bb\u00a0\u00bb body_letter_spacing_phone=\u00a0\u00bb\u00a0\u00bb body_letter_spacing_last_edited=\u00a0\u00bbon|desktop\u00a0\u00bb background_last_edited=\u00a0\u00bbon|phone\u00a0\u00bb background_image_phone=\u00a0\u00bbhttps:\/\/agir.wwf.fr\/stopextinction\/wp-content\/uploads\/sites\/35\/2021\/11\/wwf-mobile-lynx1.jpg\u00a0\u00bb background_enable_image_phone=\u00a0\u00bbon\u00a0\u00bb parallax_phone=\u00a0\u00bboff\u00a0\u00bb border_width_all_image=\u00a0\u00bb0px\u00a0\u00bb border_color_left_image=\u00a0\u00bb#000000&Prime; global_colors_info=\u00a0\u00bb{}\u00a0\u00bb sticky_transition=\u00a0\u00bbon\u00a0\u00bb]<\/p>\n<p><img decoding=\"async\" loading=\"lazy\" class=\"wp-image-54605 size-full aligncenter\" src=\"https:\/\/agir.wwf.fr\/stopextinction-saison-2\/wp-content\/uploads\/sites\/35\/2019\/11\/stop_extinction.png\" alt=\"\" width=\"237\" height=\"57\" \/><\/p>\n<p style=\"text-align: center;\">N&rsquo;attendons pas qu&rsquo;il devienne imaginaire<\/p>\n<p>[\/et_pb_slide][et_pb_slide heading=\u00a0\u00bbEnsemble, conservons le lynx dans le monde r\u00e9el\u00a0\u00bb use_bg_overlay=\u00a0\u00bboff\u00a0\u00bb use_text_overlay=\u00a0\u00bboff\u00a0\u00bb alignment=\u00a0\u00bbbottom\u00a0\u00bb _builder_version=\u00a0\u00bb4.14.1&Prime; header_font=\u00a0\u00bbWWF new|200||on|||||\u00a0\u00bb header_text_align=\u00a0\u00bbcenter\u00a0\u00bb header_font_size=\u00a0\u00bb0px\u00a0\u00bb header_letter_spacing=\u00a0\u00bb2px\u00a0\u00bb body_font=\u00a0\u00bbWWF2|200||on|||||\u00a0\u00bb body_text_align=\u00a0\u00bbcenter\u00a0\u00bb body_text_color=\u00a0\u00bb#ffffff\u00a0\u00bb body_font_size=\u00a0\u00bb2.5em\u00a0\u00bb body_letter_spacing=\u00a0\u00bb2px\u00a0\u00bb body_line_height=\u00a0\u00bb1em\u00a0\u00bb background_color=\u00a0\u00bb#000000&Prime; background_enable_color=\u00a0\u00bbon\u00a0\u00bb background_image=\u00a0\u00bbhttps:\/\/agir.wwf.fr\/stopextinction-saison-2\/wp-content\/uploads\/sites\/35\/2021\/11\/wwf_big_lynx_1.jpg\u00a0\u00bb background_enable_image=\u00a0\u00bbon\u00a0\u00bb background_position=\u00a0\u00bbtop_center\u00a0\u00bb text_orientation=\u00a0\u00bbcenter\u00a0\u00bb custom_padding_tablet=\u00a0\u00bb\u00a0\u00bb custom_padding_phone=\u00a0\u00bb85%||||false|false\u00a0\u00bb custom_padding_last_edited=\u00a0\u00bbon|desktop\u00a0\u00bb body_letter_spacing_tablet=\u00a0\u00bb\u00a0\u00bb body_letter_spacing_phone=\u00a0\u00bb\u00a0\u00bb body_letter_spacing_last_edited=\u00a0\u00bbon|desktop\u00a0\u00bb background_last_edited=\u00a0\u00bbon|phone\u00a0\u00bb background_image_phone=\u00a0\u00bbhttps:\/\/agir.wwf.fr\/stopextinction\/wp-content\/uploads\/sites\/35\/2021\/11\/wwf-mobile-lynx2.jpg\u00a0\u00bb background_enable_image_phone=\u00a0\u00bbon\u00a0\u00bb parallax_phone=\u00a0\u00bboff\u00a0\u00bb border_width_all_image=\u00a0\u00bb0px\u00a0\u00bb border_color_left_image=\u00a0\u00bb#000000&Prime; global_colors_info=\u00a0\u00bb{}\u00a0\u00bb sticky_transition=\u00a0\u00bbon\u00a0\u00bb]<\/p>\n<p><img decoding=\"async\" loading=\"lazy\" class=\"wp-image-54605 size-full aligncenter\" src=\"https:\/\/agir.wwf.fr\/stopextinction-saison-2\/wp-content\/uploads\/sites\/35\/2019\/11\/stop_extinction.png\" alt=\"\" width=\"237\" height=\"57\" \/><\/p>\n<p style=\"text-align: center;\">Ensemble, conservons le lynx dans le monde r\u00e9el<\/p>\n<p>[\/et_pb_slide][\/et_pb_slider][\/et_pb_column][\/et_pb_row][et_pb_row column_structure=\u00a0\u00bb2_5,3_5&Prime; _builder_version=\u00a0\u00bb4.0.6&Prime; global_colors_info=\u00a0\u00bb{}\u00a0\u00bb][et_pb_column type=\u00a0\u00bb2_5&Prime; _builder_version=\u00a0\u00bb4.0.6&Prime; global_colors_info=\u00a0\u00bb{}\u00a0\u00bb custom_css_main_element_last_edited=\u00a0\u00bbon|phone\u00a0\u00bb custom_css_main_element_phone=\u00a0\u00bbfloat:left;||width:33%!important;\u00a0\u00bb][et_pb_image src=\u00a0\u00bbhttps:\/\/agir.wwf.fr\/stopextinction-saison-2\/wp-content\/uploads\/sites\/35\/2021\/11\/Sans-titre-6.png\u00a0\u00bb title_text=\u00a0\u00bbSans titre (6)\u00a0\u00bb url=\u00a0\u00bb#conte\u00a0\u00bb admin_label=\u00a0\u00bbImage\u00a0\u00bb _builder_version=\u00a0\u00bb4.13.0&Prime; global_colors_info=\u00a0\u00bb{}\u00a0\u00bb][\/et_pb_image][\/et_pb_column][et_pb_column type=\u00a0\u00bb3_5&Prime; _builder_version=\u00a0\u00bb4.0.6&Prime; global_colors_info=\u00a0\u00bb{}\u00a0\u00bb custom_css_main_element_last_edited=\u00a0\u00bbon|phone\u00a0\u00bb custom_css_main_element_phone=\u00a0\u00bbfloat:left;||width:65%!important;\u00a0\u00bb][et_pb_text _builder_version=\u00a0\u00bb4.13.0&Prime; text_text_color=\u00a0\u00bb#ffffff\u00a0\u00bb text_font_size=\u00a0\u00bb17px\u00a0\u00bb link_option_url=\u00a0\u00bb#conte\u00a0\u00bb global_colors_info=\u00a0\u00bb{}\u00a0\u00bb]<\/p>\n<p>&nbsp;<\/p>\n<p>St\u00e9phane Bern nous conte <strong>L&rsquo;oeil de lynx<\/strong><\/p>\n<p>[\/et_pb_text][\/et_pb_column][\/et_pb_row][\/et_pb_section][et_pb_section fb_built=\u00a0\u00bb1&Prime; disabled_on=\u00a0\u00bbon|on|off\u00a0\u00bb _builder_version=\u00a0\u00bb4.0.7&Prime; background_color=\u00a0\u00bb#f7f7f7&Prime; min_height=\u00a0\u00bb100vh\u00a0\u00bb custom_css_main_element=\u00a0\u00bbdisplay:flex;\u00a0\u00bb da_disable_devices=\u00a0\u00bboff|off|off\u00a0\u00bb global_colors_info=\u00a0\u00bb{}\u00a0\u00bb da_is_popup=\u00a0\u00bboff\u00a0\u00bb da_exit_intent=\u00a0\u00bboff\u00a0\u00bb da_has_close=\u00a0\u00bbon\u00a0\u00bb da_alt_close=\u00a0\u00bboff\u00a0\u00bb da_dark_close=\u00a0\u00bboff\u00a0\u00bb da_not_modal=\u00a0\u00bbon\u00a0\u00bb da_is_singular=\u00a0\u00bboff\u00a0\u00bb da_with_loader=\u00a0\u00bboff\u00a0\u00bb da_has_shadow=\u00a0\u00bbon\u00a0\u00bb][et_pb_row custom_padding_last_edited=\u00a0\u00bbon|phone\u00a0\u00bb _builder_version=\u00a0\u00bb4.0.6&Prime; width=\u00a0\u00bb90%\u00a0\u00bb custom_margin=\u00a0\u00bb||||false|false\u00a0\u00bb custom_padding_tablet=\u00a0\u00bb\u00a0\u00bb custom_padding_phone=\u00a0\u00bb||50px||false|false\u00a0\u00bb custom_css_main_element=\u00a0\u00bbalign-items: center;\u00a0\u00bb global_colors_info=\u00a0\u00bb{}\u00a0\u00bb][et_pb_column type=\u00a0\u00bb4_4&Prime; _builder_version=\u00a0\u00bb4.0.6&Prime; global_colors_info=\u00a0\u00bb{}\u00a0\u00bb][et_pb_text _builder_version=\u00a0\u00bb4.0.6&Prime; header_font=\u00a0\u00bb|||on|||||\u00a0\u00bb header_font_size=\u00a0\u00bb3em\u00a0\u00bb header_line_height=\u00a0\u00bb1.1em\u00a0\u00bb min_height=\u00a0\u00bb100px\u00a0\u00bb custom_margin=\u00a0\u00bb||||false|false\u00a0\u00bb custom_margin_tablet=\u00a0\u00bb\u00a0\u00bb custom_margin_phone=\u00a0\u00bb\u00a0\u00bb custom_margin_last_edited=\u00a0\u00bbon|phone\u00a0\u00bb custom_padding=\u00a0\u00bb36px||0px||false|false\u00a0\u00bb animation_style=\u00a0\u00bbslide\u00a0\u00bb animation_direction=\u00a0\u00bbbottom\u00a0\u00bb header_font_size_tablet=\u00a0\u00bb\u00a0\u00bb header_font_size_phone=\u00a0\u00bb2em\u00a0\u00bb header_font_size_last_edited=\u00a0\u00bbon|phone\u00a0\u00bb global_colors_info=\u00a0\u00bb{}\u00a0\u00bb]<\/p>\n<h1 style=\"text-align: center;\"><\/h1>\n<h1 style=\"text-align: center;\"><\/h1>\n<h1 style=\"text-align: center;\"><\/h1>\n<h1 style=\"text-align: center;\">LE PLUS GRAND F\u00e9LIN D&rsquo;EUROPE MENAC\u00e9<\/h1>\n<h1 style=\"text-align: center;\">\u00a0<\/h1>\n<p>[\/et_pb_text][et_pb_slider show_image_video_mobile=\u00a0\u00bbon\u00a0\u00bb arrows_custom_color=\u00a0\u00bb#999999&Prime; dot_nav_custom_color=\u00a0\u00bbrgba(0,0,0,0.62)\u00a0\u00bb _builder_version=\u00a0\u00bb4.13.1&Prime; header_level=\u00a0\u00bbh6&Prime; header_font=\u00a0\u00bb||||||||\u00a0\u00bb body_text_color=\u00a0\u00bb#000000&Prime; body_line_height=\u00a0\u00bb1.3em\u00a0\u00bb custom_button=\u00a0\u00bbon\u00a0\u00bb button_letter_spacing=\u00a0\u00bb2px\u00a0\u00bb button_font=\u00a0\u00bbWWF new|300|||||||\u00a0\u00bb min_height_tablet=\u00a0\u00bb\u00a0\u00bb min_height_phone=\u00a0\u00bbauto\u00a0\u00bb min_height_last_edited=\u00a0\u00bbon|phone\u00a0\u00bb height=\u00a0\u00bb77vh\u00a0\u00bb height_tablet=\u00a0\u00bb\u00a0\u00bb height_phone=\u00a0\u00bb\u00a0\u00bb height_last_edited=\u00a0\u00bbon|phone\u00a0\u00bb max_height_tablet=\u00a0\u00bb\u00a0\u00bb max_height_phone=\u00a0\u00bb\u00a0\u00bb max_height_last_edited=\u00a0\u00bbon|phone\u00a0\u00bb custom_margin=\u00a0\u00bb-23px|||||\u00a0\u00bb custom_margin_tablet=\u00a0\u00bb\u00a0\u00bb custom_margin_phone=\u00a0\u00bb\u00a0\u00bb custom_margin_last_edited=\u00a0\u00bbon|desktop\u00a0\u00bb custom_padding=\u00a0\u00bb0vh|5vw|0vh||true|false\u00a0\u00bb custom_padding_tablet=\u00a0\u00bb\u00a0\u00bb custom_padding_phone=\u00a0\u00bb0px|5vw|4px||false|false\u00a0\u00bb custom_padding_last_edited=\u00a0\u00bbon|phone\u00a0\u00bb animation_style=\u00a0\u00bbfade\u00a0\u00bb auto=\u00a0\u00bbon\u00a0\u00bb auto_speed=\u00a0\u00bb5000&Prime; global_colors_info=\u00a0\u00bb{}\u00a0\u00bb custom_css_slide_title_last_edited=\u00a0\u00bbon|phone\u00a0\u00bb custom_css_slide_title_phone=\u00a0\u00bbposition:absolute !important;||top: -100px;||width: 100%;||left:0;||text-align:center;\u00a0\u00bb custom_css_slide_description_last_edited=\u00a0\u00bbon|phone\u00a0\u00bb custom_css_slide_image_last_edited=\u00a0\u00bbon|phone\u00a0\u00bb][et_pb_slide heading=\u00a0\u00bbCollisions\u00a0\u00bb button_text=\u00a0\u00bbFAIRE UN DON\u00a0\u00bb button_link=\u00a0\u00bbhttps:\/\/faireundon.wwf.fr\/b?cid=352&#038;lang=fr_FR\u00a0\u00bb url_new_window=\u00a0\u00bbon\u00a0\u00bb image=\u00a0\u00bbhttps:\/\/agir.wwf.fr\/stopextinction-saison-2\/wp-content\/uploads\/sites\/35\/2021\/11\/Medium_WW214855-1-1-1024&#215;686.jpg\u00a0\u00bb _builder_version=\u00a0\u00bb4.13.1&Prime; header_level=\u00a0\u00bbh4&Prime; header_font=\u00a0\u00bbWWF2|||on|||||\u00a0\u00bb header_font_size=\u00a0\u00bb1.7em\u00a0\u00bb header_letter_spacing=\u00a0\u00bb0px\u00a0\u00bb body_font=\u00a0\u00bb||||||||\u00a0\u00bb body_font_size=\u00a0\u00bb0.8em\u00a0\u00bb background_color=\u00a0\u00bb#ffffff\u00a0\u00bb background_enable_color=\u00a0\u00bbon\u00a0\u00bb custom_button=\u00a0\u00bbon\u00a0\u00bb button_font=\u00a0\u00bbWWF2||||||||\u00a0\u00bb background_layout=\u00a0\u00bblight\u00a0\u00bb custom_padding=\u00a0\u00bb||2vw|0vw|false|false\u00a0\u00bb custom_padding_tablet=\u00a0\u00bb\u00a0\u00bb custom_padding_phone=\u00a0\u00bb15px|10px||10px|false|false\u00a0\u00bb custom_padding_last_edited=\u00a0\u00bbon|phone\u00a0\u00bb header_text_color_tablet=\u00a0\u00bb\u00a0\u00bb header_text_color_phone=\u00a0\u00bb#ffffff\u00a0\u00bb header_text_color_last_edited=\u00a0\u00bbon|phone\u00a0\u00bb global_colors_info=\u00a0\u00bb{}\u00a0\u00bb custom_padding__hover_enabled=\u00a0\u00bbon|desktop\u00a0\u00bb custom_css_main_element_last_edited=\u00a0\u00bbon|phone\u00a0\u00bb custom_css_main_element_phone=\u00a0\u00bbpadding:0 !important;\u00a0\u00bb custom_css_slide_image_last_edited=\u00a0\u00bbon|phone\u00a0\u00bb custom_css_slide_image_phone=\u00a0\u00bbmargin-top:0 !important;||max-height:150px;||overflow:hidden;\u00a0\u00bb custom_css_slide_title_last_edited=\u00a0\u00bbon|phone\u00a0\u00bb custom_padding__hover=\u00a0\u00bb||2vw|0vw|false|false\u00a0\u00bb sticky_transition=\u00a0\u00bbon\u00a0\u00bb]<\/p>\n<p><span style=\"font-weight: 400;\">Les principales menaces qui p\u00e8sent sur le lynx en France restent les accidents routiers et ferroviaires. Depuis les ann\u00e9es 2000, ce sont en moyenne 4 lynx qui sont victimes d\u2019une collision chaque ann\u00e9e. Du fait de son faible nombre d\u2019individus, ces chiffres ont un r\u00e9el impact.\u00a0<\/span><\/p>\n<h4>AMENAGEONS LES VOIES DE COMMUNICATION<\/h4>\n<p><span style=\"font-weight: 400;\">Am\u00e9nager les passages (auto)routiers et ferroviaires est un enjeu essentiel pour diminuer la mortalit\u00e9 par collision et pr\u00e9server l\u2019esp\u00e8ce.<\/span><\/p>\n<p>[\/et_pb_slide][et_pb_slide heading=\u00a0\u00bbConflit Homme\/Animal\u00a0\u00bb button_text=\u00a0\u00bbFAIRE UN DON\u00a0\u00bb button_link=\u00a0\u00bbhttps:\/\/faireundon.wwf.fr\/b?cid=352&#038;lang=fr_FR\u00a0\u00bb url_new_window=\u00a0\u00bbon\u00a0\u00bb image=\u00a0\u00bbhttps:\/\/agir.wwf.fr\/stopextinction-saison-2\/wp-content\/uploads\/sites\/35\/2021\/11\/Herdenschutzhund-mit-Schafen-1-1024&#215;576.jpg\u00a0\u00bb _builder_version=\u00a0\u00bb4.13.0&Prime; header_level=\u00a0\u00bbh6&Prime; header_font=\u00a0\u00bbWWF2|||on|||||\u00a0\u00bb header_font_size=\u00a0\u00bb1.7em\u00a0\u00bb header_letter_spacing=\u00a0\u00bb0px\u00a0\u00bb body_font=\u00a0\u00bb||||||||\u00a0\u00bb body_font_size=\u00a0\u00bb0.8em\u00a0\u00bb background_color=\u00a0\u00bb#ffffff\u00a0\u00bb background_enable_color=\u00a0\u00bbon\u00a0\u00bb custom_button=\u00a0\u00bbon\u00a0\u00bb button_font=\u00a0\u00bbWWF2||||||||\u00a0\u00bb background_layout=\u00a0\u00bblight\u00a0\u00bb custom_padding=\u00a0\u00bb||2vw|0vw|false|false\u00a0\u00bb custom_padding_tablet=\u00a0\u00bb\u00a0\u00bb custom_padding_phone=\u00a0\u00bb15px|10px|2vw|10px|false|false\u00a0\u00bb custom_padding_last_edited=\u00a0\u00bbon|phone\u00a0\u00bb header_text_color_tablet=\u00a0\u00bb\u00a0\u00bb header_text_color_phone=\u00a0\u00bb#ffffff\u00a0\u00bb header_text_color_last_edited=\u00a0\u00bbon|phone\u00a0\u00bb global_colors_info=\u00a0\u00bb{}\u00a0\u00bb custom_padding__hover_enabled=\u00a0\u00bbon|desktop\u00a0\u00bb custom_css_main_element_last_edited=\u00a0\u00bbon|phone\u00a0\u00bb custom_css_main_element_phone=\u00a0\u00bbpadding:0 !important;\u00a0\u00bb custom_css_slide_image_last_edited=\u00a0\u00bbon|phone\u00a0\u00bb custom_css_slide_image_phone=\u00a0\u00bbmargin-top:0 !important;||max-height:150px;||overflow:hidden;\u00a0\u00bb custom_padding__hover=\u00a0\u00bb||2vw|0vw|false|false\u00a0\u00bb sticky_transition=\u00a0\u00bbon\u00a0\u00bb]<\/p>\n<p><span style=\"font-weight: 400;\">Le lynx est tr\u00e8s souvent consid\u00e9r\u00e9 comme un concurrent par les chasseurs et il n\u2019est pas rare que des lynx soient braconn\u00e9s. C\u00f4t\u00e9 \u00e9leveurs, on craint la pr\u00e9dation du lynx sur les troupeaux. <\/span><span style=\"font-weight: 400;\">La coexistence Homme\/Animal est donc difficile.<\/span><\/p>\n<h4><\/h4>\n<h4>AMELIORONS LA CONNAISSANCE DU LYNX ET L&rsquo;IMPLICATION DES DIFFERENTS ACTEURS<\/h4>\n<p><span style=\"font-weight: 400;\">Le WWF plaide pour une am\u00e9lioration des moyens de protection des troupeaux, pour un soutien en faveur des \u00e9leveurs d\u00fb \u00e0 un contexte socio-\u00e9conomique de plus en plus rude, <\/span><span style=\"font-weight: 400;\">pour l\u2019implication des chasseurs dans les projets de conservation du lynx et pour une meilleure connaissance des habitudes du f\u00e9lin.<\/span><\/p>\n<p>[\/et_pb_slide][et_pb_slide heading=\u00a0\u00bbPerte et fragmentation de l&rsquo;habitat\u00a0\u00bb button_text=\u00a0\u00bbFAIRE UN DON\u00a0\u00bb button_link=\u00a0\u00bbhttps:\/\/faireundon.wwf.fr\/b?cid=352&#038;lang=fr_FR\u00a0\u00bb url_new_window=\u00a0\u00bbon\u00a0\u00bb image=\u00a0\u00bbhttps:\/\/agir.wwf.fr\/stopextinction-saison-2\/wp-content\/uploads\/sites\/35\/2021\/11\/Medium_WW210906-1-1.jpg.jpg\u00a0\u00bb _builder_version=\u00a0\u00bb4.13.1&Prime; header_level=\u00a0\u00bbh6&Prime; header_font=\u00a0\u00bbWWF2|||on|||||\u00a0\u00bb header_font_size=\u00a0\u00bb1.7em\u00a0\u00bb header_letter_spacing=\u00a0\u00bb0px\u00a0\u00bb body_font=\u00a0\u00bb||||||||\u00a0\u00bb body_font_size=\u00a0\u00bb0.8em\u00a0\u00bb background_color=\u00a0\u00bb#ffffff\u00a0\u00bb background_enable_color=\u00a0\u00bbon\u00a0\u00bb background_enable_image=\u00a0\u00bboff\u00a0\u00bb custom_button=\u00a0\u00bbon\u00a0\u00bb button_font=\u00a0\u00bbWWF2||||||||\u00a0\u00bb background_layout=\u00a0\u00bblight\u00a0\u00bb custom_padding=\u00a0\u00bb||2vw|0vw|false|false\u00a0\u00bb custom_padding_tablet=\u00a0\u00bb\u00a0\u00bb custom_padding_phone=\u00a0\u00bb15px|10px||10px|false|false\u00a0\u00bb custom_padding_last_edited=\u00a0\u00bbon|phone\u00a0\u00bb header_text_color_tablet=\u00a0\u00bb\u00a0\u00bb header_text_color_phone=\u00a0\u00bb#ffffff\u00a0\u00bb header_text_color_last_edited=\u00a0\u00bbon|phone\u00a0\u00bb background_last_edited=\u00a0\u00bboff|desktop\u00a0\u00bb global_colors_info=\u00a0\u00bb{}\u00a0\u00bb custom_padding__hover_enabled=\u00a0\u00bbon|desktop\u00a0\u00bb custom_css_main_element_last_edited=\u00a0\u00bbon|phone\u00a0\u00bb custom_css_main_element_phone=\u00a0\u00bbpadding:0 !important;\u00a0\u00bb custom_css_slide_image_last_edited=\u00a0\u00bbon|phone\u00a0\u00bb custom_css_slide_image_phone=\u00a0\u00bbmargin-top:0 !important;||max-height:150px;||overflow:hidden;\u00a0\u00bb custom_padding__hover=\u00a0\u00bb||2vw|0vw|false|false\u00a0\u00bb sticky_transition=\u00a0\u00bbon\u00a0\u00bb]<\/p>\n<p><span style=\"font-weight: 400;\">Pour se nourrir et se reproduire, le lynx a besoin de vastes territoires, non perturb\u00e9s par l\u2019Homme, et dans lesquels le massif forestier est continu. Or le d\u00e9coupage de son habitat en petits morceaux conduit \u00e0 une restriction de ses mouvements et peut entrainer son isolement.<\/span><\/p>\n<h4><\/h4>\n<h4>RESTAURONS UN HABITAT FAVORABLE AU LYNX<\/h4>\n<p><span style=\"font-weight: 400;\">Pour prot\u00e9ger le lynx, il est n\u00e9cessaire que son habitat soit pris en compte dans l\u2019am\u00e9nagement du territoire (routes, autoroutes, lignes de chemin de fer, massifs forestiers non d\u00e9coup\u00e9s\u2026) et de conserver ou reconstituer des corridors \u00e9cologiques.\u00a0\u00a0<\/span><\/p>\n<p>[\/et_pb_slide][\/et_pb_slider][\/et_pb_column][\/et_pb_row][\/et_pb_section][et_pb_section fb_built=\u00a0\u00bb1&Prime; disabled_on=\u00a0\u00bboff|off|on\u00a0\u00bb _builder_version=\u00a0\u00bb4.0.7&Prime; background_color=\u00a0\u00bb#f7f7f7&Prime; min_height=\u00a0\u00bb100vh\u00a0\u00bb custom_css_main_element=\u00a0\u00bbdisplay:flex;\u00a0\u00bb da_disable_devices=\u00a0\u00bboff|off|off\u00a0\u00bb global_colors_info=\u00a0\u00bb{}\u00a0\u00bb da_is_popup=\u00a0\u00bboff\u00a0\u00bb da_exit_intent=\u00a0\u00bboff\u00a0\u00bb da_has_close=\u00a0\u00bbon\u00a0\u00bb da_alt_close=\u00a0\u00bboff\u00a0\u00bb da_dark_close=\u00a0\u00bboff\u00a0\u00bb da_not_modal=\u00a0\u00bbon\u00a0\u00bb da_is_singular=\u00a0\u00bboff\u00a0\u00bb da_with_loader=\u00a0\u00bboff\u00a0\u00bb da_has_shadow=\u00a0\u00bbon\u00a0\u00bb][et_pb_row custom_padding_last_edited=\u00a0\u00bbon|phone\u00a0\u00bb _builder_version=\u00a0\u00bb4.0.6&Prime; width=\u00a0\u00bb90%\u00a0\u00bb custom_margin=\u00a0\u00bb||||false|false\u00a0\u00bb custom_padding_tablet=\u00a0\u00bb\u00a0\u00bb custom_padding_phone=\u00a0\u00bb||50px||false|false\u00a0\u00bb custom_css_main_element=\u00a0\u00bbalign-items: center;\u00a0\u00bb global_colors_info=\u00a0\u00bb{}\u00a0\u00bb][et_pb_column type=\u00a0\u00bb4_4&Prime; _builder_version=\u00a0\u00bb4.0.6&Prime; global_colors_info=\u00a0\u00bb{}\u00a0\u00bb][et_pb_text _builder_version=\u00a0\u00bb4.0.6&Prime; header_font=\u00a0\u00bb|||on|||||\u00a0\u00bb header_font_size=\u00a0\u00bb3em\u00a0\u00bb header_line_height=\u00a0\u00bb1.1em\u00a0\u00bb min_height=\u00a0\u00bb114px\u00a0\u00bb custom_margin=\u00a0\u00bb||||false|false\u00a0\u00bb custom_margin_tablet=\u00a0\u00bb\u00a0\u00bb custom_margin_phone=\u00a0\u00bb\u00a0\u00bb custom_margin_last_edited=\u00a0\u00bbon|phone\u00a0\u00bb custom_padding=\u00a0\u00bb||||false|false\u00a0\u00bb animation_style=\u00a0\u00bbslide\u00a0\u00bb animation_direction=\u00a0\u00bbbottom\u00a0\u00bb header_font_size_tablet=\u00a0\u00bb\u00a0\u00bb header_font_size_phone=\u00a0\u00bb2em\u00a0\u00bb header_font_size_last_edited=\u00a0\u00bbon|phone\u00a0\u00bb global_colors_info=\u00a0\u00bb{}\u00a0\u00bb]<\/p>\n<h1 style=\"text-align: center;\">LE PLUS GRAND F\u00e9LIN D&rsquo;EUROPE MENAC\u00e9<\/h1>\n<p>[\/et_pb_text][et_pb_slider show_pagination=\u00a0\u00bboff\u00a0\u00bb show_image_video_mobile=\u00a0\u00bbon\u00a0\u00bb arrows_custom_color=\u00a0\u00bb#999999&Prime; dot_nav_custom_color=\u00a0\u00bbrgba(0,0,0,0.62)\u00a0\u00bb _builder_version=\u00a0\u00bb4.13.1&Prime; header_level=\u00a0\u00bbh6&Prime; header_font=\u00a0\u00bb||||||||\u00a0\u00bb body_text_color=\u00a0\u00bb#000000&Prime; body_line_height=\u00a0\u00bb1.3em\u00a0\u00bb custom_button=\u00a0\u00bbon\u00a0\u00bb button_letter_spacing=\u00a0\u00bb2px\u00a0\u00bb button_font=\u00a0\u00bbWWF2|300|||||||\u00a0\u00bb min_height_tablet=\u00a0\u00bb\u00a0\u00bb min_height_phone=\u00a0\u00bbauto\u00a0\u00bb min_height_last_edited=\u00a0\u00bbon|phone\u00a0\u00bb height=\u00a0\u00bb68vh\u00a0\u00bb height_tablet=\u00a0\u00bb\u00a0\u00bb height_phone=\u00a0\u00bb\u00a0\u00bb height_last_edited=\u00a0\u00bbon|phone\u00a0\u00bb max_height_tablet=\u00a0\u00bb\u00a0\u00bb max_height_phone=\u00a0\u00bb\u00a0\u00bb max_height_last_edited=\u00a0\u00bbon|phone\u00a0\u00bb custom_margin=\u00a0\u00bb23px|||||\u00a0\u00bb custom_margin_tablet=\u00a0\u00bb\u00a0\u00bb custom_margin_phone=\u00a0\u00bb\u00a0\u00bb custom_margin_last_edited=\u00a0\u00bbon|desktop\u00a0\u00bb custom_padding=\u00a0\u00bb0vh|5vw|0vh||true|false\u00a0\u00bb custom_padding_tablet=\u00a0\u00bb\u00a0\u00bb custom_padding_phone=\u00a0\u00bb0px|5vw|4px||false|false\u00a0\u00bb custom_padding_last_edited=\u00a0\u00bbon|phone\u00a0\u00bb animation_style=\u00a0\u00bbfade\u00a0\u00bb auto=\u00a0\u00bbon\u00a0\u00bb auto_speed=\u00a0\u00bb5500&Prime; global_colors_info=\u00a0\u00bb{}\u00a0\u00bb custom_css_slide_title_last_edited=\u00a0\u00bbon|phone\u00a0\u00bb custom_css_slide_title_phone=\u00a0\u00bbposition:absolute !important;||top: -100px;||width: 100%;||left:0;||text-align:center;\u00a0\u00bb custom_css_slide_description_last_edited=\u00a0\u00bbon|phone\u00a0\u00bb custom_css_slide_image_last_edited=\u00a0\u00bbon|phone\u00a0\u00bb][et_pb_slide heading=\u00a0\u00bbCollisions\u00a0\u00bb button_text=\u00a0\u00bbFAIRE UN DON\u00a0\u00bb button_link=\u00a0\u00bbhttps:\/\/faireundon.wwf.fr\/b?cid=352&#038;lang=fr_FR\u00a0\u00bb url_new_window=\u00a0\u00bbon\u00a0\u00bb image=\u00a0\u00bbhttps:\/\/agir.wwf.fr\/stopextinction-saison-2\/wp-content\/uploads\/sites\/35\/2021\/11\/Medium_WW214855-1-1.jpg\u00a0\u00bb content_tablet=\u00a0\u00bb<\/p>\n<p><span style=%22font-weight: 400;%22>Les principales menaces qui p\u00e8sent sur le lynx en France restent les accidents routiers et ferroviaires. Depuis les ann\u00e9es 2000, ce sont en moyenne 4 lynx qui sont victimes d\u2019une collision chaque ann\u00e9e. Du fait de son faible nombre d\u2019individus, ces chiffres ont un r\u00e9el impact. <\/span><\/p>\n<h4>AMENAGEONS LES VOIES DE COMMUNICATION<\/h4>\n<p><span style=%22font-weight: 400;%22>Am\u00e9nager les passages (auto)routiers et ferroviaires est un enjeu essentiel pour diminuer la mortalit\u00e9 par collision et pr\u00e9server l\u2019esp\u00e8ce.<\/span><\/p>\n<p>\u00a0\u00bb content_phone=\u00a0\u00bb<\/p>\n<p><span style=%22font-weight: 400;%22>Les principales menaces qui p\u00e8sent sur le lynx en France restent les accidents routiers et ferroviaires. Depuis les ann\u00e9es 2000, ce sont en moyenne 4 lynx qui sont victimes d\u2019une collision chaque ann\u00e9e. Du fait de son faible nombre d\u2019individus, ces chiffres ont un r\u00e9el impact. <\/span><\/p>\n<h4>AM\u00c9NAGEONS LES VOIES DE COMMUNICATION<\/h4>\n<p><span style=%22font-weight: 400;%22>Am\u00e9nager les passages (auto)routiers et ferroviaires est un enjeu essentiel pour diminuer la mortalit\u00e9 par collision et pr\u00e9server l\u2019esp\u00e8ce.<\/span><\/p>\n<p>\u00a0\u00bb content_last_edited=\u00a0\u00bbon|phone\u00a0\u00bb _builder_version=\u00a0\u00bb4.13.1&Prime; header_level=\u00a0\u00bbh4&Prime; header_font=\u00a0\u00bbWWF2|||on|||||\u00a0\u00bb header_font_size=\u00a0\u00bb1.7em\u00a0\u00bb header_letter_spacing=\u00a0\u00bb0px\u00a0\u00bb body_font=\u00a0\u00bb||||||||\u00a0\u00bb body_font_size=\u00a0\u00bb0.8em\u00a0\u00bb background_color=\u00a0\u00bb#ffffff\u00a0\u00bb background_enable_color=\u00a0\u00bbon\u00a0\u00bb background_layout=\u00a0\u00bblight\u00a0\u00bb custom_padding=\u00a0\u00bb||2vw|0vw|false|false\u00a0\u00bb custom_padding_tablet=\u00a0\u00bb\u00a0\u00bb custom_padding_phone=\u00a0\u00bb15px|10px||10px|false|false\u00a0\u00bb custom_padding_last_edited=\u00a0\u00bbon|phone\u00a0\u00bb header_text_color_tablet=\u00a0\u00bb\u00a0\u00bb header_text_color_phone=\u00a0\u00bb#ffffff\u00a0\u00bb header_text_color_last_edited=\u00a0\u00bbon|phone\u00a0\u00bb global_colors_info=\u00a0\u00bb{}\u00a0\u00bb custom_padding__hover_enabled=\u00a0\u00bbon|desktop\u00a0\u00bb custom_css_main_element_last_edited=\u00a0\u00bbon|phone\u00a0\u00bb custom_css_main_element_phone=\u00a0\u00bbpadding:0 !important;\u00a0\u00bb custom_css_slide_image_last_edited=\u00a0\u00bbon|phone\u00a0\u00bb custom_css_slide_image_phone=\u00a0\u00bbmargin-top:0 !important;||max-height:150px;||overflow:hidden;\u00a0\u00bb custom_css_slide_title_last_edited=\u00a0\u00bbon|phone\u00a0\u00bb custom_padding__hover=\u00a0\u00bb||2vw|0vw|false|false\u00a0\u00bb sticky_transition=\u00a0\u00bbon\u00a0\u00bb]<\/p>\n<p><span style=\"font-weight: 400;\">Les principales menaces qui p\u00e8sent sur le lynx en France restent les accidents routiers et ferroviaires. Depuis les ann\u00e9es 2000, ce sont en moyenne 4 lynx qui sont victimes d\u2019une collision chaque ann\u00e9e. Du fait de son faible nombre d\u2019individus, ces chiffres ont un r\u00e9el impact.\u00a0<\/span><\/p>\n<h4>AMENAGEONS LES VOIES DE COMMUNICATION<\/h4>\n<p><span style=\"font-weight: 400;\">Am\u00e9nager les passages (auto)routiers et ferroviaires est un enjeu essentiel pour diminuer la mortalit\u00e9 par collision et pr\u00e9server l\u2019esp\u00e8ce.<\/span><\/p>\n<p>[\/et_pb_slide][et_pb_slide heading=\u00a0\u00bbConflit Homme\/Animal\u00a0\u00bb button_text=\u00a0\u00bbFAIRE UN DON\u00a0\u00bb button_link=\u00a0\u00bbhttps:\/\/faireundon.wwf.fr\/b?cid=352&#038;lang=fr_FR\u00a0\u00bb url_new_window=\u00a0\u00bbon\u00a0\u00bb image=\u00a0\u00bbhttps:\/\/agir.wwf.fr\/stopextinction-saison-2\/wp-content\/uploads\/sites\/35\/2021\/11\/Herdenschutzhund-mit-Schafen-1.jpg\u00a0\u00bb image_tablet=\u00a0\u00bbhttps:\/\/agir.wwf.fr\/stopextinction-saison-2\/wp-content\/uploads\/sites\/35\/2021\/11\/Herdenschutzhund-mit-Schafen-1.jpg\u00a0\u00bb image_phone=\u00a0\u00bbhttps:\/\/agir.wwf.fr\/stopextinction-saison-2\/wp-content\/uploads\/sites\/35\/2021\/11\/Herdenschutzhund-mit-Schafen-1.jpg\u00a0\u00bb image_last_edited=\u00a0\u00bbon|phone\u00a0\u00bb _builder_version=\u00a0\u00bb4.13.1&Prime; header_level=\u00a0\u00bbh6&Prime; header_font=\u00a0\u00bbWWF2|||on|||||\u00a0\u00bb header_font_size=\u00a0\u00bb1.7em\u00a0\u00bb header_letter_spacing=\u00a0\u00bb0px\u00a0\u00bb body_font=\u00a0\u00bb||||||||\u00a0\u00bb body_font_size=\u00a0\u00bb0.8em\u00a0\u00bb background_color=\u00a0\u00bb#ffffff\u00a0\u00bb background_enable_color=\u00a0\u00bbon\u00a0\u00bb background_layout=\u00a0\u00bblight\u00a0\u00bb custom_padding=\u00a0\u00bb||2vw|0vw|false|false\u00a0\u00bb custom_padding_tablet=\u00a0\u00bb\u00a0\u00bb custom_padding_phone=\u00a0\u00bb15px|10px|2vw|10px|false|false\u00a0\u00bb custom_padding_last_edited=\u00a0\u00bbon|phone\u00a0\u00bb header_text_color_tablet=\u00a0\u00bb\u00a0\u00bb header_text_color_phone=\u00a0\u00bb#ffffff\u00a0\u00bb header_text_color_last_edited=\u00a0\u00bbon|phone\u00a0\u00bb global_colors_info=\u00a0\u00bb{}\u00a0\u00bb custom_padding__hover_enabled=\u00a0\u00bbon|desktop\u00a0\u00bb custom_css_main_element_last_edited=\u00a0\u00bbon|phone\u00a0\u00bb custom_css_main_element_phone=\u00a0\u00bbpadding:0 !important;\u00a0\u00bb custom_css_slide_image_last_edited=\u00a0\u00bbon|phone\u00a0\u00bb custom_css_slide_image_phone=\u00a0\u00bbmargin-top:0 !important;||max-height:150px;||overflow:hidden;\u00a0\u00bb custom_padding__hover=\u00a0\u00bb||2vw|0vw|false|false\u00a0\u00bb sticky_transition=\u00a0\u00bbon\u00a0\u00bb]<\/p>\n<p><span style=\"font-weight: 400;\">Le lynx est tr\u00e8s souvent consid\u00e9r\u00e9 comme un concurrent par les chasseurs et il n\u2019est pas rare que des lynx soient braconn\u00e9s. C\u00f4t\u00e9 \u00e9leveurs, on craint la pr\u00e9dation du lynx sur les troupeaux. <\/span><span style=\"font-weight: 400;\">La coexistence Homme\/Animal est donc difficile.<\/span><\/p>\n<h4>AM\u00c9LIORONS LA CONNAISSANCE DU LYNX ET L&rsquo;IMPLICATION DES DIFF\u00c9RENTS ACTEURS<\/h4>\n<p><span style=\"font-weight: 400;\">Le WWF plaide pour une am\u00e9lioration des moyens de protection des troupeaux, pour un soutien en faveur des \u00e9leveurs d\u00fb \u00e0 un contexte socio-\u00e9conomique de plus en plus rude, <\/span><span style=\"font-weight: 400;\">pour l\u2019implication des chasseurs dans les projets de conservation du lynx et pour une meilleure connaissance des habitudes du f\u00e9lin.<\/span><\/p>\n<p>[\/et_pb_slide][et_pb_slide heading=\u00a0\u00bbPerte et fragmentation de l&rsquo;habitat\u00a0\u00bb button_text=\u00a0\u00bbFAIRE UN DON\u00a0\u00bb button_link=\u00a0\u00bbhttps:\/\/faireundon.wwf.fr\/b?cid=352&#038;lang=fr_FR\u00a0\u00bb url_new_window=\u00a0\u00bbon\u00a0\u00bb image=\u00a0\u00bbhttps:\/\/agir.wwf.fr\/stopextinction-saison-2\/wp-content\/uploads\/sites\/35\/2021\/11\/Medium_WW210906-1-1.jpg.jpg\u00a0\u00bb image_tablet=\u00a0\u00bbhttps:\/\/agir.wwf.fr\/stopextinction-saison-2\/wp-content\/uploads\/sites\/35\/2021\/11\/Medium_WW210906-1-1.jpg\u00a0\u00bb image_phone=\u00a0\u00bbhttps:\/\/agir.wwf.fr\/stopextinction-saison-2\/wp-content\/uploads\/sites\/35\/2021\/11\/Medium_WW210906-1-1.jpg.jpg\u00a0\u00bb image_last_edited=\u00a0\u00bbon|phone\u00a0\u00bb _builder_version=\u00a0\u00bb4.13.1&Prime; header_level=\u00a0\u00bbh6&Prime; header_font=\u00a0\u00bbWWF2|||on|||||\u00a0\u00bb header_font_size=\u00a0\u00bb1.7em\u00a0\u00bb header_letter_spacing=\u00a0\u00bb0px\u00a0\u00bb body_font=\u00a0\u00bb||||||||\u00a0\u00bb body_font_size=\u00a0\u00bb0.8em\u00a0\u00bb background_color=\u00a0\u00bb#ffffff\u00a0\u00bb background_enable_color=\u00a0\u00bbon\u00a0\u00bb background_layout=\u00a0\u00bblight\u00a0\u00bb custom_padding=\u00a0\u00bb||2vw|0vw|false|false\u00a0\u00bb custom_padding_tablet=\u00a0\u00bb\u00a0\u00bb custom_padding_phone=\u00a0\u00bb15px|10px||10px|false|false\u00a0\u00bb custom_padding_last_edited=\u00a0\u00bbon|phone\u00a0\u00bb header_text_color_tablet=\u00a0\u00bb\u00a0\u00bb header_text_color_phone=\u00a0\u00bb#ffffff\u00a0\u00bb header_text_color_last_edited=\u00a0\u00bbon|phone\u00a0\u00bb global_colors_info=\u00a0\u00bb{}\u00a0\u00bb custom_padding__hover_enabled=\u00a0\u00bbon|desktop\u00a0\u00bb custom_css_main_element_last_edited=\u00a0\u00bbon|phone\u00a0\u00bb custom_css_main_element_phone=\u00a0\u00bbpadding:0 !important;\u00a0\u00bb custom_css_slide_image_last_edited=\u00a0\u00bbon|phone\u00a0\u00bb custom_css_slide_image_phone=\u00a0\u00bbmargin-top:0 !important;||max-height:150px;||overflow:hidden;\u00a0\u00bb custom_padding__hover=\u00a0\u00bb||2vw|0vw|false|false\u00a0\u00bb sticky_transition=\u00a0\u00bbon\u00a0\u00bb]<\/p>\n<p><span style=\"font-weight: 400;\">Pour se nourrir et se reproduire, le lynx a besoin de vastes territoires, non perturb\u00e9s par l\u2019Homme, et dans lesquels le massif forestier est continu. Or le d\u00e9coupage de son habitat en petits morceaux conduit \u00e0 une restriction de ses mouvements et peut entrainer son isolement.<\/span><\/p>\n<h4><\/h4>\n<h4>RESTAURONS UN HABITAT FAVORABLE AU LYNX<\/h4>\n<p><span style=\"font-weight: 400;\">Pour prot\u00e9ger le lynx, il est n\u00e9cessaire que son habitat soit pris en compte dans l\u2019am\u00e9nagement du territoire (routes, autoroutes, lignes de chemin de fer, massifs forestiers non d\u00e9coup\u00e9s\u2026) et de conserver ou reconstituer des corridors \u00e9cologiques.\u00a0\u00a0<\/span><\/p>\n<p>[\/et_pb_slide][\/et_pb_slider][\/et_pb_column][\/et_pb_row][\/et_pb_section][et_pb_section fb_built=\u00a0\u00bb1&Prime; custom_padding_last_edited=\u00a0\u00bbon|phone\u00a0\u00bb module_class=\u00a0\u00bbfullscreen\u00a0\u00bb _builder_version=\u00a0\u00bb4.13.1&Prime; background_image=\u00a0\u00bbhttps:\/\/agir.wwf.fr\/stopextinction-saison-2\/wp-content\/uploads\/sites\/35\/2021\/11\/Medium_WW229344-1.jpg\u00a0\u00bb parallax=\u00a0\u00bbon\u00a0\u00bb parallax_method=\u00a0\u00bboff\u00a0\u00bb min_height=\u00a0\u00bb895px\u00a0\u00bb min_height_tablet=\u00a0\u00bb\u00a0\u00bb min_height_phone=\u00a0\u00bb100vh\u00a0\u00bb min_height_last_edited=\u00a0\u00bbon|phone\u00a0\u00bb height=\u00a0\u00bb100vh\u00a0\u00bb height_tablet=\u00a0\u00bb\u00a0\u00bb height_phone=\u00a0\u00bbauto\u00a0\u00bb height_last_edited=\u00a0\u00bbon|phone\u00a0\u00bb custom_padding=\u00a0\u00bb10%||10%||true|false\u00a0\u00bb custom_padding_tablet=\u00a0\u00bb\u00a0\u00bb custom_padding_phone=\u00a0\u00bb30vh||6vh||false|false\u00a0\u00bb background_last_edited=\u00a0\u00bbon|phone\u00a0\u00bb background_image_phone=\u00a0\u00bbhttps:\/\/agir.wwf.fr\/stopextinction-saison-2\/wp-content\/uploads\/sites\/35\/2021\/11\/lynx-mobile-CTA.jpg\u00a0\u00bb background_enable_image_phone=\u00a0\u00bbon\u00a0\u00bb parallax_phone=\u00a0\u00bboff\u00a0\u00bb background_position_phone=\u00a0\u00bbtop_right\u00a0\u00bb custom_css_main_element=\u00a0\u00bbdisplay:flex;\u00a0\u00bb da_disable_devices=\u00a0\u00bboff|off|off\u00a0\u00bb global_colors_info=\u00a0\u00bb{}\u00a0\u00bb da_is_popup=\u00a0\u00bboff\u00a0\u00bb da_exit_intent=\u00a0\u00bboff\u00a0\u00bb da_has_close=\u00a0\u00bbon\u00a0\u00bb da_alt_close=\u00a0\u00bboff\u00a0\u00bb da_dark_close=\u00a0\u00bboff\u00a0\u00bb da_not_modal=\u00a0\u00bbon\u00a0\u00bb da_is_singular=\u00a0\u00bboff\u00a0\u00bb da_with_loader=\u00a0\u00bboff\u00a0\u00bb da_has_shadow=\u00a0\u00bbon\u00a0\u00bb][et_pb_row column_structure=\u00a0\u00bb3_5,2_5&Prime; _builder_version=\u00a0\u00bb4.0.6&Prime; width=\u00a0\u00bb94%\u00a0\u00bb custom_margin=\u00a0\u00bb|||20%|false|false\u00a0\u00bb custom_margin_tablet=\u00a0\u00bb\u00a0\u00bb custom_margin_phone=\u00a0\u00bb7%||3%|8%|false|false\u00a0\u00bb custom_margin_last_edited=\u00a0\u00bbon|phone\u00a0\u00bb custom_padding=\u00a0\u00bb||||false|false\u00a0\u00bb custom_css_main_element=\u00a0\u00bbalign-items: center;\u00a0\u00bb global_colors_info=\u00a0\u00bb{}\u00a0\u00bb][et_pb_column type=\u00a0\u00bb3_5&Prime; _builder_version=\u00a0\u00bb4.0.6&Prime; global_colors_info=\u00a0\u00bb{}\u00a0\u00bb][et_pb_text _builder_version=\u00a0\u00bb4.0.6&Prime; text_font_size=\u00a0\u00bb1em\u00a0\u00bb header_font=\u00a0\u00bb|||on|||||\u00a0\u00bb header_text_color=\u00a0\u00bb#ffffff\u00a0\u00bb header_font_size=\u00a0\u00bb3em\u00a0\u00bb header_letter_spacing=\u00a0\u00bb1px\u00a0\u00bb header_line_height=\u00a0\u00bb1.1em\u00a0\u00bb background_layout=\u00a0\u00bbdark\u00a0\u00bb custom_margin=\u00a0\u00bb||6px|||\u00a0\u00bb custom_padding=\u00a0\u00bb|15.3%|0px||false|false\u00a0\u00bb header_font_size_tablet=\u00a0\u00bb\u00a0\u00bb header_font_size_phone=\u00a0\u00bb2.1em\u00a0\u00bb header_font_size_last_edited=\u00a0\u00bbon|phone\u00a0\u00bb global_colors_info=\u00a0\u00bb{}\u00a0\u00bb]<\/p>\n<h1>Face \u00e0 ces menaces,<br \/>agissez avec le wwf pour AUGMENTER LE NOMBRE DE LYNX EN FRANCE.<\/h1>\n<p>&nbsp;<\/p>\n<p>[\/et_pb_text][et_pb_text _builder_version=\u00a0\u00bb4.0.6&Prime; text_font_size=\u00a0\u00bb1em\u00a0\u00bb text_line_height=\u00a0\u00bb1.4em\u00a0\u00bb header_font=\u00a0\u00bb|||on|||||\u00a0\u00bb header_text_color=\u00a0\u00bb#ffffff\u00a0\u00bb header_font_size=\u00a0\u00bb3em\u00a0\u00bb header_line_height=\u00a0\u00bb1.2em\u00a0\u00bb background_layout=\u00a0\u00bbdark\u00a0\u00bb custom_padding=\u00a0\u00bb|20%|||false|false\u00a0\u00bb text_font_size_tablet=\u00a0\u00bb\u00a0\u00bb text_font_size_phone=\u00a0\u00bb1.2em\u00a0\u00bb text_font_size_last_edited=\u00a0\u00bbon|phone\u00a0\u00bb global_colors_info=\u00a0\u00bb{}\u00a0\u00bb]<\/p>\n<p><span style=\"font-weight: 400;\">Aujourd\u2019hui, le WWF a plus que jamais besoin de vous\u00a0<\/span><span style=\"font-weight: 400;\">pour l\u2019aider \u00e0 mener des actions de terrain afin de prot\u00e9ger\u00a0<\/span><span style=\"font-weight: 400;\">les lynx.<\/span><\/p>\n<p>&nbsp;<\/p>\n<p>[\/et_pb_text][et_pb_button button_url=\u00a0\u00bbhttps:\/\/faireundon.wwf.fr\/b?cid=352&#038;lang=fr_FR\u00a0\u00bb button_text=\u00a0\u00bbFAIRE UN DON\u00a0\u00bb _builder_version=\u00a0\u00bb4.13.0&Prime; custom_button=\u00a0\u00bbon\u00a0\u00bb button_letter_spacing=\u00a0\u00bb1px\u00a0\u00bb button_font=\u00a0\u00bbWWF2|300|||||||\u00a0\u00bb button_use_icon=\u00a0\u00bboff\u00a0\u00bb animation_style=\u00a0\u00bbslide\u00a0\u00bb animation_direction=\u00a0\u00bbbottom\u00a0\u00bb global_colors_info=\u00a0\u00bb{}\u00a0\u00bb][\/et_pb_button][\/et_pb_column][et_pb_column type=\u00a0\u00bb2_5&Prime; _builder_version=\u00a0\u00bb4.0.6&Prime; custom_css_main_element=\u00a0\u00bbalign-items:center;\u00a0\u00bb global_colors_info=\u00a0\u00bb{}\u00a0\u00bb][\/et_pb_column][\/et_pb_row][\/et_pb_section][et_pb_section fb_built=\u00a0\u00bb1&Prime; disabled_on=\u00a0\u00bbon|off|off\u00a0\u00bb admin_label=\u00a0\u00bbSection PC &#038; Tablette\u00a0\u00bb module_id=\u00a0\u00bbpodcast\u00a0\u00bb module_class=\u00a0\u00bbfullscreen\u00a0\u00bb _builder_version=\u00a0\u00bb4.13.0&Prime; background_image=\u00a0\u00bbhttps:\/\/agir.wwf.fr\/stopextinction-saison-2\/wp-content\/uploads\/sites\/35\/2021\/11\/wwf_big_lynx_2-1.jpg\u00a0\u00bb parallax=\u00a0\u00bbon\u00a0\u00bb parallax_method=\u00a0\u00bboff\u00a0\u00bb height=\u00a0\u00bb120vh\u00a0\u00bb custom_margin=\u00a0\u00bb||-9px|||\u00a0\u00bb custom_padding=\u00a0\u00bb98px||211px|||\u00a0\u00bb da_disable_devices=\u00a0\u00bboff|off|off\u00a0\u00bb global_colors_info=\u00a0\u00bb{}\u00a0\u00bb da_is_popup=\u00a0\u00bboff\u00a0\u00bb da_exit_intent=\u00a0\u00bboff\u00a0\u00bb da_has_close=\u00a0\u00bbon\u00a0\u00bb da_alt_close=\u00a0\u00bboff\u00a0\u00bb da_dark_close=\u00a0\u00bboff\u00a0\u00bb da_not_modal=\u00a0\u00bbon\u00a0\u00bb da_is_singular=\u00a0\u00bboff\u00a0\u00bb da_with_loader=\u00a0\u00bboff\u00a0\u00bb da_has_shadow=\u00a0\u00bbon\u00a0\u00bb][et_pb_row column_structure=\u00a0\u00bb1_2,1_2&Prime; _builder_version=\u00a0\u00bb4.0.6&Prime; custom_margin=\u00a0\u00bb-10vh||||false|false\u00a0\u00bb custom_padding=\u00a0\u00bb0px|||||\u00a0\u00bb global_colors_info=\u00a0\u00bb{}\u00a0\u00bb][et_pb_column type=\u00a0\u00bb1_2&Prime; _builder_version=\u00a0\u00bb4.0.6&Prime; global_colors_info=\u00a0\u00bb{}\u00a0\u00bb][\/et_pb_column][et_pb_column type=\u00a0\u00bb1_2&Prime; _builder_version=\u00a0\u00bb4.0.6&Prime; global_colors_info=\u00a0\u00bb{}\u00a0\u00bb][et_pb_text _builder_version=\u00a0\u00bb4.0.6&Prime; text_font_size=\u00a0\u00bb19px\u00a0\u00bb header_font=\u00a0\u00bb|||on|||||\u00a0\u00bb header_text_color=\u00a0\u00bb#ffffff\u00a0\u00bb header_font_size=\u00a0\u00bb3em\u00a0\u00bb header_line_height=\u00a0\u00bb1.1em\u00a0\u00bb background_layout=\u00a0\u00bbdark\u00a0\u00bb custom_margin=\u00a0\u00bb||3%||false|false\u00a0\u00bb custom_margin_tablet=\u00a0\u00bb\u00a0\u00bb custom_margin_phone=\u00a0\u00bb-14vh||3vh||false|false\u00a0\u00bb custom_margin_last_edited=\u00a0\u00bbon|phone\u00a0\u00bb custom_padding=\u00a0\u00bb10%||0%||false|false\u00a0\u00bb header_font_size_tablet=\u00a0\u00bb\u00a0\u00bb header_font_size_phone=\u00a0\u00bb\u00a0\u00bb header_font_size_last_edited=\u00a0\u00bbon|phone\u00a0\u00bb custom_css_main_element=\u00a0\u00bbimg {||  vertical-align:top;||}\u00a0\u00bb global_colors_info=\u00a0\u00bb{}\u00a0\u00bb]<\/p>\n<h1>\u00e9coutez :<br \/>l&rsquo;OEIL DE LYNX<\/h1>\n<p>[\/et_pb_text][et_pb_text content_tablet=\u00a0\u00bb<\/p>\n<p><strong><img src=%22https:\/\/agir.wwf.fr\/stopextinction-saison-2\/wp-content\/uploads\/sites\/35\/2021\/11\/Erik-Orsenna-Stephane-Bern-300x135.png%22 width=%22300%22 height=%22135%22 alt=%22%22 class=%22wp-image-56318 alignnone size-medium%22 \/><\/strong><\/p>\n<p>\u00a0\u00bb content_phone=\u00a0\u00bb<\/p>\n<p><strong><img src=%22https:\/\/agir.wwf.fr\/stopextinction-saison-2\/wp-content\/uploads\/sites\/35\/2021\/11\/Erik-Orsenna-Stephane-Bern-300x135.png%22 width=%22300%22 height=%22135%22 alt=%22%22 class=%22wp-image-56318 alignnone size-medium%22 \/><\/strong><\/p>\n<p>\u00a0\u00bb content_last_edited=\u00a0\u00bbon|desktop\u00a0\u00bb _builder_version=\u00a0\u00bb4.14.0&Prime; text_font_size=\u00a0\u00bb0.9em\u00a0\u00bb header_font=\u00a0\u00bb|||on|||||\u00a0\u00bb header_text_color=\u00a0\u00bb#ffffff\u00a0\u00bb header_font_size=\u00a0\u00bb67px\u00a0\u00bb header_line_height=\u00a0\u00bb1.1em\u00a0\u00bb background_layout=\u00a0\u00bbdark\u00a0\u00bb custom_padding=\u00a0\u00bb||0px|||\u00a0\u00bb text_font_size_tablet=\u00a0\u00bb\u00a0\u00bb text_font_size_phone=\u00a0\u00bb\u00a0\u00bb text_font_size_last_edited=\u00a0\u00bbon|phone\u00a0\u00bb custom_css_main_element=\u00a0\u00bbalign-items: center;\u00a0\u00bb global_colors_info=\u00a0\u00bb{}\u00a0\u00bb]<\/p>\n<p><strong><img decoding=\"async\" loading=\"lazy\" src=\"https:\/\/agir.wwf.fr\/stopextinction-saison-2\/wp-content\/uploads\/sites\/35\/2021\/11\/Erik-Orsenna-Stephane-Bern-300x135.png\" width=\"300\" height=\"135\" alt=\"\" class=\"wp-image-56318 alignnone size-medium\" srcset=\"https:\/\/agir.wwf.fr\/stopextinction\/wp-content\/uploads\/sites\/35\/2021\/11\/Erik-Orsenna-Stephane-Bern-300x135.png 300w, https:\/\/agir.wwf.fr\/stopextinction\/wp-content\/uploads\/sites\/35\/2021\/11\/Erik-Orsenna-Stephane-Bern.png 400w\" sizes=\"(max-width: 300px) 100vw, 300px\" \/><\/strong><\/p>\n<p>[\/et_pb_text][et_pb_text _builder_version=\u00a0\u00bb4.0.6&Prime; text_text_color=\u00a0\u00bb#ffffff\u00a0\u00bb text_font_size=\u00a0\u00bb0.8em\u00a0\u00bb text_line_height=\u00a0\u00bb1.4em\u00a0\u00bb mix_blend_mode=\u00a0\u00bboverlay\u00a0\u00bb global_colors_info=\u00a0\u00bb{}\u00a0\u00bb]<\/p>\n<p>Mais que faisait le jour ? Pourquoi tardait-il tant \u00e0 se lever ?<\/p>\n<p>Jean-G\u00e9rard T, dit Raboliot dans le milieu, avait bien assez dormi. Il piaffait dans son lit : il avait tant \u00e0 faire ! On croit facile le m\u00e9tier de braconnier alors que c\u2019est la gal\u00e8re quotidienne !<\/p>\n<p><span style=\"color: #666666;\">Du matin au soir il faut courir la for\u00eat pour poser ici un pi\u00e8ge, l\u00e0 tendre un filet, plus loin enduire de glu des branches&#8230;<\/span><\/p>\n<p>[\/et_pb_text][et_pb_image src=\u00a0\u00bbhttps:\/\/agir.wwf.fr\/stopextinction-saison-2\/wp-content\/uploads\/sites\/35\/2019\/11\/plus.svg\u00a0\u00bb url=\u00a0\u00bb#story-popup\u00a0\u00bb show_bottom_space=\u00a0\u00bboff\u00a0\u00bb _builder_version=\u00a0\u00bb4.0.6&Prime; width=\u00a0\u00bb6%\u00a0\u00bb module_alignment=\u00a0\u00bbcenter\u00a0\u00bb custom_margin=\u00a0\u00bb-2%||||false|false\u00a0\u00bb global_colors_info=\u00a0\u00bb{}\u00a0\u00bb][\/et_pb_image][\/et_pb_column][\/et_pb_row][et_pb_row column_structure=\u00a0\u00bb2_5,3_5&Prime; _builder_version=\u00a0\u00bb4.0.6&Prime; width=\u00a0\u00bb100%\u00a0\u00bb module_alignment=\u00a0\u00bbcenter\u00a0\u00bb custom_margin=\u00a0\u00bb3vh||||false|false\u00a0\u00bb custom_padding=\u00a0\u00bb|||9vw|false|false\u00a0\u00bb custom_css_main_element=\u00a0\u00bbalign-items: center;\u00a0\u00bb locked=\u00a0\u00bboff\u00a0\u00bb global_colors_info=\u00a0\u00bb{}\u00a0\u00bb][et_pb_column type=\u00a0\u00bb2_5&Prime; _builder_version=\u00a0\u00bb4.0.6&Prime; custom_padding=\u00a0\u00bb|0%|||false|false\u00a0\u00bb global_colors_info=\u00a0\u00bb{}\u00a0\u00bb custom_padding__hover_enabled=\u00a0\u00bbon|desktop\u00a0\u00bb custom_padding__hover=\u00a0\u00bb|0%|||false|false\u00a0\u00bb][\/et_pb_column][et_pb_column type=\u00a0\u00bb3_5&Prime; _builder_version=\u00a0\u00bb4.0.6&Prime; custom_padding=\u00a0\u00bb|0%||7%|false|false\u00a0\u00bb global_colors_info=\u00a0\u00bb{}\u00a0\u00bb][et_pb_audio audio=\u00a0\u00bbhttps:\/\/agir.wwf.fr\/stopextinction-saison-2\/wp-content\/uploads\/sites\/35\/2021\/11\/WWF-podcast-L_oeil-de-lynx-20211029-web.mp3&Prime; _builder_version=\u00a0\u00bb4.12.1&Prime; _dynamic_attributes=\u00a0\u00bblink_option_url\u00a0\u00bb title_text_align=\u00a0\u00bbleft\u00a0\u00bb caption_text_color=\u00a0\u00bb#ffffff\u00a0\u00bb background_color=\u00a0\u00bbrgba(0,0,0,0)\u00a0\u00bb text_orientation=\u00a0\u00bbleft\u00a0\u00bb width=\u00a0\u00bb68vw\u00a0\u00bb width_tablet=\u00a0\u00bb\u00a0\u00bb width_phone=\u00a0\u00bb\u00a0\u00bb width_last_edited=\u00a0\u00bbon|phone\u00a0\u00bb max_width_tablet=\u00a0\u00bb\u00a0\u00bb max_width_phone=\u00a0\u00bb\u00a0\u00bb max_width_last_edited=\u00a0\u00bbon|phone\u00a0\u00bb custom_margin=\u00a0\u00bb|||-20%|false|false\u00a0\u00bb custom_padding=\u00a0\u00bb||||false|false\u00a0\u00bb link_option_url=\u00a0\u00bb@ET-DC@eyJkeW5hbWljIjp0cnVlLCJjb250ZW50IjoicG9zdF9saW5rX3VybF9hdHRhY2htZW50Iiwic2V0dGluZ3MiOnsicG9zdF9pZCI6IjU1NjQ4In19@\u00a0\u00bb custom_css_main_element=\u00a0\u00bbwidth:80%!important;||float:left;\u00a0\u00bb global_colors_info=\u00a0\u00bb{}\u00a0\u00bb][\/et_pb_audio][et_pb_image src=\u00a0\u00bbhttps:\/\/agir.wwf.fr\/stopextinction-saison-2\/wp-content\/uploads\/sites\/35\/2019\/11\/download.svg\u00a0\u00bb url=\u00a0\u00bb@ET-DC@eyJkeW5hbWljIjp0cnVlLCJjb250ZW50IjoicG9zdF9saW5rX3VybF9hdHRhY2htZW50Iiwic2V0dGluZ3MiOnsicG9zdF9pZCI6IjU1NjQ4In19@\u00a0\u00bb show_bottom_space=\u00a0\u00bboff\u00a0\u00bb align=\u00a0\u00bbcenter\u00a0\u00bb _builder_version=\u00a0\u00bb4.12.1&Prime; _dynamic_attributes=\u00a0\u00bburl\u00a0\u00bb module_alignment=\u00a0\u00bbcenter\u00a0\u00bb max_height=\u00a0\u00bb25px\u00a0\u00bb max_height_tablet=\u00a0\u00bb\u00a0\u00bb max_height_phone=\u00a0\u00bb\u00a0\u00bb max_height_last_edited=\u00a0\u00bbon|desktop\u00a0\u00bb custom_margin=\u00a0\u00bb33px||||false|false\u00a0\u00bb custom_css_main_element=\u00a0\u00bbwidth:10%!important;||float:left;\u00a0\u00bb global_colors_info=\u00a0\u00bb{}\u00a0\u00bb][\/et_pb_image][et_pb_image src=\u00a0\u00bbhttps:\/\/agir.wwf.fr\/stopextinction-saison-2\/wp-content\/uploads\/sites\/35\/2019\/11\/paper-plane.svg\u00a0\u00bb url=\u00a0\u00bbhttps:\/\/www.facebook.com\/sharer\/sharer.php?u=https:\/\/agir.wwf.fr\/stopextinction\/tigre\u00a0\u00bb show_bottom_space=\u00a0\u00bboff\u00a0\u00bb align=\u00a0\u00bbcenter\u00a0\u00bb _builder_version=\u00a0\u00bb4.0.6&Prime; module_alignment=\u00a0\u00bbcenter\u00a0\u00bb max_height=\u00a0\u00bb24px\u00a0\u00bb custom_margin=\u00a0\u00bb36px|0vw||0vw|false|false\u00a0\u00bb custom_css_main_element=\u00a0\u00bbwidth:10%!important;||float:left;\u00a0\u00bb global_colors_info=\u00a0\u00bb{}\u00a0\u00bb][\/et_pb_image][\/et_pb_column][\/et_pb_row][\/et_pb_section][et_pb_section fb_built=\u00a0\u00bb1&Prime; disabled_on=\u00a0\u00bboff|on|on\u00a0\u00bb admin_label=\u00a0\u00bbSection Mobile\u00a0\u00bb module_id=\u00a0\u00bbconte\u00a0\u00bb _builder_version=\u00a0\u00bb4.0.6&Prime; background_color=\u00a0\u00bb#000000&Prime; min_height=\u00a0\u00bb100vh\u00a0\u00bb min_height_tablet=\u00a0\u00bb\u00a0\u00bb min_height_phone=\u00a0\u00bbauto\u00a0\u00bb min_height_last_edited=\u00a0\u00bbon|phone\u00a0\u00bb custom_margin=\u00a0\u00bb8px|||||\u00a0\u00bb da_disable_devices=\u00a0\u00bboff|off|off\u00a0\u00bb global_colors_info=\u00a0\u00bb{}\u00a0\u00bb da_is_popup=\u00a0\u00bboff\u00a0\u00bb da_exit_intent=\u00a0\u00bboff\u00a0\u00bb da_has_close=\u00a0\u00bbon\u00a0\u00bb da_alt_close=\u00a0\u00bboff\u00a0\u00bb da_dark_close=\u00a0\u00bboff\u00a0\u00bb da_not_modal=\u00a0\u00bbon\u00a0\u00bb da_is_singular=\u00a0\u00bboff\u00a0\u00bb da_with_loader=\u00a0\u00bboff\u00a0\u00bb da_has_shadow=\u00a0\u00bbon\u00a0\u00bb][et_pb_row custom_padding_last_edited=\u00a0\u00bbon|phone\u00a0\u00bb _builder_version=\u00a0\u00bb4.13.0&Prime; background_image=\u00a0\u00bbhttps:\/\/agir.wwf.fr\/stopextinction-saison-2\/wp-content\/uploads\/sites\/35\/2021\/11\/lynx-pour-le-web-scaled.jpg\u00a0\u00bb background_position=\u00a0\u00bbtop_center\u00a0\u00bb width=\u00a0\u00bb100%\u00a0\u00bb module_alignment=\u00a0\u00bbcenter\u00a0\u00bb custom_margin=\u00a0\u00bb8px|auto||auto||\u00a0\u00bb custom_padding_tablet=\u00a0\u00bb\u00a0\u00bb custom_padding_phone=\u00a0\u00bb30vh||||false|false\u00a0\u00bb global_colors_info=\u00a0\u00bb{}\u00a0\u00bb][et_pb_column type=\u00a0\u00bb4_4&Prime; _builder_version=\u00a0\u00bb4.0.6&Prime; global_colors_info=\u00a0\u00bb{}\u00a0\u00bb][et_pb_text _builder_version=\u00a0\u00bb4.13.0&Prime; text_font=\u00a0\u00bbWWF2|200||on|||||\u00a0\u00bb text_text_color=\u00a0\u00bb#ffffff\u00a0\u00bb text_font_size=\u00a0\u00bb2em\u00a0\u00bb text_letter_spacing=\u00a0\u00bb2px\u00a0\u00bb text_line_height=\u00a0\u00bb1em\u00a0\u00bb header_font=\u00a0\u00bbWWF2||||||||\u00a0\u00bb text_orientation=\u00a0\u00bbcenter\u00a0\u00bb background_layout=\u00a0\u00bbdark\u00a0\u00bb global_colors_info=\u00a0\u00bb{}\u00a0\u00bb]<\/p>\n<p>\u00e9coutez : l&rsquo;oeil de lynx<\/p>\n<p>[\/et_pb_text][et_pb_image src=\u00a0\u00bbhttps:\/\/agir.wwf.fr\/stopextinction-saison-2\/wp-content\/uploads\/sites\/35\/2021\/11\/Sans-titre-6.png\u00a0\u00bb title_text=\u00a0\u00bbSans titre (6)\u00a0\u00bb align=\u00a0\u00bbcenter\u00a0\u00bb _builder_version=\u00a0\u00bb4.14.2&Prime; hover_enabled=\u00a0\u00bb0&Prime; global_colors_info=\u00a0\u00bb{}\u00a0\u00bb sticky_enabled=\u00a0\u00bb0&Prime;][\/et_pb_image][et_pb_text _builder_version=\u00a0\u00bb4.13.1&Prime; text_text_color=\u00a0\u00bb#ffffff\u00a0\u00bb text_line_height=\u00a0\u00bb1em\u00a0\u00bb text_orientation=\u00a0\u00bbcenter\u00a0\u00bb global_colors_info=\u00a0\u00bb{}\u00a0\u00bb]<\/p>\n<p style=\"text-align: center;\">Par <strong>\u00c9ric Orsenna<\/strong>, cont\u00e9 par <strong>St\u00e9phane Bern<\/strong><\/p>\n<p style=\"text-align: center;\">[\/et_pb_text][\/et_pb_column][\/et_pb_row][et_pb_row _builder_version=\u00a0\u00bb4.0.6&Prime; global_colors_info=\u00a0\u00bb{}\u00a0\u00bb][et_pb_column type=\u00a0\u00bb4_4&Prime; _builder_version=\u00a0\u00bb4.0.6&Prime; global_colors_info=\u00a0\u00bb{}\u00a0\u00bb][et_pb_audio audio=\u00a0\u00bbhttps:\/\/agir.wwf.fr\/stopextinction-saison-2\/wp-content\/uploads\/sites\/35\/2021\/11\/WWF-podcast-L_oeil-de-lynx-20211029-web.mp3&Prime; _builder_version=\u00a0\u00bb4.13.0&Prime; title_text_align=\u00a0\u00bbleft\u00a0\u00bb caption_text_color=\u00a0\u00bb#ffffff\u00a0\u00bb background_color=\u00a0\u00bbrgba(0,0,0,0)\u00a0\u00bb text_orientation=\u00a0\u00bbleft\u00a0\u00bb width_tablet=\u00a0\u00bb\u00a0\u00bb width_phone=\u00a0\u00bb\u00a0\u00bb width_last_edited=\u00a0\u00bbon|desktop\u00a0\u00bb max_width_tablet=\u00a0\u00bb\u00a0\u00bb max_width_phone=\u00a0\u00bb\u00a0\u00bb max_width_last_edited=\u00a0\u00bbon|phone\u00a0\u00bb custom_margin=\u00a0\u00bb||||false|false\u00a0\u00bb custom_padding=\u00a0\u00bb||||false|false\u00a0\u00bb global_colors_info=\u00a0\u00bb{}\u00a0\u00bb][\/et_pb_audio][\/et_pb_column][\/et_pb_row][et_pb_row column_structure=\u00a0\u00bb1_3,1_3,1_3&Prime; _builder_version=\u00a0\u00bb4.0.6&Prime; global_colors_info=\u00a0\u00bb{}\u00a0\u00bb][et_pb_column type=\u00a0\u00bb1_3&Prime; _builder_version=\u00a0\u00bb4.0.6&Prime; custom_css_main_element=\u00a0\u00bbfloat:left !important;||width:33% !important;\u00a0\u00bb global_colors_info=\u00a0\u00bb{}\u00a0\u00bb custom_css_main_element_last_edited=\u00a0\u00bbon|phone\u00a0\u00bb custom_css_main_element_phone=\u00a0\u00bbfloat:left !important;||width:33% !important;\u00a0\u00bb custom_css_main_element_tablet=\u00a0\u00bbfloat:left !important;||width:33% !important;\u00a0\u00bb][et_pb_image src=\u00a0\u00bbhttps:\/\/agir.wwf.fr\/stopextinction-saison-2\/wp-content\/uploads\/sites\/35\/2019\/11\/download.svg\u00a0\u00bb url=\u00a0\u00bb@ET-DC@eyJkeW5hbWljIjp0cnVlLCJjb250ZW50IjoicG9zdF9saW5rX3VybF9hdHRhY2htZW50Iiwic2V0dGluZ3MiOnsicG9zdF9pZCI6IjU1NjQ4In19@\u00a0\u00bb show_bottom_space=\u00a0\u00bboff\u00a0\u00bb align=\u00a0\u00bbcenter\u00a0\u00bb _builder_version=\u00a0\u00bb4.13.0&Prime; _dynamic_attributes=\u00a0\u00bburl\u00a0\u00bb max_width=\u00a0\u00bb25px\u00a0\u00bb module_alignment=\u00a0\u00bbcenter\u00a0\u00bb max_height=\u00a0\u00bb25px\u00a0\u00bb max_height_tablet=\u00a0\u00bb\u00a0\u00bb max_height_phone=\u00a0\u00bb\u00a0\u00bb max_height_last_edited=\u00a0\u00bbon|phone\u00a0\u00bb custom_margin=\u00a0\u00bb|-2vw|||false|false\u00a0\u00bb global_colors_info=\u00a0\u00bb{}\u00a0\u00bb][\/et_pb_image][\/et_pb_column][et_pb_column type=\u00a0\u00bb1_3&Prime; _builder_version=\u00a0\u00bb4.0.6&Prime; global_colors_info=\u00a0\u00bb{}\u00a0\u00bb custom_css_main_element_last_edited=\u00a0\u00bbon|phone\u00a0\u00bb custom_css_main_element_phone=\u00a0\u00bbfloat:left !important;||width:33% !important;\u00a0\u00bb][et_pb_image src=\u00a0\u00bbhttps:\/\/agir.wwf.fr\/stopextinction-saison-2\/wp-content\/uploads\/sites\/35\/2019\/11\/plus.svg\u00a0\u00bb url=\u00a0\u00bbhttps:\/\/agir.wwf.fr\/cfa19\/conte-tigre\/\u00a0\u00bb url_new_window=\u00a0\u00bbon\u00a0\u00bb show_bottom_space=\u00a0\u00bboff\u00a0\u00bb align=\u00a0\u00bbcenter\u00a0\u00bb _builder_version=\u00a0\u00bb4.0.6&Prime; max_width=\u00a0\u00bb25px\u00a0\u00bb module_alignment=\u00a0\u00bbcenter\u00a0\u00bb max_height=\u00a0\u00bb25px\u00a0\u00bb max_height_tablet=\u00a0\u00bb\u00a0\u00bb max_height_phone=\u00a0\u00bb\u00a0\u00bb max_height_last_edited=\u00a0\u00bbon|phone\u00a0\u00bb custom_margin=\u00a0\u00bb|-2vw|||false|false\u00a0\u00bb custom_padding_tablet=\u00a0\u00bb\u00a0\u00bb custom_padding_phone=\u00a0\u00bb2px||||false|false\u00a0\u00bb custom_padding_last_edited=\u00a0\u00bbon|phone\u00a0\u00bb global_colors_info=\u00a0\u00bb{}\u00a0\u00bb][\/et_pb_image][\/et_pb_column][et_pb_column type=\u00a0\u00bb1_3&Prime; _builder_version=\u00a0\u00bb4.0.6&Prime; global_colors_info=\u00a0\u00bb{}\u00a0\u00bb custom_css_main_element_last_edited=\u00a0\u00bbon|phone\u00a0\u00bb custom_css_main_element_phone=\u00a0\u00bbfloat:left !important;||width:33% !important;||margin-bottom:30px !important;\u00a0\u00bb][et_pb_image src=\u00a0\u00bbhttps:\/\/agir.wwf.fr\/stopextinction-saison-2\/wp-content\/uploads\/sites\/35\/2019\/11\/paper-plane.svg\u00a0\u00bb url=\u00a0\u00bbhttps:\/\/www.facebook.com\/sharer\/sharer.php?u=https:\/\/agir.wwf.fr\/stopextinction\/tigre\u00a0\u00bb show_bottom_space=\u00a0\u00bboff\u00a0\u00bb align=\u00a0\u00bbcenter\u00a0\u00bb _builder_version=\u00a0\u00bb4.0.6&Prime; max_width=\u00a0\u00bb50px\u00a0\u00bb module_alignment=\u00a0\u00bbcenter\u00a0\u00bb max_height=\u00a0\u00bb25px\u00a0\u00bb custom_margin=\u00a0\u00bb|0vw||0vw|false|false\u00a0\u00bb custom_padding_tablet=\u00a0\u00bb\u00a0\u00bb custom_padding_phone=\u00a0\u00bb4px||||false|false\u00a0\u00bb custom_padding_last_edited=\u00a0\u00bbon|phone\u00a0\u00bb global_colors_info=\u00a0\u00bb{}\u00a0\u00bb][\/et_pb_image][\/et_pb_column][\/et_pb_row][\/et_pb_section][et_pb_section fb_built=\u00a0\u00bb1&Prime; disabled_on=\u00a0\u00bbon|off|off\u00a0\u00bb admin_label=\u00a0\u00bbPopup &#8211; #story-popup\u00a0\u00bb module_id=\u00a0\u00bbstory-popup\u00a0\u00bb module_class=\u00a0\u00bbpopup\u00a0\u00bb _builder_version=\u00a0\u00bb4.13.0&Prime; background_image=\u00a0\u00bbhttps:\/\/agir.wwf.fr\/stopextinction-saison-2\/wp-content\/uploads\/sites\/35\/2021\/11\/wwf_big_lynx_2-1.jpg\u00a0\u00bb background_position=\u00a0\u00bbcenter_left\u00a0\u00bb height=\u00a0\u00bb100vh\u00a0\u00bb custom_padding=\u00a0\u00bb145px||76px|||\u00a0\u00bb animation_style=\u00a0\u00bbfade\u00a0\u00bb da_is_popup=\u00a0\u00bbon\u00a0\u00bb da_popup_slug=\u00a0\u00bbstory-popup\u00a0\u00bb da_disable_devices=\u00a0\u00bboff|off|off\u00a0\u00bb global_colors_info=\u00a0\u00bb{}\u00a0\u00bb da_exit_intent=\u00a0\u00bboff\u00a0\u00bb da_has_close=\u00a0\u00bbon\u00a0\u00bb da_alt_close=\u00a0\u00bboff\u00a0\u00bb da_dark_close=\u00a0\u00bboff\u00a0\u00bb da_not_modal=\u00a0\u00bbon\u00a0\u00bb da_is_singular=\u00a0\u00bboff\u00a0\u00bb da_with_loader=\u00a0\u00bboff\u00a0\u00bb da_has_shadow=\u00a0\u00bbon\u00a0\u00bb][et_pb_row column_structure=\u00a0\u00bb2_5,3_5&Prime; _builder_version=\u00a0\u00bb4.0.6&Prime; width=\u00a0\u00bb81.5%\u00a0\u00bb custom_margin=\u00a0\u00bb|-66px||262px||\u00a0\u00bb custom_padding=\u00a0\u00bb|0px||0px||\u00a0\u00bb global_colors_info=\u00a0\u00bb{}\u00a0\u00bb][et_pb_column type=\u00a0\u00bb2_5&Prime; _builder_version=\u00a0\u00bb4.0.6&Prime; global_colors_info=\u00a0\u00bb{}\u00a0\u00bb][\/et_pb_column][et_pb_column type=\u00a0\u00bb3_5&Prime; _builder_version=\u00a0\u00bb4.0.6&Prime; global_colors_info=\u00a0\u00bb{}\u00a0\u00bb][et_pb_code _builder_version=\u00a0\u00bb4.0.6&Prime; custom_margin=\u00a0\u00bb|37px||-30px||\u00a0\u00bb custom_padding=\u00a0\u00bb|81px||28px||\u00a0\u00bb filter_brightness=\u00a0\u00bb200%\u00a0\u00bb global_colors_info=\u00a0\u00bb{}\u00a0\u00bb]<\/p>\n<div style=\"height:auto;width:100%;border:0px;font:16px\/28px Open Sans;overflow:auto\">\u00a0 <!\u2013- [et_pb_br_holder] -\u2013><!\u2013- [et_pb_br_holder] -\u2013><!-- [et_pb_line_break_holder] --><!-- [et_pb_line_break_holder] --> Mais que faisait le jour ? <!\u2013- [et_pb_br_holder] -\u2013><!-- [et_pb_line_break_holder] -->Pourquoi tardait-il tant \u00e0 se lever ?<!\u2013- [et_pb_br_holder] -\u2013><!\u2013- [et_pb_br_holder] -\u2013> <!-- [et_pb_line_break_holder] --><!-- [et_pb_line_break_holder] -->Jean-G\u00e9rard T, dit Raboliot dans le milieu, avait bien assez dormi. Il piaffait dans son lit : il avait tant \u00e0 faire ! On croit facile le m\u00e9tier de braconnier alors que c\u2019est la gal\u00e8re quotidienne ! Du matin au soir il faut courir la for\u00eat pour poser ici un pi\u00e8ge, l\u00e0 tendre un filet, plus loin enduire de glu des branches. En \u00e9vitant les gardes et cette nouvelle et bien plus redoutable engeance, les militants<!-- [et_pb_line_break_holder] -->verts. Des redoutables, ceux-l\u00e0 et celles-l\u00e0, et souvent des tr\u00e8s jeunes, quasi des enfants, et qui ont fini par conna\u00eetre les sentes et les caches aussi bien que nous, m\u00eame s\u2019ils habitent la ville.<!\u2013- [et_pb_br_holder] -\u2013><!\u2013- [et_pb_br_holder] -\u2013><!-- [et_pb_line_break_holder] -->O\u00f9 avait disparu sa montre ? Et d\u2019ailleurs la table de nuit ? Sa main gauche t\u00e2tonnait, sans rien trouver. Il r\u00e9ussit \u00e0 se lever. Puis \u00e0 s\u2019habiller. Dans la m\u00eame absence de lumi\u00e8re. Soudain une pens\u00e9e terrible le traversa. Et si ce n\u2019\u00e9tait pas le jour, le coupable, le paresseux ? Si c\u2019\u00e9tait lui, si c\u2019\u00e9taient ses yeux ? Autrement<!-- [et_pb_line_break_holder] -->dit : et s\u2019il \u00e9tait devenu aveugle ? Il hurla. Sa compagne Marie Jo qui faisait le caf\u00e9 se pr\u00e9cipita. C\u2019est elle qui, dans leur vieille 4 L pourrie, le conduisit chez un m\u00e9decin. De toute sa vie, premi\u00e8re visite de cette sorte : courir les bois, quelle meilleure fa\u00e7on de garder la sant\u00e9 ?<!\u2013- [et_pb_br_holder] -\u2013><!\u2013- [et_pb_br_holder] -\u2013>\u00a0 <!-- [et_pb_line_break_holder] --><!-- [et_pb_line_break_holder] -->Le bon docteur Isabelle S.A l\u2019examina longuement. A la demande je peux vous donner son adresse et son num\u00e9ro de t\u00e9l\u00e9phone. Pas plus consciencieuse que cette praticienne. Apr\u00e8s mille questions, dix palpations, cinq auscultations, trois explorations<!-- [et_pb_line_break_holder] -->si intimes que vous me pardonnerez de les passer sous silence, elle se releva :<!\u2013- [et_pb_br_holder] -\u2013>\u00a0 <!-- [et_pb_line_break_holder] -->&#8211; Rien, je ne vous trouve rien. Je ne trouve aucune cause \u00e0 votre c\u00e9cit\u00e9.<!\u2013- [et_pb_br_holder] -\u2013><!-- [et_pb_line_break_holder] -->Elle se tut un long moment. Avant de finir par ajouter :<!\u2013- [et_pb_br_holder] -\u2013><!-- [et_pb_line_break_holder] -->&#8211; Sauf&#8230;sauf les oreilles !<!\u2013- [et_pb_br_holder] -\u2013><!-- [et_pb_line_break_holder] -->&#8211; Pardon ? Quel rapport avec mon aveuglement ?<!\u2013- [et_pb_br_holder] -\u2013><!-- [et_pb_line_break_holder] -->Le docteur se tourna vers Marie Jo. Dans le fond du cabinet elle avait install\u00e9 sur une trop petite chaise son imposante carcasse et, pour passer le temps, apr\u00e8s avoir demand\u00e9 poliment la permission, \u00ab \u00e7a ne vous d\u00e9range pas si je tricote ? \u00bb \u00ab je<!-- [et_pb_line_break_holder] -->vous en prie \u00bb, elle alignait les mailles d\u2019une interminable \u00e9charpe marron. <!\u2013- [et_pb_br_holder] -\u2013><!-- [et_pb_line_break_holder] -->&#8211; Votre compagnon, vous n\u2019avez pas constat\u00e9 des changements, ces derniers temps ?<!\u2013- [et_pb_br_holder] -\u2013>\u00a0 <!-- [et_pb_line_break_holder] -->Marie Jo interrompit un instant le jeu fou de ses aiguilles :<!\u2013- [et_pb_br_holder] -\u2013><!-- [et_pb_line_break_holder] -->&#8211; Il est vrai. J\u2019y pense. Une toison lui vient. Oui, par tout le corps. Et s\u2019il faut \u00eatre franche, bien plus douce que l\u2019ancienne. Et oui, ses oreilles. La gauche a commenc\u00e9, je me souviens, la veille de No\u00ebl. La droite a suivi, pour le Nouvel An. Maintenant il met toujours une casquette, immonde d\u2019ailleurs, et graisseuse si vous savez, pour les cacher. Mais moi je le sais : il les a pointues comme<!-- [et_pb_line_break_holder] -->personne !<!\u2013- [et_pb_br_holder] -\u2013><!\u2013- [et_pb_br_holder] -\u2013><!-- [et_pb_line_break_holder] --><!-- [et_pb_line_break_holder] -->Par deux fois d\u00e9j\u00e0, la secr\u00e9taire \u00e9tait venue avertir que la salle d\u2019attente virait au pugiliat, on s\u2019impatientait trop ! Isabelle SA sourit : <!\u2013- [et_pb_br_holder] -\u2013><!-- [et_pb_line_break_holder] -->&#8211; Tout va bien ! Dites-leur de se calmer. Je sais ce qui se passe.<!\u2013- [et_pb_br_holder] -\u2013><!-- [et_pb_line_break_holder] --> &#8211;\u00a0 Et d\u2019un geste brusque, sans pr\u00e9venir, elle se saisit de la fameuse casquette.<!\u2013- [et_pb_br_holder] -\u2013>\u00a0<!-- [et_pb_line_break_holder] --> &#8211;\u00a0 La mal\u00e9diction des lynx !<!\u2013- [et_pb_br_holder] -\u2013><!-- [et_pb_line_break_holder] -->&#8211;\u00a0 Pardon !<!\u2013- [et_pb_br_holder] -\u2013><!-- [et_pb_line_break_holder] -->&#8211;\u00a0 Je connais votre r\u00e9putation. Vous braconnez tout ce qui bouge. Toutes ces esp\u00e8ces fragiles. Mais il ne fallait pas s\u2019attaquer aux lynx. Ces b\u00eates-l\u00e0 savent se d\u00e9fendre !<!\u2013- [et_pb_br_holder] -\u2013>\u00a0<!-- [et_pb_line_break_holder] --> &#8211;\u00a0 C\u2019est pour cela que je ne vois plus ? <!\u2013- [et_pb_br_holder] -\u2013><!-- [et_pb_line_break_holder] --> &#8211;\u00a0 Exactement !<!\u2013- [et_pb_br_holder] -\u2013><!-- [et_pb_line_break_holder] -->&#8211;\u00a0 Vous voulez dire qu\u2019ils se sont veng\u00e9s ?<!\u2013- [et_pb_br_holder] -\u2013><!-- [et_pb_line_break_holder] -->&#8211;\u00a0 Vous m\u2019avez parfaitement comprise !<!\u2013- [et_pb_br_holder] -\u2013><!-- [et_pb_line_break_holder] -->&#8211;\u00a0 Dites-moi, vous \u00eates m\u00e9decin&#8230;ou sorci\u00e8re ?<!\u2013- [et_pb_br_holder] -\u2013><!-- [et_pb_line_break_holder] -->&#8211;\u00a0 Au revoir monsieur, c\u2019est 30 euros.<!\u2013- [et_pb_br_holder] -\u2013><!\u2013- [et_pb_br_holder] -\u2013><!-- [et_pb_line_break_holder] --><!-- [et_pb_line_break_holder] -->\u00ab\u00a0\u0152il de lynx \u00bb qui ne conna\u00eet cette expression ? M\u00eame si les rapaces sont bien plus efficaces, tout le monde pense que le lynx a la meilleure vision de tout le r\u00e8gne animal. Malheur \u00e0 vous si vous les tuez, leurs yeux reviendront ronger les v\u00f4tres et le jour ne se l\u00e8vera plus pour vous. Juste retour des choses, non ? De janvier \u00e0 d\u00e9cembre et du Nord au Sud, les braconniers rabotent le<!-- [et_pb_line_break_holder] -->spectacle que nous offre la Nature. Bien leur tour de perdre la vue !<!\u2013- [et_pb_br_holder] -\u2013><!\u2013- [et_pb_br_holder] -\u2013>\u00a0 \u00a0<!-- [et_pb_line_break_holder] --><!-- [et_pb_line_break_holder] -->Ce que se garda bien de dire le docteur Isabelle, c\u2019est que ce pouvoir visuel des lynx est une l\u00e9gende, une l\u00e9gende qui remonte loin, au temps de la mythologie.<!-- [et_pb_line_break_holder] --><!-- [et_pb_line_break_holder] -->Il \u00e9tait une fois le vaisseau Argo parti chercher la Toison d\u2019or. Les vaillants marins de ce bateau s\u2019appelaient les argonautes. Parmi lesquels Lync\u00e9e. Lequel avait re\u00e7u des dieux le pouvoir de voir \u00e0 travers la mer, les rochers, les murs des maisons. C\u2019est ainsi qu\u2019\u0153il de Lync\u00e9e devint \u0153il de lynx. M\u00e9fiez-vous des mots. Quand ils<!-- [et_pb_line_break_holder] -->s\u2019allient aux b\u00eates, rien ne peut leur r\u00e9sister ! Pas m\u00eame ces bandits de<!-- [et_pb_line_break_holder] -->braconniers. Nos contes en sont la preuve. <!-- [et_pb_line_break_holder] --><!-- [et_pb_line_break_holder] -->\u00a0<!-- [et_pb_line_break_holder] --><!-- [et_pb_line_break_holder] -->\u00a0<\/div>\n<p>[\/et_pb_code][\/et_pb_column][\/et_pb_row][\/et_pb_section][et_pb_section fb_built=\u00a0\u00bb1&Prime; _builder_version=\u00a0\u00bb4.14.1&Prime; background_image=\u00a0\u00bbhttps:\/\/agir.wwf.fr\/stopextinction-saison-2\/wp-content\/uploads\/sites\/35\/2021\/11\/WW214854-1.jpg\u00a0\u00bb parallax=\u00a0\u00bbon\u00a0\u00bb parallax_method=\u00a0\u00bboff\u00a0\u00bb min_height=\u00a0\u00bb100vh\u00a0\u00bb custom_margin=\u00a0\u00bb||-3px|||\u00a0\u00bb custom_padding=\u00a0\u00bb42px||61px|||\u00a0\u00bb background_last_edited=\u00a0\u00bbon|phone\u00a0\u00bb background_image_phone=\u00a0\u00bbhttps:\/\/agir.wwf.fr\/stopextinction-saison-2\/wp-content\/uploads\/sites\/35\/2021\/11\/lynx-mobile-3CTA.jpg\u00a0\u00bb background_enable_image_phone=\u00a0\u00bbon\u00a0\u00bb parallax_phone=\u00a0\u00bboff\u00a0\u00bb background_position_phone=\u00a0\u00bbtop_center\u00a0\u00bb custom_css_main_element=\u00a0\u00bbmin-height: 100vh;||align-items: center;||margin: auto auto 0;\u00a0\u00bb da_disable_devices=\u00a0\u00bboff|off|off\u00a0\u00bb global_colors_info=\u00a0\u00bb{}\u00a0\u00bb da_is_popup=\u00a0\u00bboff\u00a0\u00bb da_exit_intent=\u00a0\u00bboff\u00a0\u00bb da_has_close=\u00a0\u00bbon\u00a0\u00bb da_alt_close=\u00a0\u00bboff\u00a0\u00bb da_dark_close=\u00a0\u00bboff\u00a0\u00bb da_not_modal=\u00a0\u00bbon\u00a0\u00bb da_is_singular=\u00a0\u00bboff\u00a0\u00bb da_with_loader=\u00a0\u00bboff\u00a0\u00bb da_has_shadow=\u00a0\u00bbon\u00a0\u00bb][et_pb_row column_structure=\u00a0\u00bb1_2,1_2&Prime; use_custom_gutter=\u00a0\u00bbon\u00a0\u00bb gutter_width=\u00a0\u00bb4&Prime; _builder_version=\u00a0\u00bb4.0.6&Prime; min_height=\u00a0\u00bb350px\u00a0\u00bb min_height_tablet=\u00a0\u00bb\u00a0\u00bb min_height_phone=\u00a0\u00bb\u00a0\u00bb min_height_last_edited=\u00a0\u00bbon|phone\u00a0\u00bb custom_margin=\u00a0\u00bb8%|auto|-8%|20%|false|false\u00a0\u00bb custom_margin_tablet=\u00a0\u00bb||||false|false\u00a0\u00bb custom_margin_phone=\u00a0\u00bb20vh||||false|false\u00a0\u00bb custom_margin_last_edited=\u00a0\u00bbon|phone\u00a0\u00bb global_colors_info=\u00a0\u00bb{}\u00a0\u00bb][et_pb_column type=\u00a0\u00bb1_2&Prime; _builder_version=\u00a0\u00bb4.0.6&Prime; global_colors_info=\u00a0\u00bb{}\u00a0\u00bb][et_pb_text _builder_version=\u00a0\u00bb4.14.2&Prime; text_font_size=\u00a0\u00bb1em\u00a0\u00bb header_font=\u00a0\u00bb|||on|||||\u00a0\u00bb header_text_color=\u00a0\u00bb#ffffff\u00a0\u00bb header_font_size=\u00a0\u00bb3em\u00a0\u00bb header_letter_spacing=\u00a0\u00bb1px\u00a0\u00bb header_line_height=\u00a0\u00bb1.2em\u00a0\u00bb background_layout=\u00a0\u00bbdark\u00a0\u00bb width=\u00a0\u00bb95.9%\u00a0\u00bb custom_margin=\u00a0\u00bb||||false|false\u00a0\u00bb custom_padding=\u00a0\u00bb|10%|||false|false\u00a0\u00bb animation_style=\u00a0\u00bbslide\u00a0\u00bb animation_direction=\u00a0\u00bbbottom\u00a0\u00bb animation_intensity_slide=\u00a0\u00bb5%\u00a0\u00bb hover_enabled=\u00a0\u00bb0&Prime; text_font_size_tablet=\u00a0\u00bb\u00a0\u00bb text_font_size_phone=\u00a0\u00bb1em\u00a0\u00bb text_font_size_last_edited=\u00a0\u00bbon|phone\u00a0\u00bb header_font_size_tablet=\u00a0\u00bb\u00a0\u00bb header_font_size_phone=\u00a0\u00bb2em\u00a0\u00bb header_font_size_last_edited=\u00a0\u00bbon|phone\u00a0\u00bb global_colors_info=\u00a0\u00bb{}\u00a0\u00bb sticky_enabled=\u00a0\u00bb0&Prime;]<\/p>\n<h1>agissez pour<br \/>conserver le LYNX dans le monde r\u00e9el<\/h1>\n<p>[\/et_pb_text][\/et_pb_column][et_pb_column type=\u00a0\u00bb1_2&Prime; _builder_version=\u00a0\u00bb4.0.6&Prime; global_colors_info=\u00a0\u00bb{}\u00a0\u00bb][\/et_pb_column][\/et_pb_row][et_pb_row column_structure=\u00a0\u00bb1_4,1_4,1_4,1_4&Prime; use_custom_gutter=\u00a0\u00bbon\u00a0\u00bb gutter_width=\u00a0\u00bb1&Prime; custom_padding_last_edited=\u00a0\u00bbon|phone\u00a0\u00bb _builder_version=\u00a0\u00bb4.0.6&Prime; max_width_tablet=\u00a0\u00bb\u00a0\u00bb max_width_phone=\u00a0\u00bb\u00a0\u00bb max_width_last_edited=\u00a0\u00bbon|phone\u00a0\u00bb min_height=\u00a0\u00bb195px\u00a0\u00bb min_height_tablet=\u00a0\u00bb\u00a0\u00bb min_height_phone=\u00a0\u00bb\u00a0\u00bb min_height_last_edited=\u00a0\u00bbon|phone\u00a0\u00bb height_tablet=\u00a0\u00bb\u00a0\u00bb height_phone=\u00a0\u00bb\u00a0\u00bb height_last_edited=\u00a0\u00bbon|phone\u00a0\u00bb custom_margin=\u00a0\u00bb|auto||20%|false|false\u00a0\u00bb custom_margin_tablet=\u00a0\u00bb-5vh||||false|false\u00a0\u00bb custom_margin_phone=\u00a0\u00bb-4em||||false|false\u00a0\u00bb custom_margin_last_edited=\u00a0\u00bbon|tablet\u00a0\u00bb custom_padding=\u00a0\u00bb||||false|false\u00a0\u00bb custom_padding_tablet=\u00a0\u00bb\u00a0\u00bb custom_padding_phone=\u00a0\u00bb0em||||false|false\u00a0\u00bb animation_style=\u00a0\u00bbfade\u00a0\u00bb global_colors_info=\u00a0\u00bb{}\u00a0\u00bb height__hover_enabled=\u00a0\u00bbon|desktop\u00a0\u00bb][et_pb_column type=\u00a0\u00bb1_4&Prime; _builder_version=\u00a0\u00bb4.0.6&Prime; custom_padding=\u00a0\u00bb0px||||false|false\u00a0\u00bb custom_padding_tablet=\u00a0\u00bb\u00a0\u00bb custom_padding_phone=\u00a0\u00bb\u00a0\u00bb custom_padding_last_edited=\u00a0\u00bbon|phone\u00a0\u00bb custom_css_main_element=\u00a0\u00bbclear:both;\u00a0\u00bb global_colors_info=\u00a0\u00bb{}\u00a0\u00bb][et_pb_text _builder_version=\u00a0\u00bb4.0.6&Prime; text_font_size=\u00a0\u00bb1em\u00a0\u00bb header_font_size=\u00a0\u00bb3em\u00a0\u00bb custom_margin=\u00a0\u00bb||||false|false\u00a0\u00bb custom_margin_tablet=\u00a0\u00bb\u00a0\u00bb custom_margin_phone=\u00a0\u00bb||||false|false\u00a0\u00bb custom_margin_last_edited=\u00a0\u00bbon|phone\u00a0\u00bb header_font_size_tablet=\u00a0\u00bb\u00a0\u00bb header_font_size_phone=\u00a0\u00bb2em\u00a0\u00bb header_font_size_last_edited=\u00a0\u00bbon|phone\u00a0\u00bb global_colors_info=\u00a0\u00bb{}\u00a0\u00bb]<\/p>\n<h1><span style=\"color: #ffffff\">80 \u20ac<\/span><\/h1>\n<p><span style=\"color: #ffffff\">Votre don ne vous co\u00fbte r\u00e9ellement que 27\u20ac apr\u00e8s d\u00e9duction fiscale<\/span><\/p>\n<p>[\/et_pb_text][et_pb_button button_url=\u00a0\u00bbhttps:\/\/faireundon.wwf.fr\/b?cid=352&#038;lang=fr_FR&#038;amount=8000&#038;frequency=once\u00a0\u00bb button_text=\u00a0\u00bbFAIRE UN DON\u00a0\u00bb button_alignment=\u00a0\u00bbleft\u00a0\u00bb disabled_on=\u00a0\u00bboff|off|off\u00a0\u00bb _builder_version=\u00a0\u00bb4.13.0&Prime; custom_button=\u00a0\u00bbon\u00a0\u00bb button_letter_spacing=\u00a0\u00bb2px\u00a0\u00bb button_font=\u00a0\u00bbWWF2|300|||||||\u00a0\u00bb button_use_icon=\u00a0\u00bboff\u00a0\u00bb custom_margin=\u00a0\u00bb3vh||||false|false\u00a0\u00bb animation_style=\u00a0\u00bbslide\u00a0\u00bb animation_direction=\u00a0\u00bbbottom\u00a0\u00bb global_colors_info=\u00a0\u00bb{}\u00a0\u00bb][\/et_pb_button][\/et_pb_column][et_pb_column type=\u00a0\u00bb1_4&Prime; _builder_version=\u00a0\u00bb4.0.6&Prime; global_colors_info=\u00a0\u00bb{}\u00a0\u00bb][et_pb_text _builder_version=\u00a0\u00bb4.0.6&Prime; text_font_size=\u00a0\u00bb1em\u00a0\u00bb header_font_size=\u00a0\u00bb3em\u00a0\u00bb custom_margin_tablet=\u00a0\u00bb\u00a0\u00bb custom_margin_phone=\u00a0\u00bb5vh||||false|false\u00a0\u00bb custom_margin_last_edited=\u00a0\u00bbon|phone\u00a0\u00bb header_font_size_tablet=\u00a0\u00bb\u00a0\u00bb header_font_size_phone=\u00a0\u00bb2em\u00a0\u00bb header_font_size_last_edited=\u00a0\u00bbon|phone\u00a0\u00bb global_colors_info=\u00a0\u00bb{}\u00a0\u00bb]<\/p>\n<h1><span style=\"color: #ffffff\">100 \u20ac<\/span><\/h1>\n<p><span style=\"color: #ffffff\">Votre don ne vous co\u00fbte r\u00e9ellement que 34\u20ac apr\u00e8s d\u00e9duction fiscale<\/span><\/p>\n<p>[\/et_pb_text][et_pb_button button_url=\u00a0\u00bbhttps:\/\/faireundon.wwf.fr\/b?cid=352&#038;lang=fr_FR&#038;amount=10000&#038;frequency=once\u00a0\u00bb button_text=\u00a0\u00bbFAIRE UN DON\u00a0\u00bb button_alignment=\u00a0\u00bbleft\u00a0\u00bb disabled_on=\u00a0\u00bboff|off|off\u00a0\u00bb _builder_version=\u00a0\u00bb4.13.0&Prime; custom_button=\u00a0\u00bbon\u00a0\u00bb button_letter_spacing=\u00a0\u00bb2px\u00a0\u00bb button_font=\u00a0\u00bbWWF2|300|||||||\u00a0\u00bb button_use_icon=\u00a0\u00bboff\u00a0\u00bb custom_margin=\u00a0\u00bb3vh||||false|false\u00a0\u00bb animation_style=\u00a0\u00bbslide\u00a0\u00bb animation_direction=\u00a0\u00bbbottom\u00a0\u00bb global_colors_info=\u00a0\u00bb{}\u00a0\u00bb][\/et_pb_button][\/et_pb_column][et_pb_column type=\u00a0\u00bb1_4&Prime; _builder_version=\u00a0\u00bb4.0.6&Prime; global_colors_info=\u00a0\u00bb{}\u00a0\u00bb][et_pb_text _builder_version=\u00a0\u00bb4.0.6&Prime; text_font_size=\u00a0\u00bb1em\u00a0\u00bb header_font_size=\u00a0\u00bb3em\u00a0\u00bb custom_margin_tablet=\u00a0\u00bb||||false|false\u00a0\u00bb custom_margin_phone=\u00a0\u00bb5vh||1px||false|false\u00a0\u00bb custom_margin_last_edited=\u00a0\u00bbon|phone\u00a0\u00bb custom_padding=\u00a0\u00bb||||false|false\u00a0\u00bb custom_padding_tablet=\u00a0\u00bb\u00a0\u00bb custom_padding_phone=\u00a0\u00bb\u00a0\u00bb custom_padding_last_edited=\u00a0\u00bbon|tablet\u00a0\u00bb header_font_size_tablet=\u00a0\u00bb\u00a0\u00bb header_font_size_phone=\u00a0\u00bb2em\u00a0\u00bb header_font_size_last_edited=\u00a0\u00bbon|phone\u00a0\u00bb global_colors_info=\u00a0\u00bb{}\u00a0\u00bb]<\/p>\n<h1><span style=\"color: #ffffff;\">150 \u20ac<\/span><\/h1>\n<p><span style=\"color: #ffffff;\">Votre don ne vous co\u00fbte r\u00e9ellement que 41\u20ac apr\u00e8s d\u00e9duction fiscale<\/span><\/p>\n<p>[\/et_pb_text][et_pb_button button_url=\u00a0\u00bbhttps:\/\/faireundon.wwf.fr\/b?cid=352&#038;lang=fr_FR&#038;amount=15000&#038;frequency=once\u00a0\u00bb button_text=\u00a0\u00bbFAIRE UN DON\u00a0\u00bb button_alignment=\u00a0\u00bbleft\u00a0\u00bb disabled_on=\u00a0\u00bboff|off|off\u00a0\u00bb _builder_version=\u00a0\u00bb4.13.1&Prime; custom_button=\u00a0\u00bbon\u00a0\u00bb button_letter_spacing=\u00a0\u00bb2px\u00a0\u00bb button_font=\u00a0\u00bbWWF2|300|||||||\u00a0\u00bb button_use_icon=\u00a0\u00bboff\u00a0\u00bb custom_margin=\u00a0\u00bb3vh||||false|false\u00a0\u00bb animation_style=\u00a0\u00bbslide\u00a0\u00bb animation_direction=\u00a0\u00bbbottom\u00a0\u00bb global_colors_info=\u00a0\u00bb{}\u00a0\u00bb][\/et_pb_button][\/et_pb_column][et_pb_column type=\u00a0\u00bb1_4&Prime; _builder_version=\u00a0\u00bb4.0.6&Prime; global_colors_info=\u00a0\u00bb{}\u00a0\u00bb][\/et_pb_column][\/et_pb_row][\/et_pb_section][et_pb_section fb_built=\u00a0\u00bb1&Prime; _builder_version=\u00a0\u00bb4.14.1&Prime; _module_preset=\u00a0\u00bbdefault\u00a0\u00bb background_image=\u00a0\u00bbhttps:\/\/agir.wwf.fr\/stopextinction-saison-2\/wp-content\/uploads\/sites\/35\/2021\/11\/tigre1-1.jpg\u00a0\u00bb parallax=\u00a0\u00bbon\u00a0\u00bb parallax_method=\u00a0\u00bboff\u00a0\u00bb custom_padding=\u00a0\u00bb5%||5%||true|false\u00a0\u00bb background_last_edited=\u00a0\u00bbon|desktop\u00a0\u00bb background_image_phone=\u00a0\u00bbhttps:\/\/agir.wwf.fr\/stopextinction-saison-2\/wp-content\/uploads\/sites\/35\/2021\/11\/414&#215;896-portrait-2-1.jpg\u00a0\u00bb background_enable_image_phone=\u00a0\u00bbon\u00a0\u00bb parallax_phone=\u00a0\u00bboff\u00a0\u00bb da_disable_devices=\u00a0\u00bboff|off|off\u00a0\u00bb global_colors_info=\u00a0\u00bb{}\u00a0\u00bb global_module=\u00a0\u00bb56424&Prime; saved_tabs=\u00a0\u00bball\u00a0\u00bb da_is_popup=\u00a0\u00bboff\u00a0\u00bb da_exit_intent=\u00a0\u00bboff\u00a0\u00bb da_has_close=\u00a0\u00bbon\u00a0\u00bb da_alt_close=\u00a0\u00bboff\u00a0\u00bb da_dark_close=\u00a0\u00bboff\u00a0\u00bb da_not_modal=\u00a0\u00bbon\u00a0\u00bb da_is_singular=\u00a0\u00bboff\u00a0\u00bb da_with_loader=\u00a0\u00bboff\u00a0\u00bb da_has_shadow=\u00a0\u00bbon\u00a0\u00bb][et_pb_row column_structure=\u00a0\u00bb3_5,2_5&Prime; _builder_version=\u00a0\u00bb4.13.1&Prime; _module_preset=\u00a0\u00bbdefault\u00a0\u00bb global_colors_info=\u00a0\u00bb{}\u00a0\u00bb][et_pb_column type=\u00a0\u00bb3_5&Prime; _builder_version=\u00a0\u00bb4.13.1&Prime; _module_preset=\u00a0\u00bbdefault\u00a0\u00bb global_colors_info=\u00a0\u00bb{}\u00a0\u00bb][et_pb_text _builder_version=\u00a0\u00bb4.13.1&Prime; text_font_size=\u00a0\u00bb1em\u00a0\u00bb header_font=\u00a0\u00bb|||on|||||\u00a0\u00bb header_text_color=\u00a0\u00bb#ffffff\u00a0\u00bb header_font_size=\u00a0\u00bb3em\u00a0\u00bb header_letter_spacing=\u00a0\u00bb1px\u00a0\u00bb header_line_height=\u00a0\u00bb1.2em\u00a0\u00bb background_layout=\u00a0\u00bbdark\u00a0\u00bb width=\u00a0\u00bb95.9%\u00a0\u00bb custom_margin=\u00a0\u00bb||||false|false\u00a0\u00bb custom_padding=\u00a0\u00bb|7.2%||20%|false|false\u00a0\u00bb animation_style=\u00a0\u00bbslide\u00a0\u00bb animation_direction=\u00a0\u00bbbottom\u00a0\u00bb animation_intensity_slide=\u00a0\u00bb5%\u00a0\u00bb text_font_size_tablet=\u00a0\u00bb\u00a0\u00bb text_font_size_phone=\u00a0\u00bb1em\u00a0\u00bb text_font_size_last_edited=\u00a0\u00bbon|phone\u00a0\u00bb header_font_size_tablet=\u00a0\u00bb\u00a0\u00bb header_font_size_phone=\u00a0\u00bb2em\u00a0\u00bb header_font_size_last_edited=\u00a0\u00bbon|phone\u00a0\u00bb global_colors_info=\u00a0\u00bb{}\u00a0\u00bb]<\/p>\n<h1>D\u00e9couvrez la saison 1<\/h1>\n<p>[\/et_pb_text][et_pb_text _builder_version=\u00a0\u00bb4.13.1&Prime; text_font_size=\u00a0\u00bb1em\u00a0\u00bb text_line_height=\u00a0\u00bb1.4em\u00a0\u00bb header_font=\u00a0\u00bb|||on|||||\u00a0\u00bb header_text_color=\u00a0\u00bb#ffffff\u00a0\u00bb header_font_size=\u00a0\u00bb3em\u00a0\u00bb header_line_height=\u00a0\u00bb1.2em\u00a0\u00bb background_layout=\u00a0\u00bbdark\u00a0\u00bb custom_padding=\u00a0\u00bb|22%||20%|false|false\u00a0\u00bb text_font_size_tablet=\u00a0\u00bb\u00a0\u00bb text_font_size_phone=\u00a0\u00bb1.2em\u00a0\u00bb text_font_size_last_edited=\u00a0\u00bbon|phone\u00a0\u00bb background_last_edited=\u00a0\u00bbon|desktop\u00a0\u00bb global_colors_info=\u00a0\u00bb{}\u00a0\u00bb]<\/p>\n<p><span style=\"font-weight: 400;\">En 2019, le WWF lancait sa premi\u00e8re campagne <strong>Animaux Imaginaires<\/strong> pour alerter sur la disparition des esp\u00e8ces.<\/span><\/p>\n<p>[\/et_pb_text][et_pb_button button_url=\u00a0\u00bbhttps:\/\/agir.wwf.fr\/stopextinction-saison-1\/\u00a0\u00bb button_text=\u00a0\u00bb\u00c9couter les podcasts de la saison 1&Prime; button_text_tablet=\u00a0\u00bb\u00c9couter les podcasts de la saison 1&Prime; button_text_phone=\u00a0\u00bb\u00c9couter les podcasts de la saison 1&Prime; button_text_last_edited=\u00a0\u00bbon|phone\u00a0\u00bb _builder_version=\u00a0\u00bb4.14.2&Prime; _module_preset=\u00a0\u00bbdefault\u00a0\u00bb custom_button=\u00a0\u00bbon\u00a0\u00bb button_bg_color=\u00a0\u00bbRGBA(0,0,0,0)\u00a0\u00bb button_border_width=\u00a0\u00bb2px\u00a0\u00bb custom_margin=\u00a0\u00bb|||20%|false|false\u00a0\u00bb custom_padding=\u00a0\u00bb||||false|false\u00a0\u00bb hover_enabled=\u00a0\u00bb0&Prime; global_colors_info=\u00a0\u00bb{}\u00a0\u00bb button_border_width__hover_enabled=\u00a0\u00bbon|hover\u00a0\u00bb button_border_width__hover=\u00a0\u00bb3px\u00a0\u00bb sticky_enabled=\u00a0\u00bb0&Prime;][\/et_pb_button][\/et_pb_column][et_pb_column type=\u00a0\u00bb2_5&Prime; _builder_version=\u00a0\u00bb4.13.1&Prime; _module_preset=\u00a0\u00bbdefault\u00a0\u00bb global_colors_info=\u00a0\u00bb{}\u00a0\u00bb][\/et_pb_column][\/et_pb_row][\/et_pb_section][et_pb_section fb_built=\u00a0\u00bb1&Prime; disabled_on=\u00a0\u00bbon|off|off\u00a0\u00bb admin_label=\u00a0\u00bbSection PC &#038; Tablette\u00a0\u00bb _builder_version=\u00a0\u00bb4.0.6&Prime; background_color=\u00a0\u00bb#000000&Prime; background_enable_image=\u00a0\u00bboff\u00a0\u00bb background_size=\u00a0\u00bbinitial\u00a0\u00bb background_repeat=\u00a0\u00bbrepeat\u00a0\u00bb custom_padding=\u00a0\u00bb4px|0px|0|0px|false|false\u00a0\u00bb z_index_tablet=\u00a0\u00bb500&Prime; da_disable_devices=\u00a0\u00bboff|off|off\u00a0\u00bb box_shadow_horizontal_tablet=\u00a0\u00bb0px\u00a0\u00bb box_shadow_vertical_tablet=\u00a0\u00bb0px\u00a0\u00bb box_shadow_blur_tablet=\u00a0\u00bb40px\u00a0\u00bb box_shadow_spread_tablet=\u00a0\u00bb0px\u00a0\u00bb global_module=\u00a0\u00bb55325&Prime; global_colors_info=\u00a0\u00bb{}\u00a0\u00bb da_is_popup=\u00a0\u00bboff\u00a0\u00bb da_exit_intent=\u00a0\u00bboff\u00a0\u00bb da_has_close=\u00a0\u00bbon\u00a0\u00bb da_alt_close=\u00a0\u00bboff\u00a0\u00bb da_dark_close=\u00a0\u00bboff\u00a0\u00bb da_not_modal=\u00a0\u00bbon\u00a0\u00bb da_is_singular=\u00a0\u00bboff\u00a0\u00bb da_with_loader=\u00a0\u00bboff\u00a0\u00bb da_has_shadow=\u00a0\u00bbon\u00a0\u00bb][et_pb_row column_structure=\u00a0\u00bb1_5,3_5,1_5&Prime; use_custom_gutter=\u00a0\u00bbon\u00a0\u00bb gutter_width=\u00a0\u00bb2&Prime; _builder_version=\u00a0\u00bb4.0.6&Prime; width=\u00a0\u00bb100%\u00a0\u00bb width_tablet=\u00a0\u00bb80%\u00a0\u00bb width_phone=\u00a0\u00bb80%\u00a0\u00bb width_last_edited=\u00a0\u00bbon|tablet\u00a0\u00bb max_width=\u00a0\u00bb1420px\u00a0\u00bb custom_margin=\u00a0\u00bb||||false|false\u00a0\u00bb global_colors_info=\u00a0\u00bb{}\u00a0\u00bb][et_pb_column type=\u00a0\u00bb1_5&Prime; _builder_version=\u00a0\u00bb4.0.6&Prime; custom_padding=\u00a0\u00bb|0%|||false|false\u00a0\u00bb global_colors_info=\u00a0\u00bb{}\u00a0\u00bb custom_padding__hover=\u00a0\u00bb|||\u00a0\u00bb][et_pb_image src=\u00a0\u00bbhttps:\/\/agir.wwf.fr\/stopextinction-saison-2\/wp-content\/uploads\/sites\/35\/2019\/11\/header_logo.gif\u00a0\u00bb show_bottom_space=\u00a0\u00bboff\u00a0\u00bb align_tablet=\u00a0\u00bb\u00a0\u00bb align_phone=\u00a0\u00bbright\u00a0\u00bb align_last_edited=\u00a0\u00bbon|phone\u00a0\u00bb disabled_on=\u00a0\u00bbon|off|off\u00a0\u00bb admin_label=\u00a0\u00bbImage\u00a0\u00bb _builder_version=\u00a0\u00bb4.0.6&Prime; width=\u00a0\u00bb25%\u00a0\u00bb width_tablet=\u00a0\u00bb12%\u00a0\u00bb width_phone=\u00a0\u00bb\u00a0\u00bb width_last_edited=\u00a0\u00bbon|tablet\u00a0\u00bb max_width_tablet=\u00a0\u00bb\u00a0\u00bb max_width_phone=\u00a0\u00bb\u00a0\u00bb max_width_last_edited=\u00a0\u00bbon|tablet\u00a0\u00bb module_alignment=\u00a0\u00bbright\u00a0\u00bb custom_margin=\u00a0\u00bb-0.8vh||||false|false\u00a0\u00bb custom_margin_tablet=\u00a0\u00bb\u00a0\u00bb custom_margin_phone=\u00a0\u00bb\u00a0\u00bb custom_margin_last_edited=\u00a0\u00bbon|desktop\u00a0\u00bb global_colors_info=\u00a0\u00bb{}\u00a0\u00bb][\/et_pb_image][\/et_pb_column][et_pb_column type=\u00a0\u00bb3_5&Prime; _builder_version=\u00a0\u00bb4.0.6&Prime; custom_padding=\u00a0\u00bb||||false|false\u00a0\u00bb global_colors_info=\u00a0\u00bb{}\u00a0\u00bb][et_pb_text _builder_version=\u00a0\u00bb4.0.7&Prime; text_font=\u00a0\u00bb||||||||\u00a0\u00bb text_text_color=\u00a0\u00bb#fcfcfc\u00a0\u00bb text_font_size=\u00a0\u00bb16px\u00a0\u00bb header_font=\u00a0\u00bbWWF2|300|||||||\u00a0\u00bb header_text_color=\u00a0\u00bb#ffffff\u00a0\u00bb header_letter_spacing=\u00a0\u00bb1px\u00a0\u00bb custom_margin=\u00a0\u00bb1vh||||false|false\u00a0\u00bb custom_padding=\u00a0\u00bb30px|||||\u00a0\u00bb global_colors_info=\u00a0\u00bb{}\u00a0\u00bb]<\/p>\n<h1><span style=\"color: #ffffff\">#STOPEXTINCTION<\/span><\/h1>\n<div class=\"footer-mission-text\">Ensemble, inversons la courbe de l\u2019extinction de la faune sauvage dans le monde.<\/div>\n<div class=\"footer-mission-text\"><\/div>\n<div class=\"footer-mission-text\"><\/div>\n<div class=\"footer-mission-text\"><\/div>\n<div class=\"footer-mission-text\"><\/div>\n<p>[\/et_pb_text][et_pb_text _builder_version=\u00a0\u00bb4.0.6&Prime; text_font=\u00a0\u00bbArial||||||||\u00a0\u00bb text_text_color=\u00a0\u00bb#fcfcfc\u00a0\u00bb text_font_size=\u00a0\u00bb14px\u00a0\u00bb header_font=\u00a0\u00bbWWF|800|||||||\u00a0\u00bb header_text_color=\u00a0\u00bb#ffffff\u00a0\u00bb custom_margin=\u00a0\u00bb2vw|17vw|2vw||true|false\u00a0\u00bb global_colors_info=\u00a0\u00bb{}\u00a0\u00bb]<\/p>\n<div class=\"footer-inner\">\n<div class=\"footer-mission\">\n<hr \/>\n<\/div>\n<\/div>\n<div class=\"footer-inner\">\n<div class=\"footer-end-wrapper\">\n<div class=\"footer-end-inner\">\n<div class=\"footer-bank-details\"><span>66 % du montant de votre don au profit du WWF peut \u00eatre d\u00e9duit de votre imp\u00f4t sur le revenu.<\/span><br \/><span>Le Fonds Mondial pour la Nature France, dit WWF France est une Fondation reconnue d&rsquo;utilit\u00e9 publique.<\/span><br \/><span>Num\u00e9ro d\u2019enregistrement et SIREN : 302 518 667<\/span><\/div>\n<div class=\"footer-bank-details\"><\/div>\n<div class=\"footer-bank-details\">\u00a9 2021 WWF &#8211; World Wide Fund For Nature \u00a9 1986 Panda Symbol WWF \u2013 World Wide Fund For Nature (formerly World Wildlife Fund) \u00ae<\/div>\n<div class=\"footer-bank-details\">\u201cWWF\u201d is a WWF Registered Trademark<\/div>\n<\/div>\n<\/div>\n<\/div>\n<p>[\/et_pb_text][et_pb_text _builder_version=\u00a0\u00bb4.0.7&Prime; text_text_color=\u00a0\u00bb#ffffff\u00a0\u00bb text_font_size=\u00a0\u00bb14px\u00a0\u00bb custom_margin=\u00a0\u00bb-2vh||6vh||false|false\u00a0\u00bb custom_padding=\u00a0\u00bb||||false|false\u00a0\u00bb global_colors_info=\u00a0\u00bb{}\u00a0\u00bb]<a href=\"\/\/www.wwf.fr\/mentions-legales\" target=\"_blank\" rel=\"noopener noreferrer\">Mentions l\u00e9gales<\/a>&nbsp; &nbsp;&nbsp;&nbsp;&nbsp;&nbsp;&nbsp;\u00a0<a href=\"https:\/\/www.wwf.fr\/politique-cookies\" target=\"_blank\" rel=\"noopener noreferrer\">Politique de cookies<\/a>&nbsp;&nbsp;&nbsp;&nbsp;&nbsp;&nbsp; <a href=\"https:\/\/agir.wwf.fr\/stopextinction\/credits\/\" target=\"_blank\" rel=\"noopener noreferrer\">Cr\u00e9dits photos<\/a>[\/et_pb_text][\/et_pb_column][et_pb_column type=\u00a0\u00bb1_5&Prime; _builder_version=\u00a0\u00bb3.25&Prime; custom_padding=\u00a0\u00bb|||\u00a0\u00bb global_colors_info=\u00a0\u00bb{}\u00a0\u00bb custom_padding__hover=\u00a0\u00bb|||\u00a0\u00bb][et_pb_code _builder_version=\u00a0\u00bb4.0.6&Prime; text_orientation=\u00a0\u00bbcenter\u00a0\u00bb custom_margin=\u00a0\u00bb3vw|||-37px|false|false\u00a0\u00bb text_orientation_tablet=\u00a0\u00bb\u00a0\u00bb text_orientation_phone=\u00a0\u00bbleft\u00a0\u00bb text_orientation_last_edited=\u00a0\u00bbon|phone\u00a0\u00bb global_colors_info=\u00a0\u00bb{}\u00a0\u00bb]<div class=\"et_social_networks et_social_autowidth et_social_slide et_social_circle et_social_top et_social_shortcode_0 et_social_mobile_on et_social_outer_dark\">\n\t\t\t\t\t<style type=\"text\/css\">.et_monarch .et_social_shortcode_0 li,.et_monarch .et_social_shortcode_0.et_social_circle ul li i.et_social_icon { background: #ffffff; } .et_monarch .et_social_shortcode_0.et_social_rounded .et_social_icons_container li:hover, .et_monarch .et_social_shortcode_0.et_social_rectangle .et_social_icons_container li:hover, .et_monarch .et_social_shortcode_0.et_social_circle .et_social_icons_container li:hover i.et_social_icon { background: #ffffff !important; } .et_monarch .et_social_shortcode_0 .et_social_icon, .et_monarch .et_social_shortcode_0 .et_social_networks .et_social_network_label, .et_monarch .et_social_shortcode_0 .et_social_networkname, .et_monarch .et_social_shortcode_0 .et_social_count { color: #000000 !important; } .et_monarch .et_social_shortcode_0 .et_social_icons_container li:hover .et_social_icon, .et_monarch .et_social_shortcode_0 .et_social_networks .et_social_icons_container li:hover .et_social_network_label, .et_monarch .et_social_shortcode_0 .et_social_icons_container li:hover .et_social_networkname, .et_monarch .et_social_rounded.et_social_shortcode_0 .et_social_icons_container li:hover .et_social_count, .et_monarch .et_social_rectangle.et_social_shortcode_0 .et_social_icons_container li:hover .et_social_count { color: #fe6a23 !important; }<\/style>\n\t\t\t\t\t\n\t\t\t\t\t<ul class=\"et_social_icons_container\"><li class=\"et_social_facebook\">\n\t\t\t\t\t\t<a href=\"https:\/\/www.facebook.com\/WWFFrance\/\" class=\"et_social_follow\" data-social_name=\"facebook\" data-social_type=\"follow\" data-post_id=\"0\" target=\"_blank\">\n\t\t\t\t\t\t\t<i class=\"et_social_icon et_social_icon_facebook\"><\/i>\n\t\t\t\t\t\t\t\n\t\t\t\t\t\t\t<span class=\"et_social_overlay\"><\/span>\n\t\t\t\t\t\t<\/a>\n\t\t\t\t\t<\/li><li class=\"et_social_twitter\">\n\t\t\t\t\t\t<a href=\"https:\/\/twitter.com\/WWFFRANCE\" class=\"et_social_follow\" data-social_name=\"twitter\" data-social_type=\"follow\" data-post_id=\"0\" target=\"_blank\">\n\t\t\t\t\t\t\t<i class=\"et_social_icon et_social_icon_twitter\"><\/i>\n\t\t\t\t\t\t\t\n\t\t\t\t\t\t\t<span class=\"et_social_overlay\"><\/span>\n\t\t\t\t\t\t<\/a>\n\t\t\t\t\t<\/li><li class=\"et_social_instagram\">\n\t\t\t\t\t\t<a href=\"https:\/\/www.instagram.com\/wwffrance\/\" class=\"et_social_follow\" data-social_name=\"instagram\" data-social_type=\"follow\" data-post_id=\"0\" target=\"_blank\">\n\t\t\t\t\t\t\t<i class=\"et_social_icon et_social_icon_instagram\"><\/i>\n\t\t\t\t\t\t\t\n\t\t\t\t\t\t\t<span class=\"et_social_overlay\"><\/span>\n\t\t\t\t\t\t<\/a>\n\t\t\t\t\t<\/li><\/ul>\n\t\t\t\t<\/div>[\/et_pb_code][\/et_pb_column][\/et_pb_row][\/et_pb_section][et_pb_section fb_built=\u00a0\u00bb1&Prime; custom_padding_last_edited=\u00a0\u00bbon|phone\u00a0\u00bb disabled_on=\u00a0\u00bboff|on|on\u00a0\u00bb admin_label=\u00a0\u00bbSection Mobile\u00a0\u00bb _builder_version=\u00a0\u00bb4.0.6&Prime; background_color=\u00a0\u00bb#000000&Prime; custom_padding_tablet=\u00a0\u00bb\u00a0\u00bb custom_padding_phone=\u00a0\u00bb10vh||||false|false\u00a0\u00bb da_disable_devices=\u00a0\u00bboff|off|off\u00a0\u00bb global_colors_info=\u00a0\u00bb{}\u00a0\u00bb da_is_popup=\u00a0\u00bboff\u00a0\u00bb da_exit_intent=\u00a0\u00bboff\u00a0\u00bb da_has_close=\u00a0\u00bbon\u00a0\u00bb da_alt_close=\u00a0\u00bboff\u00a0\u00bb da_dark_close=\u00a0\u00bboff\u00a0\u00bb da_not_modal=\u00a0\u00bbon\u00a0\u00bb da_is_singular=\u00a0\u00bboff\u00a0\u00bb da_with_loader=\u00a0\u00bboff\u00a0\u00bb da_has_shadow=\u00a0\u00bbon\u00a0\u00bb][et_pb_row _builder_version=\u00a0\u00bb4.0.6&Prime; custom_margin_tablet=\u00a0\u00bb\u00a0\u00bb custom_margin_phone=\u00a0\u00bb||||false|false\u00a0\u00bb custom_margin_last_edited=\u00a0\u00bbon|phone\u00a0\u00bb global_colors_info=\u00a0\u00bb{}\u00a0\u00bb][et_pb_column type=\u00a0\u00bb4_4&Prime; _builder_version=\u00a0\u00bb4.0.6&Prime; global_colors_info=\u00a0\u00bb{}\u00a0\u00bb][et_pb_image src=\u00a0\u00bbhttps:\/\/agir.wwf.fr\/stopextinction-saison-2\/wp-content\/uploads\/sites\/35\/2019\/11\/logo_footer.jpg\u00a0\u00bb align=\u00a0\u00bbcenter\u00a0\u00bb _builder_version=\u00a0\u00bb4.0.6&Prime; global_colors_info=\u00a0\u00bb{}\u00a0\u00bb][\/et_pb_image][et_pb_text _builder_version=\u00a0\u00bb4.0.7&Prime; text_font=\u00a0\u00bbWWF2|200||on|||||\u00a0\u00bb text_text_color=\u00a0\u00bb#ffffff\u00a0\u00bb text_font_size=\u00a0\u00bb1.8em\u00a0\u00bb header_font=\u00a0\u00bbWWF2||||||||\u00a0\u00bb text_orientation=\u00a0\u00bbcenter\u00a0\u00bb background_layout=\u00a0\u00bbdark\u00a0\u00bb global_colors_info=\u00a0\u00bb{}\u00a0\u00bb]<\/p>\n<p>#STOPEXTINCTION<\/p>\n<p>[\/et_pb_text][et_pb_text _builder_version=\u00a0\u00bb4.0.6&Prime; text_orientation=\u00a0\u00bbcenter\u00a0\u00bb background_layout=\u00a0\u00bbdark\u00a0\u00bb global_colors_info=\u00a0\u00bb{}\u00a0\u00bb]<\/p>\n<p>Ensemble inversons la courbe de l&rsquo;extinction de la faune sauvage dans le monde.<\/p>\n<p>[\/et_pb_text][et_pb_text _builder_version=\u00a0\u00bb4.0.6&Prime; text_orientation=\u00a0\u00bbcenter\u00a0\u00bb background_layout=\u00a0\u00bbdark\u00a0\u00bb custom_padding=\u00a0\u00bb10px||||false|false\u00a0\u00bb border_width_top=\u00a0\u00bb1px\u00a0\u00bb border_color_top=\u00a0\u00bb#ffffff\u00a0\u00bb global_colors_info=\u00a0\u00bb{}\u00a0\u00bb]<\/p>\n<p>Nous suivre<\/p>\n<p>[\/et_pb_text][et_pb_code raw_content_last_edited=\u00a0\u00bboff|desktop\u00a0\u00bb _builder_version=\u00a0\u00bb4.0.6&Prime; text_orientation=\u00a0\u00bbcenter\u00a0\u00bb custom_margin=\u00a0\u00bb3vw||||false|false\u00a0\u00bb text_orientation_tablet=\u00a0\u00bbcenter\u00a0\u00bb text_orientation_phone=\u00a0\u00bbcenter\u00a0\u00bb text_orientation_last_edited=\u00a0\u00bbon|phone\u00a0\u00bb global_colors_info=\u00a0\u00bb{}\u00a0\u00bb]<\/p>\n<div class=\"mobile_rs\"><!-- [et_pb_line_break_holder] --><div class=\"et_social_networks et_social_autowidth et_social_slide et_social_circle et_social_top et_social_shortcode_1 et_social_mobile_on et_social_outer_dark\">\n\t\t\t\t\t<style type=\"text\/css\">.et_monarch .et_social_shortcode_1 li,.et_monarch .et_social_shortcode_1.et_social_circle ul li i.et_social_icon { background: #ffffff; } .et_monarch .et_social_shortcode_1.et_social_rounded .et_social_icons_container li:hover, .et_monarch .et_social_shortcode_1.et_social_rectangle .et_social_icons_container li:hover, .et_monarch .et_social_shortcode_1.et_social_circle .et_social_icons_container li:hover i.et_social_icon { background: #ffffff !important; } .et_monarch .et_social_shortcode_1 .et_social_icon, .et_monarch .et_social_shortcode_1 .et_social_networks .et_social_network_label, .et_monarch .et_social_shortcode_1 .et_social_networkname, .et_monarch .et_social_shortcode_1 .et_social_count { color: #000000 !important; } .et_monarch .et_social_shortcode_1 .et_social_icons_container li:hover .et_social_icon, .et_monarch .et_social_shortcode_1 .et_social_networks .et_social_icons_container li:hover .et_social_network_label, .et_monarch .et_social_shortcode_1 .et_social_icons_container li:hover .et_social_networkname, .et_monarch .et_social_rounded.et_social_shortcode_1 .et_social_icons_container li:hover .et_social_count, .et_monarch .et_social_rectangle.et_social_shortcode_1 .et_social_icons_container li:hover .et_social_count { color: #fe6a23 !important; }<\/style>\n\t\t\t\t\t\n\t\t\t\t\t<ul class=\"et_social_icons_container\"><li class=\"et_social_facebook\">\n\t\t\t\t\t\t<a href=\"https:\/\/www.facebook.com\/WWFFrance\/\" class=\"et_social_follow\" data-social_name=\"facebook\" data-social_type=\"follow\" data-post_id=\"0\" target=\"_blank\">\n\t\t\t\t\t\t\t<i class=\"et_social_icon et_social_icon_facebook\"><\/i>\n\t\t\t\t\t\t\t\n\t\t\t\t\t\t\t<span class=\"et_social_overlay\"><\/span>\n\t\t\t\t\t\t<\/a>\n\t\t\t\t\t<\/li><li class=\"et_social_twitter\">\n\t\t\t\t\t\t<a href=\"https:\/\/twitter.com\/WWFFRANCE\" class=\"et_social_follow\" data-social_name=\"twitter\" data-social_type=\"follow\" data-post_id=\"0\" target=\"_blank\">\n\t\t\t\t\t\t\t<i class=\"et_social_icon et_social_icon_twitter\"><\/i>\n\t\t\t\t\t\t\t\n\t\t\t\t\t\t\t<span class=\"et_social_overlay\"><\/span>\n\t\t\t\t\t\t<\/a>\n\t\t\t\t\t<\/li><li class=\"et_social_instagram\">\n\t\t\t\t\t\t<a href=\"https:\/\/www.instagram.com\/wwffrance\/\" class=\"et_social_follow\" data-social_name=\"instagram\" data-social_type=\"follow\" data-post_id=\"0\" target=\"_blank\">\n\t\t\t\t\t\t\t<i class=\"et_social_icon et_social_icon_instagram\"><\/i>\n\t\t\t\t\t\t\t\n\t\t\t\t\t\t\t<span class=\"et_social_overlay\"><\/span>\n\t\t\t\t\t\t<\/a>\n\t\t\t\t\t<\/li><\/ul>\n\t\t\t\t<\/div><!-- [et_pb_line_break_holder] -->  <\/div>\n<p>[\/et_pb_code][et_pb_text _builder_version=\u00a0\u00bb4.0.7&Prime; text_font=\u00a0\u00bbArial||||||||\u00a0\u00bb text_text_color=\u00a0\u00bb#fcfcfc\u00a0\u00bb text_font_size=\u00a0\u00bb14px\u00a0\u00bb header_font=\u00a0\u00bbWWF|800|||||||\u00a0\u00bb header_text_color=\u00a0\u00bb#ffffff\u00a0\u00bb text_orientation=\u00a0\u00bbcenter\u00a0\u00bb custom_margin=\u00a0\u00bb2vw||2vw||true|false\u00a0\u00bb custom_padding_tablet=\u00a0\u00bb\u00a0\u00bb custom_padding_phone=\u00a0\u00bb\u00a0\u00bb custom_padding_last_edited=\u00a0\u00bbon|phone\u00a0\u00bb global_colors_info=\u00a0\u00bb{}\u00a0\u00bb]<\/p>\n<p style=\"text-align: center;\"><span>66 % du montant de votre don au profit du WWF peut \u00eatre d\u00e9duit de votre imp\u00f4t sur le revenu.<\/span><br \/><span>Le Fonds Mondial pour la Nature France, dit WWF France est une Fondation reconnue d&rsquo;utilit\u00e9 publique.<\/span><br \/><span>Num\u00e9ro d\u2019enregistrement et SIREN : 302 518 667<\/span><\/p>\n<p style=\"text-align: center;\">\u00a9 2021 WWF &#8211; World Wide Fund For Nature \u00a9 1986 Panda Symbol WWF \u2013 World Wide Fund For Nature (formerly World Wildlife Fund)<\/p>\n<p style=\"text-align: center;\">\u00ae\u201cWWF\u201d is a WWF Registered Trademark<\/p>\n<p>[\/et_pb_text][\/et_pb_column][\/et_pb_row][\/et_pb_section]<\/p>\n","protected":false},"excerpt":{"rendered":"<p>En France, le lynx a le statut d\u2019esp\u00e8ce en danger et vit essentiellement dans le massif jurassien, plus rarement visible dans le massif alpin et a quasiment disparu des Vosges. \u00a0Ils seraient moins de 200 en France.Faire un don, c\u2019est agir aux c\u00f4t\u00e9s de WWF pour prot\u00e9ger\u00a0les esp\u00e8ces menac\u00e9es d\u2019extinction et leur permettre\u00a0d\u2019\u00e9voluer librement dans [&hellip;]<\/p>\n","protected":false},"author":5,"featured_media":56348,"parent":0,"menu_order":0,"comment_status":"closed","ping_status":"closed","template":"","meta":{"_et_pb_use_builder":"on","_et_pb_old_content":"","_et_gb_content_width":""},"yoast_head":"<!-- This site is optimized with the Yoast SEO plugin v21.1 - https:\/\/yoast.com\/wordpress\/plugins\/seo\/ -->\n<title>WWF Stop Extinction Saison 2 - N&#039;attendons pas que la faune sauvage devienne imaginaire. Agissons ensemble.<\/title>\n<meta name=\"description\" content=\"Agissez avec le WWF pour conserver la faune sauvage dans le monde r\u00e9el, ensemble nous sommes la solution. %\" \/>\n<meta name=\"robots\" content=\"index, follow, max-snippet:-1, max-image-preview:large, max-video-preview:-1\" \/>\n<link rel=\"canonical\" href=\"https:\/\/agir.wwf.fr\/stopextinction\/\" \/>\n<meta property=\"og:locale\" content=\"fr_FR\" \/>\n<meta property=\"og:type\" content=\"article\" \/>\n<meta property=\"og:title\" content=\"#stopextinction | N&#039;attendons pas que la faune sauvage devienne imaginaire.\" \/>\n<meta property=\"og:description\" content=\"Agissez avec le WWF pour conserver la faune sauvage dans le monde r\u00e9el, ensemble nous sommes la solution.\" \/>\n<meta property=\"og:url\" content=\"https:\/\/agir.wwf.fr\/stopextinction\/\" \/>\n<meta property=\"og:site_name\" content=\"WWF Stop Extinction Saison 2\" \/>\n<meta property=\"article:modified_time\" content=\"2021-12-15T10:56:28+00:00\" \/>\n<meta property=\"og:image\" content=\"https:\/\/agir.wwf.fr\/stopextinction\/wp-content\/uploads\/sites\/35\/2021\/11\/meta-lynx.jpg\" \/>\n\t<meta property=\"og:image:width\" content=\"1450\" \/>\n\t<meta property=\"og:image:height\" content=\"787\" \/>\n\t<meta property=\"og:image:type\" content=\"image\/jpeg\" \/>\n<meta name=\"twitter:card\" content=\"summary_large_image\" \/>\n<meta name=\"twitter:title\" content=\"#stopextinction | N&#039;attendons pas que la faune sauvage devienne imaginaire.\" \/>\n<meta name=\"twitter:description\" content=\"Agissez avec le WWF pour conserver la faune sauvage dans le monde r\u00e9el, ensemble nous sommes la solution.\" \/>\n<meta name=\"twitter:image\" content=\"https:\/\/agir.wwf.fr\/stopextinction\/wp-content\/uploads\/sites\/35\/2021\/11\/meta-lynx.jpg\" \/>\n<meta name=\"twitter:label1\" content=\"Dur\u00e9e de lecture estim\u00e9e\" \/>\n\t<meta name=\"twitter:data1\" content=\"47 minutes\" \/>\n<script type=\"application\/ld+json\" class=\"yoast-schema-graph\">{\"@context\":\"https:\/\/schema.org\",\"@graph\":[{\"@type\":\"WebPage\",\"@id\":\"https:\/\/agir.wwf.fr\/stopextinction\/\",\"url\":\"https:\/\/agir.wwf.fr\/stopextinction\/\",\"name\":\"WWF Stop Extinction Saison 2 - N&#039;attendons pas que la faune sauvage devienne imaginaire. Agissons ensemble.\",\"isPartOf\":{\"@id\":\"https:\/\/agir.wwf.fr\/stopextinction\/#website\"},\"datePublished\":\"2021-11-19T16:56:07+00:00\",\"dateModified\":\"2021-12-15T10:56:28+00:00\",\"description\":\"Agissez avec le WWF pour conserver la faune sauvage dans le monde r\u00e9el, ensemble nous sommes la solution. %\",\"breadcrumb\":{\"@id\":\"https:\/\/agir.wwf.fr\/stopextinction\/#breadcrumb\"},\"inLanguage\":\"fr-FR\",\"potentialAction\":[{\"@type\":\"ReadAction\",\"target\":[\"https:\/\/agir.wwf.fr\/stopextinction\/\"]}]},{\"@type\":\"BreadcrumbList\",\"@id\":\"https:\/\/agir.wwf.fr\/stopextinction\/#breadcrumb\",\"itemListElement\":[{\"@type\":\"ListItem\",\"position\":1,\"name\":\"Accueil\",\"item\":\"https:\/\/agir.wwf.fr\/stopextinction\/\"},{\"@type\":\"ListItem\",\"position\":2,\"name\":\"Lynx\"}]},{\"@type\":\"WebSite\",\"@id\":\"https:\/\/agir.wwf.fr\/stopextinction\/#website\",\"url\":\"https:\/\/agir.wwf.fr\/stopextinction\/\",\"name\":\"WWF Stop Extinction Saison 2\",\"description\":\"N&#039;attendons pas que la faune sauvage devienne imaginaire. Agissons ensemble.\",\"publisher\":{\"@id\":\"https:\/\/agir.wwf.fr\/stopextinction\/#organization\"},\"potentialAction\":[{\"@type\":\"SearchAction\",\"target\":{\"@type\":\"EntryPoint\",\"urlTemplate\":\"https:\/\/agir.wwf.fr\/stopextinction\/?s={search_term_string}\"},\"query-input\":\"required name=search_term_string\"}],\"inLanguage\":\"fr-FR\"},{\"@type\":\"Organization\",\"@id\":\"https:\/\/agir.wwf.fr\/stopextinction\/#organization\",\"name\":\"WWF\",\"url\":\"https:\/\/agir.wwf.fr\/stopextinction\/\",\"logo\":{\"@type\":\"ImageObject\",\"inLanguage\":\"fr-FR\",\"@id\":\"https:\/\/agir.wwf.fr\/stopextinction\/#\/schema\/logo\/image\/\",\"url\":\"https:\/\/agir.wwf.fr\/stopextinction\/wp-content\/uploads\/sites\/27\/2019\/03\/wwflogo.png\",\"contentUrl\":\"https:\/\/agir.wwf.fr\/stopextinction\/wp-content\/uploads\/sites\/27\/2019\/03\/wwflogo.png\",\"width\":647,\"height\":306,\"caption\":\"WWF\"},\"image\":{\"@id\":\"https:\/\/agir.wwf.fr\/stopextinction\/#\/schema\/logo\/image\/\"}}]}<\/script>\n<!-- \/ Yoast SEO plugin. -->","yoast_head_json":{"title":"WWF Stop Extinction Saison 2 - N&#039;attendons pas que la faune sauvage devienne imaginaire. Agissons ensemble.","description":"Agissez avec le WWF pour conserver la faune sauvage dans le monde r\u00e9el, ensemble nous sommes la solution. %","robots":{"index":"index","follow":"follow","max-snippet":"max-snippet:-1","max-image-preview":"max-image-preview:large","max-video-preview":"max-video-preview:-1"},"canonical":"https:\/\/agir.wwf.fr\/stopextinction\/","og_locale":"fr_FR","og_type":"article","og_title":"#stopextinction | N'attendons pas que la faune sauvage devienne imaginaire.","og_description":"Agissez avec le WWF pour conserver la faune sauvage dans le monde r\u00e9el, ensemble nous sommes la solution.","og_url":"https:\/\/agir.wwf.fr\/stopextinction\/","og_site_name":"WWF Stop Extinction Saison 2","article_modified_time":"2021-12-15T10:56:28+00:00","og_image":[{"width":1450,"height":787,"url":"https:\/\/agir.wwf.fr\/stopextinction\/wp-content\/uploads\/sites\/35\/2021\/11\/meta-lynx.jpg","type":"image\/jpeg"}],"twitter_card":"summary_large_image","twitter_title":"#stopextinction | N'attendons pas que la faune sauvage devienne imaginaire.","twitter_description":"Agissez avec le WWF pour conserver la faune sauvage dans le monde r\u00e9el, ensemble nous sommes la solution.","twitter_image":"https:\/\/agir.wwf.fr\/stopextinction\/wp-content\/uploads\/sites\/35\/2021\/11\/meta-lynx.jpg","twitter_misc":{"Dur\u00e9e de lecture estim\u00e9e":"47 minutes"},"schema":{"@context":"https:\/\/schema.org","@graph":[{"@type":"WebPage","@id":"https:\/\/agir.wwf.fr\/stopextinction\/","url":"https:\/\/agir.wwf.fr\/stopextinction\/","name":"WWF Stop Extinction Saison 2 - N&#039;attendons pas que la faune sauvage devienne imaginaire. Agissons ensemble.","isPartOf":{"@id":"https:\/\/agir.wwf.fr\/stopextinction\/#website"},"datePublished":"2021-11-19T16:56:07+00:00","dateModified":"2021-12-15T10:56:28+00:00","description":"Agissez avec le WWF pour conserver la faune sauvage dans le monde r\u00e9el, ensemble nous sommes la solution. %","breadcrumb":{"@id":"https:\/\/agir.wwf.fr\/stopextinction\/#breadcrumb"},"inLanguage":"fr-FR","potentialAction":[{"@type":"ReadAction","target":["https:\/\/agir.wwf.fr\/stopextinction\/"]}]},{"@type":"BreadcrumbList","@id":"https:\/\/agir.wwf.fr\/stopextinction\/#breadcrumb","itemListElement":[{"@type":"ListItem","position":1,"name":"Accueil","item":"https:\/\/agir.wwf.fr\/stopextinction\/"},{"@type":"ListItem","position":2,"name":"Lynx"}]},{"@type":"WebSite","@id":"https:\/\/agir.wwf.fr\/stopextinction\/#website","url":"https:\/\/agir.wwf.fr\/stopextinction\/","name":"WWF Stop Extinction Saison 2","description":"N&#039;attendons pas que la faune sauvage devienne imaginaire. Agissons ensemble.","publisher":{"@id":"https:\/\/agir.wwf.fr\/stopextinction\/#organization"},"potentialAction":[{"@type":"SearchAction","target":{"@type":"EntryPoint","urlTemplate":"https:\/\/agir.wwf.fr\/stopextinction\/?s={search_term_string}"},"query-input":"required name=search_term_string"}],"inLanguage":"fr-FR"},{"@type":"Organization","@id":"https:\/\/agir.wwf.fr\/stopextinction\/#organization","name":"WWF","url":"https:\/\/agir.wwf.fr\/stopextinction\/","logo":{"@type":"ImageObject","inLanguage":"fr-FR","@id":"https:\/\/agir.wwf.fr\/stopextinction\/#\/schema\/logo\/image\/","url":"https:\/\/agir.wwf.fr\/stopextinction\/wp-content\/uploads\/sites\/27\/2019\/03\/wwflogo.png","contentUrl":"https:\/\/agir.wwf.fr\/stopextinction\/wp-content\/uploads\/sites\/27\/2019\/03\/wwflogo.png","width":647,"height":306,"caption":"WWF"},"image":{"@id":"https:\/\/agir.wwf.fr\/stopextinction\/#\/schema\/logo\/image\/"}}]}},"_links":{"self":[{"href":"https:\/\/agir.wwf.fr\/stopextinction\/wp-json\/wp\/v2\/pages\/54028"}],"collection":[{"href":"https:\/\/agir.wwf.fr\/stopextinction\/wp-json\/wp\/v2\/pages"}],"about":[{"href":"https:\/\/agir.wwf.fr\/stopextinction\/wp-json\/wp\/v2\/types\/page"}],"author":[{"embeddable":true,"href":"https:\/\/agir.wwf.fr\/stopextinction\/wp-json\/wp\/v2\/users\/5"}],"replies":[{"embeddable":true,"href":"https:\/\/agir.wwf.fr\/stopextinction\/wp-json\/wp\/v2\/comments?post=54028"}],"version-history":[{"count":95,"href":"https:\/\/agir.wwf.fr\/stopextinction\/wp-json\/wp\/v2\/pages\/54028\/revisions"}],"predecessor-version":[{"id":56425,"href":"https:\/\/agir.wwf.fr\/stopextinction\/wp-json\/wp\/v2\/pages\/54028\/revisions\/56425"}],"wp:featuredmedia":[{"embeddable":true,"href":"https:\/\/agir.wwf.fr\/stopextinction\/wp-json\/wp\/v2\/media\/56348"}],"wp:attachment":[{"href":"https:\/\/agir.wwf.fr\/stopextinction\/wp-json\/wp\/v2\/media?parent=54028"}],"curies":[{"name":"wp","href":"https:\/\/api.w.org\/{rel}","templated":true}]}}