
{"id":54919,"date":"2019-11-29T16:46:52","date_gmt":"2019-11-29T15:46:52","guid":{"rendered":"https:\/\/agir.wwf.fr\/stopextinction-saison-1\/?page_id=54919"},"modified":"2019-12-09T15:41:26","modified_gmt":"2019-12-09T14:41:26","slug":"ours-polaire","status":"publish","type":"page","link":"https:\/\/agir.wwf.fr\/stopextinction-saison-1\/ours-polaire\/","title":{"rendered":"Ours polaire"},"content":{"rendered":"<p>[et_pb_section fb_built=\u00a0\u00bb1&Prime; disabled_on=\u00a0\u00bbon|off|off\u00a0\u00bb admin_label=\u00a0\u00bbSection PC &#038; Tablette\u00a0\u00bb module_class=\u00a0\u00bbfullscreen\u00a0\u00bb _builder_version=\u00a0\u00bb4.0.6&Prime; background_color=\u00a0\u00bb#000000&Prime; background_enable_image=\u00a0\u00bboff\u00a0\u00bb background_enable_video_mp4=\u00a0\u00bboff\u00a0\u00bb width=\u00a0\u00bb119%\u00a0\u00bb max_width=\u00a0\u00bb120%\u00a0\u00bb min_height=\u00a0\u00bb100vh\u00a0\u00bb height_last_edited=\u00a0\u00bboff|desktop\u00a0\u00bb custom_css_main_element=\u00a0\u00bbpadding-top:0 !important;\u00a0\u00bb][et_pb_row _builder_version=\u00a0\u00bb4.0.6&Prime; background_color=\u00a0\u00bb#000000&Prime; width=\u00a0\u00bb100%\u00a0\u00bb module_alignment=\u00a0\u00bbleft\u00a0\u00bb custom_margin=\u00a0\u00bb|||20vw|false|false\u00a0\u00bb animation_style=\u00a0\u00bbslide\u00a0\u00bb animation_direction=\u00a0\u00bbleft\u00a0\u00bb animation_intensity_slide=\u00a0\u00bb1%\u00a0\u00bb custom_css_main_element=\u00a0\u00bbmargin: auto auto 0;\u00a0\u00bb][et_pb_column type=\u00a0\u00bb4_4&Prime; _builder_version=\u00a0\u00bb4.0.6&Prime; background_color=\u00a0\u00bb#000000&Prime; background_enable_image=\u00a0\u00bboff\u00a0\u00bb][et_pb_slider show_arrows=\u00a0\u00bboff\u00a0\u00bb show_pagination=\u00a0\u00bboff\u00a0\u00bb show_content_on_mobile=\u00a0\u00bboff\u00a0\u00bb admin_label=\u00a0\u00bbDiapo\u00a0\u00bb _builder_version=\u00a0\u00bb4.0.6&Prime; body_font_size=\u00a0\u00bb2em\u00a0\u00bb body_letter_spacing=\u00a0\u00bb1px\u00a0\u00bb text_orientation=\u00a0\u00bbleft\u00a0\u00bb width=\u00a0\u00bb100vw\u00a0\u00bb module_alignment=\u00a0\u00bbleft\u00a0\u00bb min_height=\u00a0\u00bb100vh\u00a0\u00bb custom_margin=\u00a0\u00bb||-20vh||false|false\u00a0\u00bb custom_padding=\u00a0\u00bb10vh|32vw||15vw|false|false\u00a0\u00bb auto=\u00a0\u00bbon\u00a0\u00bb auto_speed=\u00a0\u00bb4000&Prime; auto_ignore_hover=\u00a0\u00bbon\u00a0\u00bb hover_transition_duration=\u00a0\u00bb450ms\u00a0\u00bb hover_transition_speed_curve=\u00a0\u00bbease-in-out\u00a0\u00bb header_font_size_tablet=\u00a0\u00bb30px\u00a0\u00bb header_font_size_phone=\u00a0\u00bb\u00a0\u00bb header_font_size_last_edited=\u00a0\u00bbon|tablet\u00a0\u00bb header_letter_spacing_tablet=\u00a0\u00bb0px\u00a0\u00bb header_letter_spacing_phone=\u00a0\u00bb\u00a0\u00bb header_letter_spacing_last_edited=\u00a0\u00bbon|tablet\u00a0\u00bb body_font_size_tablet=\u00a0\u00bb0.8em\u00a0\u00bb body_font_size_phone=\u00a0\u00bb\u00a0\u00bb body_font_size_last_edited=\u00a0\u00bbon|tablet\u00a0\u00bb body_letter_spacing_tablet=\u00a0\u00bb0px\u00a0\u00bb body_letter_spacing_phone=\u00a0\u00bb\u00a0\u00bb body_letter_spacing_last_edited=\u00a0\u00bbon|tablet\u00a0\u00bb body_line_height_tablet=\u00a0\u00bb1em\u00a0\u00bb body_line_height_phone=\u00a0\u00bb\u00a0\u00bb body_line_height_last_edited=\u00a0\u00bbon|tablet\u00a0\u00bb custom_css_slide_description=\u00a0\u00bbanimation-name: none;\u00a0\u00bb][et_pb_slide heading=\u00a0\u00bbN&rsquo;attendons pas qu&rsquo;il devienne imaginaire\u00a0\u00bb button_link=\u00a0\u00bbhttps:\/\/faireundon.wwf.fr\/b?cid=220&#038;lang=fr_FR\u00a0\u00bb _builder_version=\u00a0\u00bb4.0.6&Prime; header_font=\u00a0\u00bbWWF new|200||on|||||\u00a0\u00bb header_text_align=\u00a0\u00bbleft\u00a0\u00bb header_font_size=\u00a0\u00bb3.5em\u00a0\u00bb header_letter_spacing=\u00a0\u00bb2px\u00a0\u00bb body_font_size=\u00a0\u00bb1em\u00a0\u00bb body_line_height=\u00a0\u00bb1.5em\u00a0\u00bb background_enable_color=\u00a0\u00bboff\u00a0\u00bb background_image=\u00a0\u00bbhttps:\/\/agir.wwf.fr\/stopextinction-saison-1\/wp-content\/uploads\/sites\/34\/2019\/11\/ours.png\u00a0\u00bb background_enable_image=\u00a0\u00bbon\u00a0\u00bb parallax=\u00a0\u00bbon\u00a0\u00bb parallax_method=\u00a0\u00bboff\u00a0\u00bb custom_button=\u00a0\u00bbon\u00a0\u00bb button_letter_spacing=\u00a0\u00bb1px\u00a0\u00bb button_font=\u00a0\u00bbWWF new|500|||||||\u00a0\u00bb custom_padding=\u00a0\u00bb|40vw|||false|false\u00a0\u00bb hover_transition_speed_curve=\u00a0\u00bbease-in\u00a0\u00bb header_font_size_tablet=\u00a0\u00bb2em\u00a0\u00bb header_font_size_phone=\u00a0\u00bb\u00a0\u00bb header_font_size_last_edited=\u00a0\u00bbon|tablet\u00a0\u00bb header_letter_spacing_tablet=\u00a0\u00bb0px\u00a0\u00bb header_letter_spacing_phone=\u00a0\u00bb\u00a0\u00bb header_letter_spacing_last_edited=\u00a0\u00bbon|tablet\u00a0\u00bb body_font_size_tablet=\u00a0\u00bb0.8em\u00a0\u00bb body_font_size_phone=\u00a0\u00bb\u00a0\u00bb body_font_size_last_edited=\u00a0\u00bbon|tablet\u00a0\u00bb body_letter_spacing_tablet=\u00a0\u00bb0px\u00a0\u00bb body_letter_spacing_phone=\u00a0\u00bb\u00a0\u00bb body_letter_spacing_last_edited=\u00a0\u00bbon|tablet\u00a0\u00bb body_line_height_tablet=\u00a0\u00bb1em\u00a0\u00bb body_line_height_phone=\u00a0\u00bb\u00a0\u00bb body_line_height_last_edited=\u00a0\u00bbon|tablet\u00a0\u00bb]<\/p>\n<p>Cr\u00e9ature majestueuse du Grand Nord, l\u2019ours polaire passe l\u2019essentiel de sa vie sur la banquise et c\u2019est aussi un excellent nageur, il peut effectuer des distances importantes, parfois quelques centaines de kilom\u00e8tres.<\/p>\n<p>[\/et_pb_slide][et_pb_slide heading=\u00a0\u00bbEnsemble, conservons l&rsquo;ours polaire dans le monde r\u00e9el\u00a0\u00bb button_text=\u00a0\u00bbFAIRE UN DON\u00a0\u00bb button_link=\u00a0\u00bbhttps:\/\/faireundon.wwf.fr\/b?cid=224&#038;lang=fr_FR\u00a0\u00bb _builder_version=\u00a0\u00bb4.0.6&Prime; header_font=\u00a0\u00bbWWF new|200||on|||||\u00a0\u00bb header_text_align=\u00a0\u00bbleft\u00a0\u00bb header_font_size=\u00a0\u00bb3.5em\u00a0\u00bb header_letter_spacing=\u00a0\u00bb2px\u00a0\u00bb body_font_size=\u00a0\u00bb1em\u00a0\u00bb body_line_height=\u00a0\u00bb1.5em\u00a0\u00bb background_enable_color=\u00a0\u00bboff\u00a0\u00bb background_image=\u00a0\u00bbhttps:\/\/agir.wwf.fr\/stopextinction-saison-1\/wp-content\/uploads\/sites\/34\/2019\/11\/Ours1.jpg\u00a0\u00bb background_enable_image=\u00a0\u00bbon\u00a0\u00bb parallax=\u00a0\u00bbon\u00a0\u00bb parallax_method=\u00a0\u00bboff\u00a0\u00bb custom_button=\u00a0\u00bbon\u00a0\u00bb button_letter_spacing=\u00a0\u00bb1px\u00a0\u00bb button_font=\u00a0\u00bbWWF new|500|||||||\u00a0\u00bb custom_padding=\u00a0\u00bb|40vw|||false|false\u00a0\u00bb hover_transition_speed_curve=\u00a0\u00bbease-in\u00a0\u00bb header_font_size_tablet=\u00a0\u00bb2em\u00a0\u00bb header_font_size_phone=\u00a0\u00bb\u00a0\u00bb header_font_size_last_edited=\u00a0\u00bbon|tablet\u00a0\u00bb header_letter_spacing_tablet=\u00a0\u00bb0px\u00a0\u00bb header_letter_spacing_phone=\u00a0\u00bb\u00a0\u00bb header_letter_spacing_last_edited=\u00a0\u00bbon|tablet\u00a0\u00bb body_font_size_tablet=\u00a0\u00bb0.8em\u00a0\u00bb body_font_size_phone=\u00a0\u00bb\u00a0\u00bb body_font_size_last_edited=\u00a0\u00bbon|tablet\u00a0\u00bb body_letter_spacing_tablet=\u00a0\u00bb0px\u00a0\u00bb body_letter_spacing_phone=\u00a0\u00bb\u00a0\u00bb body_letter_spacing_last_edited=\u00a0\u00bbon|tablet\u00a0\u00bb body_line_height_tablet=\u00a0\u00bb1em\u00a0\u00bb body_line_height_phone=\u00a0\u00bb\u00a0\u00bb body_line_height_last_edited=\u00a0\u00bbon|tablet\u00a0\u00bb body_line_height__hover_enabled=\u00a0\u00bboff|desktop\u00a0\u00bb]<span style=\"font-weight: 400\">Faire un don, c\u2019est agir aux c\u00f4t\u00e9s de WWF pour prot\u00e9ger\u00a0<\/span><span style=\"font-weight: 400\">les esp\u00e8ces menac\u00e9es d\u2019extinction et leur permettre\u00a0<\/span><span style=\"font-weight: 400\">d\u2019\u00e9voluer librement dans leur \u00e9cosyst\u00e8me.<\/span>[\/et_pb_slide][\/et_pb_slider][\/et_pb_column][\/et_pb_row][et_pb_row column_structure=\u00a0\u00bb2_5,3_5&Prime; _builder_version=\u00a0\u00bb4.0.6&Prime; custom_margin=\u00a0\u00bb|auto||17%|false|false\u00a0\u00bb custom_padding=\u00a0\u00bb||||false|false\u00a0\u00bb animation_style=\u00a0\u00bbslide\u00a0\u00bb animation_direction=\u00a0\u00bbleft\u00a0\u00bb animation_intensity_slide=\u00a0\u00bb5%\u00a0\u00bb][et_pb_column type=\u00a0\u00bb2_5&Prime; _builder_version=\u00a0\u00bb4.0.6&Prime; custom_padding=\u00a0\u00bb|0%|||false|false\u00a0\u00bb][et_pb_text _builder_version=\u00a0\u00bb4.0.6&Prime; text_text_color=\u00a0\u00bb#ffffff\u00a0\u00bb text_font_size=\u00a0\u00bb0.9em\u00a0\u00bb custom_margin=\u00a0\u00bb||||false|false\u00a0\u00bb custom_padding=\u00a0\u00bb||||false|false\u00a0\u00bb text_font_size_tablet=\u00a0\u00bb\u00a0\u00bb text_font_size_phone=\u00a0\u00bb1.1em\u00a0\u00bb text_font_size_last_edited=\u00a0\u00bbon|phone\u00a0\u00bb]<\/p>\n<p><a href=\"#podcast\" style=\"float: left\"><img decoding=\"async\" loading=\"lazy\" class=\"wp-image-54012 size-full alignleft\" src=\"https:\/\/agir.wwf.fr\/stopextinction-saison-1\/wp-content\/uploads\/sites\/34\/2019\/12\/Jaulin.png\" alt=\"\" width=\"65\" height=\"65\" \/><\/a><span style=\"padding-top: 16px;float: left;max-width: 300px\">Yannick Jaulin nous conte<br \/> <strong>L&rsquo;Ours de Bor\u00e9e<\/strong><\/span><\/p>\n<p>[\/et_pb_text][\/et_pb_column][et_pb_column type=\u00a0\u00bb3_5&Prime; _builder_version=\u00a0\u00bb4.0.6&Prime; custom_padding=\u00a0\u00bb|0%||0px|false|false\u00a0\u00bb border_style_all=\u00a0\u00bbnone\u00a0\u00bb][\/et_pb_column][\/et_pb_row][\/et_pb_section][et_pb_section fb_built=\u00a0\u00bb1&Prime; disabled_on=\u00a0\u00bboff|on|on\u00a0\u00bb admin_label=\u00a0\u00bbSection Mobile\u00a0\u00bb _builder_version=\u00a0\u00bb4.0.6&Prime; background_color=\u00a0\u00bb#000000&Prime; min_height=\u00a0\u00bb100vh\u00a0\u00bb custom_padding=\u00a0\u00bb0px|||||\u00a0\u00bb custom_css_main_element_last_edited=\u00a0\u00bbon|phone\u00a0\u00bb custom_css_main_element_phone=\u00a0\u00bbpadding-top:0 !important;\u00a0\u00bb][et_pb_row make_equal=\u00a0\u00bbon\u00a0\u00bb _builder_version=\u00a0\u00bb4.0.6&Prime; background_color=\u00a0\u00bb#000000&Prime; width=\u00a0\u00bb100%\u00a0\u00bb max_width=\u00a0\u00bb1862px\u00a0\u00bb module_alignment=\u00a0\u00bbcenter\u00a0\u00bb height=\u00a0\u00bb100%\u00a0\u00bb module_alignment_last_edited=\u00a0\u00bboff|desktop\u00a0\u00bb][et_pb_column type=\u00a0\u00bb4_4&Prime; _builder_version=\u00a0\u00bb4.0.6&Prime;][et_pb_slider show_pagination=\u00a0\u00bboff\u00a0\u00bb show_cta_on_mobile=\u00a0\u00bboff\u00a0\u00bb _builder_version=\u00a0\u00bb4.0.6&Prime; background_color=\u00a0\u00bb#000000&Prime; custom_padding=\u00a0\u00bb500px||||false|false\u00a0\u00bb background_last_edited=\u00a0\u00bboff|phone\u00a0\u00bb][et_pb_slide heading=\u00a0\u00bbN&rsquo;attendons pas qu&rsquo;il devienne imaginaire\u00a0\u00bb use_bg_overlay=\u00a0\u00bboff\u00a0\u00bb use_text_overlay=\u00a0\u00bboff\u00a0\u00bb alignment=\u00a0\u00bbbottom\u00a0\u00bb _builder_version=\u00a0\u00bb4.0.6&Prime; header_font=\u00a0\u00bbWWF new|200||on|||||\u00a0\u00bb header_text_align=\u00a0\u00bbcenter\u00a0\u00bb header_font_size=\u00a0\u00bb0px\u00a0\u00bb header_letter_spacing=\u00a0\u00bb2px\u00a0\u00bb body_font=\u00a0\u00bbWWF new|200||on|||||\u00a0\u00bb body_text_align=\u00a0\u00bbcenter\u00a0\u00bb body_text_color=\u00a0\u00bb#ffffff\u00a0\u00bb body_font_size=\u00a0\u00bb2.5em\u00a0\u00bb body_letter_spacing=\u00a0\u00bb2px\u00a0\u00bb body_line_height=\u00a0\u00bb1em\u00a0\u00bb background_color=\u00a0\u00bb#000000&Prime; background_enable_color=\u00a0\u00bbon\u00a0\u00bb background_image=\u00a0\u00bbhttps:\/\/agir.wwf.fr\/stopextinction-saison-1\/wp-content\/uploads\/sites\/34\/2019\/11\/sl1.jpg\u00a0\u00bb background_enable_image=\u00a0\u00bbon\u00a0\u00bb background_position=\u00a0\u00bbtop_center\u00a0\u00bb text_orientation=\u00a0\u00bbcenter\u00a0\u00bb custom_padding_tablet=\u00a0\u00bb\u00a0\u00bb custom_padding_phone=\u00a0\u00bb||||false|false\u00a0\u00bb custom_padding_last_edited=\u00a0\u00bbon|phone\u00a0\u00bb body_letter_spacing_tablet=\u00a0\u00bb\u00a0\u00bb body_letter_spacing_phone=\u00a0\u00bb\u00a0\u00bb body_letter_spacing_last_edited=\u00a0\u00bbon|desktop\u00a0\u00bb border_width_all_image=\u00a0\u00bb0px\u00a0\u00bb border_color_left_image=\u00a0\u00bb#000000&Prime;]<\/p>\n<p><img decoding=\"async\" loading=\"lazy\" class=\"wp-image-54605 size-full aligncenter\" src=\"https:\/\/agir.wwf.fr\/stopextinction-saison-1\/wp-content\/uploads\/sites\/34\/2019\/11\/stop_extinction.png\" alt=\"\" width=\"237\" height=\"57\" \/><\/p>\n<p style=\"text-align: center\">N&rsquo;attendons pas qu&rsquo;il devienne imaginaire<\/p>\n<p>[\/et_pb_slide][et_pb_slide heading=\u00a0\u00bbEnsemble, conservons le tigre dans le monde r\u00e9el\u00a0\u00bb use_bg_overlay=\u00a0\u00bboff\u00a0\u00bb use_text_overlay=\u00a0\u00bboff\u00a0\u00bb alignment=\u00a0\u00bbbottom\u00a0\u00bb _builder_version=\u00a0\u00bb4.0.6&Prime; header_font=\u00a0\u00bbWWF new|200||on|||||\u00a0\u00bb header_text_align=\u00a0\u00bbcenter\u00a0\u00bb header_font_size=\u00a0\u00bb0px\u00a0\u00bb header_letter_spacing=\u00a0\u00bb2px\u00a0\u00bb body_font=\u00a0\u00bbWWF new|200||on|||||\u00a0\u00bb body_text_align=\u00a0\u00bbcenter\u00a0\u00bb body_text_color=\u00a0\u00bb#ffffff\u00a0\u00bb body_font_size=\u00a0\u00bb2.5em\u00a0\u00bb body_letter_spacing=\u00a0\u00bb2px\u00a0\u00bb body_line_height=\u00a0\u00bb1em\u00a0\u00bb background_color=\u00a0\u00bb#000000&Prime; background_enable_color=\u00a0\u00bbon\u00a0\u00bb background_image=\u00a0\u00bbhttps:\/\/agir.wwf.fr\/stopextinction-saison-1\/wp-content\/uploads\/sites\/34\/2019\/11\/sl2-mobile.jpg\u00a0\u00bb background_enable_image=\u00a0\u00bbon\u00a0\u00bb background_position=\u00a0\u00bbtop_center\u00a0\u00bb text_orientation=\u00a0\u00bbcenter\u00a0\u00bb custom_padding_tablet=\u00a0\u00bb\u00a0\u00bb custom_padding_phone=\u00a0\u00bb||||false|false\u00a0\u00bb custom_padding_last_edited=\u00a0\u00bbon|phone\u00a0\u00bb body_letter_spacing_tablet=\u00a0\u00bb\u00a0\u00bb body_letter_spacing_phone=\u00a0\u00bb\u00a0\u00bb body_letter_spacing_last_edited=\u00a0\u00bbon|desktop\u00a0\u00bb border_width_all_image=\u00a0\u00bb0px\u00a0\u00bb border_color_left_image=\u00a0\u00bb#000000&Prime;]<\/p>\n<p><img decoding=\"async\" loading=\"lazy\" class=\"wp-image-54605 size-full aligncenter\" src=\"https:\/\/agir.wwf.fr\/stopextinction-saison-1\/wp-content\/uploads\/sites\/34\/2019\/11\/stop_extinction.png\" alt=\"\" width=\"237\" height=\"57\" \/><\/p>\n<p style=\"text-align: center\">Ensemble, conservons l&rsquo;ours polaire dans le monde r\u00e9el<\/p>\n<p>[\/et_pb_slide][\/et_pb_slider][\/et_pb_column][\/et_pb_row][et_pb_row column_structure=\u00a0\u00bb2_5,3_5&Prime; _builder_version=\u00a0\u00bb4.0.6&Prime;][et_pb_column type=\u00a0\u00bb2_5&Prime; _builder_version=\u00a0\u00bb4.0.6&Prime; custom_css_main_element_last_edited=\u00a0\u00bbon|phone\u00a0\u00bb custom_css_main_element_phone=\u00a0\u00bbfloat:left;||width:33%!important;\u00a0\u00bb][et_pb_image src=\u00a0\u00bbhttps:\/\/agir.wwf.fr\/stopextinction-saison-1\/wp-content\/uploads\/sites\/34\/2019\/12\/Jaulin.png\u00a0\u00bb url=\u00a0\u00bb#conte\u00a0\u00bb admin_label=\u00a0\u00bbImage\u00a0\u00bb _builder_version=\u00a0\u00bb4.0.6&Prime;][\/et_pb_image][\/et_pb_column][et_pb_column type=\u00a0\u00bb3_5&Prime; _builder_version=\u00a0\u00bb4.0.6&Prime; custom_css_main_element_last_edited=\u00a0\u00bbon|phone\u00a0\u00bb custom_css_main_element_phone=\u00a0\u00bbfloat:left;||width:65%!important;\u00a0\u00bb][et_pb_text _builder_version=\u00a0\u00bb4.0.6&Prime; text_text_color=\u00a0\u00bb#ffffff\u00a0\u00bb text_font_size=\u00a0\u00bb17px\u00a0\u00bb link_option_url=\u00a0\u00bb#conte\u00a0\u00bb]Yannick Jaulin nous conte <strong>L&rsquo;Ours de Bor\u00e9e<\/strong>[\/et_pb_text][\/et_pb_column][\/et_pb_row][\/et_pb_section][et_pb_section fb_built=\u00a0\u00bb1&Prime; _builder_version=\u00a0\u00bb4.0.7&Prime; background_color=\u00a0\u00bb#f7f7f7&Prime; min_height=\u00a0\u00bb100vh\u00a0\u00bb hover_enabled=\u00a0\u00bb0&Prime; custom_css_main_element=\u00a0\u00bbdisplay:flex;\u00a0\u00bb disabled_on=\u00a0\u00bbon|off|off\u00a0\u00bb][et_pb_row custom_padding_last_edited=\u00a0\u00bbon|phone\u00a0\u00bb _builder_version=\u00a0\u00bb4.0.6&Prime; width=\u00a0\u00bb90%\u00a0\u00bb custom_margin=\u00a0\u00bb||||false|false\u00a0\u00bb custom_padding_tablet=\u00a0\u00bb\u00a0\u00bb custom_padding_phone=\u00a0\u00bb||50px||false|false\u00a0\u00bb custom_css_main_element=\u00a0\u00bbalign-items: center;\u00a0\u00bb][et_pb_column type=\u00a0\u00bb4_4&Prime; _builder_version=\u00a0\u00bb4.0.6&Prime;][et_pb_text _builder_version=\u00a0\u00bb4.0.6&Prime; header_font=\u00a0\u00bb|||on|||||\u00a0\u00bb header_font_size=\u00a0\u00bb3em\u00a0\u00bb header_line_height=\u00a0\u00bb1.1em\u00a0\u00bb min_height=\u00a0\u00bb114px\u00a0\u00bb custom_margin=\u00a0\u00bb||||false|false\u00a0\u00bb custom_margin_tablet=\u00a0\u00bb\u00a0\u00bb custom_margin_phone=\u00a0\u00bb\u00a0\u00bb custom_margin_last_edited=\u00a0\u00bbon|phone\u00a0\u00bb custom_padding=\u00a0\u00bb||||false|false\u00a0\u00bb animation_style=\u00a0\u00bbslide\u00a0\u00bb animation_direction=\u00a0\u00bbbottom\u00a0\u00bb header_font_size_tablet=\u00a0\u00bb\u00a0\u00bb header_font_size_phone=\u00a0\u00bb2em\u00a0\u00bb header_font_size_last_edited=\u00a0\u00bbon|phone\u00a0\u00bb]<\/p>\n<h1 style=\"text-align: center\">Un g\u00e9ant du nord<br \/> au bord de l\u2019extinction<\/h1>\n<p>[\/et_pb_text][et_pb_slider show_image_video_mobile=\u00a0\u00bbon\u00a0\u00bb arrows_custom_color=\u00a0\u00bb#999999&Prime; dot_nav_custom_color=\u00a0\u00bbrgba(0,0,0,0.62)\u00a0\u00bb _builder_version=\u00a0\u00bb4.0.7&Prime; header_level=\u00a0\u00bbh6&Prime; header_font=\u00a0\u00bb||||||||\u00a0\u00bb body_text_color=\u00a0\u00bb#000000&Prime; body_line_height=\u00a0\u00bb1.3em\u00a0\u00bb custom_button=\u00a0\u00bbon\u00a0\u00bb button_letter_spacing=\u00a0\u00bb2px\u00a0\u00bb button_font=\u00a0\u00bbWWF new|300|||||||\u00a0\u00bb min_height_tablet=\u00a0\u00bb\u00a0\u00bb min_height_phone=\u00a0\u00bbauto\u00a0\u00bb min_height_last_edited=\u00a0\u00bbon|phone\u00a0\u00bb height=\u00a0\u00bb68vh\u00a0\u00bb height_tablet=\u00a0\u00bb\u00a0\u00bb height_phone=\u00a0\u00bb\u00a0\u00bb height_last_edited=\u00a0\u00bbon|phone\u00a0\u00bb max_height_tablet=\u00a0\u00bb\u00a0\u00bb max_height_phone=\u00a0\u00bb\u00a0\u00bb max_height_last_edited=\u00a0\u00bbon|phone\u00a0\u00bb custom_margin=\u00a0\u00bb23px|||||\u00a0\u00bb custom_margin_tablet=\u00a0\u00bb\u00a0\u00bb custom_margin_phone=\u00a0\u00bb\u00a0\u00bb custom_margin_last_edited=\u00a0\u00bbon|desktop\u00a0\u00bb custom_padding=\u00a0\u00bb0vh|5vw|0vh||true|false\u00a0\u00bb custom_padding_tablet=\u00a0\u00bb\u00a0\u00bb custom_padding_phone=\u00a0\u00bb0px|5vw|4px||false|false\u00a0\u00bb custom_padding_last_edited=\u00a0\u00bbon|phone\u00a0\u00bb animation_style=\u00a0\u00bbfade\u00a0\u00bb auto=\u00a0\u00bbon\u00a0\u00bb auto_speed=\u00a0\u00bb5000&Prime; custom_css_slide_title_last_edited=\u00a0\u00bbon|phone\u00a0\u00bb custom_css_slide_title_phone=\u00a0\u00bbposition:absolute !important;||top: -100px;||width: 100%;||left:0;||text-align:center;\u00a0\u00bb custom_css_slide_description_last_edited=\u00a0\u00bbon|phone\u00a0\u00bb custom_css_slide_image_last_edited=\u00a0\u00bbon|phone\u00a0\u00bb][et_pb_slide heading=\u00a0\u00bbChangement  climatique\u00a0\u00bb button_text=\u00a0\u00bbFAIRE UN DON\u00a0\u00bb button_link=\u00a0\u00bbhttps:\/\/faireundon.wwf.fr\/b?cid=224&#038;lang=fr_FR\u00a0\u00bb url_new_window=\u00a0\u00bbon\u00a0\u00bb image=\u00a0\u00bbhttps:\/\/agir.wwf.fr\/stopextinction-saison-1\/wp-content\/uploads\/sites\/34\/2019\/11\/changement-climatique.png\u00a0\u00bb _builder_version=\u00a0\u00bb4.0.7&Prime; header_level=\u00a0\u00bbh4&Prime; header_font=\u00a0\u00bbWWF new|||on|||||\u00a0\u00bb header_font_size=\u00a0\u00bb1.7em\u00a0\u00bb header_letter_spacing=\u00a0\u00bb0px\u00a0\u00bb body_font=\u00a0\u00bb||||||||\u00a0\u00bb body_font_size=\u00a0\u00bb0.8em\u00a0\u00bb background_color=\u00a0\u00bb#ffffff\u00a0\u00bb background_enable_color=\u00a0\u00bbon\u00a0\u00bb background_layout=\u00a0\u00bblight\u00a0\u00bb custom_padding=\u00a0\u00bb||2vw|0vw|false|false\u00a0\u00bb custom_padding_tablet=\u00a0\u00bb\u00a0\u00bb custom_padding_phone=\u00a0\u00bb15px|10px||10px|false|false\u00a0\u00bb custom_padding_last_edited=\u00a0\u00bbon|phone\u00a0\u00bb header_text_color_tablet=\u00a0\u00bb\u00a0\u00bb header_text_color_phone=\u00a0\u00bb#ffffff\u00a0\u00bb header_text_color_last_edited=\u00a0\u00bbon|phone\u00a0\u00bb custom_padding__hover_enabled=\u00a0\u00bbon|desktop\u00a0\u00bb custom_css_main_element_last_edited=\u00a0\u00bbon|phone\u00a0\u00bb custom_css_main_element_phone=\u00a0\u00bbpadding:0 !important;\u00a0\u00bb custom_css_slide_image_last_edited=\u00a0\u00bbon|phone\u00a0\u00bb custom_css_slide_image_phone=\u00a0\u00bbmargin-top:0 !important;||max-height:150px;||overflow:hidden;\u00a0\u00bb custom_css_slide_title_last_edited=\u00a0\u00bbon|phone\u00a0\u00bb]<\/p>\n<p><span><span style=\"font-weight: 400;\">Les ours polaires d\u00e9pendent du succ\u00e8s de leur chasse au printemps et au d\u00e9but de l\u2019\u00e9t\u00e9 pour s\u2019alimenter, se reproduire et subvenir aux besoins de leurs petits.<br \/> La disparition de la banquise r\u00e9duit consid\u00e9rablement leur territoire et leur p\u00e9riode de chasse, allongeant ainsi leur je\u00fbne et affectant en cons\u00e9quence leur \u00e9tat de sant\u00e9 et leur taux de reproduction.<br \/> <\/span><\/span><\/p>\n<p><span><\/span><\/p>\n<h4>LUTTONS CONTRE LE R\u00c9CHAUFFEMENT<\/h4>\n<p>[\/et_pb_slide][et_pb_slide heading=\u00a0\u00bbPollution chimique\u00a0\u00bb button_text=\u00a0\u00bbFAIRE UN DON\u00a0\u00bb button_link=\u00a0\u00bbhttps:\/\/faireundon.wwf.fr\/b?cid=224&#038;lang=fr_FR\u00a0\u00bb url_new_window=\u00a0\u00bbon\u00a0\u00bb image=\u00a0\u00bbhttps:\/\/agir.wwf.fr\/stopextinction-saison-1\/wp-content\/uploads\/sites\/34\/2019\/11\/polluants.png\u00a0\u00bb _builder_version=\u00a0\u00bb4.0.7&Prime; header_level=\u00a0\u00bbh6&Prime; header_font=\u00a0\u00bbWWF new|||on|||||\u00a0\u00bb header_font_size=\u00a0\u00bb1.7em\u00a0\u00bb header_letter_spacing=\u00a0\u00bb0px\u00a0\u00bb body_font=\u00a0\u00bb||||||||\u00a0\u00bb body_font_size=\u00a0\u00bb0.8em\u00a0\u00bb background_color=\u00a0\u00bb#ffffff\u00a0\u00bb background_enable_color=\u00a0\u00bbon\u00a0\u00bb background_layout=\u00a0\u00bblight\u00a0\u00bb custom_padding=\u00a0\u00bb||2vw|0vw|false|false\u00a0\u00bb custom_padding_tablet=\u00a0\u00bb\u00a0\u00bb custom_padding_phone=\u00a0\u00bb15px|10px|2vw|10px|false|false\u00a0\u00bb custom_padding_last_edited=\u00a0\u00bbon|phone\u00a0\u00bb header_text_color_tablet=\u00a0\u00bb\u00a0\u00bb header_text_color_phone=\u00a0\u00bb#ffffff\u00a0\u00bb header_text_color_last_edited=\u00a0\u00bbon|phone\u00a0\u00bb custom_padding__hover_enabled=\u00a0\u00bbon|desktop\u00a0\u00bb custom_css_main_element_last_edited=\u00a0\u00bbon|phone\u00a0\u00bb custom_css_main_element_phone=\u00a0\u00bbpadding:0 !important;\u00a0\u00bb custom_css_slide_image_last_edited=\u00a0\u00bbon|phone\u00a0\u00bb custom_css_slide_image_phone=\u00a0\u00bbmargin-top:0 !important;||max-height:150px;||overflow:hidden;\u00a0\u00bb]<\/p>\n<p>Les polluants comme le mercure, emmagasin\u00e9s par les diff\u00e9rentes esp\u00e8ces dont il se nourrit s\u2019accumulent dans sa graisse, pouvant occasionner chez lui des anomalies cong\u00e9nitales et une d\u00e9t\u00e9rioration de son syst\u00e8me nerveux.<\/p>\n<h4><\/h4>\n<p><span><\/span><\/p>\n<h4>LUTTONS CONTRE LA POLLUTION<\/h4>\n<p>[\/et_pb_slide][et_pb_slide heading=\u00a0\u00bbNOUVELLES ACTIVIT\u00c9S \u00c9CONOMIQUES\u00a0\u00bb button_text=\u00a0\u00bbFAIRE UN DON\u00a0\u00bb button_link=\u00a0\u00bbhttps:\/\/faireundon.wwf.fr\/b?cid=224&#038;lang=fr_FR\u00a0\u00bb url_new_window=\u00a0\u00bbon\u00a0\u00bb image=\u00a0\u00bbhttps:\/\/agir.wwf.fr\/stopextinction-saison-1\/wp-content\/uploads\/sites\/34\/2019\/12\/activite.png\u00a0\u00bb _builder_version=\u00a0\u00bb4.0.7&Prime; header_level=\u00a0\u00bbh6&Prime; header_font=\u00a0\u00bbWWF new|||on|||||\u00a0\u00bb header_font_size=\u00a0\u00bb1.7em\u00a0\u00bb header_letter_spacing=\u00a0\u00bb0px\u00a0\u00bb body_font=\u00a0\u00bb||||||||\u00a0\u00bb body_font_size=\u00a0\u00bb0.8em\u00a0\u00bb background_color=\u00a0\u00bb#ffffff\u00a0\u00bb background_enable_color=\u00a0\u00bbon\u00a0\u00bb background_layout=\u00a0\u00bblight\u00a0\u00bb custom_padding=\u00a0\u00bb||2vw|0vw|false|false\u00a0\u00bb custom_padding_tablet=\u00a0\u00bb\u00a0\u00bb custom_padding_phone=\u00a0\u00bb15px|10px||10px|false|false\u00a0\u00bb custom_padding_last_edited=\u00a0\u00bbon|phone\u00a0\u00bb header_text_color_tablet=\u00a0\u00bb\u00a0\u00bb header_text_color_phone=\u00a0\u00bb#ffffff\u00a0\u00bb header_text_color_last_edited=\u00a0\u00bbon|phone\u00a0\u00bb custom_padding__hover_enabled=\u00a0\u00bbon|desktop\u00a0\u00bb custom_css_main_element_last_edited=\u00a0\u00bbon|phone\u00a0\u00bb custom_css_main_element_phone=\u00a0\u00bbpadding:0 !important;\u00a0\u00bb custom_css_slide_image_last_edited=\u00a0\u00bbon|phone\u00a0\u00bb custom_css_slide_image_phone=\u00a0\u00bbmargin-top:0 !important;||max-height:150px;||overflow:hidden;\u00a0\u00bb]<\/p>\n<p>\nL\u2019exploitation du p\u00e9trole et du gaz peuvent entra\u00eener des d\u00e9rangements de la faune et augmenter les risques, non seulement de conflit avec les hommes, mais aussi de mar\u00e9e noire ou de pollution par les hydrocarbures.\n<\/p>\n<h4><\/h4>\n<p><span><\/p>\n<h4>SAUVONS LES OURS POLAIRES<\/h4>\n<p>[\/et_pb_slide][\/et_pb_slider][\/et_pb_column][\/et_pb_row][\/et_pb_section][et_pb_section fb_built=\u00a0\u00bb1&Prime; _builder_version=\u00a0\u00bb4.0.7&Prime; background_color=\u00a0\u00bb#f7f7f7&Prime; min_height=\u00a0\u00bb100vh\u00a0\u00bb hover_enabled=\u00a0\u00bb0&Prime; custom_css_main_element=\u00a0\u00bbdisplay:flex;\u00a0\u00bb disabled_on=\u00a0\u00bboff|on|on\u00a0\u00bb][et_pb_row custom_padding_last_edited=\u00a0\u00bbon|phone\u00a0\u00bb _builder_version=\u00a0\u00bb4.0.6&Prime; width=\u00a0\u00bb90%\u00a0\u00bb custom_margin=\u00a0\u00bb||||false|false\u00a0\u00bb custom_padding_tablet=\u00a0\u00bb\u00a0\u00bb custom_padding_phone=\u00a0\u00bb||50px||false|false\u00a0\u00bb custom_css_main_element=\u00a0\u00bbalign-items: center;\u00a0\u00bb][et_pb_column type=\u00a0\u00bb4_4&Prime; _builder_version=\u00a0\u00bb4.0.6&Prime;][et_pb_text _builder_version=\u00a0\u00bb4.0.6&Prime; header_font=\u00a0\u00bb|||on|||||\u00a0\u00bb header_font_size=\u00a0\u00bb3em\u00a0\u00bb header_line_height=\u00a0\u00bb1.1em\u00a0\u00bb min_height=\u00a0\u00bb114px\u00a0\u00bb custom_margin=\u00a0\u00bb||||false|false\u00a0\u00bb custom_margin_tablet=\u00a0\u00bb\u00a0\u00bb custom_margin_phone=\u00a0\u00bb\u00a0\u00bb custom_margin_last_edited=\u00a0\u00bbon|phone\u00a0\u00bb custom_padding=\u00a0\u00bb||||false|false\u00a0\u00bb animation_style=\u00a0\u00bbslide\u00a0\u00bb animation_direction=\u00a0\u00bbbottom\u00a0\u00bb header_font_size_tablet=\u00a0\u00bb\u00a0\u00bb header_font_size_phone=\u00a0\u00bb2em\u00a0\u00bb header_font_size_last_edited=\u00a0\u00bbon|phone\u00a0\u00bb]<\/p>\n<h1 style=\"text-align: center\">Un g\u00e9ant du nord<br \/> au bord de l\u2019extinction<\/h1>\n<p>[\/et_pb_text][et_pb_slider show_image_video_mobile=\u00a0\u00bbon\u00a0\u00bb arrows_custom_color=\u00a0\u00bb#999999&Prime; dot_nav_custom_color=\u00a0\u00bbrgba(0,0,0,0.62)\u00a0\u00bb _builder_version=\u00a0\u00bb4.0.7&Prime; header_level=\u00a0\u00bbh6&Prime; header_font=\u00a0\u00bb||||||||\u00a0\u00bb body_text_color=\u00a0\u00bb#000000&Prime; body_line_height=\u00a0\u00bb1.3em\u00a0\u00bb custom_button=\u00a0\u00bbon\u00a0\u00bb button_letter_spacing=\u00a0\u00bb2px\u00a0\u00bb button_font=\u00a0\u00bbWWF new|300|||||||\u00a0\u00bb min_height_tablet=\u00a0\u00bb\u00a0\u00bb min_height_phone=\u00a0\u00bbauto\u00a0\u00bb min_height_last_edited=\u00a0\u00bbon|phone\u00a0\u00bb height=\u00a0\u00bb68vh\u00a0\u00bb height_tablet=\u00a0\u00bb\u00a0\u00bb height_phone=\u00a0\u00bb\u00a0\u00bb height_last_edited=\u00a0\u00bbon|phone\u00a0\u00bb max_height_tablet=\u00a0\u00bb\u00a0\u00bb max_height_phone=\u00a0\u00bb\u00a0\u00bb max_height_last_edited=\u00a0\u00bbon|phone\u00a0\u00bb custom_margin=\u00a0\u00bb23px|||||\u00a0\u00bb custom_margin_tablet=\u00a0\u00bb\u00a0\u00bb custom_margin_phone=\u00a0\u00bb\u00a0\u00bb custom_margin_last_edited=\u00a0\u00bbon|desktop\u00a0\u00bb custom_padding=\u00a0\u00bb0vh|5vw|0vh||true|false\u00a0\u00bb custom_padding_tablet=\u00a0\u00bb\u00a0\u00bb custom_padding_phone=\u00a0\u00bb0px|5vw|4px||false|false\u00a0\u00bb custom_padding_last_edited=\u00a0\u00bbon|phone\u00a0\u00bb animation_style=\u00a0\u00bbfade\u00a0\u00bb auto=\u00a0\u00bbon\u00a0\u00bb auto_speed=\u00a0\u00bb5000&Prime; hover_enabled=\u00a0\u00bb0&Prime; custom_css_slide_title_last_edited=\u00a0\u00bbon|phone\u00a0\u00bb custom_css_slide_title_phone=\u00a0\u00bbposition:absolute !important;||top: -100px;||width: 100%;||left:0;||text-align:center;\u00a0\u00bb custom_css_slide_description_last_edited=\u00a0\u00bbon|phone\u00a0\u00bb custom_css_slide_image_last_edited=\u00a0\u00bbon|phone\u00a0\u00bb show_pagination=\u00a0\u00bboff\u00a0\u00bb][et_pb_slide heading=\u00a0\u00bbChangement  climatique\u00a0\u00bb button_text=\u00a0\u00bbFAIRE UN DON\u00a0\u00bb button_link=\u00a0\u00bbhttps:\/\/faireundon.wwf.fr\/b?cid=224&#038;lang=fr_FR\u00a0\u00bb url_new_window=\u00a0\u00bbon\u00a0\u00bb image=\u00a0\u00bbhttps:\/\/agir.wwf.fr\/stopextinction-saison-1\/wp-content\/uploads\/sites\/34\/2019\/11\/changement-climatique.png\u00a0\u00bb _builder_version=\u00a0\u00bb4.0.7&Prime; header_level=\u00a0\u00bbh4&Prime; header_font=\u00a0\u00bbWWF new|||on|||||\u00a0\u00bb header_font_size=\u00a0\u00bb1.7em\u00a0\u00bb header_letter_spacing=\u00a0\u00bb0px\u00a0\u00bb body_font=\u00a0\u00bb||||||||\u00a0\u00bb body_font_size=\u00a0\u00bb0.8em\u00a0\u00bb background_color=\u00a0\u00bb#ffffff\u00a0\u00bb background_enable_color=\u00a0\u00bbon\u00a0\u00bb background_layout=\u00a0\u00bblight\u00a0\u00bb custom_padding=\u00a0\u00bb||2vw|0vw|false|false\u00a0\u00bb custom_padding_tablet=\u00a0\u00bb\u00a0\u00bb custom_padding_phone=\u00a0\u00bb15px|10px||10px|false|false\u00a0\u00bb custom_padding_last_edited=\u00a0\u00bbon|phone\u00a0\u00bb header_text_color_tablet=\u00a0\u00bb\u00a0\u00bb header_text_color_phone=\u00a0\u00bb#ffffff\u00a0\u00bb header_text_color_last_edited=\u00a0\u00bbon|phone\u00a0\u00bb custom_padding__hover_enabled=\u00a0\u00bbon|desktop\u00a0\u00bb custom_css_main_element_last_edited=\u00a0\u00bbon|phone\u00a0\u00bb custom_css_main_element_phone=\u00a0\u00bbpadding:0 !important;\u00a0\u00bb custom_css_slide_image_last_edited=\u00a0\u00bbon|phone\u00a0\u00bb custom_css_slide_image_phone=\u00a0\u00bbmargin-top:0 !important;||max-height:150px;||overflow:hidden;\u00a0\u00bb custom_css_slide_title_last_edited=\u00a0\u00bbon|phone\u00a0\u00bb]<\/p>\n<p><span><span style=\"font-weight: 400;\">Les ours polaires d\u00e9pendent du succ\u00e8s de leur chasse au printemps et au d\u00e9but de l\u2019\u00e9t\u00e9 pour s\u2019alimenter, se reproduire et subvenir aux besoins de leurs petits.<br \/> La disparition de la banquise r\u00e9duit consid\u00e9rablement leur territoire et leur p\u00e9riode de chasse, allongeant ainsi leur je\u00fbne et affectant en cons\u00e9quence leur \u00e9tat de sant\u00e9 et leur taux de reproduction.<br \/> <\/span><\/span><\/p>\n<p><span><\/span><\/p>\n<h4>LUTTONS CONTRE LE R\u00c9CHAUFFEMENT<\/h4>\n<p>[\/et_pb_slide][et_pb_slide heading=\u00a0\u00bbPollution chimique\u00a0\u00bb button_text=\u00a0\u00bbFAIRE UN DON\u00a0\u00bb button_link=\u00a0\u00bbhttps:\/\/faireundon.wwf.fr\/b?cid=224&#038;lang=fr_FR\u00a0\u00bb url_new_window=\u00a0\u00bbon\u00a0\u00bb image=\u00a0\u00bbhttps:\/\/agir.wwf.fr\/stopextinction-saison-1\/wp-content\/uploads\/sites\/34\/2019\/11\/polluants.png\u00a0\u00bb _builder_version=\u00a0\u00bb4.0.7&Prime; header_level=\u00a0\u00bbh6&Prime; header_font=\u00a0\u00bbWWF new|||on|||||\u00a0\u00bb header_font_size=\u00a0\u00bb1.7em\u00a0\u00bb header_letter_spacing=\u00a0\u00bb0px\u00a0\u00bb body_font=\u00a0\u00bb||||||||\u00a0\u00bb body_font_size=\u00a0\u00bb0.8em\u00a0\u00bb background_color=\u00a0\u00bb#ffffff\u00a0\u00bb background_enable_color=\u00a0\u00bbon\u00a0\u00bb background_layout=\u00a0\u00bblight\u00a0\u00bb custom_padding=\u00a0\u00bb||2vw|0vw|false|false\u00a0\u00bb custom_padding_tablet=\u00a0\u00bb\u00a0\u00bb custom_padding_phone=\u00a0\u00bb15px|10px|2vw|10px|false|false\u00a0\u00bb custom_padding_last_edited=\u00a0\u00bbon|phone\u00a0\u00bb header_text_color_tablet=\u00a0\u00bb\u00a0\u00bb header_text_color_phone=\u00a0\u00bb#ffffff\u00a0\u00bb header_text_color_last_edited=\u00a0\u00bbon|phone\u00a0\u00bb custom_padding__hover_enabled=\u00a0\u00bbon|desktop\u00a0\u00bb custom_css_main_element_last_edited=\u00a0\u00bbon|phone\u00a0\u00bb custom_css_main_element_phone=\u00a0\u00bbpadding:0 !important;\u00a0\u00bb custom_css_slide_image_last_edited=\u00a0\u00bbon|phone\u00a0\u00bb custom_css_slide_image_phone=\u00a0\u00bbmargin-top:0 !important;||max-height:150px;||overflow:hidden;\u00a0\u00bb]<\/p>\n<p>Les polluants comme le mercure, emmagasin\u00e9s par les diff\u00e9rentes esp\u00e8ces dont il se nourrit s\u2019accumulent dans sa graisse, pouvant occasionner chez lui des anomalies cong\u00e9nitales et une d\u00e9t\u00e9rioration de son syst\u00e8me nerveux.<\/p>\n<h4><\/h4>\n<p><span><\/span><\/p>\n<h4>LUTTONS CONTRE LA POLLUTION<\/h4>\n<p>[\/et_pb_slide][et_pb_slide heading=\u00a0\u00bbNOUVELLES ACTIVIT\u00c9S \u00c9CONOMIQUES\u00a0\u00bb button_text=\u00a0\u00bbFAIRE UN DON\u00a0\u00bb button_link=\u00a0\u00bbhttps:\/\/faireundon.wwf.fr\/b?cid=224&#038;lang=fr_FR\u00a0\u00bb url_new_window=\u00a0\u00bbon\u00a0\u00bb image=\u00a0\u00bbhttps:\/\/agir.wwf.fr\/stopextinction-saison-1\/wp-content\/uploads\/sites\/34\/2019\/12\/activite.png\u00a0\u00bb _builder_version=\u00a0\u00bb4.0.7&Prime; header_level=\u00a0\u00bbh6&Prime; header_font=\u00a0\u00bbWWF new|||on|||||\u00a0\u00bb header_font_size=\u00a0\u00bb1.7em\u00a0\u00bb header_letter_spacing=\u00a0\u00bb0px\u00a0\u00bb body_font=\u00a0\u00bb||||||||\u00a0\u00bb body_font_size=\u00a0\u00bb0.8em\u00a0\u00bb background_color=\u00a0\u00bb#ffffff\u00a0\u00bb background_enable_color=\u00a0\u00bbon\u00a0\u00bb background_layout=\u00a0\u00bblight\u00a0\u00bb custom_padding=\u00a0\u00bb||2vw|0vw|false|false\u00a0\u00bb custom_padding_tablet=\u00a0\u00bb\u00a0\u00bb custom_padding_phone=\u00a0\u00bb15px|10px||10px|false|false\u00a0\u00bb custom_padding_last_edited=\u00a0\u00bbon|phone\u00a0\u00bb header_text_color_tablet=\u00a0\u00bb\u00a0\u00bb header_text_color_phone=\u00a0\u00bb#ffffff\u00a0\u00bb header_text_color_last_edited=\u00a0\u00bbon|phone\u00a0\u00bb custom_padding__hover_enabled=\u00a0\u00bbon|desktop\u00a0\u00bb custom_css_main_element_last_edited=\u00a0\u00bbon|phone\u00a0\u00bb custom_css_main_element_phone=\u00a0\u00bbpadding:0 !important;\u00a0\u00bb custom_css_slide_image_last_edited=\u00a0\u00bbon|phone\u00a0\u00bb custom_css_slide_image_phone=\u00a0\u00bbmargin-top:0 !important;||max-height:150px;||overflow:hidden;\u00a0\u00bb]<\/p>\n<p>\nL\u2019exploitation du p\u00e9trole et du gaz peuvent entra\u00eener des d\u00e9rangements de la faune et augmenter les risques, non seulement de conflit avec les hommes, mais aussi de mar\u00e9e noire ou de pollution par les hydrocarbures.\n<\/p>\n<h4><\/h4>\n<p><span><\/p>\n<h4>SAUVONS LES OURS POLAIRES<\/h4>\n<p>[\/et_pb_slide][\/et_pb_slider][\/et_pb_column][\/et_pb_row][\/et_pb_section][et_pb_section fb_built=\u00a0\u00bb1&Prime; custom_padding_last_edited=\u00a0\u00bbon|phone\u00a0\u00bb module_class=\u00a0\u00bbfullscreen\u00a0\u00bb _builder_version=\u00a0\u00bb4.0.6&Prime; background_image=\u00a0\u00bbhttps:\/\/agir.wwf.fr\/stopextinction-saison-1\/wp-content\/uploads\/sites\/34\/2019\/11\/bg-solutions.png\u00a0\u00bb parallax=\u00a0\u00bbon\u00a0\u00bb parallax_method=\u00a0\u00bboff\u00a0\u00bb min_height=\u00a0\u00bb895px\u00a0\u00bb min_height_tablet=\u00a0\u00bb\u00a0\u00bb min_height_phone=\u00a0\u00bb100vh\u00a0\u00bb min_height_last_edited=\u00a0\u00bbon|phone\u00a0\u00bb height=\u00a0\u00bb100vh\u00a0\u00bb height_tablet=\u00a0\u00bb\u00a0\u00bb height_phone=\u00a0\u00bbauto\u00a0\u00bb height_last_edited=\u00a0\u00bbon|phone\u00a0\u00bb custom_padding=\u00a0\u00bb10%||10%||true|false\u00a0\u00bb custom_padding_tablet=\u00a0\u00bb\u00a0\u00bb custom_padding_phone=\u00a0\u00bb30vh||6vh||false|false\u00a0\u00bb background_last_edited=\u00a0\u00bbon|phone\u00a0\u00bb background_image_phone=\u00a0\u00bbhttps:\/\/agir.wwf.fr\/stopextinction-saison-1\/wp-content\/uploads\/sites\/34\/2019\/11\/bg-solutions.jpg\u00a0\u00bb background_enable_image_phone=\u00a0\u00bbon\u00a0\u00bb parallax_phone=\u00a0\u00bboff\u00a0\u00bb background_position_phone=\u00a0\u00bbtop_right\u00a0\u00bb custom_css_main_element=\u00a0\u00bbdisplay:flex;\u00a0\u00bb][et_pb_row column_structure=\u00a0\u00bb3_5,2_5&Prime; _builder_version=\u00a0\u00bb4.0.6&Prime; width=\u00a0\u00bb94%\u00a0\u00bb custom_margin=\u00a0\u00bb|||20%|false|false\u00a0\u00bb custom_margin_tablet=\u00a0\u00bb\u00a0\u00bb custom_margin_phone=\u00a0\u00bb7%||3%|8%|false|false\u00a0\u00bb custom_margin_last_edited=\u00a0\u00bbon|phone\u00a0\u00bb custom_padding=\u00a0\u00bb||||false|false\u00a0\u00bb custom_css_main_element=\u00a0\u00bbalign-items: center;\u00a0\u00bb][et_pb_column type=\u00a0\u00bb3_5&Prime; _builder_version=\u00a0\u00bb4.0.6&Prime;][et_pb_text _builder_version=\u00a0\u00bb4.0.6&Prime; text_font_size=\u00a0\u00bb1em\u00a0\u00bb header_font=\u00a0\u00bb|||on|||||\u00a0\u00bb header_text_color=\u00a0\u00bb#ffffff\u00a0\u00bb header_font_size=\u00a0\u00bb3em\u00a0\u00bb header_letter_spacing=\u00a0\u00bb1px\u00a0\u00bb header_line_height=\u00a0\u00bb1.1em\u00a0\u00bb background_layout=\u00a0\u00bbdark\u00a0\u00bb custom_margin=\u00a0\u00bb||6px|||\u00a0\u00bb custom_padding=\u00a0\u00bb|15.3%|0px||false|false\u00a0\u00bb header_font_size_tablet=\u00a0\u00bb\u00a0\u00bb header_font_size_phone=\u00a0\u00bb2.1em\u00a0\u00bb header_font_size_last_edited=\u00a0\u00bbon|phone\u00a0\u00bb]<\/p>\n<h1>Face \u00e0 ces menaces, <br \/>agissez avec le wwf afin de pr\u00e9server l\u2019esp\u00e8ce<\/h1>\n<p>&nbsp;<\/p>\n<p>[\/et_pb_text][et_pb_text _builder_version=\u00a0\u00bb4.0.6&Prime; text_text_color=\u00a0\u00bb#ffffff\u00a0\u00bb text_font_size=\u00a0\u00bb0.9em\u00a0\u00bb text_line_height=\u00a0\u00bb1.4em\u00a0\u00bb header_font=\u00a0\u00bb|||on|||||\u00a0\u00bb header_text_color=\u00a0\u00bb#ffffff\u00a0\u00bb header_font_size=\u00a0\u00bb3em\u00a0\u00bb header_line_height=\u00a0\u00bb1.2em\u00a0\u00bb background_layout=\u00a0\u00bbdark\u00a0\u00bb custom_padding=\u00a0\u00bb|20%|||false|false\u00a0\u00bb text_font_size_tablet=\u00a0\u00bb\u00a0\u00bb text_font_size_phone=\u00a0\u00bb1em\u00a0\u00bb text_font_size_last_edited=\u00a0\u00bbon|phone\u00a0\u00bb header_text_shadow_style=\u00a0\u00bbpreset3&Prime;]<\/p>\n<p class=\"Pardfaut\"><b><span>Cr\u00e9er des espaces prot\u00e9g\u00e9s<\/span><\/b><br \/> <b><\/b><span>Nous nous mobilisons pour cr\u00e9er des espaces prot\u00e9g\u00e9s afin de pr\u00e9server l\u2019ours blanc et son habitat en identifiant les zones de nourrissage, les tani\u00e8res et les routes migratoires.<\/span><span>&gt;<\/span><\/p>\n<p class=\"Pardfaut\"><b><span>Soutenir la recherche<\/span><br \/> <\/b><b><span><\/span><\/b><span>Nous soutenons de nombreux projets de recherche au profit de l\u2019ours polaire afin d\u2019optimiser les actions de conservation relatives \u00e0 l\u2019esp\u00e8ce.<\/span><span><\/span><\/p>\n<p class=\"Pardfaut\"><span>\u00a0<\/span><b><span>Alerter<\/span><br \/> <\/b><b><span><\/span><\/b><span>Nous nous engageons contre les dangers li\u00e9s \u00e0 l\u2019exploitation du p\u00e9trole et du gaz et la navigation en Arctique.<\/span><span><\/span><\/p>\n<p class=\"Pardfaut\"><b><span>G\u00e9rer les conflits<\/span><\/b><br \/> <b><span><\/span><\/b><span>Nous travaillons avec les communaut\u00e9s locales afin de pr\u00e9venir et g\u00e9rer les conflits entre les ours blancs et les humains et cr\u00e9er ensemble des opportunit\u00e9s de d\u00e9veloppement durable.<\/span><span><\/span><\/p>\n<p>[\/et_pb_text][et_pb_button button_url=\u00a0\u00bbhttps:\/\/faireundon.wwf.fr\/b?cid=224&#038;lang=fr_FR\u00a0\u00bb button_text=\u00a0\u00bbFAIRE UN DON\u00a0\u00bb _builder_version=\u00a0\u00bb4.0.6&Prime; custom_button=\u00a0\u00bbon\u00a0\u00bb button_letter_spacing=\u00a0\u00bb1px\u00a0\u00bb button_font=\u00a0\u00bbWWF new|300|||||||\u00a0\u00bb button_use_icon=\u00a0\u00bboff\u00a0\u00bb animation_style=\u00a0\u00bbslide\u00a0\u00bb animation_direction=\u00a0\u00bbbottom\u00a0\u00bb][\/et_pb_button][\/et_pb_column][et_pb_column type=\u00a0\u00bb2_5&Prime; _builder_version=\u00a0\u00bb4.0.6&Prime; custom_css_main_element=\u00a0\u00bbalign-items:center;\u00a0\u00bb][\/et_pb_column][\/et_pb_row][\/et_pb_section][et_pb_section fb_built=\u00a0\u00bb1&Prime; disabled_on=\u00a0\u00bbon|off|off\u00a0\u00bb admin_label=\u00a0\u00bbSection PC &#038; Tablette\u00a0\u00bb module_id=\u00a0\u00bbpodcast\u00a0\u00bb module_class=\u00a0\u00bbfullscreen\u00a0\u00bb _builder_version=\u00a0\u00bb4.0.6&Prime; background_image=\u00a0\u00bbhttps:\/\/agir.wwf.fr\/stopextinction-saison-1\/wp-content\/uploads\/sites\/34\/2019\/11\/bg-podcast.jpg\u00a0\u00bb parallax=\u00a0\u00bbon\u00a0\u00bb parallax_method=\u00a0\u00bboff\u00a0\u00bb height=\u00a0\u00bb100vh\u00a0\u00bb custom_padding=\u00a0\u00bb145px||144px|||\u00a0\u00bb][et_pb_row column_structure=\u00a0\u00bb1_2,1_2&Prime; _builder_version=\u00a0\u00bb4.0.6&Prime; custom_margin=\u00a0\u00bb-10vh||||false|false\u00a0\u00bb][et_pb_column type=\u00a0\u00bb1_2&Prime; _builder_version=\u00a0\u00bb4.0.6&Prime;][\/et_pb_column][et_pb_column type=\u00a0\u00bb1_2&Prime; _builder_version=\u00a0\u00bb4.0.6&Prime;][et_pb_text _builder_version=\u00a0\u00bb4.0.6&Prime; text_font_size=\u00a0\u00bb19px\u00a0\u00bb header_font=\u00a0\u00bb|||on|||||\u00a0\u00bb header_text_color=\u00a0\u00bb#ffffff\u00a0\u00bb header_font_size=\u00a0\u00bb3em\u00a0\u00bb header_line_height=\u00a0\u00bb1.1em\u00a0\u00bb background_layout=\u00a0\u00bbdark\u00a0\u00bb custom_margin=\u00a0\u00bb||3%||false|false\u00a0\u00bb custom_margin_tablet=\u00a0\u00bb\u00a0\u00bb custom_margin_phone=\u00a0\u00bb-14vh||3vh||false|false\u00a0\u00bb custom_margin_last_edited=\u00a0\u00bbon|phone\u00a0\u00bb custom_padding=\u00a0\u00bb10%||0%||false|false\u00a0\u00bb header_font_size_tablet=\u00a0\u00bb\u00a0\u00bb header_font_size_phone=\u00a0\u00bb\u00a0\u00bb header_font_size_last_edited=\u00a0\u00bbon|phone\u00a0\u00bb custom_css_main_element=\u00a0\u00bbimg {||  vertical-align:top;||}\u00a0\u00bb]<\/p>\n<h1>\u00e9coutez :<br \/> l&rsquo;Ours de Bor\u00e9e<\/h1>\n<p>[\/et_pb_text][et_pb_text _builder_version=\u00a0\u00bb4.0.6&Prime; text_font_size=\u00a0\u00bb1em\u00a0\u00bb header_font=\u00a0\u00bb|||on|||||\u00a0\u00bb header_text_color=\u00a0\u00bb#ffffff\u00a0\u00bb header_font_size=\u00a0\u00bb67px\u00a0\u00bb header_line_height=\u00a0\u00bb1.1em\u00a0\u00bb background_layout=\u00a0\u00bbdark\u00a0\u00bb text_font_size_tablet=\u00a0\u00bb\u00a0\u00bb text_font_size_phone=\u00a0\u00bb\u00a0\u00bb text_font_size_last_edited=\u00a0\u00bbon|phone\u00a0\u00bb custom_css_main_element=\u00a0\u00bbalign-items: center;\u00a0\u00bb]<strong><img decoding=\"async\" loading=\"lazy\" src=\"https:\/\/agir.wwf.fr\/stopextinction-saison-1\/wp-content\/uploads\/sites\/34\/2019\/12\/Jaulin.png\" width=\"64\" height=\"64\" class=\"wp-image-55286\">\u00a0<\/strong>Par<strong>\u00a0Yannick Jaulin<\/strong>, auteur[\/et_pb_text][et_pb_text _builder_version=\u00a0\u00bb4.0.6&Prime; text_text_color=\u00a0\u00bb#ffffff\u00a0\u00bb text_font_size=\u00a0\u00bb0.8em\u00a0\u00bb text_line_height=\u00a0\u00bb1.4em\u00a0\u00bb mix_blend_mode=\u00a0\u00bboverlay\u00a0\u00bb]<span>Ils sont quatre, une famille de vieille tradition, Eliott, Ruth, et leurs parents. Des sportifs ais\u00e9s, des gens du grand air voulant des enfants capables de s\u2019adapter aux nouvelles conditions de ce monde mena\u00e7ant.<br \/>\n<span style=\"color: #999999\">Ils survolent de longues \u00e9tendues \u00e9tranges de gadoue, de brumes.<\/span> <br \/><span style=\"color: #6e6e6e\">Le p\u00e8re racontant le permafrost d\u00e9gel\u00e9, les vieux virus remontant \u00e0 la surface et le carbone lib\u00e9r\u00e9. <\/span>[\/et_pb_text][et_pb_image src=\u00a0\u00bbhttps:\/\/agir.wwf.fr\/stopextinction-saison-1\/wp-content\/uploads\/sites\/34\/2019\/11\/plus.svg\u00a0\u00bb url=\u00a0\u00bb#story-popup\u00a0\u00bb show_bottom_space=\u00a0\u00bboff\u00a0\u00bb _builder_version=\u00a0\u00bb4.0.6&Prime; width=\u00a0\u00bb6%\u00a0\u00bb module_alignment=\u00a0\u00bbcenter\u00a0\u00bb custom_margin=\u00a0\u00bb-2%||||false|false\u00a0\u00bb][\/et_pb_image][\/et_pb_column][\/et_pb_row][et_pb_row column_structure=\u00a0\u00bb2_5,3_5&Prime; _builder_version=\u00a0\u00bb4.0.6&Prime; width=\u00a0\u00bb100%\u00a0\u00bb module_alignment=\u00a0\u00bbcenter\u00a0\u00bb custom_margin=\u00a0\u00bb3vh||||false|false\u00a0\u00bb custom_padding=\u00a0\u00bb|||9vw|false|false\u00a0\u00bb custom_css_main_element=\u00a0\u00bbalign-items: center;\u00a0\u00bb locked=\u00a0\u00bboff\u00a0\u00bb][et_pb_column type=\u00a0\u00bb2_5&Prime; _builder_version=\u00a0\u00bb4.0.6&Prime; custom_padding=\u00a0\u00bb|0%|||false|false\u00a0\u00bb custom_padding__hover_enabled=\u00a0\u00bbon|desktop\u00a0\u00bb][\/et_pb_column][et_pb_column type=\u00a0\u00bb3_5&Prime; _builder_version=\u00a0\u00bb4.0.6&Prime; custom_padding=\u00a0\u00bb|0%||7%|false|false\u00a0\u00bb][et_pb_audio audio=\u00a0\u00bbhttps:\/\/agir.wwf.fr\/podcasts19\/Conte WWF &#8211; Ours de Boree.mp3&Prime; _builder_version=\u00a0\u00bb4.0.7&Prime; title_text_align=\u00a0\u00bbleft\u00a0\u00bb caption_text_color=\u00a0\u00bb#ffffff\u00a0\u00bb background_color=\u00a0\u00bbrgba(0,0,0,0)\u00a0\u00bb text_orientation=\u00a0\u00bbleft\u00a0\u00bb width=\u00a0\u00bb68vw\u00a0\u00bb width_tablet=\u00a0\u00bb\u00a0\u00bb width_phone=\u00a0\u00bb\u00a0\u00bb width_last_edited=\u00a0\u00bbon|phone\u00a0\u00bb max_width_tablet=\u00a0\u00bb\u00a0\u00bb max_width_phone=\u00a0\u00bb\u00a0\u00bb max_width_last_edited=\u00a0\u00bbon|phone\u00a0\u00bb custom_margin=\u00a0\u00bb|||-20%|false|false\u00a0\u00bb custom_padding=\u00a0\u00bb||||false|false\u00a0\u00bb custom_css_main_element=\u00a0\u00bbwidth:80%!important;||float:left;\u00a0\u00bb][\/et_pb_audio][et_pb_image src=\u00a0\u00bbhttps:\/\/agir.wwf.fr\/stopextinction-saison-1\/wp-content\/uploads\/sites\/34\/2019\/11\/download.svg\u00a0\u00bb url=\u00a0\u00bbhttps:\/\/agir.wwf.fr\/podcasts19\/Conte%20WWF%20-%20Ours%20de%20Boree.mp3&Prime; show_bottom_space=\u00a0\u00bboff\u00a0\u00bb align=\u00a0\u00bbcenter\u00a0\u00bb _builder_version=\u00a0\u00bb4.0.7&Prime; module_alignment=\u00a0\u00bbcenter\u00a0\u00bb max_height=\u00a0\u00bb25px\u00a0\u00bb max_height_tablet=\u00a0\u00bb\u00a0\u00bb max_height_phone=\u00a0\u00bb\u00a0\u00bb max_height_last_edited=\u00a0\u00bbon|desktop\u00a0\u00bb custom_margin=\u00a0\u00bb33px||||false|false\u00a0\u00bb custom_css_main_element=\u00a0\u00bbwidth:10%!important;||float:left;\u00a0\u00bb][\/et_pb_image][et_pb_image src=\u00a0\u00bbhttps:\/\/agir.wwf.fr\/stopextinction-saison-1\/wp-content\/uploads\/sites\/34\/2019\/11\/paper-plane.svg\u00a0\u00bb url=\u00a0\u00bbhttps:\/\/www.facebook.com\/sharer\/sharer.php?u=https:\/\/agir.wwf.fr\/stopextinction\/ours-polaire\/\u00a0\u00bb show_bottom_space=\u00a0\u00bboff\u00a0\u00bb align=\u00a0\u00bbcenter\u00a0\u00bb _builder_version=\u00a0\u00bb4.0.6&Prime; module_alignment=\u00a0\u00bbcenter\u00a0\u00bb max_height=\u00a0\u00bb24px\u00a0\u00bb custom_margin=\u00a0\u00bb36px|0vw||0vw|false|false\u00a0\u00bb custom_css_main_element=\u00a0\u00bbwidth:10%!important;||float:left;\u00a0\u00bb][\/et_pb_image][\/et_pb_column][\/et_pb_row][\/et_pb_section][et_pb_section fb_built=\u00a0\u00bb1&Prime; disabled_on=\u00a0\u00bboff|on|on\u00a0\u00bb admin_label=\u00a0\u00bbSection Mobile\u00a0\u00bb module_id=\u00a0\u00bbconte\u00a0\u00bb _builder_version=\u00a0\u00bb4.0.6&Prime; background_color=\u00a0\u00bb#000000&Prime; min_height=\u00a0\u00bb100vh\u00a0\u00bb min_height_tablet=\u00a0\u00bb\u00a0\u00bb min_height_phone=\u00a0\u00bbauto\u00a0\u00bb min_height_last_edited=\u00a0\u00bbon|phone\u00a0\u00bb][et_pb_row custom_padding_last_edited=\u00a0\u00bbon|phone\u00a0\u00bb _builder_version=\u00a0\u00bb4.0.6&Prime; background_image=\u00a0\u00bbhttps:\/\/agir.wwf.fr\/stopextinction-saison-1\/wp-content\/uploads\/sites\/34\/2019\/11\/bg-podcast-mobile.jpg\u00a0\u00bb background_position=\u00a0\u00bbtop_center\u00a0\u00bb width=\u00a0\u00bb100%\u00a0\u00bb module_alignment=\u00a0\u00bbcenter\u00a0\u00bb custom_padding_tablet=\u00a0\u00bb\u00a0\u00bb custom_padding_phone=\u00a0\u00bb30vh||||false|false\u00a0\u00bb][et_pb_column type=\u00a0\u00bb4_4&Prime; _builder_version=\u00a0\u00bb4.0.6&Prime;][et_pb_text _builder_version=\u00a0\u00bb4.0.6&Prime; text_font=\u00a0\u00bbWWF new|200||on|||||\u00a0\u00bb text_text_color=\u00a0\u00bb#ffffff\u00a0\u00bb text_font_size=\u00a0\u00bb2em\u00a0\u00bb text_letter_spacing=\u00a0\u00bb2px\u00a0\u00bb text_line_height=\u00a0\u00bb1em\u00a0\u00bb text_orientation=\u00a0\u00bbcenter\u00a0\u00bb background_layout=\u00a0\u00bbdark\u00a0\u00bb]<\/p>\n<p>\u00e9coutez : l&rsquo;ours de Bor\u00e9e<\/p>\n<p>[\/et_pb_text][et_pb_image src=\u00a0\u00bbhttps:\/\/agir.wwf.fr\/stopextinction-saison-1\/wp-content\/uploads\/sites\/34\/2019\/12\/Jaulin.png\u00a0\u00bb align=\u00a0\u00bbcenter\u00a0\u00bb _builder_version=\u00a0\u00bb4.0.6&Prime;][\/et_pb_image][et_pb_text _builder_version=\u00a0\u00bb4.0.6&Prime; text_text_color=\u00a0\u00bb#ffffff\u00a0\u00bb text_line_height=\u00a0\u00bb1em\u00a0\u00bb text_orientation=\u00a0\u00bbcenter\u00a0\u00bb]<\/p>\n<p style=\"text-align: center\">par Yannick Jaulin,<br \/> auteur<\/p>\n<p>[\/et_pb_text][\/et_pb_column][\/et_pb_row][et_pb_row _builder_version=\u00a0\u00bb4.0.6&Prime;][et_pb_column type=\u00a0\u00bb4_4&Prime; _builder_version=\u00a0\u00bb4.0.6&Prime;][et_pb_audio audio=\u00a0\u00bbhttps:\/\/agir.wwf.fr\/podcasts19\/Conte WWF &#8211; Ours de Boree.mp3&Prime; _builder_version=\u00a0\u00bb4.0.7&Prime; title_text_align=\u00a0\u00bbleft\u00a0\u00bb caption_text_color=\u00a0\u00bb#ffffff\u00a0\u00bb background_color=\u00a0\u00bbrgba(0,0,0,0)\u00a0\u00bb text_orientation=\u00a0\u00bbleft\u00a0\u00bb width_tablet=\u00a0\u00bb\u00a0\u00bb width_phone=\u00a0\u00bb\u00a0\u00bb width_last_edited=\u00a0\u00bbon|desktop\u00a0\u00bb max_width_tablet=\u00a0\u00bb\u00a0\u00bb max_width_phone=\u00a0\u00bb\u00a0\u00bb max_width_last_edited=\u00a0\u00bbon|phone\u00a0\u00bb custom_margin=\u00a0\u00bb||||false|false\u00a0\u00bb custom_padding=\u00a0\u00bb||||false|false\u00a0\u00bb][\/et_pb_audio][\/et_pb_column][\/et_pb_row][et_pb_row column_structure=\u00a0\u00bb1_3,1_3,1_3&Prime; _builder_version=\u00a0\u00bb4.0.6&Prime;][et_pb_column type=\u00a0\u00bb1_3&Prime; _builder_version=\u00a0\u00bb4.0.6&Prime; custom_css_main_element=\u00a0\u00bbfloat:left !important;||width:33% !important;\u00a0\u00bb custom_css_main_element_last_edited=\u00a0\u00bbon|phone\u00a0\u00bb custom_css_main_element_phone=\u00a0\u00bbfloat:left !important;||width:33% !important;\u00a0\u00bb][et_pb_image src=\u00a0\u00bbhttps:\/\/agir.wwf.fr\/stopextinction-saison-1\/wp-content\/uploads\/sites\/34\/2019\/11\/download.svg\u00a0\u00bb url=\u00a0\u00bbhttps:\/\/agir.wwf.fr\/podcasts19\/Conte%20WWF%20-%20Ours%20de%20Boree.mp3&Prime; show_bottom_space=\u00a0\u00bboff\u00a0\u00bb align=\u00a0\u00bbcenter\u00a0\u00bb _builder_version=\u00a0\u00bb4.0.7&Prime; max_width=\u00a0\u00bb25px\u00a0\u00bb module_alignment=\u00a0\u00bbcenter\u00a0\u00bb max_height=\u00a0\u00bb25px\u00a0\u00bb max_height_tablet=\u00a0\u00bb\u00a0\u00bb max_height_phone=\u00a0\u00bb\u00a0\u00bb max_height_last_edited=\u00a0\u00bbon|phone\u00a0\u00bb custom_margin=\u00a0\u00bb|-2vw|||false|false\u00a0\u00bb][\/et_pb_image][\/et_pb_column][et_pb_column type=\u00a0\u00bb1_3&Prime; _builder_version=\u00a0\u00bb4.0.6&Prime; custom_css_main_element_last_edited=\u00a0\u00bbon|phone\u00a0\u00bb custom_css_main_element_phone=\u00a0\u00bbfloat:left !important;||width:33% !important;\u00a0\u00bb][et_pb_image src=\u00a0\u00bbhttps:\/\/agir.wwf.fr\/stopextinction-saison-1\/wp-content\/uploads\/sites\/34\/2019\/11\/plus.svg\u00a0\u00bb url=\u00a0\u00bbhttps:\/\/agir.wwf.fr\/stopextinction\/conte-ours\/\u00a0\u00bb url_new_window=\u00a0\u00bbon\u00a0\u00bb show_bottom_space=\u00a0\u00bboff\u00a0\u00bb align=\u00a0\u00bbcenter\u00a0\u00bb _builder_version=\u00a0\u00bb4.0.6&Prime; max_width=\u00a0\u00bb25px\u00a0\u00bb module_alignment=\u00a0\u00bbcenter\u00a0\u00bb max_height=\u00a0\u00bb25px\u00a0\u00bb max_height_tablet=\u00a0\u00bb\u00a0\u00bb max_height_phone=\u00a0\u00bb\u00a0\u00bb max_height_last_edited=\u00a0\u00bbon|phone\u00a0\u00bb custom_margin=\u00a0\u00bb|-2vw|||false|false\u00a0\u00bb custom_padding_tablet=\u00a0\u00bb\u00a0\u00bb custom_padding_phone=\u00a0\u00bb2px||||false|false\u00a0\u00bb custom_padding_last_edited=\u00a0\u00bbon|phone\u00a0\u00bb][\/et_pb_image][\/et_pb_column][et_pb_column type=\u00a0\u00bb1_3&Prime; _builder_version=\u00a0\u00bb4.0.6&Prime; custom_css_main_element_last_edited=\u00a0\u00bbon|phone\u00a0\u00bb custom_css_main_element_phone=\u00a0\u00bbfloat:left !important;||width:33% !important;||margin-bottom:30px !important;\u00a0\u00bb][et_pb_image src=\u00a0\u00bbhttps:\/\/agir.wwf.fr\/stopextinction-saison-1\/wp-content\/uploads\/sites\/34\/2019\/11\/paper-plane.svg\u00a0\u00bb url=\u00a0\u00bbhttps:\/\/www.facebook.com\/sharer\/sharer.php?u=https:\/\/agir.wwf.fr\/stopextinction\/ours-polaire\/\u00a0\u00bb show_bottom_space=\u00a0\u00bboff\u00a0\u00bb align=\u00a0\u00bbcenter\u00a0\u00bb _builder_version=\u00a0\u00bb4.0.6&Prime; max_width=\u00a0\u00bb50px\u00a0\u00bb module_alignment=\u00a0\u00bbcenter\u00a0\u00bb max_height=\u00a0\u00bb25px\u00a0\u00bb custom_margin=\u00a0\u00bb|0vw||0vw|false|false\u00a0\u00bb custom_padding_tablet=\u00a0\u00bb\u00a0\u00bb custom_padding_phone=\u00a0\u00bb4px||||false|false\u00a0\u00bb custom_padding_last_edited=\u00a0\u00bbon|phone\u00a0\u00bb][\/et_pb_image][\/et_pb_column][\/et_pb_row][\/et_pb_section][et_pb_section fb_built=\u00a0\u00bb1&Prime; disabled_on=\u00a0\u00bbon|off|off\u00a0\u00bb module_id=\u00a0\u00bbstory-popup\u00a0\u00bb module_class=\u00a0\u00bbpopup\u00a0\u00bb _builder_version=\u00a0\u00bb4.0.6&Prime; background_image=\u00a0\u00bbhttps:\/\/agir.wwf.fr\/stopextinction-saison-1\/wp-content\/uploads\/sites\/34\/2019\/11\/bg-podcast.jpg\u00a0\u00bb background_position=\u00a0\u00bbcenter_left\u00a0\u00bb height=\u00a0\u00bb100vh\u00a0\u00bb custom_padding=\u00a0\u00bb145px||144px|||\u00a0\u00bb animation_style=\u00a0\u00bbfade\u00a0\u00bb][et_pb_row column_structure=\u00a0\u00bb2_5,3_5&Prime; _builder_version=\u00a0\u00bb4.0.6&Prime;][et_pb_column type=\u00a0\u00bb2_5&Prime; _builder_version=\u00a0\u00bb4.0.6&Prime;][\/et_pb_column][et_pb_column type=\u00a0\u00bb3_5&Prime; _builder_version=\u00a0\u00bb4.0.6&Prime;][et_pb_code _builder_version=\u00a0\u00bb4.0.6&Prime; filter_brightness=\u00a0\u00bb200%\u00a0\u00bb]<\/p>\n<div style=\"height:auto;width:100%;border:0px;font:16px\/28px Open Sans;overflow:auto\"><!-- [et_pb_line_break_holder] --><!\u2013- [et_pb_br_holder] -\u2013><!-- [et_pb_line_break_holder] -->Ils sont quatre, une famille de vieille tradition, Eliott, Ruth, et leurs parents. Des sportifs ais\u00e9s, des gens du grand air voulant des enfants capables de s\u2019adapter aux nouvelles conditions de ce monde mena\u00e7ant.<!-- [et_pb_line_break_holder] --><!\u2013- [et_pb_br_holder] -\u2013><!-- [et_pb_line_break_holder] -->Ils survolent de longues \u00e9tendues \u00e9tranges de gadoue, de brumes. Le p\u00e8re racontant le permafrost d\u00e9gel\u00e9, les vieux virus remontant \u00e0 la surface et le carbone lib\u00e9r\u00e9. <!-- [et_pb_line_break_holder] -->Le petit avion atterrit sur une immense plaque de glace craquant sous le soleil.<!-- [et_pb_line_break_holder] --><!\u2013- [et_pb_br_holder] -\u2013><!-- [et_pb_line_break_holder] -->Un week-end en Bor\u00e9e, ce nouveau territoire de l\u2019Arctique maintenant visitable depuis la fonte des glaciers. Le dernier endroit \u00e0 la mode. L\u00e0 o\u00f9 on peut camper dans un jour sans fin\u00a0!<!-- [et_pb_line_break_holder] -->La joie. Le tra\u00eeneau tir\u00e9 par un skidoo silencieux. L\u2019espace. Le soleil et cette douceur de juillet au p\u00f4le Nord.<!-- [et_pb_line_break_holder] -->On visite un mus\u00e9e-igloo habit\u00e9 jadis par des Inuits, un ancien peuple. <!-- [et_pb_line_break_holder] -->Dans cette lueur de nuit qui ne tombe pas, on distingue \u00e0 peine les \u00e9toiles. <!-- [et_pb_line_break_holder] --><!\u2013- [et_pb_br_holder] -\u2013><!-- [et_pb_line_break_holder] -->Le papa raconte\u00a0: <!-- [et_pb_line_break_holder] -->\u2014 Avant, les Inuits chassaient les phoques et le poisson. Ils avaient des chiens pour tirer des tra\u00eeneaux. <!-- [et_pb_line_break_holder] -->Dans leur mythologie, ils \u00e9taient les descendants d\u2019un animal du genre yeti en Himalaya. On l\u2019appelait **l\u2019ours blanc**. Un ours \u00e9norme, blanc couvert de poils, avec derri\u00e8re lui, une cape de poils blancs qui tra\u00eenait sur la neige. Un genre prince de l\u2019Arctique. La moiti\u00e9 du temps, il \u00e9tait homme, et l\u2019autre moiti\u00e9, un ours dot\u00e9 d\u2019une force incroyable. Il mangeait m\u00eame des humains, surtout les plus vieux ou les plus jeunes comme vous\u2026 Haaaaaa. <!-- [et_pb_line_break_holder] -->\u2014 Arr\u00eate papa\u00a0!<!-- [et_pb_line_break_holder] -->\u2014 Un jour, une femme recueillie par une famille d\u2019humains au milieu de la temp\u00eate a d\u00e9couvert que la nuit, ils devenaient ours. Pour ne pas \u00eatre mang\u00e9e, elle a promis le secret, mais revenue au village, elle a tout dit. Les ours qui entendaient tout sont venus pour se venger, mais les chiens les ont chass\u00e9s jusque dans le ciel. Vous voyez, c\u2019est la constellation du chien\u00a0: des ours poursuivis par un chien. Allez, il faut dormir un peu les enfants.<!-- [et_pb_line_break_holder] --><!\u2013- [et_pb_br_holder] -\u2013><!-- [et_pb_line_break_holder] -->Le hurlement du petit gar\u00e7on a r\u00e9veill\u00e9 tout le monde. Il est debout devant la tente.<!-- [et_pb_line_break_holder] --><!\u2013- [et_pb_br_holder] -\u2013><!-- [et_pb_line_break_holder] -->Je vous jure, c\u2019\u00e9tait l\u2019ours blanc\u00a0: \u00ab\u00a0J\u2019ai vu sa main \u00e9norme, tellement grand, tout blanc et sa tra\u00eene de poils blancs. Il s\u2019est pench\u00e9 sur moi. J\u2019ai vu son \u0153il qui pleurait. \u00c7a coulait. Regardez. Regardez, on voit la trace. \u00c7a fait comme une rivi\u00e8re.\u00a0\u00bb<!-- [et_pb_line_break_holder] --><!\u2013- [et_pb_br_holder] -\u2013><!-- [et_pb_line_break_holder] -->\u2014 Mais non, Eliott, c\u2019est la trace du tra\u00eeneau, et c\u2019est la glace qui fond.<!-- [et_pb_line_break_holder] -->\u2014 Je t\u2019avais bien dit de ne pas raconter de choses effrayantes aux enfants avant de dormir. Un ours qui pleure, manquait plus que \u00e7a au p\u00f4le Nord\u2026<!-- [et_pb_line_break_holder] --><\/div>\n<p>[\/et_pb_code][\/et_pb_column][\/et_pb_row][\/et_pb_section][et_pb_section fb_built=\u00a0\u00bb1&Prime; _builder_version=\u00a0\u00bb4.0.6&Prime; background_image=\u00a0\u00bbhttps:\/\/agir.wwf.fr\/stopextinction-saison-1\/wp-content\/uploads\/sites\/34\/2019\/11\/bg-don.jpg\u00a0\u00bb parallax=\u00a0\u00bbon\u00a0\u00bb parallax_method=\u00a0\u00bboff\u00a0\u00bb min_height=\u00a0\u00bb100vh\u00a0\u00bb custom_margin=\u00a0\u00bb||-3px|||\u00a0\u00bb custom_padding=\u00a0\u00bb42px||61px|||\u00a0\u00bb background_last_edited=\u00a0\u00bbon|phone\u00a0\u00bb background_image_phone=\u00a0\u00bbhttps:\/\/agir.wwf.fr\/stopextinction-saison-1\/wp-content\/uploads\/sites\/34\/2019\/11\/bg-don_mobile.jpg\u00a0\u00bb background_enable_image_phone=\u00a0\u00bbon\u00a0\u00bb parallax_phone=\u00a0\u00bboff\u00a0\u00bb background_position_phone=\u00a0\u00bbtop_center\u00a0\u00bb custom_css_main_element=\u00a0\u00bbmin-height: 100vh;||align-items: center;||margin: auto auto 0;\u00a0\u00bb][et_pb_row column_structure=\u00a0\u00bb1_2,1_2&Prime; use_custom_gutter=\u00a0\u00bbon\u00a0\u00bb gutter_width=\u00a0\u00bb4&Prime; _builder_version=\u00a0\u00bb4.0.6&Prime; min_height=\u00a0\u00bb350px\u00a0\u00bb min_height_tablet=\u00a0\u00bb\u00a0\u00bb min_height_phone=\u00a0\u00bb\u00a0\u00bb min_height_last_edited=\u00a0\u00bbon|phone\u00a0\u00bb custom_margin=\u00a0\u00bb8%|auto|-8%|20%|false|false\u00a0\u00bb custom_margin_tablet=\u00a0\u00bb||||false|false\u00a0\u00bb custom_margin_phone=\u00a0\u00bb20vh||||false|false\u00a0\u00bb custom_margin_last_edited=\u00a0\u00bbon|phone\u00a0\u00bb][et_pb_column type=\u00a0\u00bb1_2&Prime; _builder_version=\u00a0\u00bb4.0.6&Prime;][et_pb_text _builder_version=\u00a0\u00bb4.0.6&Prime; text_font_size=\u00a0\u00bb1em\u00a0\u00bb header_font=\u00a0\u00bb|||on|||||\u00a0\u00bb header_text_color=\u00a0\u00bb#ffffff\u00a0\u00bb header_font_size=\u00a0\u00bb3em\u00a0\u00bb header_letter_spacing=\u00a0\u00bb1px\u00a0\u00bb header_line_height=\u00a0\u00bb1.2em\u00a0\u00bb background_layout=\u00a0\u00bbdark\u00a0\u00bb width=\u00a0\u00bb89.1%\u00a0\u00bb custom_margin=\u00a0\u00bb||||false|false\u00a0\u00bb custom_padding=\u00a0\u00bb|10%|||false|false\u00a0\u00bb animation_style=\u00a0\u00bbslide\u00a0\u00bb animation_direction=\u00a0\u00bbbottom\u00a0\u00bb animation_intensity_slide=\u00a0\u00bb5%\u00a0\u00bb text_font_size_tablet=\u00a0\u00bb\u00a0\u00bb text_font_size_phone=\u00a0\u00bb1em\u00a0\u00bb text_font_size_last_edited=\u00a0\u00bbon|phone\u00a0\u00bb header_font_size_tablet=\u00a0\u00bb\u00a0\u00bb header_font_size_phone=\u00a0\u00bb2em\u00a0\u00bb header_font_size_last_edited=\u00a0\u00bbon|phone\u00a0\u00bb]<\/p>\n<h1>agissez pour<br \/>maintenir l\u2019ours polaire dans le monde r\u00e9el<\/h1>\n<p>[\/et_pb_text][\/et_pb_column][et_pb_column type=\u00a0\u00bb1_2&Prime; _builder_version=\u00a0\u00bb4.0.6&Prime;][\/et_pb_column][\/et_pb_row][et_pb_row column_structure=\u00a0\u00bb1_4,1_4,1_4,1_4&Prime; use_custom_gutter=\u00a0\u00bbon\u00a0\u00bb gutter_width=\u00a0\u00bb1&Prime; custom_padding_last_edited=\u00a0\u00bbon|phone\u00a0\u00bb _builder_version=\u00a0\u00bb4.0.6&Prime; max_width_tablet=\u00a0\u00bb\u00a0\u00bb max_width_phone=\u00a0\u00bb\u00a0\u00bb max_width_last_edited=\u00a0\u00bbon|phone\u00a0\u00bb min_height=\u00a0\u00bb195px\u00a0\u00bb min_height_tablet=\u00a0\u00bb\u00a0\u00bb min_height_phone=\u00a0\u00bb\u00a0\u00bb min_height_last_edited=\u00a0\u00bbon|phone\u00a0\u00bb height_tablet=\u00a0\u00bb\u00a0\u00bb height_phone=\u00a0\u00bb\u00a0\u00bb height_last_edited=\u00a0\u00bbon|phone\u00a0\u00bb custom_margin=\u00a0\u00bb|auto||20%|false|false\u00a0\u00bb custom_margin_tablet=\u00a0\u00bb-5vh||||false|false\u00a0\u00bb custom_margin_phone=\u00a0\u00bb-4em||||false|false\u00a0\u00bb custom_margin_last_edited=\u00a0\u00bbon|tablet\u00a0\u00bb custom_padding=\u00a0\u00bb||||false|false\u00a0\u00bb custom_padding_tablet=\u00a0\u00bb\u00a0\u00bb custom_padding_phone=\u00a0\u00bb0em||||false|false\u00a0\u00bb animation_style=\u00a0\u00bbfade\u00a0\u00bb height__hover_enabled=\u00a0\u00bbon|desktop\u00a0\u00bb][et_pb_column type=\u00a0\u00bb1_4&Prime; _builder_version=\u00a0\u00bb4.0.6&Prime; custom_padding=\u00a0\u00bb0px||||false|false\u00a0\u00bb custom_padding_tablet=\u00a0\u00bb\u00a0\u00bb custom_padding_phone=\u00a0\u00bb\u00a0\u00bb custom_padding_last_edited=\u00a0\u00bbon|phone\u00a0\u00bb custom_css_main_element=\u00a0\u00bbclear:both;\u00a0\u00bb][et_pb_text _builder_version=\u00a0\u00bb4.0.6&Prime; text_font_size=\u00a0\u00bb1em\u00a0\u00bb header_font_size=\u00a0\u00bb3em\u00a0\u00bb custom_margin=\u00a0\u00bb||||false|false\u00a0\u00bb custom_margin_tablet=\u00a0\u00bb\u00a0\u00bb custom_margin_phone=\u00a0\u00bb||||false|false\u00a0\u00bb custom_margin_last_edited=\u00a0\u00bbon|phone\u00a0\u00bb header_font_size_tablet=\u00a0\u00bb\u00a0\u00bb header_font_size_phone=\u00a0\u00bb2em\u00a0\u00bb header_font_size_last_edited=\u00a0\u00bbon|phone\u00a0\u00bb]<\/p>\n<h1><span style=\"color: #ffffff\">80 \u20ac<\/span><\/h1>\n<p><span style=\"color: #ffffff\">Votre don ne vous co\u00fbte r\u00e9ellement que 27\u20ac apr\u00e8s d\u00e9duction fiscale<\/span><\/p>\n<p>[\/et_pb_text][et_pb_button button_url=\u00a0\u00bbhttps:\/\/faireundon.wwf.fr\/b?cid=224&#038;lang=fr_FR&#038;amount=8000&#038;frequency=once\u00a0\u00bb button_text=\u00a0\u00bbFAIRE UN DON\u00a0\u00bb button_alignment=\u00a0\u00bbleft\u00a0\u00bb disabled_on=\u00a0\u00bboff|off|off\u00a0\u00bb _builder_version=\u00a0\u00bb4.0.6&Prime; custom_button=\u00a0\u00bbon\u00a0\u00bb button_letter_spacing=\u00a0\u00bb2px\u00a0\u00bb button_font=\u00a0\u00bbWWF new|300|||||||\u00a0\u00bb button_use_icon=\u00a0\u00bboff\u00a0\u00bb custom_margin=\u00a0\u00bb3vh||||false|false\u00a0\u00bb animation_style=\u00a0\u00bbslide\u00a0\u00bb animation_direction=\u00a0\u00bbbottom\u00a0\u00bb][\/et_pb_button][\/et_pb_column][et_pb_column type=\u00a0\u00bb1_4&Prime; _builder_version=\u00a0\u00bb4.0.6&Prime;][et_pb_text _builder_version=\u00a0\u00bb4.0.6&Prime; text_font_size=\u00a0\u00bb1em\u00a0\u00bb header_font_size=\u00a0\u00bb3em\u00a0\u00bb custom_margin_tablet=\u00a0\u00bb\u00a0\u00bb custom_margin_phone=\u00a0\u00bb5vh||||false|false\u00a0\u00bb custom_margin_last_edited=\u00a0\u00bbon|phone\u00a0\u00bb header_font_size_tablet=\u00a0\u00bb\u00a0\u00bb header_font_size_phone=\u00a0\u00bb2em\u00a0\u00bb header_font_size_last_edited=\u00a0\u00bbon|phone\u00a0\u00bb]<\/p>\n<h1><span style=\"color: #ffffff\">100 \u20ac<\/span><\/h1>\n<p><span style=\"color: #ffffff\">Votre don ne vous co\u00fbte r\u00e9ellement que 34\u20ac apr\u00e8s d\u00e9duction fiscale<\/span><\/p>\n<p>[\/et_pb_text][et_pb_button button_url=\u00a0\u00bbhttps:\/\/faireundon.wwf.fr\/b?cid=224&#038;lang=fr_FR&#038;amount=10000&#038;frequency=once\u00a0\u00bb button_text=\u00a0\u00bbFAIRE UN DON\u00a0\u00bb button_alignment=\u00a0\u00bbleft\u00a0\u00bb disabled_on=\u00a0\u00bboff|off|off\u00a0\u00bb _builder_version=\u00a0\u00bb4.0.6&Prime; custom_button=\u00a0\u00bbon\u00a0\u00bb button_letter_spacing=\u00a0\u00bb2px\u00a0\u00bb button_font=\u00a0\u00bbWWF new|300|||||||\u00a0\u00bb button_use_icon=\u00a0\u00bboff\u00a0\u00bb custom_margin=\u00a0\u00bb3vh||||false|false\u00a0\u00bb animation_style=\u00a0\u00bbslide\u00a0\u00bb animation_direction=\u00a0\u00bbbottom\u00a0\u00bb][\/et_pb_button][\/et_pb_column][et_pb_column type=\u00a0\u00bb1_4&Prime; _builder_version=\u00a0\u00bb4.0.6&Prime;][et_pb_text _builder_version=\u00a0\u00bb4.0.6&Prime; text_font_size=\u00a0\u00bb1em\u00a0\u00bb header_font_size=\u00a0\u00bb3em\u00a0\u00bb custom_margin_tablet=\u00a0\u00bb||||false|false\u00a0\u00bb custom_margin_phone=\u00a0\u00bb5vh||1px||false|false\u00a0\u00bb custom_margin_last_edited=\u00a0\u00bbon|phone\u00a0\u00bb custom_padding=\u00a0\u00bb||||false|false\u00a0\u00bb custom_padding_tablet=\u00a0\u00bb\u00a0\u00bb custom_padding_phone=\u00a0\u00bb\u00a0\u00bb custom_padding_last_edited=\u00a0\u00bbon|tablet\u00a0\u00bb header_font_size_tablet=\u00a0\u00bb\u00a0\u00bb header_font_size_phone=\u00a0\u00bb2em\u00a0\u00bb header_font_size_last_edited=\u00a0\u00bbon|phone\u00a0\u00bb]<\/p>\n<h1><span style=\"color: #ffffff\">120 \u20ac<\/span><\/h1>\n<p><span style=\"color: #ffffff\">Votre don ne vous co\u00fbte r\u00e9ellement que 41\u20ac apr\u00e8s d\u00e9duction fiscale<\/span><\/p>\n<p>[\/et_pb_text][et_pb_button button_url=\u00a0\u00bbhttps:\/\/faireundon.wwf.fr\/b?cid=224&#038;lang=fr_FR&#038;amount=12000&#038;frequency=once\u00a0\u00bb button_text=\u00a0\u00bbFAIRE UN DON\u00a0\u00bb button_alignment=\u00a0\u00bbleft\u00a0\u00bb disabled_on=\u00a0\u00bboff|off|off\u00a0\u00bb _builder_version=\u00a0\u00bb4.0.6&Prime; custom_button=\u00a0\u00bbon\u00a0\u00bb button_letter_spacing=\u00a0\u00bb2px\u00a0\u00bb button_font=\u00a0\u00bbWWF new|300|||||||\u00a0\u00bb button_use_icon=\u00a0\u00bboff\u00a0\u00bb custom_margin=\u00a0\u00bb3vh||||false|false\u00a0\u00bb animation_style=\u00a0\u00bbslide\u00a0\u00bb animation_direction=\u00a0\u00bbbottom\u00a0\u00bb][\/et_pb_button][\/et_pb_column][et_pb_column type=\u00a0\u00bb1_4&Prime; _builder_version=\u00a0\u00bb4.0.6&Prime;][\/et_pb_column][\/et_pb_row][\/et_pb_section][et_pb_section fb_built=\u00a0\u00bb1&Prime; disabled_on=\u00a0\u00bbon|off|off\u00a0\u00bb admin_label=\u00a0\u00bbSection PC &#038; Tablette\u00a0\u00bb _builder_version=\u00a0\u00bb4.0.6&Prime; background_color=\u00a0\u00bb#000000&Prime; background_enable_image=\u00a0\u00bboff\u00a0\u00bb background_size=\u00a0\u00bbinitial\u00a0\u00bb background_repeat=\u00a0\u00bbrepeat\u00a0\u00bb custom_padding=\u00a0\u00bb4px|0px|0|0px|false|false\u00a0\u00bb z_index_tablet=\u00a0\u00bb500&Prime; box_shadow_horizontal_tablet=\u00a0\u00bb0px\u00a0\u00bb box_shadow_vertical_tablet=\u00a0\u00bb0px\u00a0\u00bb box_shadow_blur_tablet=\u00a0\u00bb40px\u00a0\u00bb box_shadow_spread_tablet=\u00a0\u00bb0px\u00a0\u00bb global_module=\u00a0\u00bb55325&Prime;][et_pb_row column_structure=\u00a0\u00bb1_5,3_5,1_5&Prime; use_custom_gutter=\u00a0\u00bbon\u00a0\u00bb gutter_width=\u00a0\u00bb2&Prime; _builder_version=\u00a0\u00bb4.0.6&Prime; width=\u00a0\u00bb100%\u00a0\u00bb width_tablet=\u00a0\u00bb80%\u00a0\u00bb width_phone=\u00a0\u00bb80%\u00a0\u00bb width_last_edited=\u00a0\u00bbon|tablet\u00a0\u00bb max_width=\u00a0\u00bb1420px\u00a0\u00bb custom_margin=\u00a0\u00bb||||false|false\u00a0\u00bb][et_pb_column type=\u00a0\u00bb1_5&Prime; _builder_version=\u00a0\u00bb4.0.6&Prime; custom_padding=\u00a0\u00bb|0%|||false|false\u00a0\u00bb custom_padding__hover=\u00a0\u00bb|||\u00a0\u00bb][et_pb_image src=\u00a0\u00bbhttps:\/\/agir.wwf.fr\/stopextinction-saison-1\/wp-content\/uploads\/sites\/34\/2019\/11\/header_logo.gif\u00a0\u00bb show_bottom_space=\u00a0\u00bboff\u00a0\u00bb align_tablet=\u00a0\u00bb\u00a0\u00bb align_phone=\u00a0\u00bbright\u00a0\u00bb align_last_edited=\u00a0\u00bbon|phone\u00a0\u00bb disabled_on=\u00a0\u00bbon|off|off\u00a0\u00bb _builder_version=\u00a0\u00bb4.0.6&Prime; width=\u00a0\u00bb25%\u00a0\u00bb width_tablet=\u00a0\u00bb12%\u00a0\u00bb width_phone=\u00a0\u00bb\u00a0\u00bb width_last_edited=\u00a0\u00bbon|tablet\u00a0\u00bb max_width_tablet=\u00a0\u00bb\u00a0\u00bb max_width_phone=\u00a0\u00bb\u00a0\u00bb max_width_last_edited=\u00a0\u00bbon|tablet\u00a0\u00bb module_alignment=\u00a0\u00bbright\u00a0\u00bb custom_margin=\u00a0\u00bb-0.8vh||||false|false\u00a0\u00bb custom_margin_tablet=\u00a0\u00bb\u00a0\u00bb custom_margin_phone=\u00a0\u00bb\u00a0\u00bb custom_margin_last_edited=\u00a0\u00bbon|desktop\u00a0\u00bb][\/et_pb_image][\/et_pb_column][et_pb_column type=\u00a0\u00bb3_5&Prime; _builder_version=\u00a0\u00bb4.0.6&Prime; custom_padding=\u00a0\u00bb||||false|false\u00a0\u00bb][et_pb_text _builder_version=\u00a0\u00bb4.0.6&Prime; text_font=\u00a0\u00bb||||||||\u00a0\u00bb text_text_color=\u00a0\u00bb#fcfcfc\u00a0\u00bb text_font_size=\u00a0\u00bb16px\u00a0\u00bb header_font=\u00a0\u00bbWWF new|300|||||||\u00a0\u00bb header_text_color=\u00a0\u00bb#ffffff\u00a0\u00bb header_letter_spacing=\u00a0\u00bb1px\u00a0\u00bb custom_margin=\u00a0\u00bb1vh||||false|false\u00a0\u00bb custom_padding=\u00a0\u00bb30px|||||\u00a0\u00bb]<\/p>\n<h1><span style=\"color: #ffffff\">#STOPEXTINCTION<\/span><\/h1>\n<div class=\"footer-mission-text\">Ensemble, inversons la courbe de l\u2019extinction de la faune sauvage dans le monde.<\/div>\n<div class=\"footer-mission-text\"><\/div>\n<div class=\"footer-mission-text\"><\/div>\n<div class=\"footer-mission-text\"><\/div>\n<div class=\"footer-mission-text\"><\/div>\n<p>[\/et_pb_text][et_pb_text _builder_version=\u00a0\u00bb4.0.6&Prime; text_font=\u00a0\u00bbArial||||||||\u00a0\u00bb text_text_color=\u00a0\u00bb#fcfcfc\u00a0\u00bb text_font_size=\u00a0\u00bb14px\u00a0\u00bb header_font=\u00a0\u00bbWWF|800|||||||\u00a0\u00bb header_text_color=\u00a0\u00bb#ffffff\u00a0\u00bb custom_margin=\u00a0\u00bb2vw|17vw|2vw||true|false\u00a0\u00bb]<\/p>\n<div class=\"footer-inner\">\n<div class=\"footer-mission\">\n<hr \/>\n<\/div>\n<\/div>\n<div class=\"footer-inner\">\n<div class=\"footer-end-wrapper\">\n<div class=\"footer-end-inner\">\n<div class=\"footer-bank-details\"><span>66 % du montant de votre don au profit du WWF peut \u00eatre d\u00e9duit de votre imp\u00f4t sur le revenu.<\/span><br \/><span>Le Fonds Mondial pour la Nature France, dit WWF France est une Fondation reconnue d&rsquo;utilit\u00e9 publique.<\/span><br \/><span>Num\u00e9ro d\u2019enregistrement et SIREN : 302 518 667<\/span><\/div>\n<div class=\"footer-bank-details\"><\/div>\n<div class=\"footer-bank-details\">\u00a9 2019 WWF &#8211; World Wide Fund For Nature \u00a9 1986 Panda Symbol WWF \u2013 World Wide Fund For Nature (formerly World Wildlife Fund) \u00ae<\/div>\n<div class=\"footer-bank-details\">\u201cWWF\u201d is a WWF Registered Trademark<\/div>\n<\/div>\n<\/div>\n<\/div>\n<p>[\/et_pb_text][et_pb_text _builder_version=\u00a0\u00bb4.0.7&Prime; text_text_color=\u00a0\u00bb#ffffff\u00a0\u00bb text_font_size=\u00a0\u00bb14px\u00a0\u00bb custom_margin=\u00a0\u00bb-2vh||6vh||false|false\u00a0\u00bb custom_padding=\u00a0\u00bb||||false|false\u00a0\u00bb]<a href=\"\/\/www.wwf.fr\/mentions-legales\" target=\"_blank\" rel=\"noopener noreferrer\">Mentions l\u00e9gales<\/a>&nbsp; &nbsp;&nbsp;&nbsp;&nbsp;&nbsp;&nbsp;\u00a0<a href=\"https:\/\/www.wwf.fr\/politique-cookies\" target=\"_blank\" rel=\"noopener noreferrer\">Politique de cookies<\/a>&nbsp;&nbsp;&nbsp;&nbsp;&nbsp;&nbsp; <a href=\"https:\/\/agir.wwf.fr\/stopextinction\/credits\/\" target=\"_blank\" rel=\"noopener noreferrer\">Cr\u00e9dits photos<\/a>[\/et_pb_text][\/et_pb_column][et_pb_column type=\u00a0\u00bb1_5&Prime; _builder_version=\u00a0\u00bb3.25&Prime; custom_padding=\u00a0\u00bb|||\u00a0\u00bb custom_padding__hover=\u00a0\u00bb|||\u00a0\u00bb][et_pb_code _builder_version=\u00a0\u00bb4.0.6&Prime; text_orientation=\u00a0\u00bbcenter\u00a0\u00bb custom_margin=\u00a0\u00bb3vw|||-37px|false|false\u00a0\u00bb text_orientation_tablet=\u00a0\u00bb\u00a0\u00bb text_orientation_phone=\u00a0\u00bbleft\u00a0\u00bb text_orientation_last_edited=\u00a0\u00bbon|phone\u00a0\u00bb]<div class=\"et_social_networks et_social_autowidth et_social_slide et_social_circle et_social_top et_social_shortcode_0 et_social_mobile_on et_social_outer_dark\">\n\t\t\t\t\t<style type=\"text\/css\">.et_monarch .et_social_shortcode_0 li,.et_monarch .et_social_shortcode_0.et_social_circle ul li i.et_social_icon { background: #ffffff; } .et_monarch .et_social_shortcode_0.et_social_rounded .et_social_icons_container li:hover, .et_monarch .et_social_shortcode_0.et_social_rectangle .et_social_icons_container li:hover, .et_monarch .et_social_shortcode_0.et_social_circle .et_social_icons_container li:hover i.et_social_icon { background: #ffffff !important; } .et_monarch .et_social_shortcode_0 .et_social_icon, .et_monarch .et_social_shortcode_0 .et_social_networks .et_social_network_label, .et_monarch .et_social_shortcode_0 .et_social_networkname, .et_monarch .et_social_shortcode_0 .et_social_count { color: #000000 !important; } .et_monarch .et_social_shortcode_0 .et_social_icons_container li:hover .et_social_icon, .et_monarch .et_social_shortcode_0 .et_social_networks .et_social_icons_container li:hover .et_social_network_label, .et_monarch .et_social_shortcode_0 .et_social_icons_container li:hover .et_social_networkname, .et_monarch .et_social_rounded.et_social_shortcode_0 .et_social_icons_container li:hover .et_social_count, .et_monarch .et_social_rectangle.et_social_shortcode_0 .et_social_icons_container li:hover .et_social_count { color: #fe6a23 !important; }<\/style>\n\t\t\t\t\t\n\t\t\t\t\t<ul class=\"et_social_icons_container\"><li class=\"et_social_facebook\">\n\t\t\t\t\t\t<a href=\"https:\/\/www.facebook.com\/WWFFrance\/\" class=\"et_social_follow\" data-social_name=\"facebook\" data-social_type=\"follow\" data-post_id=\"0\" target=\"_blank\">\n\t\t\t\t\t\t\t<i class=\"et_social_icon et_social_icon_facebook\"><\/i>\n\t\t\t\t\t\t\t\n\t\t\t\t\t\t\t<span class=\"et_social_overlay\"><\/span>\n\t\t\t\t\t\t<\/a>\n\t\t\t\t\t<\/li><li class=\"et_social_twitter\">\n\t\t\t\t\t\t<a href=\"https:\/\/twitter.com\/WWFFRANCE\" class=\"et_social_follow\" data-social_name=\"twitter\" data-social_type=\"follow\" data-post_id=\"0\" target=\"_blank\">\n\t\t\t\t\t\t\t<i class=\"et_social_icon et_social_icon_twitter\"><\/i>\n\t\t\t\t\t\t\t\n\t\t\t\t\t\t\t<span class=\"et_social_overlay\"><\/span>\n\t\t\t\t\t\t<\/a>\n\t\t\t\t\t<\/li><li class=\"et_social_instagram\">\n\t\t\t\t\t\t<a href=\"https:\/\/www.instagram.com\/wwffrance\/\" class=\"et_social_follow\" data-social_name=\"instagram\" data-social_type=\"follow\" data-post_id=\"0\" target=\"_blank\">\n\t\t\t\t\t\t\t<i class=\"et_social_icon et_social_icon_instagram\"><\/i>\n\t\t\t\t\t\t\t\n\t\t\t\t\t\t\t<span class=\"et_social_overlay\"><\/span>\n\t\t\t\t\t\t<\/a>\n\t\t\t\t\t<\/li><\/ul>\n\t\t\t\t<\/div>[\/et_pb_code][\/et_pb_column][\/et_pb_row][\/et_pb_section][et_pb_section fb_built=\u00a0\u00bb1&Prime; custom_padding_last_edited=\u00a0\u00bbon|phone\u00a0\u00bb disabled_on=\u00a0\u00bboff|on|on\u00a0\u00bb admin_label=\u00a0\u00bbSection Mobile\u00a0\u00bb _builder_version=\u00a0\u00bb4.0.6&Prime; background_color=\u00a0\u00bb#000000&Prime; custom_padding_tablet=\u00a0\u00bb\u00a0\u00bb custom_padding_phone=\u00a0\u00bb10vh||||false|false\u00a0\u00bb][et_pb_row _builder_version=\u00a0\u00bb4.0.6&Prime; custom_margin_tablet=\u00a0\u00bb\u00a0\u00bb custom_margin_phone=\u00a0\u00bb||||false|false\u00a0\u00bb custom_margin_last_edited=\u00a0\u00bbon|phone\u00a0\u00bb][et_pb_column type=\u00a0\u00bb4_4&Prime; _builder_version=\u00a0\u00bb4.0.6&Prime;][et_pb_image src=\u00a0\u00bbhttps:\/\/agir.wwf.fr\/stopextinction-saison-1\/wp-content\/uploads\/sites\/34\/2019\/11\/logo_footer.jpg\u00a0\u00bb align=\u00a0\u00bbcenter\u00a0\u00bb _builder_version=\u00a0\u00bb4.0.6&Prime;][\/et_pb_image][et_pb_text _builder_version=\u00a0\u00bb4.0.6&Prime; text_font=\u00a0\u00bbWWF new|200||on|||||\u00a0\u00bb text_text_color=\u00a0\u00bb#ffffff\u00a0\u00bb text_font_size=\u00a0\u00bb1.8em\u00a0\u00bb text_orientation=\u00a0\u00bbcenter\u00a0\u00bb background_layout=\u00a0\u00bbdark\u00a0\u00bb]<\/p>\n<p>#STOPEXTINCTION<\/p>\n<p>[\/et_pb_text][et_pb_text _builder_version=\u00a0\u00bb4.0.6&Prime; text_orientation=\u00a0\u00bbcenter\u00a0\u00bb background_layout=\u00a0\u00bbdark\u00a0\u00bb]<\/p>\n<p>Ensemble inversons la courbe de l&rsquo;extinction de la faune sauvage dans le monde.<\/p>\n<p>[\/et_pb_text][et_pb_text _builder_version=\u00a0\u00bb4.0.6&Prime; text_orientation=\u00a0\u00bbcenter\u00a0\u00bb background_layout=\u00a0\u00bbdark\u00a0\u00bb custom_padding=\u00a0\u00bb10px||||false|false\u00a0\u00bb border_width_top=\u00a0\u00bb1px\u00a0\u00bb border_color_top=\u00a0\u00bb#ffffff\u00a0\u00bb]<\/p>\n<p>Nous suivre<\/p>\n<p>[\/et_pb_text][et_pb_code raw_content_last_edited=\u00a0\u00bboff|desktop\u00a0\u00bb _builder_version=\u00a0\u00bb4.0.6&Prime; text_orientation=\u00a0\u00bbcenter\u00a0\u00bb custom_margin=\u00a0\u00bb3vw||||false|false\u00a0\u00bb text_orientation_tablet=\u00a0\u00bbcenter\u00a0\u00bb text_orientation_phone=\u00a0\u00bbcenter\u00a0\u00bb text_orientation_last_edited=\u00a0\u00bbon|phone\u00a0\u00bb]<\/p>\n<div class=\"mobile_rs\"><!-- [et_pb_line_break_holder] --><div class=\"et_social_networks et_social_autowidth et_social_slide et_social_circle et_social_top et_social_shortcode_1 et_social_mobile_on et_social_outer_dark\">\n\t\t\t\t\t<style type=\"text\/css\">.et_monarch .et_social_shortcode_1 li,.et_monarch .et_social_shortcode_1.et_social_circle ul li i.et_social_icon { background: #ffffff; } .et_monarch .et_social_shortcode_1.et_social_rounded .et_social_icons_container li:hover, .et_monarch .et_social_shortcode_1.et_social_rectangle .et_social_icons_container li:hover, .et_monarch .et_social_shortcode_1.et_social_circle .et_social_icons_container li:hover i.et_social_icon { background: #ffffff !important; } .et_monarch .et_social_shortcode_1 .et_social_icon, .et_monarch .et_social_shortcode_1 .et_social_networks .et_social_network_label, .et_monarch .et_social_shortcode_1 .et_social_networkname, .et_monarch .et_social_shortcode_1 .et_social_count { color: #000000 !important; } .et_monarch .et_social_shortcode_1 .et_social_icons_container li:hover .et_social_icon, .et_monarch .et_social_shortcode_1 .et_social_networks .et_social_icons_container li:hover .et_social_network_label, .et_monarch .et_social_shortcode_1 .et_social_icons_container li:hover .et_social_networkname, .et_monarch .et_social_rounded.et_social_shortcode_1 .et_social_icons_container li:hover .et_social_count, .et_monarch .et_social_rectangle.et_social_shortcode_1 .et_social_icons_container li:hover .et_social_count { color: #fe6a23 !important; }<\/style>\n\t\t\t\t\t\n\t\t\t\t\t<ul class=\"et_social_icons_container\"><li class=\"et_social_facebook\">\n\t\t\t\t\t\t<a href=\"https:\/\/www.facebook.com\/WWFFrance\/\" class=\"et_social_follow\" data-social_name=\"facebook\" data-social_type=\"follow\" data-post_id=\"0\" target=\"_blank\">\n\t\t\t\t\t\t\t<i class=\"et_social_icon et_social_icon_facebook\"><\/i>\n\t\t\t\t\t\t\t\n\t\t\t\t\t\t\t<span class=\"et_social_overlay\"><\/span>\n\t\t\t\t\t\t<\/a>\n\t\t\t\t\t<\/li><li class=\"et_social_twitter\">\n\t\t\t\t\t\t<a href=\"https:\/\/twitter.com\/WWFFRANCE\" class=\"et_social_follow\" data-social_name=\"twitter\" data-social_type=\"follow\" data-post_id=\"0\" target=\"_blank\">\n\t\t\t\t\t\t\t<i class=\"et_social_icon et_social_icon_twitter\"><\/i>\n\t\t\t\t\t\t\t\n\t\t\t\t\t\t\t<span class=\"et_social_overlay\"><\/span>\n\t\t\t\t\t\t<\/a>\n\t\t\t\t\t<\/li><li class=\"et_social_instagram\">\n\t\t\t\t\t\t<a href=\"https:\/\/www.instagram.com\/wwffrance\/\" class=\"et_social_follow\" data-social_name=\"instagram\" data-social_type=\"follow\" data-post_id=\"0\" target=\"_blank\">\n\t\t\t\t\t\t\t<i class=\"et_social_icon et_social_icon_instagram\"><\/i>\n\t\t\t\t\t\t\t\n\t\t\t\t\t\t\t<span class=\"et_social_overlay\"><\/span>\n\t\t\t\t\t\t<\/a>\n\t\t\t\t\t<\/li><\/ul>\n\t\t\t\t<\/div><!-- [et_pb_line_break_holder] -->  <\/div>\n<p>[\/et_pb_code][et_pb_text _builder_version=\u00a0\u00bb4.0.6&Prime; text_font=\u00a0\u00bbArial||||||||\u00a0\u00bb text_text_color=\u00a0\u00bb#fcfcfc\u00a0\u00bb text_font_size=\u00a0\u00bb14px\u00a0\u00bb header_font=\u00a0\u00bbWWF|800|||||||\u00a0\u00bb header_text_color=\u00a0\u00bb#ffffff\u00a0\u00bb text_orientation=\u00a0\u00bbcenter\u00a0\u00bb custom_margin=\u00a0\u00bb2vw||2vw||true|false\u00a0\u00bb custom_padding_tablet=\u00a0\u00bb\u00a0\u00bb custom_padding_phone=\u00a0\u00bb\u00a0\u00bb custom_padding_last_edited=\u00a0\u00bbon|phone\u00a0\u00bb]<\/p>\n<p style=\"text-align: center;\"><span>66 % du montant de votre don au profit du WWF peut \u00eatre d\u00e9duit de votre imp\u00f4t sur le revenu.<\/span><br \/><span>Le Fonds Mondial pour la Nature France, dit WWF France est une Fondation reconnue d&rsquo;utilit\u00e9 publique.<\/span><br \/><span>Num\u00e9ro d\u2019enregistrement et SIREN : 302 518 667<\/span><\/p>\n<p style=\"text-align: center;\">\u00a9 2019 WWF &#8211; World Wide Fund For Nature \u00a9 1986 Panda Symbol WWF \u2013 World Wide Fund For Nature (formerly World Wildlife Fund)<\/p>\n<p style=\"text-align: center;\">\u00ae\u201cWWF\u201d is a WWF Registered Trademark<\/p>\n<p>[\/et_pb_text][\/et_pb_column][\/et_pb_row][\/et_pb_section]<\/p>\n","protected":false},"excerpt":{"rendered":"<p>Cr\u00e9ature majestueuse du Grand Nord, l\u2019ours polaire passe l\u2019essentiel de sa vie sur la banquise et c\u2019est aussi un excellent nageur, il peut effectuer des distances importantes, parfois quelques centaines de kilom\u00e8tres.Faire un don, c\u2019est agir aux c\u00f4t\u00e9s de WWF pour prot\u00e9ger\u00a0les esp\u00e8ces menac\u00e9es d\u2019extinction et leur permettre\u00a0d\u2019\u00e9voluer librement dans leur \u00e9cosyst\u00e8me.Yannick Jaulin nous conte [&hellip;]<\/p>\n","protected":false},"author":5,"featured_media":55034,"parent":0,"menu_order":0,"comment_status":"closed","ping_status":"closed","template":"","meta":{"_et_pb_use_builder":"on","_et_pb_old_content":"","_et_gb_content_width":""},"yoast_head":"<!-- This site is optimized with the Yoast SEO plugin v21.1 - https:\/\/yoast.com\/wordpress\/plugins\/seo\/ -->\n<title>WWF Stop Extinction Saison 1 - N&#039;attendons pas que la faune sauvage devienne imaginaire. Agissons ensemble.<\/title>\n<meta name=\"description\" content=\"N&#039;attendons pas que la faune sauvage devienne imaginaire. Agissons ensemble.\" \/>\n<meta name=\"robots\" content=\"index, follow, max-snippet:-1, max-image-preview:large, max-video-preview:-1\" \/>\n<link rel=\"canonical\" href=\"https:\/\/agir.wwf.fr\/stopextinction-saison-1\/ours-polaire\/\" \/>\n<meta property=\"og:locale\" content=\"fr_FR\" \/>\n<meta property=\"og:type\" content=\"article\" \/>\n<meta property=\"og:title\" content=\"WWF Stop Extinction Saison 1 - N&#039;attendons pas que la faune sauvage devienne imaginaire. Agissons ensemble.\" \/>\n<meta property=\"og:description\" content=\"N&#039;attendons pas que la faune sauvage devienne imaginaire. Agissons ensemble.\" \/>\n<meta property=\"og:url\" content=\"https:\/\/agir.wwf.fr\/stopextinction-saison-1\/ours-polaire\/\" \/>\n<meta property=\"og:site_name\" content=\"WWF Stop Extinction Saison 1\" \/>\n<meta property=\"article:modified_time\" content=\"2019-12-09T14:41:26+00:00\" \/>\n<meta property=\"og:image\" content=\"https:\/\/agir.wwf.fr\/stopextinction-saison-1\/wp-content\/uploads\/sites\/34\/2019\/11\/meta-ours.jpg\" \/>\n\t<meta property=\"og:image:width\" content=\"1450\" \/>\n\t<meta property=\"og:image:height\" content=\"787\" \/>\n\t<meta property=\"og:image:type\" content=\"image\/jpeg\" \/>\n<meta name=\"twitter:card\" content=\"summary_large_image\" \/>\n<meta name=\"twitter:label1\" content=\"Dur\u00e9e de lecture estim\u00e9e\" \/>\n\t<meta name=\"twitter:data1\" content=\"35 minutes\" \/>\n<script type=\"application\/ld+json\" class=\"yoast-schema-graph\">{\"@context\":\"https:\/\/schema.org\",\"@graph\":[{\"@type\":\"WebPage\",\"@id\":\"https:\/\/agir.wwf.fr\/stopextinction-saison-1\/ours-polaire\/\",\"url\":\"https:\/\/agir.wwf.fr\/stopextinction-saison-1\/ours-polaire\/\",\"name\":\"WWF Stop Extinction Saison 1 - N&#039;attendons pas que la faune sauvage devienne imaginaire. Agissons ensemble.\",\"isPartOf\":{\"@id\":\"https:\/\/agir.wwf.fr\/stopextinction-saison-1\/#website\"},\"datePublished\":\"2019-11-29T15:46:52+00:00\",\"dateModified\":\"2019-12-09T14:41:26+00:00\",\"description\":\"N'attendons pas que la faune sauvage devienne imaginaire. Agissons ensemble.\",\"breadcrumb\":{\"@id\":\"https:\/\/agir.wwf.fr\/stopextinction-saison-1\/ours-polaire\/#breadcrumb\"},\"inLanguage\":\"fr-FR\",\"potentialAction\":[{\"@type\":\"ReadAction\",\"target\":[\"https:\/\/agir.wwf.fr\/stopextinction-saison-1\/ours-polaire\/\"]}]},{\"@type\":\"BreadcrumbList\",\"@id\":\"https:\/\/agir.wwf.fr\/stopextinction-saison-1\/ours-polaire\/#breadcrumb\",\"itemListElement\":[{\"@type\":\"ListItem\",\"position\":1,\"name\":\"Accueil\",\"item\":\"https:\/\/agir.wwf.fr\/stopextinction-saison-1\/\"},{\"@type\":\"ListItem\",\"position\":2,\"name\":\"Ours polaire\"}]},{\"@type\":\"WebSite\",\"@id\":\"https:\/\/agir.wwf.fr\/stopextinction-saison-1\/#website\",\"url\":\"https:\/\/agir.wwf.fr\/stopextinction-saison-1\/\",\"name\":\"WWF Stop Extinction Saison 1\",\"description\":\"N&#039;attendons pas que la faune sauvage devienne imaginaire. Agissons ensemble.\",\"publisher\":{\"@id\":\"https:\/\/agir.wwf.fr\/stopextinction-saison-1\/#organization\"},\"potentialAction\":[{\"@type\":\"SearchAction\",\"target\":{\"@type\":\"EntryPoint\",\"urlTemplate\":\"https:\/\/agir.wwf.fr\/stopextinction-saison-1\/?s={search_term_string}\"},\"query-input\":\"required name=search_term_string\"}],\"inLanguage\":\"fr-FR\"},{\"@type\":\"Organization\",\"@id\":\"https:\/\/agir.wwf.fr\/stopextinction-saison-1\/#organization\",\"name\":\"WWF\",\"url\":\"https:\/\/agir.wwf.fr\/stopextinction-saison-1\/\",\"logo\":{\"@type\":\"ImageObject\",\"inLanguage\":\"fr-FR\",\"@id\":\"https:\/\/agir.wwf.fr\/stopextinction-saison-1\/#\/schema\/logo\/image\/\",\"url\":\"https:\/\/agir.wwf.fr\/stopextinction-saison-1\/wp-content\/uploads\/sites\/34\/2019\/03\/wwflogo.png\",\"contentUrl\":\"https:\/\/agir.wwf.fr\/stopextinction-saison-1\/wp-content\/uploads\/sites\/34\/2019\/03\/wwflogo.png\",\"width\":647,\"height\":306,\"caption\":\"WWF\"},\"image\":{\"@id\":\"https:\/\/agir.wwf.fr\/stopextinction-saison-1\/#\/schema\/logo\/image\/\"}}]}<\/script>\n<!-- \/ Yoast SEO plugin. -->","yoast_head_json":{"title":"WWF Stop Extinction Saison 1 - N&#039;attendons pas que la faune sauvage devienne imaginaire. Agissons ensemble.","description":"N'attendons pas que la faune sauvage devienne imaginaire. Agissons ensemble.","robots":{"index":"index","follow":"follow","max-snippet":"max-snippet:-1","max-image-preview":"max-image-preview:large","max-video-preview":"max-video-preview:-1"},"canonical":"https:\/\/agir.wwf.fr\/stopextinction-saison-1\/ours-polaire\/","og_locale":"fr_FR","og_type":"article","og_title":"WWF Stop Extinction Saison 1 - N&#039;attendons pas que la faune sauvage devienne imaginaire. Agissons ensemble.","og_description":"N'attendons pas que la faune sauvage devienne imaginaire. Agissons ensemble.","og_url":"https:\/\/agir.wwf.fr\/stopextinction-saison-1\/ours-polaire\/","og_site_name":"WWF Stop Extinction Saison 1","article_modified_time":"2019-12-09T14:41:26+00:00","og_image":[{"width":1450,"height":787,"url":"https:\/\/agir.wwf.fr\/stopextinction-saison-1\/wp-content\/uploads\/sites\/34\/2019\/11\/meta-ours.jpg","type":"image\/jpeg"}],"twitter_card":"summary_large_image","twitter_misc":{"Dur\u00e9e de lecture estim\u00e9e":"35 minutes"},"schema":{"@context":"https:\/\/schema.org","@graph":[{"@type":"WebPage","@id":"https:\/\/agir.wwf.fr\/stopextinction-saison-1\/ours-polaire\/","url":"https:\/\/agir.wwf.fr\/stopextinction-saison-1\/ours-polaire\/","name":"WWF Stop Extinction Saison 1 - N&#039;attendons pas que la faune sauvage devienne imaginaire. Agissons ensemble.","isPartOf":{"@id":"https:\/\/agir.wwf.fr\/stopextinction-saison-1\/#website"},"datePublished":"2019-11-29T15:46:52+00:00","dateModified":"2019-12-09T14:41:26+00:00","description":"N'attendons pas que la faune sauvage devienne imaginaire. Agissons ensemble.","breadcrumb":{"@id":"https:\/\/agir.wwf.fr\/stopextinction-saison-1\/ours-polaire\/#breadcrumb"},"inLanguage":"fr-FR","potentialAction":[{"@type":"ReadAction","target":["https:\/\/agir.wwf.fr\/stopextinction-saison-1\/ours-polaire\/"]}]},{"@type":"BreadcrumbList","@id":"https:\/\/agir.wwf.fr\/stopextinction-saison-1\/ours-polaire\/#breadcrumb","itemListElement":[{"@type":"ListItem","position":1,"name":"Accueil","item":"https:\/\/agir.wwf.fr\/stopextinction-saison-1\/"},{"@type":"ListItem","position":2,"name":"Ours polaire"}]},{"@type":"WebSite","@id":"https:\/\/agir.wwf.fr\/stopextinction-saison-1\/#website","url":"https:\/\/agir.wwf.fr\/stopextinction-saison-1\/","name":"WWF Stop Extinction Saison 1","description":"N&#039;attendons pas que la faune sauvage devienne imaginaire. Agissons ensemble.","publisher":{"@id":"https:\/\/agir.wwf.fr\/stopextinction-saison-1\/#organization"},"potentialAction":[{"@type":"SearchAction","target":{"@type":"EntryPoint","urlTemplate":"https:\/\/agir.wwf.fr\/stopextinction-saison-1\/?s={search_term_string}"},"query-input":"required name=search_term_string"}],"inLanguage":"fr-FR"},{"@type":"Organization","@id":"https:\/\/agir.wwf.fr\/stopextinction-saison-1\/#organization","name":"WWF","url":"https:\/\/agir.wwf.fr\/stopextinction-saison-1\/","logo":{"@type":"ImageObject","inLanguage":"fr-FR","@id":"https:\/\/agir.wwf.fr\/stopextinction-saison-1\/#\/schema\/logo\/image\/","url":"https:\/\/agir.wwf.fr\/stopextinction-saison-1\/wp-content\/uploads\/sites\/34\/2019\/03\/wwflogo.png","contentUrl":"https:\/\/agir.wwf.fr\/stopextinction-saison-1\/wp-content\/uploads\/sites\/34\/2019\/03\/wwflogo.png","width":647,"height":306,"caption":"WWF"},"image":{"@id":"https:\/\/agir.wwf.fr\/stopextinction-saison-1\/#\/schema\/logo\/image\/"}}]}},"_links":{"self":[{"href":"https:\/\/agir.wwf.fr\/stopextinction-saison-1\/wp-json\/wp\/v2\/pages\/54919"}],"collection":[{"href":"https:\/\/agir.wwf.fr\/stopextinction-saison-1\/wp-json\/wp\/v2\/pages"}],"about":[{"href":"https:\/\/agir.wwf.fr\/stopextinction-saison-1\/wp-json\/wp\/v2\/types\/page"}],"author":[{"embeddable":true,"href":"https:\/\/agir.wwf.fr\/stopextinction-saison-1\/wp-json\/wp\/v2\/users\/5"}],"replies":[{"embeddable":true,"href":"https:\/\/agir.wwf.fr\/stopextinction-saison-1\/wp-json\/wp\/v2\/comments?post=54919"}],"version-history":[{"count":0,"href":"https:\/\/agir.wwf.fr\/stopextinction-saison-1\/wp-json\/wp\/v2\/pages\/54919\/revisions"}],"wp:featuredmedia":[{"embeddable":true,"href":"https:\/\/agir.wwf.fr\/stopextinction-saison-1\/wp-json\/wp\/v2\/media\/55034"}],"wp:attachment":[{"href":"https:\/\/agir.wwf.fr\/stopextinction-saison-1\/wp-json\/wp\/v2\/media?parent=54919"}],"curies":[{"name":"wp","href":"https:\/\/api.w.org\/{rel}","templated":true}]}}