
{"id":54913,"date":"2019-11-29T16:45:01","date_gmt":"2019-11-29T15:45:01","guid":{"rendered":"https:\/\/agir.wwf.fr\/stopextinction-saison-1\/?page_id=54913"},"modified":"2019-12-09T21:12:12","modified_gmt":"2019-12-09T20:12:12","slug":"rhinoceros","status":"publish","type":"page","link":"https:\/\/agir.wwf.fr\/stopextinction-saison-1\/rhinoceros\/","title":{"rendered":"Rhinoc\u00e9ros"},"content":{"rendered":"<p>[et_pb_section fb_built=\u00a0\u00bb1&Prime; disabled_on=\u00a0\u00bbon|off|off\u00a0\u00bb admin_label=\u00a0\u00bbSection PC &#038; Tablette\u00a0\u00bb module_class=\u00a0\u00bbfullscreen\u00a0\u00bb _builder_version=\u00a0\u00bb4.0.6&Prime; background_color=\u00a0\u00bb#000000&Prime; background_enable_image=\u00a0\u00bboff\u00a0\u00bb background_enable_video_mp4=\u00a0\u00bboff\u00a0\u00bb width=\u00a0\u00bb119%\u00a0\u00bb max_width=\u00a0\u00bb120%\u00a0\u00bb min_height=\u00a0\u00bb100vh\u00a0\u00bb height_last_edited=\u00a0\u00bboff|desktop\u00a0\u00bb custom_css_main_element=\u00a0\u00bbpadding-top:0 !important;\u00a0\u00bb][et_pb_row _builder_version=\u00a0\u00bb4.0.6&Prime; background_color=\u00a0\u00bb#000000&Prime; width=\u00a0\u00bb100%\u00a0\u00bb module_alignment=\u00a0\u00bbleft\u00a0\u00bb custom_margin=\u00a0\u00bb|||20vw|false|false\u00a0\u00bb animation_style=\u00a0\u00bbslide\u00a0\u00bb animation_direction=\u00a0\u00bbleft\u00a0\u00bb animation_intensity_slide=\u00a0\u00bb1%\u00a0\u00bb custom_css_main_element=\u00a0\u00bbmargin: auto auto 0;\u00a0\u00bb][et_pb_column type=\u00a0\u00bb4_4&Prime; _builder_version=\u00a0\u00bb4.0.6&Prime; background_color=\u00a0\u00bb#000000&Prime; background_enable_image=\u00a0\u00bboff\u00a0\u00bb][et_pb_slider show_arrows=\u00a0\u00bboff\u00a0\u00bb show_pagination=\u00a0\u00bboff\u00a0\u00bb show_content_on_mobile=\u00a0\u00bboff\u00a0\u00bb admin_label=\u00a0\u00bbDiapo\u00a0\u00bb _builder_version=\u00a0\u00bb4.0.6&Prime; body_font_size=\u00a0\u00bb2em\u00a0\u00bb body_letter_spacing=\u00a0\u00bb1px\u00a0\u00bb text_orientation=\u00a0\u00bbleft\u00a0\u00bb width=\u00a0\u00bb100vw\u00a0\u00bb module_alignment=\u00a0\u00bbleft\u00a0\u00bb min_height=\u00a0\u00bb100vh\u00a0\u00bb custom_margin=\u00a0\u00bb||-20vh||false|false\u00a0\u00bb custom_padding=\u00a0\u00bb10vh|32vw||15vw|false|false\u00a0\u00bb auto=\u00a0\u00bbon\u00a0\u00bb auto_speed=\u00a0\u00bb4000&Prime; auto_ignore_hover=\u00a0\u00bbon\u00a0\u00bb hover_transition_duration=\u00a0\u00bb450ms\u00a0\u00bb hover_transition_speed_curve=\u00a0\u00bbease-in-out\u00a0\u00bb header_font_size_tablet=\u00a0\u00bb30px\u00a0\u00bb header_font_size_phone=\u00a0\u00bb\u00a0\u00bb header_font_size_last_edited=\u00a0\u00bbon|tablet\u00a0\u00bb header_letter_spacing_tablet=\u00a0\u00bb0px\u00a0\u00bb header_letter_spacing_phone=\u00a0\u00bb\u00a0\u00bb header_letter_spacing_last_edited=\u00a0\u00bbon|tablet\u00a0\u00bb body_font_size_tablet=\u00a0\u00bb0.8em\u00a0\u00bb body_font_size_phone=\u00a0\u00bb\u00a0\u00bb body_font_size_last_edited=\u00a0\u00bbon|tablet\u00a0\u00bb body_letter_spacing_tablet=\u00a0\u00bb0px\u00a0\u00bb body_letter_spacing_phone=\u00a0\u00bb\u00a0\u00bb body_letter_spacing_last_edited=\u00a0\u00bbon|tablet\u00a0\u00bb body_line_height_tablet=\u00a0\u00bb1em\u00a0\u00bb body_line_height_phone=\u00a0\u00bb\u00a0\u00bb body_line_height_last_edited=\u00a0\u00bbon|tablet\u00a0\u00bb custom_css_slide_description=\u00a0\u00bbanimation-name: none;\u00a0\u00bb][et_pb_slide heading=\u00a0\u00bbN&rsquo;attendons pas qu&rsquo;il devienne imaginaire\u00a0\u00bb button_link=\u00a0\u00bbhttps:\/\/faireundon.wwf.fr\/b?cid=220&#038;lang=fr_FR\u00a0\u00bb _builder_version=\u00a0\u00bb4.0.6&Prime; header_font=\u00a0\u00bbWWF new|200||on|||||\u00a0\u00bb header_text_align=\u00a0\u00bbleft\u00a0\u00bb header_font_size=\u00a0\u00bb3.5em\u00a0\u00bb header_letter_spacing=\u00a0\u00bb2px\u00a0\u00bb body_font_size=\u00a0\u00bb1em\u00a0\u00bb body_line_height=\u00a0\u00bb1.5em\u00a0\u00bb background_enable_color=\u00a0\u00bboff\u00a0\u00bb background_image=\u00a0\u00bbhttps:\/\/agir.wwf.fr\/stopextinction-saison-1\/wp-content\/uploads\/sites\/34\/2019\/11\/sl1-1.jpg\u00a0\u00bb background_enable_image=\u00a0\u00bbon\u00a0\u00bb parallax=\u00a0\u00bbon\u00a0\u00bb parallax_method=\u00a0\u00bboff\u00a0\u00bb custom_button=\u00a0\u00bbon\u00a0\u00bb button_letter_spacing=\u00a0\u00bb1px\u00a0\u00bb button_font=\u00a0\u00bbWWF new|500|||||||\u00a0\u00bb custom_padding=\u00a0\u00bb|40vw|||false|false\u00a0\u00bb hover_transition_speed_curve=\u00a0\u00bbease-in\u00a0\u00bb header_font_size_tablet=\u00a0\u00bb2em\u00a0\u00bb header_font_size_phone=\u00a0\u00bb\u00a0\u00bb header_font_size_last_edited=\u00a0\u00bbon|tablet\u00a0\u00bb header_letter_spacing_tablet=\u00a0\u00bb0px\u00a0\u00bb header_letter_spacing_phone=\u00a0\u00bb\u00a0\u00bb header_letter_spacing_last_edited=\u00a0\u00bbon|tablet\u00a0\u00bb body_font_size_tablet=\u00a0\u00bb0.8em\u00a0\u00bb body_font_size_phone=\u00a0\u00bb\u00a0\u00bb body_font_size_last_edited=\u00a0\u00bbon|tablet\u00a0\u00bb body_letter_spacing_tablet=\u00a0\u00bb0px\u00a0\u00bb body_letter_spacing_phone=\u00a0\u00bb\u00a0\u00bb body_letter_spacing_last_edited=\u00a0\u00bbon|tablet\u00a0\u00bb body_line_height_tablet=\u00a0\u00bb1em\u00a0\u00bb body_line_height_phone=\u00a0\u00bb\u00a0\u00bb body_line_height_last_edited=\u00a0\u00bbon|tablet\u00a0\u00bb]<\/p>\n<p>Cinq sur les six esp\u00e8ces de rhinoc\u00e9ros sont menac\u00e9es de disparition. Leur corne qui leur permet de se d\u00e9fendre est devenue leur mal\u00e9diction.<\/p>\n<p>[\/et_pb_slide][et_pb_slide heading=\u00a0\u00bbEnsemble, conservons le rhinoc\u00e9ros dans le monde r\u00e9el\u00a0\u00bb button_text=\u00a0\u00bbFAIRE UN DON\u00a0\u00bb button_link=\u00a0\u00bbhttps:\/\/faireundon.wwf.fr\/b?cid=223&#038;lang=fr_FR\u00a0\u00bb _builder_version=\u00a0\u00bb4.0.6&Prime; header_font=\u00a0\u00bbWWF new|200||on|||||\u00a0\u00bb header_text_align=\u00a0\u00bbleft\u00a0\u00bb header_font_size=\u00a0\u00bb3.5em\u00a0\u00bb header_letter_spacing=\u00a0\u00bb2px\u00a0\u00bb body_font_size=\u00a0\u00bb1em\u00a0\u00bb body_line_height=\u00a0\u00bb1.5em\u00a0\u00bb background_enable_color=\u00a0\u00bboff\u00a0\u00bb background_image=\u00a0\u00bbhttps:\/\/agir.wwf.fr\/stopextinction-saison-1\/wp-content\/uploads\/sites\/34\/2019\/11\/sl2_.jpg\u00a0\u00bb background_enable_image=\u00a0\u00bbon\u00a0\u00bb parallax=\u00a0\u00bbon\u00a0\u00bb parallax_method=\u00a0\u00bboff\u00a0\u00bb custom_button=\u00a0\u00bbon\u00a0\u00bb button_letter_spacing=\u00a0\u00bb1px\u00a0\u00bb button_font=\u00a0\u00bbWWF new|500|||||||\u00a0\u00bb custom_padding=\u00a0\u00bb|40vw|||false|false\u00a0\u00bb hover_transition_speed_curve=\u00a0\u00bbease-in\u00a0\u00bb header_font_size_tablet=\u00a0\u00bb2em\u00a0\u00bb header_font_size_phone=\u00a0\u00bb\u00a0\u00bb header_font_size_last_edited=\u00a0\u00bbon|tablet\u00a0\u00bb header_letter_spacing_tablet=\u00a0\u00bb0px\u00a0\u00bb header_letter_spacing_phone=\u00a0\u00bb\u00a0\u00bb header_letter_spacing_last_edited=\u00a0\u00bbon|tablet\u00a0\u00bb body_font_size_tablet=\u00a0\u00bb0.8em\u00a0\u00bb body_font_size_phone=\u00a0\u00bb\u00a0\u00bb body_font_size_last_edited=\u00a0\u00bbon|tablet\u00a0\u00bb body_letter_spacing_tablet=\u00a0\u00bb0px\u00a0\u00bb body_letter_spacing_phone=\u00a0\u00bb\u00a0\u00bb body_letter_spacing_last_edited=\u00a0\u00bbon|tablet\u00a0\u00bb body_line_height_tablet=\u00a0\u00bb1em\u00a0\u00bb body_line_height_phone=\u00a0\u00bb\u00a0\u00bb body_line_height_last_edited=\u00a0\u00bbon|tablet\u00a0\u00bb body_line_height__hover_enabled=\u00a0\u00bboff|desktop\u00a0\u00bb]<span style=\"font-weight: 400\">Faire un don, c\u2019est agir aux c\u00f4t\u00e9s de WWF pour prot\u00e9ger\u00a0<\/span><span style=\"font-weight: 400\">les esp\u00e8ces menac\u00e9es d\u2019extinction et leur permettre\u00a0<\/span><span style=\"font-weight: 400\">d\u2019\u00e9voluer librement dans leur \u00e9cosyst\u00e8me.<\/span>[\/et_pb_slide][\/et_pb_slider][\/et_pb_column][\/et_pb_row][et_pb_row column_structure=\u00a0\u00bb2_5,3_5&Prime; _builder_version=\u00a0\u00bb4.0.6&Prime; custom_margin=\u00a0\u00bb|auto||17%|false|false\u00a0\u00bb custom_padding=\u00a0\u00bb||||false|false\u00a0\u00bb animation_style=\u00a0\u00bbslide\u00a0\u00bb animation_direction=\u00a0\u00bbleft\u00a0\u00bb animation_intensity_slide=\u00a0\u00bb5%\u00a0\u00bb][et_pb_column type=\u00a0\u00bb2_5&Prime; _builder_version=\u00a0\u00bb4.0.6&Prime; custom_padding=\u00a0\u00bb|0%|||false|false\u00a0\u00bb][et_pb_text _builder_version=\u00a0\u00bb4.0.6&Prime; text_text_color=\u00a0\u00bb#ffffff\u00a0\u00bb text_font_size=\u00a0\u00bb0.9em\u00a0\u00bb custom_margin=\u00a0\u00bb||||false|false\u00a0\u00bb custom_padding=\u00a0\u00bb||||false|false\u00a0\u00bb text_font_size_tablet=\u00a0\u00bb\u00a0\u00bb text_font_size_phone=\u00a0\u00bb1.1em\u00a0\u00bb text_font_size_last_edited=\u00a0\u00bbon|phone\u00a0\u00bb]<\/p>\n<p><a style=\"float: left;\" href=\"#podcast\"><img decoding=\"async\" loading=\"lazy\" class=\"wp-image-54012 size-full alignleft\" src=\"https:\/\/agir.wwf.fr\/stopextinction-saison-1\/wp-content\/uploads\/sites\/34\/2019\/11\/Ellipse-2-1.png\" alt=\"\" width=\"65\" height=\"65\" \/><\/a><span style=\"padding-top: 16px; float: left; max-width: 300px;\">Benoit Allemane \u00a0nous conte<br \/><strong>Le dernier rhinoc\u00e9ros<\/strong><\/span><\/p>\n<p>[\/et_pb_text][\/et_pb_column][et_pb_column type=\u00a0\u00bb3_5&Prime; _builder_version=\u00a0\u00bb4.0.6&Prime; custom_padding=\u00a0\u00bb|0%||0px|false|false\u00a0\u00bb border_style_all=\u00a0\u00bbnone\u00a0\u00bb][\/et_pb_column][\/et_pb_row][\/et_pb_section][et_pb_section fb_built=\u00a0\u00bb1&Prime; disabled_on=\u00a0\u00bboff|on|on\u00a0\u00bb admin_label=\u00a0\u00bbSection Mobile\u00a0\u00bb _builder_version=\u00a0\u00bb4.0.6&Prime; background_color=\u00a0\u00bb#000000&Prime; min_height=\u00a0\u00bb100vh\u00a0\u00bb custom_padding=\u00a0\u00bb0px|||||\u00a0\u00bb custom_css_main_element_last_edited=\u00a0\u00bbon|phone\u00a0\u00bb custom_css_main_element_phone=\u00a0\u00bbpadding-top:0 !important;\u00a0\u00bb][et_pb_row make_equal=\u00a0\u00bbon\u00a0\u00bb _builder_version=\u00a0\u00bb4.0.6&Prime; background_color=\u00a0\u00bb#000000&Prime; width=\u00a0\u00bb100%\u00a0\u00bb max_width=\u00a0\u00bb1862px\u00a0\u00bb module_alignment=\u00a0\u00bbcenter\u00a0\u00bb height=\u00a0\u00bb100%\u00a0\u00bb module_alignment_last_edited=\u00a0\u00bboff|desktop\u00a0\u00bb][et_pb_column type=\u00a0\u00bb4_4&Prime; _builder_version=\u00a0\u00bb4.0.6&Prime;][et_pb_slider show_pagination=\u00a0\u00bboff\u00a0\u00bb show_cta_on_mobile=\u00a0\u00bboff\u00a0\u00bb _builder_version=\u00a0\u00bb4.0.6&Prime; background_color=\u00a0\u00bb#000000&Prime; custom_padding=\u00a0\u00bb500px||||false|false\u00a0\u00bb background_last_edited=\u00a0\u00bboff|phone\u00a0\u00bb][et_pb_slide heading=\u00a0\u00bbN&rsquo;attendons pas qu&rsquo;il devienne imaginaire\u00a0\u00bb use_bg_overlay=\u00a0\u00bboff\u00a0\u00bb use_text_overlay=\u00a0\u00bboff\u00a0\u00bb alignment=\u00a0\u00bbbottom\u00a0\u00bb _builder_version=\u00a0\u00bb4.0.6&Prime; header_font=\u00a0\u00bbWWF new|200||on|||||\u00a0\u00bb header_text_align=\u00a0\u00bbcenter\u00a0\u00bb header_font_size=\u00a0\u00bb0px\u00a0\u00bb header_letter_spacing=\u00a0\u00bb2px\u00a0\u00bb body_font=\u00a0\u00bbWWF new|200||on|||||\u00a0\u00bb body_text_align=\u00a0\u00bbcenter\u00a0\u00bb body_text_color=\u00a0\u00bb#ffffff\u00a0\u00bb body_font_size=\u00a0\u00bb2.5em\u00a0\u00bb body_letter_spacing=\u00a0\u00bb2px\u00a0\u00bb body_line_height=\u00a0\u00bb1em\u00a0\u00bb background_color=\u00a0\u00bb#000000&Prime; background_enable_color=\u00a0\u00bbon\u00a0\u00bb background_image=\u00a0\u00bbhttps:\/\/agir.wwf.fr\/stopextinction-saison-1\/wp-content\/uploads\/sites\/34\/2019\/11\/sl1_mobile.jpg\u00a0\u00bb background_enable_image=\u00a0\u00bbon\u00a0\u00bb background_position=\u00a0\u00bbtop_center\u00a0\u00bb text_orientation=\u00a0\u00bbcenter\u00a0\u00bb custom_padding_tablet=\u00a0\u00bb\u00a0\u00bb custom_padding_phone=\u00a0\u00bb||||false|false\u00a0\u00bb custom_padding_last_edited=\u00a0\u00bbon|phone\u00a0\u00bb body_letter_spacing_tablet=\u00a0\u00bb\u00a0\u00bb body_letter_spacing_phone=\u00a0\u00bb\u00a0\u00bb body_letter_spacing_last_edited=\u00a0\u00bbon|desktop\u00a0\u00bb border_width_all_image=\u00a0\u00bb0px\u00a0\u00bb border_color_left_image=\u00a0\u00bb#000000&Prime;]<\/p>\n<p><img decoding=\"async\" loading=\"lazy\" class=\"wp-image-54605 size-full aligncenter\" src=\"https:\/\/agir.wwf.fr\/stopextinction-saison-1\/wp-content\/uploads\/sites\/34\/2019\/11\/stop_extinction.png\" alt=\"\" width=\"237\" height=\"57\" \/><\/p>\n<p style=\"text-align: center\">N&rsquo;attendons pas qu&rsquo;il devienne imaginaire<\/p>\n<p>[\/et_pb_slide][et_pb_slide heading=\u00a0\u00bbEnsemble, conservons le rhinoc\u00e9ros dans le monde r\u00e9el\u00a0\u00bb use_bg_overlay=\u00a0\u00bboff\u00a0\u00bb use_text_overlay=\u00a0\u00bboff\u00a0\u00bb alignment=\u00a0\u00bbbottom\u00a0\u00bb _builder_version=\u00a0\u00bb4.0.6&Prime; header_font=\u00a0\u00bbWWF new|200||on|||||\u00a0\u00bb header_text_align=\u00a0\u00bbcenter\u00a0\u00bb header_font_size=\u00a0\u00bb0px\u00a0\u00bb header_letter_spacing=\u00a0\u00bb2px\u00a0\u00bb body_font=\u00a0\u00bbWWF new|200||on|||||\u00a0\u00bb body_text_align=\u00a0\u00bbcenter\u00a0\u00bb body_text_color=\u00a0\u00bb#ffffff\u00a0\u00bb body_font_size=\u00a0\u00bb2.5em\u00a0\u00bb body_letter_spacing=\u00a0\u00bb2px\u00a0\u00bb body_line_height=\u00a0\u00bb1em\u00a0\u00bb background_color=\u00a0\u00bb#000000&Prime; background_enable_color=\u00a0\u00bbon\u00a0\u00bb background_image=\u00a0\u00bbhttps:\/\/agir.wwf.fr\/stopextinction-saison-1\/wp-content\/uploads\/sites\/34\/2019\/11\/sl2_mobile.jpg\u00a0\u00bb background_enable_image=\u00a0\u00bbon\u00a0\u00bb background_position=\u00a0\u00bbtop_center\u00a0\u00bb text_orientation=\u00a0\u00bbcenter\u00a0\u00bb custom_padding_tablet=\u00a0\u00bb\u00a0\u00bb custom_padding_phone=\u00a0\u00bb||||false|false\u00a0\u00bb custom_padding_last_edited=\u00a0\u00bbon|phone\u00a0\u00bb body_letter_spacing_tablet=\u00a0\u00bb\u00a0\u00bb body_letter_spacing_phone=\u00a0\u00bb\u00a0\u00bb body_letter_spacing_last_edited=\u00a0\u00bbon|desktop\u00a0\u00bb border_width_all_image=\u00a0\u00bb0px\u00a0\u00bb border_color_left_image=\u00a0\u00bb#000000&Prime;]<\/p>\n<p><img decoding=\"async\" loading=\"lazy\" class=\"wp-image-54605 size-full aligncenter\" src=\"https:\/\/agir.wwf.fr\/stopextinction-saison-1\/wp-content\/uploads\/sites\/34\/2019\/11\/stop_extinction.png\" alt=\"\" width=\"237\" height=\"57\" \/><\/p>\n<p style=\"text-align: center\">Ensemble, conservons le rhinoc\u00e9ros dans le monde r\u00e9el<\/p>\n<p>[\/et_pb_slide][\/et_pb_slider][\/et_pb_column][\/et_pb_row][et_pb_row column_structure=\u00a0\u00bb2_5,3_5&Prime; _builder_version=\u00a0\u00bb4.0.6&Prime;][et_pb_column type=\u00a0\u00bb2_5&Prime; _builder_version=\u00a0\u00bb4.0.6&Prime; custom_css_main_element_last_edited=\u00a0\u00bbon|phone\u00a0\u00bb custom_css_main_element_phone=\u00a0\u00bbfloat:left;||width:33%!important;\u00a0\u00bb][et_pb_image src=\u00a0\u00bbhttps:\/\/agir.wwf.fr\/stopextinction-saison-1\/wp-content\/uploads\/sites\/34\/2019\/11\/Ellipse-2-1.png\u00a0\u00bb url=\u00a0\u00bb#conte\u00a0\u00bb admin_label=\u00a0\u00bbImage\u00a0\u00bb _builder_version=\u00a0\u00bb4.0.6&Prime;][\/et_pb_image][\/et_pb_column][et_pb_column type=\u00a0\u00bb3_5&Prime; _builder_version=\u00a0\u00bb4.0.6&Prime; custom_css_main_element_last_edited=\u00a0\u00bbon|phone\u00a0\u00bb custom_css_main_element_phone=\u00a0\u00bbfloat:left;||width:65%!important;\u00a0\u00bb][et_pb_text _builder_version=\u00a0\u00bb4.0.6&Prime; text_text_color=\u00a0\u00bb#ffffff\u00a0\u00bb text_font_size=\u00a0\u00bb17px\u00a0\u00bb link_option_url=\u00a0\u00bb#conte\u00a0\u00bb]Benoit Allemane  nous conte <strong>Le dernier rhinoc\u00e9ros<\/strong>[\/et_pb_text][\/et_pb_column][\/et_pb_row][\/et_pb_section][et_pb_section fb_built=\u00a0\u00bb1&Prime; disabled_on=\u00a0\u00bbon|off|off\u00a0\u00bb _builder_version=\u00a0\u00bb4.0.7&Prime; background_color=\u00a0\u00bb#f7f7f7&Prime; min_height=\u00a0\u00bb100vh\u00a0\u00bb custom_css_main_element=\u00a0\u00bbdisplay:flex;\u00a0\u00bb][et_pb_row custom_padding_last_edited=\u00a0\u00bbon|phone\u00a0\u00bb _builder_version=\u00a0\u00bb4.0.6&Prime; width=\u00a0\u00bb90%\u00a0\u00bb custom_margin=\u00a0\u00bb||||false|false\u00a0\u00bb custom_padding_tablet=\u00a0\u00bb\u00a0\u00bb custom_padding_phone=\u00a0\u00bb||50px||false|false\u00a0\u00bb custom_css_main_element=\u00a0\u00bbalign-items: center;\u00a0\u00bb][et_pb_column type=\u00a0\u00bb4_4&Prime; _builder_version=\u00a0\u00bb4.0.6&Prime;][et_pb_text _builder_version=\u00a0\u00bb4.0.6&Prime; header_font=\u00a0\u00bb|||on|||||\u00a0\u00bb header_font_size=\u00a0\u00bb3em\u00a0\u00bb header_line_height=\u00a0\u00bb1.1em\u00a0\u00bb min_height=\u00a0\u00bb114px\u00a0\u00bb custom_margin=\u00a0\u00bb||||false|false\u00a0\u00bb custom_margin_tablet=\u00a0\u00bb\u00a0\u00bb custom_margin_phone=\u00a0\u00bb\u00a0\u00bb custom_margin_last_edited=\u00a0\u00bbon|phone\u00a0\u00bb custom_padding=\u00a0\u00bb||||false|false\u00a0\u00bb animation_style=\u00a0\u00bbslide\u00a0\u00bb animation_direction=\u00a0\u00bbbottom\u00a0\u00bb header_font_size_tablet=\u00a0\u00bb\u00a0\u00bb header_font_size_phone=\u00a0\u00bb2em\u00a0\u00bb header_font_size_last_edited=\u00a0\u00bbon|phone\u00a0\u00bb]<\/p>\n<h1 style=\"text-align: center\">Des cornes<br \/> qui valent de l&rsquo;or<\/h1>\n<p>[\/et_pb_text][et_pb_slider show_image_video_mobile=\u00a0\u00bbon\u00a0\u00bb arrows_custom_color=\u00a0\u00bb#999999&Prime; dot_nav_custom_color=\u00a0\u00bbrgba(0,0,0,0.62)\u00a0\u00bb _builder_version=\u00a0\u00bb4.0.7&Prime; header_level=\u00a0\u00bbh6&Prime; header_font=\u00a0\u00bb||||||||\u00a0\u00bb body_text_color=\u00a0\u00bb#000000&Prime; body_line_height=\u00a0\u00bb1.3em\u00a0\u00bb custom_button=\u00a0\u00bbon\u00a0\u00bb button_letter_spacing=\u00a0\u00bb2px\u00a0\u00bb button_font=\u00a0\u00bbWWF new|300|||||||\u00a0\u00bb min_height_tablet=\u00a0\u00bb\u00a0\u00bb min_height_phone=\u00a0\u00bbauto\u00a0\u00bb min_height_last_edited=\u00a0\u00bbon|phone\u00a0\u00bb height=\u00a0\u00bb68vh\u00a0\u00bb height_tablet=\u00a0\u00bb\u00a0\u00bb height_phone=\u00a0\u00bb\u00a0\u00bb height_last_edited=\u00a0\u00bbon|phone\u00a0\u00bb max_height_tablet=\u00a0\u00bb\u00a0\u00bb max_height_phone=\u00a0\u00bb\u00a0\u00bb max_height_last_edited=\u00a0\u00bbon|phone\u00a0\u00bb custom_margin=\u00a0\u00bb23px|||||\u00a0\u00bb custom_margin_tablet=\u00a0\u00bb\u00a0\u00bb custom_margin_phone=\u00a0\u00bb\u00a0\u00bb custom_margin_last_edited=\u00a0\u00bbon|desktop\u00a0\u00bb custom_padding=\u00a0\u00bb0vh|5vw|0vh||true|false\u00a0\u00bb custom_padding_tablet=\u00a0\u00bb\u00a0\u00bb custom_padding_phone=\u00a0\u00bb0px|5vw|4px||false|false\u00a0\u00bb custom_padding_last_edited=\u00a0\u00bbon|phone\u00a0\u00bb animation_style=\u00a0\u00bbfade\u00a0\u00bb auto=\u00a0\u00bbon\u00a0\u00bb auto_speed=\u00a0\u00bb5000&Prime; hover_enabled=\u00a0\u00bb0&Prime; custom_css_slide_title_last_edited=\u00a0\u00bbon|phone\u00a0\u00bb custom_css_slide_title_phone=\u00a0\u00bbposition:absolute !important;||top: -100px;||width: 100%;||left:0;||text-align:center;\u00a0\u00bb custom_css_slide_description_last_edited=\u00a0\u00bbon|phone\u00a0\u00bb custom_css_slide_image_last_edited=\u00a0\u00bbon|phone\u00a0\u00bb][et_pb_slide heading=\u00a0\u00bbBraconnage\u00a0\u00bb button_text=\u00a0\u00bbFAIRE UN DON\u00a0\u00bb button_link=\u00a0\u00bbhttps:\/\/faireundon.wwf.fr\/b?cid=223&#038;lang=fr_FR\u00a0\u00bb url_new_window=\u00a0\u00bbon\u00a0\u00bb image=\u00a0\u00bbhttps:\/\/agir.wwf.fr\/stopextinction-saison-1\/wp-content\/uploads\/sites\/34\/2019\/11\/braconage.png\u00a0\u00bb _builder_version=\u00a0\u00bb4.0.7&Prime; header_level=\u00a0\u00bbh4&Prime; header_font=\u00a0\u00bbWWF new|||on|||||\u00a0\u00bb header_font_size=\u00a0\u00bb1.7em\u00a0\u00bb header_letter_spacing=\u00a0\u00bb0px\u00a0\u00bb body_font=\u00a0\u00bb||||||||\u00a0\u00bb body_font_size=\u00a0\u00bb0.8em\u00a0\u00bb background_color=\u00a0\u00bb#ffffff\u00a0\u00bb background_enable_color=\u00a0\u00bbon\u00a0\u00bb background_layout=\u00a0\u00bblight\u00a0\u00bb custom_padding=\u00a0\u00bb||2vw|0vw|false|false\u00a0\u00bb custom_padding_tablet=\u00a0\u00bb\u00a0\u00bb custom_padding_phone=\u00a0\u00bb15px|10px||10px|false|false\u00a0\u00bb custom_padding_last_edited=\u00a0\u00bbon|phone\u00a0\u00bb hover_enabled=\u00a0\u00bb0&Prime; header_text_color_tablet=\u00a0\u00bb\u00a0\u00bb header_text_color_phone=\u00a0\u00bb#ffffff\u00a0\u00bb header_text_color_last_edited=\u00a0\u00bbon|phone\u00a0\u00bb custom_padding__hover_enabled=\u00a0\u00bbon|desktop\u00a0\u00bb custom_css_main_element_last_edited=\u00a0\u00bbon|phone\u00a0\u00bb custom_css_main_element_phone=\u00a0\u00bbpadding:0 !important;\u00a0\u00bb custom_css_slide_image_last_edited=\u00a0\u00bbon|phone\u00a0\u00bb custom_css_slide_image_phone=\u00a0\u00bbmargin-top:0 !important;||max-height:150px;||overflow:hidden;\u00a0\u00bb custom_css_slide_title_last_edited=\u00a0\u00bbon|phone\u00a0\u00bb]<\/p>\n<p><span style=\"font-weight: 400;\"><span><br \/> Essentiellement int\u00e9ress\u00e9s par leur corne, les principaux ennemis des rhinoc\u00e9ros sont les braconniers et les trafiquants, qui n\u2019h\u00e9sitent pas \u00e0 utiliser des h\u00e9licopt\u00e8res et autres technologies pour arriver \u00e0 leurs fins. Autre menace pesant sur les animaux, la r\u00e9duction de leur habitat. Les savanes et les for\u00eats sont peu \u00e0 peu remplac\u00e9es par des cultures<\/span><\/span><\/p>\n<p>&nbsp;<\/p>\n<h4>METTONS FIN AU COMMERCE ILLEGAL<\/h4>\n<p>Malgr\u00e9 son interdiction, le commerce de corne et de viande ne cesse d\u2019augmenter. En collaboration avec \u00ab TRAFFIC \u00bb, WWF enqu\u00eate sur le terrain pour identifier et d\u00e9manteler les r\u00e9seaux responsables du braconnage tout en r\u00e9duisant la demande.<\/p>\n<p>[\/et_pb_slide][et_pb_slide heading=\u00a0\u00bbPerte d&rsquo;habitat\u00a0\u00bb button_text=\u00a0\u00bbFAIRE UN DON\u00a0\u00bb button_link=\u00a0\u00bbhttps:\/\/faireundon.wwf.fr\/b?cid=223&#038;lang=fr_FR\u00a0\u00bb url_new_window=\u00a0\u00bbon\u00a0\u00bb image=\u00a0\u00bbhttps:\/\/agir.wwf.fr\/stopextinction-saison-1\/wp-content\/uploads\/sites\/34\/2019\/11\/habitat.png\u00a0\u00bb _builder_version=\u00a0\u00bb4.0.6&Prime; header_level=\u00a0\u00bbh6&Prime; header_font=\u00a0\u00bbWWF new|||on|||||\u00a0\u00bb header_font_size=\u00a0\u00bb1.7em\u00a0\u00bb header_letter_spacing=\u00a0\u00bb0px\u00a0\u00bb body_font=\u00a0\u00bb||||||||\u00a0\u00bb body_font_size=\u00a0\u00bb0.8em\u00a0\u00bb background_color=\u00a0\u00bb#ffffff\u00a0\u00bb background_enable_color=\u00a0\u00bbon\u00a0\u00bb background_layout=\u00a0\u00bblight\u00a0\u00bb custom_padding=\u00a0\u00bb||2vw|0vw|false|false\u00a0\u00bb custom_padding_tablet=\u00a0\u00bb\u00a0\u00bb custom_padding_phone=\u00a0\u00bb15px|10px|2vw|10px|false|false\u00a0\u00bb custom_padding_last_edited=\u00a0\u00bbon|phone\u00a0\u00bb header_text_color_tablet=\u00a0\u00bb\u00a0\u00bb header_text_color_phone=\u00a0\u00bb#ffffff\u00a0\u00bb header_text_color_last_edited=\u00a0\u00bbon|phone\u00a0\u00bb custom_padding__hover_enabled=\u00a0\u00bbon|desktop\u00a0\u00bb custom_css_main_element_last_edited=\u00a0\u00bbon|phone\u00a0\u00bb custom_css_main_element_phone=\u00a0\u00bbpadding:0 !important;\u00a0\u00bb custom_css_slide_image_last_edited=\u00a0\u00bbon|phone\u00a0\u00bb custom_css_slide_image_phone=\u00a0\u00bbmargin-top:0 !important;||max-height:150px;||overflow:hidden;\u00a0\u00bb]<\/p>\n<p>L\u2019agriculture rempla\u00e7ant peu \u00e0 peu savane et for\u00eats, r\u00e9duit chaque ann\u00e9e un peu plus leur habitat.<br \/> Constructions de barrage, projets routiers et autres infrastructures humaines poussent les rhinoc\u00e9ros \u00e0 vivre dans des zones isol\u00e9es favorisant les risques de consanguinit\u00e9, de maladie et leur vuln\u00e9rabilit\u00e9 aux catastrophes naturelles.<\/p>\n<h4><\/h4>\n<h4>PR\u00c9SERVONS L&rsquo;HABITAT DU RHINOC\u00c9ROS<\/h4>\n<p>Gr\u00e2ce \u00e0 vos dons, le WWF restaure les populations de rhinoc\u00e9ros en g\u00e9rant les aires prot\u00e9g\u00e9es et en cr\u00e9ant des corridors \u00e9cologiques.<\/p>\n<p>[\/et_pb_slide][et_pb_slide heading=\u00a0\u00bbTourisme non r\u00e9gul\u00e9\u00a0\u00bb button_text=\u00a0\u00bbFAIRE UN DON\u00a0\u00bb button_link=\u00a0\u00bbhttps:\/\/faireundon.wwf.fr\/b?cid=223&#038;lang=fr_FR\u00a0\u00bb url_new_window=\u00a0\u00bbon\u00a0\u00bb image=\u00a0\u00bbhttps:\/\/agir.wwf.fr\/stopextinction-saison-1\/wp-content\/uploads\/sites\/34\/2019\/11\/habitat.png\u00a0\u00bb _builder_version=\u00a0\u00bb4.0.7&Prime; header_level=\u00a0\u00bbh6&Prime; header_font=\u00a0\u00bbWWF new|||on|||||\u00a0\u00bb header_font_size=\u00a0\u00bb1.7em\u00a0\u00bb header_letter_spacing=\u00a0\u00bb0px\u00a0\u00bb body_font=\u00a0\u00bb||||||||\u00a0\u00bb body_font_size=\u00a0\u00bb0.8em\u00a0\u00bb background_color=\u00a0\u00bb#ffffff\u00a0\u00bb background_enable_color=\u00a0\u00bbon\u00a0\u00bb background_layout=\u00a0\u00bblight\u00a0\u00bb custom_padding=\u00a0\u00bb||2vw|0vw|false|false\u00a0\u00bb custom_padding_tablet=\u00a0\u00bb\u00a0\u00bb custom_padding_phone=\u00a0\u00bb15px|10px|2vw|10px|false|false\u00a0\u00bb custom_padding_last_edited=\u00a0\u00bbon|phone\u00a0\u00bb hover_enabled=\u00a0\u00bb0&Prime; header_text_color_tablet=\u00a0\u00bb\u00a0\u00bb header_text_color_phone=\u00a0\u00bb#ffffff\u00a0\u00bb header_text_color_last_edited=\u00a0\u00bbon|phone\u00a0\u00bb custom_padding__hover_enabled=\u00a0\u00bbon|desktop\u00a0\u00bb custom_css_main_element_last_edited=\u00a0\u00bbon|phone\u00a0\u00bb custom_css_main_element_phone=\u00a0\u00bbpadding:0 !important;\u00a0\u00bb custom_css_slide_image_last_edited=\u00a0\u00bbon|phone\u00a0\u00bb custom_css_slide_image_phone=\u00a0\u00bbmargin-top:0 !important;||max-height:150px;||overflow:hidden;\u00a0\u00bb]<\/p>\n<p>Pollution, multiplication des passages en zones<br \/> prot\u00e9g\u00e9es, le tourisme non r\u00e9gul\u00e9 est devenu une menace suppl\u00e9mentaire pour l\u2019habitat du rhinoc\u00e9ros.<\/p>\n<h3>SOUTENONS UN TOURISME PLUS RESPONSABLE<\/h3>\n<p>Nous soutenons un tourisme bas\u00e9 sur l\u2019observation de la faune sauvage et l\u2019emploi de ressources renouvelables afin de financer les efforts de conservation et apporter aux communaut\u00e9s locales un revenu leur permettant de cohabiter avec la faune sauvage.<\/p>\n<p>[\/et_pb_slide][\/et_pb_slider][\/et_pb_column][\/et_pb_row][\/et_pb_section][et_pb_section fb_built=\u00a0\u00bb1&Prime; disabled_on=\u00a0\u00bboff|on|on\u00a0\u00bb _builder_version=\u00a0\u00bb4.0.7&Prime; background_color=\u00a0\u00bb#f7f7f7&Prime; min_height=\u00a0\u00bb100vh\u00a0\u00bb custom_css_main_element=\u00a0\u00bbdisplay:flex;\u00a0\u00bb][et_pb_row custom_padding_last_edited=\u00a0\u00bbon|phone\u00a0\u00bb _builder_version=\u00a0\u00bb4.0.6&Prime; width=\u00a0\u00bb90%\u00a0\u00bb custom_margin=\u00a0\u00bb||||false|false\u00a0\u00bb custom_padding_tablet=\u00a0\u00bb\u00a0\u00bb custom_padding_phone=\u00a0\u00bb||50px||false|false\u00a0\u00bb custom_css_main_element=\u00a0\u00bbalign-items: center;\u00a0\u00bb][et_pb_column type=\u00a0\u00bb4_4&Prime; _builder_version=\u00a0\u00bb4.0.6&Prime;][et_pb_text _builder_version=\u00a0\u00bb4.0.6&Prime; header_font=\u00a0\u00bb|||on|||||\u00a0\u00bb header_font_size=\u00a0\u00bb3em\u00a0\u00bb header_line_height=\u00a0\u00bb1.1em\u00a0\u00bb min_height=\u00a0\u00bb114px\u00a0\u00bb custom_margin=\u00a0\u00bb||||false|false\u00a0\u00bb custom_margin_tablet=\u00a0\u00bb\u00a0\u00bb custom_margin_phone=\u00a0\u00bb\u00a0\u00bb custom_margin_last_edited=\u00a0\u00bbon|phone\u00a0\u00bb custom_padding=\u00a0\u00bb||||false|false\u00a0\u00bb animation_style=\u00a0\u00bbslide\u00a0\u00bb animation_direction=\u00a0\u00bbbottom\u00a0\u00bb header_font_size_tablet=\u00a0\u00bb\u00a0\u00bb header_font_size_phone=\u00a0\u00bb2em\u00a0\u00bb header_font_size_last_edited=\u00a0\u00bbon|phone\u00a0\u00bb]<\/p>\n<h1 style=\"text-align: center\">Des cornes<br \/> qui valent de l&rsquo;or<\/h1>\n<p>[\/et_pb_text][et_pb_slider show_pagination=\u00a0\u00bboff\u00a0\u00bb show_image_video_mobile=\u00a0\u00bbon\u00a0\u00bb arrows_custom_color=\u00a0\u00bb#999999&Prime; dot_nav_custom_color=\u00a0\u00bbrgba(0,0,0,0.62)\u00a0\u00bb _builder_version=\u00a0\u00bb4.0.7&Prime; header_level=\u00a0\u00bbh6&Prime; header_font=\u00a0\u00bb||||||||\u00a0\u00bb body_text_color=\u00a0\u00bb#000000&Prime; body_line_height=\u00a0\u00bb1.3em\u00a0\u00bb custom_button=\u00a0\u00bbon\u00a0\u00bb button_letter_spacing=\u00a0\u00bb2px\u00a0\u00bb button_font=\u00a0\u00bbWWF new|300|||||||\u00a0\u00bb min_height_tablet=\u00a0\u00bb\u00a0\u00bb min_height_phone=\u00a0\u00bbauto\u00a0\u00bb min_height_last_edited=\u00a0\u00bbon|phone\u00a0\u00bb height=\u00a0\u00bb68vh\u00a0\u00bb height_tablet=\u00a0\u00bb\u00a0\u00bb height_phone=\u00a0\u00bb\u00a0\u00bb height_last_edited=\u00a0\u00bbon|phone\u00a0\u00bb max_height_tablet=\u00a0\u00bb\u00a0\u00bb max_height_phone=\u00a0\u00bb\u00a0\u00bb max_height_last_edited=\u00a0\u00bbon|phone\u00a0\u00bb custom_margin=\u00a0\u00bb23px|||||\u00a0\u00bb custom_margin_tablet=\u00a0\u00bb\u00a0\u00bb custom_margin_phone=\u00a0\u00bb\u00a0\u00bb custom_margin_last_edited=\u00a0\u00bbon|desktop\u00a0\u00bb custom_padding=\u00a0\u00bb0vh|5vw|0vh||true|false\u00a0\u00bb custom_padding_tablet=\u00a0\u00bb\u00a0\u00bb custom_padding_phone=\u00a0\u00bb0px|5vw|4px||false|false\u00a0\u00bb custom_padding_last_edited=\u00a0\u00bbon|phone\u00a0\u00bb animation_style=\u00a0\u00bbfade\u00a0\u00bb auto=\u00a0\u00bbon\u00a0\u00bb auto_speed=\u00a0\u00bb5000&Prime; custom_css_slide_title_last_edited=\u00a0\u00bbon|phone\u00a0\u00bb custom_css_slide_title_phone=\u00a0\u00bbposition:absolute !important;||top: -100px;||width: 100%;||left:0;||text-align:center;\u00a0\u00bb custom_css_slide_description_last_edited=\u00a0\u00bbon|phone\u00a0\u00bb custom_css_slide_image_last_edited=\u00a0\u00bbon|phone\u00a0\u00bb][et_pb_slide heading=\u00a0\u00bbBraconnage\u00a0\u00bb button_text=\u00a0\u00bbFAIRE UN DON\u00a0\u00bb button_link=\u00a0\u00bbhttps:\/\/faireundon.wwf.fr\/b?cid=223&#038;lang=fr_FR\u00a0\u00bb url_new_window=\u00a0\u00bbon\u00a0\u00bb image=\u00a0\u00bbhttps:\/\/agir.wwf.fr\/stopextinction-saison-1\/wp-content\/uploads\/sites\/34\/2019\/11\/braconage.png\u00a0\u00bb _builder_version=\u00a0\u00bb4.0.6&Prime; header_level=\u00a0\u00bbh4&Prime; header_font=\u00a0\u00bbWWF new|||on|||||\u00a0\u00bb header_font_size=\u00a0\u00bb1.7em\u00a0\u00bb header_letter_spacing=\u00a0\u00bb0px\u00a0\u00bb body_font=\u00a0\u00bb||||||||\u00a0\u00bb body_font_size=\u00a0\u00bb0.8em\u00a0\u00bb background_color=\u00a0\u00bb#ffffff\u00a0\u00bb background_enable_color=\u00a0\u00bbon\u00a0\u00bb background_layout=\u00a0\u00bblight\u00a0\u00bb custom_padding=\u00a0\u00bb||2vw|0vw|false|false\u00a0\u00bb custom_padding_tablet=\u00a0\u00bb\u00a0\u00bb custom_padding_phone=\u00a0\u00bb15px|10px||10px|false|false\u00a0\u00bb custom_padding_last_edited=\u00a0\u00bbon|phone\u00a0\u00bb header_text_color_tablet=\u00a0\u00bb\u00a0\u00bb header_text_color_phone=\u00a0\u00bb#ffffff\u00a0\u00bb header_text_color_last_edited=\u00a0\u00bbon|phone\u00a0\u00bb custom_padding__hover_enabled=\u00a0\u00bbon|desktop\u00a0\u00bb custom_css_main_element_last_edited=\u00a0\u00bbon|phone\u00a0\u00bb custom_css_main_element_phone=\u00a0\u00bbpadding:0 !important;\u00a0\u00bb custom_css_slide_image_last_edited=\u00a0\u00bbon|phone\u00a0\u00bb custom_css_slide_image_phone=\u00a0\u00bbmargin-top:0 !important;||max-height:150px;||overflow:hidden;\u00a0\u00bb custom_css_slide_title_last_edited=\u00a0\u00bbon|phone\u00a0\u00bb]<\/p>\n<p><span style=\"font-weight: 400\"><span><br \/>\nEssentiellement int\u00e9ress\u00e9s par leur corne, les principaux ennemis des rhinoc\u00e9ros sont les braconniers et les trafiquants, qui n\u2019h\u00e9sitent pas \u00e0 utiliser des h\u00e9licopt\u00e8res et autres technologies pour arriver \u00e0 leurs fins. Autre menace pesant sur les animaux, la r\u00e9duction de leur habitat. Les savanes et les for\u00eats sont peu \u00e0 peu remplac\u00e9es par des cultures<\/p>\n<p>\u00a0<\/span><\/p>\n<h4>METTONS FIN AU BRACONNAGE<\/h4>\n<p>[\/et_pb_slide][et_pb_slide heading=\u00a0\u00bbPerte d&rsquo;habitat\u00a0\u00bb button_text=\u00a0\u00bbFAIRE UN DON\u00a0\u00bb button_link=\u00a0\u00bbhttps:\/\/faireundon.wwf.fr\/b?cid=223&#038;lang=fr_FR\u00a0\u00bb url_new_window=\u00a0\u00bbon\u00a0\u00bb image=\u00a0\u00bbhttps:\/\/agir.wwf.fr\/stopextinction-saison-1\/wp-content\/uploads\/sites\/34\/2019\/11\/habitat.png\u00a0\u00bb _builder_version=\u00a0\u00bb4.0.6&Prime; header_level=\u00a0\u00bbh6&Prime; header_font=\u00a0\u00bbWWF new|||on|||||\u00a0\u00bb header_font_size=\u00a0\u00bb1.7em\u00a0\u00bb header_letter_spacing=\u00a0\u00bb0px\u00a0\u00bb body_font=\u00a0\u00bb||||||||\u00a0\u00bb body_font_size=\u00a0\u00bb0.8em\u00a0\u00bb background_color=\u00a0\u00bb#ffffff\u00a0\u00bb background_enable_color=\u00a0\u00bbon\u00a0\u00bb background_layout=\u00a0\u00bblight\u00a0\u00bb custom_padding=\u00a0\u00bb||2vw|0vw|false|false\u00a0\u00bb custom_padding_tablet=\u00a0\u00bb\u00a0\u00bb custom_padding_phone=\u00a0\u00bb15px|10px|2vw|10px|false|false\u00a0\u00bb custom_padding_last_edited=\u00a0\u00bbon|phone\u00a0\u00bb header_text_color_tablet=\u00a0\u00bb\u00a0\u00bb header_text_color_phone=\u00a0\u00bb#ffffff\u00a0\u00bb header_text_color_last_edited=\u00a0\u00bbon|phone\u00a0\u00bb custom_padding__hover_enabled=\u00a0\u00bbon|desktop\u00a0\u00bb custom_css_main_element_last_edited=\u00a0\u00bbon|phone\u00a0\u00bb custom_css_main_element_phone=\u00a0\u00bbpadding:0 !important;\u00a0\u00bb custom_css_slide_image_last_edited=\u00a0\u00bbon|phone\u00a0\u00bb custom_css_slide_image_phone=\u00a0\u00bbmargin-top:0 !important;||max-height:150px;||overflow:hidden;\u00a0\u00bb]<\/p>\n<p>L\u2019agriculture rempla\u00e7ant peu \u00e0 peu savane et for\u00eats, r\u00e9duit chaque ann\u00e9e un peu plus leur habitat.<br \/> Constructions de barrage, projets routiers et autres infrastructures humaines poussent les rhinoc\u00e9ros \u00e0 vivre dans des zones isol\u00e9es favorisant les risques de consanguinit\u00e9, de maladie et leur vuln\u00e9rabilit\u00e9 aux catastrophes naturelles.<\/p>\n<h4><\/h4>\n<h4>PR\u00c9SERVONS L&rsquo;HABITAT DU RHINOC\u00c9ROS<\/h4>\n<p>Gr\u00e2ce \u00e0 vos dons, le WWF restaure les populations de rhinoc\u00e9ros en g\u00e9rant les aires prot\u00e9g\u00e9es et en cr\u00e9ant des corridors \u00e9cologiques.<\/p>\n<p>[\/et_pb_slide][\/et_pb_slider][\/et_pb_column][\/et_pb_row][\/et_pb_section][et_pb_section fb_built=\u00a0\u00bb1&Prime; custom_padding_last_edited=\u00a0\u00bbon|phone\u00a0\u00bb module_class=\u00a0\u00bbfullscreen\u00a0\u00bb _builder_version=\u00a0\u00bb4.0.6&Prime; background_image=\u00a0\u00bbhttps:\/\/agir.wwf.fr\/stopextinction-saison-1\/wp-content\/uploads\/sites\/34\/2019\/11\/solutions.jpg\u00a0\u00bb parallax=\u00a0\u00bbon\u00a0\u00bb parallax_method=\u00a0\u00bboff\u00a0\u00bb min_height=\u00a0\u00bb895px\u00a0\u00bb min_height_tablet=\u00a0\u00bb\u00a0\u00bb min_height_phone=\u00a0\u00bb100vh\u00a0\u00bb min_height_last_edited=\u00a0\u00bbon|phone\u00a0\u00bb height=\u00a0\u00bb100vh\u00a0\u00bb height_tablet=\u00a0\u00bb\u00a0\u00bb height_phone=\u00a0\u00bbauto\u00a0\u00bb height_last_edited=\u00a0\u00bbon|phone\u00a0\u00bb custom_padding=\u00a0\u00bb10%||10%||true|false\u00a0\u00bb custom_padding_tablet=\u00a0\u00bb\u00a0\u00bb custom_padding_phone=\u00a0\u00bb30vh||6vh||false|false\u00a0\u00bb background_last_edited=\u00a0\u00bbon|phone\u00a0\u00bb background_image_phone=\u00a0\u00bbhttps:\/\/agir.wwf.fr\/stopextinction-saison-1\/wp-content\/uploads\/sites\/34\/2019\/11\/bg-solutions-mobile-1.jpg\u00a0\u00bb background_enable_image_phone=\u00a0\u00bbon\u00a0\u00bb parallax_phone=\u00a0\u00bboff\u00a0\u00bb background_position_phone=\u00a0\u00bbtop_right\u00a0\u00bb custom_css_main_element=\u00a0\u00bbdisplay:flex;\u00a0\u00bb][et_pb_row column_structure=\u00a0\u00bb3_5,2_5&Prime; _builder_version=\u00a0\u00bb4.0.6&Prime; width=\u00a0\u00bb94%\u00a0\u00bb custom_margin=\u00a0\u00bb|||20%|false|false\u00a0\u00bb custom_margin_tablet=\u00a0\u00bb\u00a0\u00bb custom_margin_phone=\u00a0\u00bb7%||3%|8%|false|false\u00a0\u00bb custom_margin_last_edited=\u00a0\u00bbon|phone\u00a0\u00bb custom_padding=\u00a0\u00bb||||false|false\u00a0\u00bb custom_css_main_element=\u00a0\u00bbalign-items: center;\u00a0\u00bb][et_pb_column type=\u00a0\u00bb3_5&Prime; _builder_version=\u00a0\u00bb4.0.6&Prime;][et_pb_text _builder_version=\u00a0\u00bb4.0.6&Prime; text_font_size=\u00a0\u00bb1em\u00a0\u00bb header_font=\u00a0\u00bb|||on|||||\u00a0\u00bb header_text_color=\u00a0\u00bb#ffffff\u00a0\u00bb header_font_size=\u00a0\u00bb3em\u00a0\u00bb header_letter_spacing=\u00a0\u00bb1px\u00a0\u00bb header_line_height=\u00a0\u00bb1.1em\u00a0\u00bb background_layout=\u00a0\u00bbdark\u00a0\u00bb custom_margin=\u00a0\u00bb||6px|||\u00a0\u00bb custom_padding=\u00a0\u00bb|15.3%|0px||false|false\u00a0\u00bb header_font_size_tablet=\u00a0\u00bb\u00a0\u00bb header_font_size_phone=\u00a0\u00bb2.1em\u00a0\u00bb header_font_size_last_edited=\u00a0\u00bbon|phone\u00a0\u00bb]<\/p>\n<h1>Face \u00e0 ces menaces,<br \/>agissez avec le wwf pour pr\u00e9server les rhinoc\u00e9ros.<\/h1>\n<p>&nbsp;<\/p>\n<p>[\/et_pb_text][et_pb_text _builder_version=\u00a0\u00bb4.0.6&Prime; text_font_size=\u00a0\u00bb1em\u00a0\u00bb text_line_height=\u00a0\u00bb1.4em\u00a0\u00bb header_font=\u00a0\u00bb|||on|||||\u00a0\u00bb header_text_color=\u00a0\u00bb#ffffff\u00a0\u00bb header_font_size=\u00a0\u00bb3em\u00a0\u00bb header_line_height=\u00a0\u00bb1.2em\u00a0\u00bb background_layout=\u00a0\u00bbdark\u00a0\u00bb custom_padding=\u00a0\u00bb|20%|||false|false\u00a0\u00bb text_font_size_tablet=\u00a0\u00bb\u00a0\u00bb text_font_size_phone=\u00a0\u00bb1.2em\u00a0\u00bb text_font_size_last_edited=\u00a0\u00bbon|phone\u00a0\u00bb]<\/p>\n<p><span style=\"font-weight: 400;\">Aujourd\u2019hui, le WWF a plus que jamais besoin de vous\u00a0<\/span><span style=\"font-weight: 400;\">pour l\u2019aider \u00e0 mener des actions de terrain afin de prot\u00e9ger\u00a0<\/span><span style=\"font-weight: 400;\">les rhinoc\u00e9ros et sensibiliser le public.<\/span><\/p>\n<p>&nbsp;<\/p>\n<p>[\/et_pb_text][et_pb_button button_url=\u00a0\u00bbhttps:\/\/faireundon.wwf.fr\/b?cid=223&#038;lang=fr_FR\u00a0\u00bb button_text=\u00a0\u00bbFAIRE UN DON\u00a0\u00bb _builder_version=\u00a0\u00bb4.0.6&Prime; custom_button=\u00a0\u00bbon\u00a0\u00bb button_letter_spacing=\u00a0\u00bb1px\u00a0\u00bb button_font=\u00a0\u00bbWWF new|300|||||||\u00a0\u00bb button_use_icon=\u00a0\u00bboff\u00a0\u00bb animation_style=\u00a0\u00bbslide\u00a0\u00bb animation_direction=\u00a0\u00bbbottom\u00a0\u00bb][\/et_pb_button][\/et_pb_column][et_pb_column type=\u00a0\u00bb2_5&Prime; _builder_version=\u00a0\u00bb4.0.6&Prime; custom_css_main_element=\u00a0\u00bbalign-items:center;\u00a0\u00bb][\/et_pb_column][\/et_pb_row][\/et_pb_section][et_pb_section fb_built=\u00a0\u00bb1&Prime; disabled_on=\u00a0\u00bbon|off|off\u00a0\u00bb admin_label=\u00a0\u00bbSection PC &#038; Tablette\u00a0\u00bb module_id=\u00a0\u00bbpodcast\u00a0\u00bb module_class=\u00a0\u00bbfullscreen\u00a0\u00bb _builder_version=\u00a0\u00bb4.0.6&Prime; background_image=\u00a0\u00bbhttps:\/\/agir.wwf.fr\/stopextinction-saison-1\/wp-content\/uploads\/sites\/34\/2019\/11\/podcast-1.jpg\u00a0\u00bb parallax=\u00a0\u00bbon\u00a0\u00bb parallax_method=\u00a0\u00bboff\u00a0\u00bb height=\u00a0\u00bb100vh\u00a0\u00bb custom_padding=\u00a0\u00bb145px||144px|||\u00a0\u00bb][et_pb_row column_structure=\u00a0\u00bb1_2,1_2&Prime; _builder_version=\u00a0\u00bb4.0.6&Prime; custom_margin=\u00a0\u00bb-10vh||||false|false\u00a0\u00bb][et_pb_column type=\u00a0\u00bb1_2&Prime; _builder_version=\u00a0\u00bb4.0.6&Prime;][\/et_pb_column][et_pb_column type=\u00a0\u00bb1_2&Prime; _builder_version=\u00a0\u00bb4.0.6&Prime;][et_pb_text _builder_version=\u00a0\u00bb4.0.6&Prime; text_font_size=\u00a0\u00bb19px\u00a0\u00bb header_font=\u00a0\u00bb|||on|||||\u00a0\u00bb header_text_color=\u00a0\u00bb#ffffff\u00a0\u00bb header_font_size=\u00a0\u00bb3em\u00a0\u00bb header_line_height=\u00a0\u00bb1.1em\u00a0\u00bb background_layout=\u00a0\u00bbdark\u00a0\u00bb custom_margin=\u00a0\u00bb||3%||false|false\u00a0\u00bb custom_margin_tablet=\u00a0\u00bb\u00a0\u00bb custom_margin_phone=\u00a0\u00bb-14vh||3vh||false|false\u00a0\u00bb custom_margin_last_edited=\u00a0\u00bbon|phone\u00a0\u00bb custom_padding=\u00a0\u00bb10%||0%||false|false\u00a0\u00bb header_font_size_tablet=\u00a0\u00bb\u00a0\u00bb header_font_size_phone=\u00a0\u00bb\u00a0\u00bb header_font_size_last_edited=\u00a0\u00bbon|phone\u00a0\u00bb custom_css_main_element=\u00a0\u00bbimg {||  vertical-align:top;||}\u00a0\u00bb]<\/p>\n<h1>\u00e9coutez :<br \/> le dernier rhinoc\u00e9ros<\/h1>\n<p>[\/et_pb_text][et_pb_text _builder_version=\u00a0\u00bb4.0.7&Prime; text_font_size=\u00a0\u00bb0.8em\u00a0\u00bb text_line_height=\u00a0\u00bb1em\u00a0\u00bb header_font=\u00a0\u00bb|||on|||||\u00a0\u00bb header_text_color=\u00a0\u00bb#ffffff\u00a0\u00bb header_font_size=\u00a0\u00bb67px\u00a0\u00bb header_line_height=\u00a0\u00bb1.1em\u00a0\u00bb background_layout=\u00a0\u00bbdark\u00a0\u00bb text_font_size_tablet=\u00a0\u00bb\u00a0\u00bb text_font_size_phone=\u00a0\u00bb\u00a0\u00bb text_font_size_last_edited=\u00a0\u00bbon|phone\u00a0\u00bb custom_css_main_element=\u00a0\u00bbalign-items: center;\u00a0\u00bb]<\/p>\n<p><strong><img decoding=\"async\" loading=\"lazy\" src=\"https:\/\/agir.wwf.fr\/stopextinction-saison-1\/wp-content\/uploads\/sites\/34\/2019\/12\/Lhomme.png\" width=\"48\" height=\"48\" class=\"wp-image-55299\">\u00a0 \u00a0<\/strong>Par<strong>\u00a0Erik L&rsquo;Homme<\/strong>, auteur,<\/p>\n<p>[\/et_pb_text][et_pb_text _builder_version=\u00a0\u00bb4.0.7&Prime; text_font_size=\u00a0\u00bb0.8em\u00a0\u00bb text_line_height=\u00a0\u00bb1em\u00a0\u00bb header_font=\u00a0\u00bb|||on|||||\u00a0\u00bb header_text_color=\u00a0\u00bb#ffffff\u00a0\u00bb header_font_size=\u00a0\u00bb67px\u00a0\u00bb header_line_height=\u00a0\u00bb1.1em\u00a0\u00bb background_layout=\u00a0\u00bbdark\u00a0\u00bb custom_margin=\u00a0\u00bb-7vh||||false|false\u00a0\u00bb custom_padding=\u00a0\u00bb|||4vw|false|false\u00a0\u00bb text_font_size_tablet=\u00a0\u00bb\u00a0\u00bb text_font_size_phone=\u00a0\u00bb\u00a0\u00bb text_font_size_last_edited=\u00a0\u00bbon|phone\u00a0\u00bb custom_css_main_element=\u00a0\u00bbalign-items: center;\u00a0\u00bb]<\/p>\n<p> Cont\u00e9 par <strong>Benoit Allemane<\/strong>, com\u00e9dien <img decoding=\"async\" loading=\"lazy\" src=\"https:\/\/agir.wwf.fr\/stopextinction-saison-1\/wp-content\/uploads\/sites\/34\/2019\/11\/Ellipse-2-1.png\" width=\"48\" height=\"48\" class=\"wp-image-55078\"><\/p>\n<p>[\/et_pb_text][et_pb_text _builder_version=\u00a0\u00bb4.0.6&Prime; text_text_color=\u00a0\u00bb#ffffff\u00a0\u00bb text_font_size=\u00a0\u00bb0.8em\u00a0\u00bb text_line_height=\u00a0\u00bb1.4em\u00a0\u00bb mix_blend_mode=\u00a0\u00bboverlay\u00a0\u00bb]<span>Le photographe marchait sur le sentier incertain qui serpentait au fin fond de la jungle. L\u2019air \u00e9tait moite, il avait du mal \u00e0 respirer. Le sac qu\u2019il portait sur le dos lui sciait les \u00e9paules, et l\u2019appareil photo autour du cou battait durement <span style=\"color: #999999\"> sa poitrine. Mais rien de tout cela n\u2019avait d\u2019importance. Seul comptait son <span style=\"color: #999999\"> objectif \u2013 sa qu\u00eate\u00a0: trouver le dernier rhinoc\u00e9ros vivant sur terre.<\/span><\/span>[\/et_pb_text][et_pb_image src=\u00a0\u00bbhttps:\/\/agir.wwf.fr\/stopextinction-saison-1\/wp-content\/uploads\/sites\/34\/2019\/11\/plus.svg\u00a0\u00bb url=\u00a0\u00bb#story-popup\u00a0\u00bb show_bottom_space=\u00a0\u00bboff\u00a0\u00bb _builder_version=\u00a0\u00bb4.0.6&Prime; width=\u00a0\u00bb6%\u00a0\u00bb module_alignment=\u00a0\u00bbcenter\u00a0\u00bb custom_margin=\u00a0\u00bb-2%||||false|false\u00a0\u00bb][\/et_pb_image][\/et_pb_column][\/et_pb_row][et_pb_row column_structure=\u00a0\u00bb2_5,3_5&Prime; _builder_version=\u00a0\u00bb4.0.6&Prime; width=\u00a0\u00bb100%\u00a0\u00bb module_alignment=\u00a0\u00bbcenter\u00a0\u00bb custom_margin=\u00a0\u00bb3vh||||false|false\u00a0\u00bb custom_padding=\u00a0\u00bb|||9vw|false|false\u00a0\u00bb custom_css_main_element=\u00a0\u00bbalign-items: center;\u00a0\u00bb locked=\u00a0\u00bboff\u00a0\u00bb][et_pb_column type=\u00a0\u00bb2_5&Prime; _builder_version=\u00a0\u00bb4.0.6&Prime; custom_padding=\u00a0\u00bb|0%|||false|false\u00a0\u00bb custom_padding__hover_enabled=\u00a0\u00bbon|desktop\u00a0\u00bb][\/et_pb_column][et_pb_column type=\u00a0\u00bb3_5&Prime; _builder_version=\u00a0\u00bb4.0.6&Prime; custom_padding=\u00a0\u00bb|0%||7%|false|false\u00a0\u00bb][et_pb_audio audio=\u00a0\u00bbhttps:\/\/agir.wwf.fr\/podcasts19\/Conte WWF &#8211; Le dernier rhinoceros.mp3&Prime; _builder_version=\u00a0\u00bb4.0.7&Prime; title_text_align=\u00a0\u00bbleft\u00a0\u00bb caption_text_color=\u00a0\u00bb#ffffff\u00a0\u00bb background_color=\u00a0\u00bbrgba(0,0,0,0)\u00a0\u00bb text_orientation=\u00a0\u00bbleft\u00a0\u00bb width=\u00a0\u00bb68vw\u00a0\u00bb width_tablet=\u00a0\u00bb\u00a0\u00bb width_phone=\u00a0\u00bb\u00a0\u00bb width_last_edited=\u00a0\u00bbon|phone\u00a0\u00bb max_width_tablet=\u00a0\u00bb\u00a0\u00bb max_width_phone=\u00a0\u00bb\u00a0\u00bb max_width_last_edited=\u00a0\u00bbon|phone\u00a0\u00bb custom_margin=\u00a0\u00bb|||-20%|false|false\u00a0\u00bb custom_padding=\u00a0\u00bb||||false|false\u00a0\u00bb custom_css_main_element=\u00a0\u00bbwidth:80%!important;||float:left;\u00a0\u00bb][\/et_pb_audio][et_pb_image src=\u00a0\u00bbhttps:\/\/agir.wwf.fr\/stopextinction-saison-1\/wp-content\/uploads\/sites\/34\/2019\/11\/download.svg\u00a0\u00bb url=\u00a0\u00bbhttps:\/\/agir.wwf.fr\/podcasts19\/Conte%20WWF%20-%20Le%20dernier%20rhinoceros.mp3&Prime; show_bottom_space=\u00a0\u00bboff\u00a0\u00bb align=\u00a0\u00bbcenter\u00a0\u00bb _builder_version=\u00a0\u00bb4.0.7&Prime; module_alignment=\u00a0\u00bbcenter\u00a0\u00bb max_height=\u00a0\u00bb25px\u00a0\u00bb max_height_tablet=\u00a0\u00bb\u00a0\u00bb max_height_phone=\u00a0\u00bb\u00a0\u00bb max_height_last_edited=\u00a0\u00bbon|desktop\u00a0\u00bb custom_margin=\u00a0\u00bb33px||||false|false\u00a0\u00bb custom_css_main_element=\u00a0\u00bbwidth:10%!important;||float:left;\u00a0\u00bb][\/et_pb_image][et_pb_image src=\u00a0\u00bbhttps:\/\/agir.wwf.fr\/stopextinction-saison-1\/wp-content\/uploads\/sites\/34\/2019\/11\/paper-plane.svg\u00a0\u00bb url=\u00a0\u00bbhttps:\/\/www.facebook.com\/sharer\/sharer.php?u=https:\/\/agir.wwf.fr\/stopextinction\/rhinoceros\/\u00a0\u00bb show_bottom_space=\u00a0\u00bboff\u00a0\u00bb align=\u00a0\u00bbcenter\u00a0\u00bb _builder_version=\u00a0\u00bb4.0.6&Prime; module_alignment=\u00a0\u00bbcenter\u00a0\u00bb max_height=\u00a0\u00bb24px\u00a0\u00bb custom_margin=\u00a0\u00bb36px|0vw||0vw|false|false\u00a0\u00bb custom_css_main_element=\u00a0\u00bbwidth:10%!important;||float:left;\u00a0\u00bb][\/et_pb_image][\/et_pb_column][\/et_pb_row][\/et_pb_section][et_pb_section fb_built=\u00a0\u00bb1&Prime; disabled_on=\u00a0\u00bboff|on|on\u00a0\u00bb admin_label=\u00a0\u00bbSection Mobile\u00a0\u00bb module_id=\u00a0\u00bbconte\u00a0\u00bb _builder_version=\u00a0\u00bb4.0.6&Prime; background_color=\u00a0\u00bb#000000&Prime; min_height=\u00a0\u00bb100vh\u00a0\u00bb min_height_tablet=\u00a0\u00bb\u00a0\u00bb min_height_phone=\u00a0\u00bbauto\u00a0\u00bb min_height_last_edited=\u00a0\u00bbon|phone\u00a0\u00bb][et_pb_row custom_padding_last_edited=\u00a0\u00bbon|phone\u00a0\u00bb _builder_version=\u00a0\u00bb4.0.6&Prime; background_image=\u00a0\u00bbhttps:\/\/agir.wwf.fr\/stopextinction-saison-1\/wp-content\/uploads\/sites\/34\/2019\/11\/podcast_mobile.jpg\u00a0\u00bb background_position=\u00a0\u00bbtop_center\u00a0\u00bb width=\u00a0\u00bb100%\u00a0\u00bb module_alignment=\u00a0\u00bbcenter\u00a0\u00bb custom_padding_tablet=\u00a0\u00bb\u00a0\u00bb custom_padding_phone=\u00a0\u00bb30vh||||false|false\u00a0\u00bb][et_pb_column type=\u00a0\u00bb4_4&Prime; _builder_version=\u00a0\u00bb4.0.6&Prime;][et_pb_text _builder_version=\u00a0\u00bb4.0.6&Prime; text_font=\u00a0\u00bbWWF new|200||on|||||\u00a0\u00bb text_text_color=\u00a0\u00bb#ffffff\u00a0\u00bb text_font_size=\u00a0\u00bb2em\u00a0\u00bb text_letter_spacing=\u00a0\u00bb2px\u00a0\u00bb text_line_height=\u00a0\u00bb1em\u00a0\u00bb text_orientation=\u00a0\u00bbcenter\u00a0\u00bb background_layout=\u00a0\u00bbdark\u00a0\u00bb]<\/p>\n<p>\u00e9coutez : le dernier rhinoc\u00e9ros<\/p>\n<p>[\/et_pb_text][et_pb_image src=\u00a0\u00bbhttps:\/\/agir.wwf.fr\/stopextinction-saison-1\/wp-content\/uploads\/sites\/34\/2019\/11\/Ellipse-2-1.png\u00a0\u00bb align=\u00a0\u00bbcenter\u00a0\u00bb _builder_version=\u00a0\u00bb4.0.6&Prime;][\/et_pb_image][et_pb_text _builder_version=\u00a0\u00bb4.0.6&Prime; text_text_color=\u00a0\u00bb#ffffff\u00a0\u00bb text_line_height=\u00a0\u00bb1em\u00a0\u00bb text_orientation=\u00a0\u00bbcenter\u00a0\u00bb]<\/p>\n<p style=\"text-align: center;\">par Erik L&rsquo;homme, cont\u00e9 par Benoit Allemane,<br \/> com\u00e9dien<\/p>\n<p>[\/et_pb_text][\/et_pb_column][\/et_pb_row][et_pb_row _builder_version=\u00a0\u00bb4.0.6&Prime;][et_pb_column type=\u00a0\u00bb4_4&Prime; _builder_version=\u00a0\u00bb4.0.6&Prime;][et_pb_audio audio=\u00a0\u00bbhttps:\/\/agir.wwf.fr\/podcasts19\/Conte WWF &#8211; Le dernier rhinoceros.mp3&Prime; _builder_version=\u00a0\u00bb4.0.7&Prime; title_text_align=\u00a0\u00bbleft\u00a0\u00bb caption_text_color=\u00a0\u00bb#ffffff\u00a0\u00bb background_color=\u00a0\u00bbrgba(0,0,0,0)\u00a0\u00bb text_orientation=\u00a0\u00bbleft\u00a0\u00bb width_tablet=\u00a0\u00bb\u00a0\u00bb width_phone=\u00a0\u00bb\u00a0\u00bb width_last_edited=\u00a0\u00bbon|desktop\u00a0\u00bb max_width_tablet=\u00a0\u00bb\u00a0\u00bb max_width_phone=\u00a0\u00bb\u00a0\u00bb max_width_last_edited=\u00a0\u00bbon|phone\u00a0\u00bb custom_margin=\u00a0\u00bb||||false|false\u00a0\u00bb custom_padding=\u00a0\u00bb||||false|false\u00a0\u00bb][\/et_pb_audio][\/et_pb_column][\/et_pb_row][et_pb_row column_structure=\u00a0\u00bb1_3,1_3,1_3&Prime; _builder_version=\u00a0\u00bb4.0.6&Prime;][et_pb_column type=\u00a0\u00bb1_3&Prime; _builder_version=\u00a0\u00bb4.0.6&Prime; custom_css_main_element=\u00a0\u00bbfloat:left !important;||width:33% !important;\u00a0\u00bb custom_css_main_element_last_edited=\u00a0\u00bbon|phone\u00a0\u00bb custom_css_main_element_phone=\u00a0\u00bbfloat:left !important;||width:33% !important;\u00a0\u00bb][et_pb_image src=\u00a0\u00bbhttps:\/\/agir.wwf.fr\/stopextinction-saison-1\/wp-content\/uploads\/sites\/34\/2019\/11\/download.svg\u00a0\u00bb url=\u00a0\u00bbhttps:\/\/agir.wwf.fr\/podcasts19\/Conte%20WWF%20-%20Le%20dernier%20rhinoceros.mp3&Prime; show_bottom_space=\u00a0\u00bboff\u00a0\u00bb align=\u00a0\u00bbcenter\u00a0\u00bb _builder_version=\u00a0\u00bb4.0.7&Prime; max_width=\u00a0\u00bb25px\u00a0\u00bb module_alignment=\u00a0\u00bbcenter\u00a0\u00bb max_height=\u00a0\u00bb25px\u00a0\u00bb max_height_tablet=\u00a0\u00bb\u00a0\u00bb max_height_phone=\u00a0\u00bb\u00a0\u00bb max_height_last_edited=\u00a0\u00bbon|phone\u00a0\u00bb custom_margin=\u00a0\u00bb|-2vw|||false|false\u00a0\u00bb][\/et_pb_image][\/et_pb_column][et_pb_column type=\u00a0\u00bb1_3&Prime; _builder_version=\u00a0\u00bb4.0.6&Prime; custom_css_main_element_last_edited=\u00a0\u00bbon|phone\u00a0\u00bb custom_css_main_element_phone=\u00a0\u00bbfloat:left !important;||width:33% !important;\u00a0\u00bb][et_pb_image src=\u00a0\u00bbhttps:\/\/agir.wwf.fr\/stopextinction-saison-1\/wp-content\/uploads\/sites\/34\/2019\/11\/plus.svg\u00a0\u00bb url=\u00a0\u00bbhttps:\/\/agir.wwf.fr\/cfa19\/conte-tigre\/\u00a0\u00bb url_new_window=\u00a0\u00bbon\u00a0\u00bb show_bottom_space=\u00a0\u00bboff\u00a0\u00bb align=\u00a0\u00bbcenter\u00a0\u00bb _builder_version=\u00a0\u00bb4.0.6&Prime; max_width=\u00a0\u00bb25px\u00a0\u00bb module_alignment=\u00a0\u00bbcenter\u00a0\u00bb max_height=\u00a0\u00bb25px\u00a0\u00bb max_height_tablet=\u00a0\u00bb\u00a0\u00bb max_height_phone=\u00a0\u00bb\u00a0\u00bb max_height_last_edited=\u00a0\u00bbon|phone\u00a0\u00bb custom_margin=\u00a0\u00bb|-2vw|||false|false\u00a0\u00bb custom_padding_tablet=\u00a0\u00bb\u00a0\u00bb custom_padding_phone=\u00a0\u00bb2px||||false|false\u00a0\u00bb custom_padding_last_edited=\u00a0\u00bbon|phone\u00a0\u00bb][\/et_pb_image][\/et_pb_column][et_pb_column type=\u00a0\u00bb1_3&Prime; _builder_version=\u00a0\u00bb4.0.6&Prime; custom_css_main_element_last_edited=\u00a0\u00bbon|phone\u00a0\u00bb custom_css_main_element_phone=\u00a0\u00bbfloat:left !important;||width:33% !important;||margin-bottom:30px !important;\u00a0\u00bb][et_pb_image src=\u00a0\u00bbhttps:\/\/agir.wwf.fr\/stopextinction-saison-1\/wp-content\/uploads\/sites\/34\/2019\/11\/paper-plane.svg\u00a0\u00bb url=\u00a0\u00bbhttps:\/\/www.facebook.com\/sharer\/sharer.php?u=https:\/\/agir.wwf.fr\/stopextinction\/rhinoceros\/\u00a0\u00bb show_bottom_space=\u00a0\u00bboff\u00a0\u00bb align=\u00a0\u00bbcenter\u00a0\u00bb _builder_version=\u00a0\u00bb4.0.6&Prime; max_width=\u00a0\u00bb50px\u00a0\u00bb module_alignment=\u00a0\u00bbcenter\u00a0\u00bb max_height=\u00a0\u00bb25px\u00a0\u00bb custom_margin=\u00a0\u00bb|0vw||0vw|false|false\u00a0\u00bb custom_padding_tablet=\u00a0\u00bb\u00a0\u00bb custom_padding_phone=\u00a0\u00bb4px||||false|false\u00a0\u00bb custom_padding_last_edited=\u00a0\u00bbon|phone\u00a0\u00bb][\/et_pb_image][\/et_pb_column][\/et_pb_row][\/et_pb_section][et_pb_section fb_built=\u00a0\u00bb1&Prime; disabled_on=\u00a0\u00bbon|off|off\u00a0\u00bb module_id=\u00a0\u00bbstory-popup\u00a0\u00bb module_class=\u00a0\u00bbpopup\u00a0\u00bb _builder_version=\u00a0\u00bb4.0.6&Prime; background_image=\u00a0\u00bbhttps:\/\/agir.wwf.fr\/stopextinction-saison-1\/wp-content\/uploads\/sites\/34\/2019\/11\/podcast-1.jpg\u00a0\u00bb background_position=\u00a0\u00bbcenter_left\u00a0\u00bb height=\u00a0\u00bb100vh\u00a0\u00bb custom_padding=\u00a0\u00bb145px||144px|||\u00a0\u00bb animation_style=\u00a0\u00bbfade\u00a0\u00bb][et_pb_row column_structure=\u00a0\u00bb2_5,3_5&Prime; _builder_version=\u00a0\u00bb4.0.6&Prime;][et_pb_column type=\u00a0\u00bb2_5&Prime; _builder_version=\u00a0\u00bb4.0.6&Prime;][\/et_pb_column][et_pb_column type=\u00a0\u00bb3_5&Prime; _builder_version=\u00a0\u00bb4.0.6&Prime;][et_pb_code _builder_version=\u00a0\u00bb4.0.6&Prime; filter_brightness=\u00a0\u00bb200%\u00a0\u00bb]<\/p>\n<div style=\"height:auto;width:100%;border:0px; color=white; font:16px\/28px Open Sans; overflow:auto;\"><!-- [et_pb_line_break_holder] --><!\u2013- [et_pb_br_holder] -\u2013><!-- [et_pb_line_break_holder] -->Le photographe marchait sur le sentier incertain qui serpentait au fin fond de la jungle. L\u2019air \u00e9tait moite, il avait du mal \u00e0 respirer. Le sac qu\u2019il portait sur le dos lui sciait les \u00e9paules, et l\u2019appareil photo autour du cou battait durement sa poitrine. Mais rien de tout cela n\u2019avait d\u2019importance. Seul comptait son objectif \u2013 sa qu\u00eate\u00a0: trouver le dernier rhinoc\u00e9ros vivant sur terre.<!-- [et_pb_line_break_holder] --><!\u2013- [et_pb_br_holder] -\u2013><!\u2013- [et_pb_br_holder] -\u2013><!-- [et_pb_line_break_holder] -->En 1800, il existait un million de rhinoc\u00e9ros dans la nature. En\u00a02016, moins de trente mille. Et \u00e0 l\u2019\u00e9poque du photographe, c\u2019\u00e9tait fini. Mais la rumeur \u00e9voquait la survie, au plus profond de la for\u00eat primaire de Born\u00e9o, d\u2019un ultime sp\u00e9cimen. Un dernier rhinoc\u00e9ros, dit de Sumatra, *Dicerorhinus sumatrensis*. Beaucoup de chasseurs s\u2019\u00e9taient lanc\u00e9s sur sa piste puis avaient renonc\u00e9. Pas lui, pas le photographe. Il avait consacr\u00e9 sa vie \u00e0 cette recherche aussi vaine qu\u2019essentielle. Les \u00e9l\u00e9phants avaient tous disparu, les tigres aussi, les ours polaires n\u2019existaient plus et les dugongs avaient rejoint les sir\u00e8nes dans la l\u00e9gende. Le photographe se disait que s\u2019il y avait une chance, m\u00eame infime, qu\u2019un rhinoc\u00e9ros ait pu survivre, il n\u2019avait pas le droit de passer \u00e0 c\u00f4t\u00e9.<!-- [et_pb_line_break_holder] --><!\u2013- [et_pb_br_holder] -\u2013><!\u2013- [et_pb_br_holder] -\u2013><!-- [et_pb_line_break_holder] -->La piste que suivait le photographe s\u2019enfon\u00e7ait toujours plus loin dans l\u2019\u00e9paisseur de la sylve. Est-ce qu\u2019il mettait ses pas dans les empreintes en forme de tr\u00e8fle du *Dicerorhinus*\u00a0? Il distinguait \u00e0 peine le sol, car les rayons du soleil \u00e9taient arr\u00eat\u00e9s par des feuillages grands comme des voiles. Le photographe s\u2019\u00e9tonnait que tout soit silencieux, alors qu\u2019avant, la for\u00eat \u00e9tait remplie de froissements. Avant, avant les grands incendies et la d\u00e9forestation enrag\u00e9e\u2026 C\u2019\u00e9tait un vieil homme, un Bidayuh, qui lui avait parl\u00e9 de ce chemin. Un secret partag\u00e9 par les mourants. Car les peuples Bidayuh, les \u00ab\u00a0habitants de la terre\u00a0\u00bb, \u00e9taient eux aussi aval\u00e9s par la voracit\u00e9 et l\u2019indiff\u00e9rence du monde. <!-- [et_pb_line_break_holder] --><!\u2013- [et_pb_br_holder] -\u2013><!\u2013- [et_pb_br_holder] -\u2013><!-- [et_pb_line_break_holder] -->Le photographe marchait, allait toujours plus avant dans la jungle. <!-- [et_pb_line_break_holder] --><!\u2013- [et_pb_br_holder] -\u2013><!\u2013- [et_pb_br_holder] -\u2013><!-- [et_pb_line_break_holder] -->Il pensait \u00e0 son rhinoc\u00e9ros. Il trouvait fascinant qu\u2019avec sa petite taille l\u2019esp\u00e8ce de Sumatra soit si diff\u00e9rente des autres, alors qu\u2019avec sa fourrure elle \u00e9tait si proche du rhinoc\u00e9ros laineux de la pr\u00e9histoire. Mais ces b\u00eates \u00e9taient toutes semblables par leurs cornes, qui n\u2019\u00e9taient pas de l\u2019os, juste de la k\u00e9ratine, comme les cheveux ou les ongles, ces cornes qui reliaient les rhinoc\u00e9ros au ciel, et \u00e0 l\u2019enfer aussi, puisque c\u2019\u00e9tait pour elles, pour les fantasmes qu\u2019ils y projetaient, que les hommes les avaient chass\u00e9s. <!-- [et_pb_line_break_holder] --><!\u2013- [et_pb_br_holder] -\u2013><!\u2013- [et_pb_br_holder] -\u2013><!-- [et_pb_line_break_holder] -->Jusqu\u2019au dernier.<!-- [et_pb_line_break_holder] --><!\u2013- [et_pb_br_holder] -\u2013><!\u2013- [et_pb_br_holder] -\u2013><!-- [et_pb_line_break_holder] -->Le sentier s\u2019arr\u00eata dans une clairi\u00e8re qui faisait une \u00e9norme tache de lumi\u00e8re parmi les arbres, pareils aux colonnes d\u2019un temple. Au milieu, il y avait un squelette blanchi par le passage du temps. Le photographe ne comprit pas tout de suite qu\u2019il avait atteint son but\u00a0: c\u2019\u00e9tait le dernier rhinoc\u00e9ros, venu mourir dans la qui\u00e9tude de la for\u00eat profonde. Un grand oiseau l\u2019avait rejoint dans la mort, et les os de ses ailes d\u00e9ploy\u00e9es de part et d\u2019autre de la b\u00eate cornue donnaient l\u2019impression \u00e9trange qu\u2019il s\u2019agissait d\u2019un m\u00eame animal. <!-- [et_pb_line_break_holder] --><!\u2013- [et_pb_br_holder] -\u2013><!\u2013- [et_pb_br_holder] -\u2013><!-- [et_pb_line_break_holder] -->Le photographe prit un clich\u00e9, un seul, qui alimenterait pour des si\u00e8cles d\u2019interminables discussions sur ce que furent les rhinoc\u00e9ros. <!-- [et_pb_line_break_holder] --><!\u2013- [et_pb_br_holder] -\u2013><!\u2013- [et_pb_br_holder] -\u2013><!-- [et_pb_line_break_holder] -->Puis il tomba \u00e0 genoux et se mit \u00e0 pleurer.   <!-- [et_pb_line_break_holder] --><!\u2013- [et_pb_br_holder] -\u2013><!-- [et_pb_line_break_holder] --><\/div>\n<p>[\/et_pb_code][\/et_pb_column][\/et_pb_row][\/et_pb_section][et_pb_section fb_built=\u00a0\u00bb1&Prime; _builder_version=\u00a0\u00bb4.0.6&Prime; background_image=\u00a0\u00bbhttps:\/\/agir.wwf.fr\/stopextinction-saison-1\/wp-content\/uploads\/sites\/34\/2019\/11\/dons.jpg\u00a0\u00bb parallax=\u00a0\u00bbon\u00a0\u00bb parallax_method=\u00a0\u00bboff\u00a0\u00bb min_height=\u00a0\u00bb100vh\u00a0\u00bb custom_margin=\u00a0\u00bb||-3px|||\u00a0\u00bb custom_padding=\u00a0\u00bb42px||61px|||\u00a0\u00bb background_last_edited=\u00a0\u00bbon|phone\u00a0\u00bb background_image_phone=\u00a0\u00bbhttps:\/\/agir.wwf.fr\/stopextinction-saison-1\/wp-content\/uploads\/sites\/34\/2019\/11\/bg-don-mobile.jpg\u00a0\u00bb background_enable_image_phone=\u00a0\u00bbon\u00a0\u00bb parallax_phone=\u00a0\u00bboff\u00a0\u00bb background_position_phone=\u00a0\u00bbtop_center\u00a0\u00bb custom_css_main_element=\u00a0\u00bbmin-height: 100vh;||align-items: center;||margin: auto auto 0;\u00a0\u00bb][et_pb_row column_structure=\u00a0\u00bb1_2,1_2&Prime; use_custom_gutter=\u00a0\u00bbon\u00a0\u00bb gutter_width=\u00a0\u00bb4&Prime; _builder_version=\u00a0\u00bb4.0.6&Prime; min_height=\u00a0\u00bb350px\u00a0\u00bb min_height_tablet=\u00a0\u00bb\u00a0\u00bb min_height_phone=\u00a0\u00bb\u00a0\u00bb min_height_last_edited=\u00a0\u00bbon|phone\u00a0\u00bb custom_margin=\u00a0\u00bb8%|auto|-8%|20%|false|false\u00a0\u00bb custom_margin_tablet=\u00a0\u00bb||||false|false\u00a0\u00bb custom_margin_phone=\u00a0\u00bb20vh||||false|false\u00a0\u00bb custom_margin_last_edited=\u00a0\u00bbon|phone\u00a0\u00bb][et_pb_column type=\u00a0\u00bb1_2&Prime; _builder_version=\u00a0\u00bb4.0.6&Prime;][et_pb_text _builder_version=\u00a0\u00bb4.0.6&Prime; text_font_size=\u00a0\u00bb1em\u00a0\u00bb header_font=\u00a0\u00bb|||on|||||\u00a0\u00bb header_text_color=\u00a0\u00bb#ffffff\u00a0\u00bb header_font_size=\u00a0\u00bb3em\u00a0\u00bb header_letter_spacing=\u00a0\u00bb1px\u00a0\u00bb header_line_height=\u00a0\u00bb1.2em\u00a0\u00bb background_layout=\u00a0\u00bbdark\u00a0\u00bb width=\u00a0\u00bb95.9%\u00a0\u00bb custom_margin=\u00a0\u00bb||||false|false\u00a0\u00bb custom_padding=\u00a0\u00bb|10%|||false|false\u00a0\u00bb animation_style=\u00a0\u00bbslide\u00a0\u00bb animation_direction=\u00a0\u00bbbottom\u00a0\u00bb animation_intensity_slide=\u00a0\u00bb5%\u00a0\u00bb text_font_size_tablet=\u00a0\u00bb\u00a0\u00bb text_font_size_phone=\u00a0\u00bb1em\u00a0\u00bb text_font_size_last_edited=\u00a0\u00bbon|phone\u00a0\u00bb header_font_size_tablet=\u00a0\u00bb\u00a0\u00bb header_font_size_phone=\u00a0\u00bb2em\u00a0\u00bb header_font_size_last_edited=\u00a0\u00bbon|phone\u00a0\u00bb]<\/p>\n<h1>agissez pour<br \/>conserver le rhinoc\u00e9ros dans le monde r\u00e9el<\/h1>\n<p>[\/et_pb_text][\/et_pb_column][et_pb_column type=\u00a0\u00bb1_2&Prime; _builder_version=\u00a0\u00bb4.0.6&Prime;][\/et_pb_column][\/et_pb_row][et_pb_row column_structure=\u00a0\u00bb1_4,1_4,1_4,1_4&Prime; use_custom_gutter=\u00a0\u00bbon\u00a0\u00bb gutter_width=\u00a0\u00bb1&Prime; custom_padding_last_edited=\u00a0\u00bbon|phone\u00a0\u00bb _builder_version=\u00a0\u00bb4.0.6&Prime; max_width_tablet=\u00a0\u00bb\u00a0\u00bb max_width_phone=\u00a0\u00bb\u00a0\u00bb max_width_last_edited=\u00a0\u00bbon|phone\u00a0\u00bb min_height=\u00a0\u00bb195px\u00a0\u00bb min_height_tablet=\u00a0\u00bb\u00a0\u00bb min_height_phone=\u00a0\u00bb\u00a0\u00bb min_height_last_edited=\u00a0\u00bbon|phone\u00a0\u00bb height_tablet=\u00a0\u00bb\u00a0\u00bb height_phone=\u00a0\u00bb\u00a0\u00bb height_last_edited=\u00a0\u00bbon|phone\u00a0\u00bb custom_margin=\u00a0\u00bb|auto||20%|false|false\u00a0\u00bb custom_margin_tablet=\u00a0\u00bb-5vh||||false|false\u00a0\u00bb custom_margin_phone=\u00a0\u00bb-4em||||false|false\u00a0\u00bb custom_margin_last_edited=\u00a0\u00bbon|tablet\u00a0\u00bb custom_padding=\u00a0\u00bb||||false|false\u00a0\u00bb custom_padding_tablet=\u00a0\u00bb\u00a0\u00bb custom_padding_phone=\u00a0\u00bb0em||||false|false\u00a0\u00bb animation_style=\u00a0\u00bbfade\u00a0\u00bb height__hover_enabled=\u00a0\u00bbon|desktop\u00a0\u00bb][et_pb_column type=\u00a0\u00bb1_4&Prime; _builder_version=\u00a0\u00bb4.0.6&Prime; custom_padding=\u00a0\u00bb0px||||false|false\u00a0\u00bb custom_padding_tablet=\u00a0\u00bb\u00a0\u00bb custom_padding_phone=\u00a0\u00bb\u00a0\u00bb custom_padding_last_edited=\u00a0\u00bbon|phone\u00a0\u00bb custom_css_main_element=\u00a0\u00bbclear:both;\u00a0\u00bb][et_pb_text _builder_version=\u00a0\u00bb4.0.6&Prime; text_font_size=\u00a0\u00bb1em\u00a0\u00bb header_font_size=\u00a0\u00bb3em\u00a0\u00bb custom_margin=\u00a0\u00bb||||false|false\u00a0\u00bb custom_margin_tablet=\u00a0\u00bb\u00a0\u00bb custom_margin_phone=\u00a0\u00bb||||false|false\u00a0\u00bb custom_margin_last_edited=\u00a0\u00bbon|phone\u00a0\u00bb header_font_size_tablet=\u00a0\u00bb\u00a0\u00bb header_font_size_phone=\u00a0\u00bb2em\u00a0\u00bb header_font_size_last_edited=\u00a0\u00bbon|phone\u00a0\u00bb]<\/p>\n<h1><span style=\"color: #ffffff\">80 \u20ac<\/span><\/h1>\n<p><span style=\"color: #ffffff\">Votre don ne vous co\u00fbte r\u00e9ellement que 27\u20ac apr\u00e8s d\u00e9duction fiscale<\/span><\/p>\n<p>[\/et_pb_text][et_pb_button button_url=\u00a0\u00bbhttps:\/\/faireundon.wwf.fr\/b?cid=223&#038;lang=fr_FR&#038;amount=8000&#038;frequency=once\u00a0\u00bb button_text=\u00a0\u00bbFAIRE UN DON\u00a0\u00bb button_alignment=\u00a0\u00bbleft\u00a0\u00bb disabled_on=\u00a0\u00bboff|off|off\u00a0\u00bb _builder_version=\u00a0\u00bb4.0.6&Prime; custom_button=\u00a0\u00bbon\u00a0\u00bb button_letter_spacing=\u00a0\u00bb2px\u00a0\u00bb button_font=\u00a0\u00bbWWF new|300|||||||\u00a0\u00bb button_use_icon=\u00a0\u00bboff\u00a0\u00bb custom_margin=\u00a0\u00bb3vh||||false|false\u00a0\u00bb animation_style=\u00a0\u00bbslide\u00a0\u00bb animation_direction=\u00a0\u00bbbottom\u00a0\u00bb][\/et_pb_button][\/et_pb_column][et_pb_column type=\u00a0\u00bb1_4&Prime; _builder_version=\u00a0\u00bb4.0.6&Prime;][et_pb_text _builder_version=\u00a0\u00bb4.0.6&Prime; text_font_size=\u00a0\u00bb1em\u00a0\u00bb header_font_size=\u00a0\u00bb3em\u00a0\u00bb custom_margin_tablet=\u00a0\u00bb\u00a0\u00bb custom_margin_phone=\u00a0\u00bb5vh||||false|false\u00a0\u00bb custom_margin_last_edited=\u00a0\u00bbon|phone\u00a0\u00bb header_font_size_tablet=\u00a0\u00bb\u00a0\u00bb header_font_size_phone=\u00a0\u00bb2em\u00a0\u00bb header_font_size_last_edited=\u00a0\u00bbon|phone\u00a0\u00bb]<\/p>\n<h1><span style=\"color: #ffffff\">100 \u20ac<\/span><\/h1>\n<p><span style=\"color: #ffffff\">Votre don ne vous co\u00fbte r\u00e9ellement que 34\u20ac apr\u00e8s d\u00e9duction fiscale<\/span><\/p>\n<p>[\/et_pb_text][et_pb_button button_url=\u00a0\u00bbhttps:\/\/faireundon.wwf.fr\/b?cid=223&#038;lang=fr_FR&#038;amount=10000&#038;frequency=once\u00a0\u00bb button_text=\u00a0\u00bbFAIRE UN DON\u00a0\u00bb button_alignment=\u00a0\u00bbleft\u00a0\u00bb disabled_on=\u00a0\u00bboff|off|off\u00a0\u00bb _builder_version=\u00a0\u00bb4.0.6&Prime; custom_button=\u00a0\u00bbon\u00a0\u00bb button_letter_spacing=\u00a0\u00bb2px\u00a0\u00bb button_font=\u00a0\u00bbWWF new|300|||||||\u00a0\u00bb button_use_icon=\u00a0\u00bboff\u00a0\u00bb custom_margin=\u00a0\u00bb3vh||||false|false\u00a0\u00bb animation_style=\u00a0\u00bbslide\u00a0\u00bb animation_direction=\u00a0\u00bbbottom\u00a0\u00bb][\/et_pb_button][\/et_pb_column][et_pb_column type=\u00a0\u00bb1_4&Prime; _builder_version=\u00a0\u00bb4.0.6&Prime;][et_pb_text _builder_version=\u00a0\u00bb4.0.6&Prime; text_font_size=\u00a0\u00bb1em\u00a0\u00bb header_font_size=\u00a0\u00bb3em\u00a0\u00bb custom_margin_tablet=\u00a0\u00bb||||false|false\u00a0\u00bb custom_margin_phone=\u00a0\u00bb5vh||1px||false|false\u00a0\u00bb custom_margin_last_edited=\u00a0\u00bbon|phone\u00a0\u00bb custom_padding=\u00a0\u00bb||||false|false\u00a0\u00bb custom_padding_tablet=\u00a0\u00bb\u00a0\u00bb custom_padding_phone=\u00a0\u00bb\u00a0\u00bb custom_padding_last_edited=\u00a0\u00bbon|tablet\u00a0\u00bb header_font_size_tablet=\u00a0\u00bb\u00a0\u00bb header_font_size_phone=\u00a0\u00bb2em\u00a0\u00bb header_font_size_last_edited=\u00a0\u00bbon|phone\u00a0\u00bb]<\/p>\n<h1><span style=\"color: #ffffff\">120 \u20ac<\/span><\/h1>\n<p><span style=\"color: #ffffff\">Votre don ne vous co\u00fbte r\u00e9ellement que 41\u20ac apr\u00e8s d\u00e9duction fiscale<\/span><\/p>\n<p>[\/et_pb_text][et_pb_button button_url=\u00a0\u00bbhttps:\/\/faireundon.wwf.fr\/b?cid=223&#038;lang=fr_FR&#038;amount=12000&#038;frequency=once\u00a0\u00bb button_text=\u00a0\u00bbFAIRE UN DON\u00a0\u00bb button_alignment=\u00a0\u00bbleft\u00a0\u00bb disabled_on=\u00a0\u00bboff|off|off\u00a0\u00bb _builder_version=\u00a0\u00bb4.0.6&Prime; custom_button=\u00a0\u00bbon\u00a0\u00bb button_letter_spacing=\u00a0\u00bb2px\u00a0\u00bb button_font=\u00a0\u00bbWWF new|300|||||||\u00a0\u00bb button_use_icon=\u00a0\u00bboff\u00a0\u00bb custom_margin=\u00a0\u00bb3vh||||false|false\u00a0\u00bb animation_style=\u00a0\u00bbslide\u00a0\u00bb animation_direction=\u00a0\u00bbbottom\u00a0\u00bb][\/et_pb_button][\/et_pb_column][et_pb_column type=\u00a0\u00bb1_4&Prime; _builder_version=\u00a0\u00bb4.0.6&Prime;][\/et_pb_column][\/et_pb_row][\/et_pb_section][et_pb_section fb_built=\u00a0\u00bb1&Prime; disabled_on=\u00a0\u00bbon|off|off\u00a0\u00bb admin_label=\u00a0\u00bbSection PC &#038; Tablette\u00a0\u00bb _builder_version=\u00a0\u00bb4.0.6&Prime; background_color=\u00a0\u00bb#000000&Prime; background_enable_image=\u00a0\u00bboff\u00a0\u00bb background_size=\u00a0\u00bbinitial\u00a0\u00bb background_repeat=\u00a0\u00bbrepeat\u00a0\u00bb custom_padding=\u00a0\u00bb4px|0px|0|0px|false|false\u00a0\u00bb z_index_tablet=\u00a0\u00bb500&Prime; box_shadow_horizontal_tablet=\u00a0\u00bb0px\u00a0\u00bb box_shadow_vertical_tablet=\u00a0\u00bb0px\u00a0\u00bb box_shadow_blur_tablet=\u00a0\u00bb40px\u00a0\u00bb box_shadow_spread_tablet=\u00a0\u00bb0px\u00a0\u00bb global_module=\u00a0\u00bb55325&Prime;][et_pb_row column_structure=\u00a0\u00bb1_5,3_5,1_5&Prime; use_custom_gutter=\u00a0\u00bbon\u00a0\u00bb gutter_width=\u00a0\u00bb2&Prime; _builder_version=\u00a0\u00bb4.0.6&Prime; width=\u00a0\u00bb100%\u00a0\u00bb width_tablet=\u00a0\u00bb80%\u00a0\u00bb width_phone=\u00a0\u00bb80%\u00a0\u00bb width_last_edited=\u00a0\u00bbon|tablet\u00a0\u00bb max_width=\u00a0\u00bb1420px\u00a0\u00bb custom_margin=\u00a0\u00bb||||false|false\u00a0\u00bb][et_pb_column type=\u00a0\u00bb1_5&Prime; _builder_version=\u00a0\u00bb4.0.6&Prime; custom_padding=\u00a0\u00bb|0%|||false|false\u00a0\u00bb custom_padding__hover=\u00a0\u00bb|||\u00a0\u00bb][et_pb_image src=\u00a0\u00bbhttps:\/\/agir.wwf.fr\/stopextinction-saison-1\/wp-content\/uploads\/sites\/34\/2019\/11\/header_logo.gif\u00a0\u00bb show_bottom_space=\u00a0\u00bboff\u00a0\u00bb align_tablet=\u00a0\u00bb\u00a0\u00bb align_phone=\u00a0\u00bbright\u00a0\u00bb align_last_edited=\u00a0\u00bbon|phone\u00a0\u00bb disabled_on=\u00a0\u00bbon|off|off\u00a0\u00bb _builder_version=\u00a0\u00bb4.0.6&Prime; width=\u00a0\u00bb25%\u00a0\u00bb width_tablet=\u00a0\u00bb12%\u00a0\u00bb width_phone=\u00a0\u00bb\u00a0\u00bb width_last_edited=\u00a0\u00bbon|tablet\u00a0\u00bb max_width_tablet=\u00a0\u00bb\u00a0\u00bb max_width_phone=\u00a0\u00bb\u00a0\u00bb max_width_last_edited=\u00a0\u00bbon|tablet\u00a0\u00bb module_alignment=\u00a0\u00bbright\u00a0\u00bb custom_margin=\u00a0\u00bb-0.8vh||||false|false\u00a0\u00bb custom_margin_tablet=\u00a0\u00bb\u00a0\u00bb custom_margin_phone=\u00a0\u00bb\u00a0\u00bb custom_margin_last_edited=\u00a0\u00bbon|desktop\u00a0\u00bb][\/et_pb_image][\/et_pb_column][et_pb_column type=\u00a0\u00bb3_5&Prime; _builder_version=\u00a0\u00bb4.0.6&Prime; custom_padding=\u00a0\u00bb||||false|false\u00a0\u00bb][et_pb_text _builder_version=\u00a0\u00bb4.0.6&Prime; text_font=\u00a0\u00bb||||||||\u00a0\u00bb text_text_color=\u00a0\u00bb#fcfcfc\u00a0\u00bb text_font_size=\u00a0\u00bb16px\u00a0\u00bb header_font=\u00a0\u00bbWWF new|300|||||||\u00a0\u00bb header_text_color=\u00a0\u00bb#ffffff\u00a0\u00bb header_letter_spacing=\u00a0\u00bb1px\u00a0\u00bb custom_margin=\u00a0\u00bb1vh||||false|false\u00a0\u00bb custom_padding=\u00a0\u00bb30px|||||\u00a0\u00bb]<\/p>\n<h1><span style=\"color: #ffffff\">#STOPEXTINCTION<\/span><\/h1>\n<div class=\"footer-mission-text\">Ensemble, inversons la courbe de l\u2019extinction de la faune sauvage dans le monde.<\/div>\n<div class=\"footer-mission-text\"><\/div>\n<div class=\"footer-mission-text\"><\/div>\n<div class=\"footer-mission-text\"><\/div>\n<div class=\"footer-mission-text\"><\/div>\n<p>[\/et_pb_text][et_pb_text _builder_version=\u00a0\u00bb4.0.6&Prime; text_font=\u00a0\u00bbArial||||||||\u00a0\u00bb text_text_color=\u00a0\u00bb#fcfcfc\u00a0\u00bb text_font_size=\u00a0\u00bb14px\u00a0\u00bb header_font=\u00a0\u00bbWWF|800|||||||\u00a0\u00bb header_text_color=\u00a0\u00bb#ffffff\u00a0\u00bb custom_margin=\u00a0\u00bb2vw|17vw|2vw||true|false\u00a0\u00bb]<\/p>\n<div class=\"footer-inner\">\n<div class=\"footer-mission\">\n<hr \/>\n<\/div>\n<\/div>\n<div class=\"footer-inner\">\n<div class=\"footer-end-wrapper\">\n<div class=\"footer-end-inner\">\n<div class=\"footer-bank-details\"><span>66 % du montant de votre don au profit du WWF peut \u00eatre d\u00e9duit de votre imp\u00f4t sur le revenu.<\/span><br \/><span>Le Fonds Mondial pour la Nature France, dit WWF France est une Fondation reconnue d&rsquo;utilit\u00e9 publique.<\/span><br \/><span>Num\u00e9ro d\u2019enregistrement et SIREN : 302 518 667<\/span><\/div>\n<div class=\"footer-bank-details\"><\/div>\n<div class=\"footer-bank-details\">\u00a9 2019 WWF &#8211; World Wide Fund For Nature \u00a9 1986 Panda Symbol WWF \u2013 World Wide Fund For Nature (formerly World Wildlife Fund) \u00ae<\/div>\n<div class=\"footer-bank-details\">\u201cWWF\u201d is a WWF Registered Trademark<\/div>\n<\/div>\n<\/div>\n<\/div>\n<p>[\/et_pb_text][et_pb_text _builder_version=\u00a0\u00bb4.0.7&Prime; text_text_color=\u00a0\u00bb#ffffff\u00a0\u00bb text_font_size=\u00a0\u00bb14px\u00a0\u00bb custom_margin=\u00a0\u00bb-2vh||6vh||false|false\u00a0\u00bb custom_padding=\u00a0\u00bb||||false|false\u00a0\u00bb]<a href=\"\/\/www.wwf.fr\/mentions-legales\" target=\"_blank\" rel=\"noopener noreferrer\">Mentions l\u00e9gales<\/a>&nbsp; &nbsp;&nbsp;&nbsp;&nbsp;&nbsp;&nbsp;\u00a0<a href=\"https:\/\/www.wwf.fr\/politique-cookies\" target=\"_blank\" rel=\"noopener noreferrer\">Politique de cookies<\/a>&nbsp;&nbsp;&nbsp;&nbsp;&nbsp;&nbsp; <a href=\"https:\/\/agir.wwf.fr\/stopextinction\/credits\/\" target=\"_blank\" rel=\"noopener noreferrer\">Cr\u00e9dits photos<\/a>[\/et_pb_text][\/et_pb_column][et_pb_column type=\u00a0\u00bb1_5&Prime; _builder_version=\u00a0\u00bb3.25&Prime; custom_padding=\u00a0\u00bb|||\u00a0\u00bb custom_padding__hover=\u00a0\u00bb|||\u00a0\u00bb][et_pb_code _builder_version=\u00a0\u00bb4.0.6&Prime; text_orientation=\u00a0\u00bbcenter\u00a0\u00bb custom_margin=\u00a0\u00bb3vw|||-37px|false|false\u00a0\u00bb text_orientation_tablet=\u00a0\u00bb\u00a0\u00bb text_orientation_phone=\u00a0\u00bbleft\u00a0\u00bb text_orientation_last_edited=\u00a0\u00bbon|phone\u00a0\u00bb]<div class=\"et_social_networks et_social_autowidth et_social_slide et_social_circle et_social_top et_social_shortcode_0 et_social_mobile_on et_social_outer_dark\">\n\t\t\t\t\t<style type=\"text\/css\">.et_monarch .et_social_shortcode_0 li,.et_monarch .et_social_shortcode_0.et_social_circle ul li i.et_social_icon { background: #ffffff; } .et_monarch .et_social_shortcode_0.et_social_rounded .et_social_icons_container li:hover, .et_monarch .et_social_shortcode_0.et_social_rectangle .et_social_icons_container li:hover, .et_monarch .et_social_shortcode_0.et_social_circle .et_social_icons_container li:hover i.et_social_icon { background: #ffffff !important; } .et_monarch .et_social_shortcode_0 .et_social_icon, .et_monarch .et_social_shortcode_0 .et_social_networks .et_social_network_label, .et_monarch .et_social_shortcode_0 .et_social_networkname, .et_monarch .et_social_shortcode_0 .et_social_count { color: #000000 !important; } .et_monarch .et_social_shortcode_0 .et_social_icons_container li:hover .et_social_icon, .et_monarch .et_social_shortcode_0 .et_social_networks .et_social_icons_container li:hover .et_social_network_label, .et_monarch .et_social_shortcode_0 .et_social_icons_container li:hover .et_social_networkname, .et_monarch .et_social_rounded.et_social_shortcode_0 .et_social_icons_container li:hover .et_social_count, .et_monarch .et_social_rectangle.et_social_shortcode_0 .et_social_icons_container li:hover .et_social_count { color: #fe6a23 !important; }<\/style>\n\t\t\t\t\t\n\t\t\t\t\t<ul class=\"et_social_icons_container\"><li class=\"et_social_facebook\">\n\t\t\t\t\t\t<a href=\"https:\/\/www.facebook.com\/WWFFrance\/\" class=\"et_social_follow\" data-social_name=\"facebook\" data-social_type=\"follow\" data-post_id=\"0\" target=\"_blank\">\n\t\t\t\t\t\t\t<i class=\"et_social_icon et_social_icon_facebook\"><\/i>\n\t\t\t\t\t\t\t\n\t\t\t\t\t\t\t<span class=\"et_social_overlay\"><\/span>\n\t\t\t\t\t\t<\/a>\n\t\t\t\t\t<\/li><li class=\"et_social_twitter\">\n\t\t\t\t\t\t<a href=\"https:\/\/twitter.com\/WWFFRANCE\" class=\"et_social_follow\" data-social_name=\"twitter\" data-social_type=\"follow\" data-post_id=\"0\" target=\"_blank\">\n\t\t\t\t\t\t\t<i class=\"et_social_icon et_social_icon_twitter\"><\/i>\n\t\t\t\t\t\t\t\n\t\t\t\t\t\t\t<span class=\"et_social_overlay\"><\/span>\n\t\t\t\t\t\t<\/a>\n\t\t\t\t\t<\/li><li class=\"et_social_instagram\">\n\t\t\t\t\t\t<a href=\"https:\/\/www.instagram.com\/wwffrance\/\" class=\"et_social_follow\" data-social_name=\"instagram\" data-social_type=\"follow\" data-post_id=\"0\" target=\"_blank\">\n\t\t\t\t\t\t\t<i class=\"et_social_icon et_social_icon_instagram\"><\/i>\n\t\t\t\t\t\t\t\n\t\t\t\t\t\t\t<span class=\"et_social_overlay\"><\/span>\n\t\t\t\t\t\t<\/a>\n\t\t\t\t\t<\/li><\/ul>\n\t\t\t\t<\/div>[\/et_pb_code][\/et_pb_column][\/et_pb_row][\/et_pb_section][et_pb_section fb_built=\u00a0\u00bb1&Prime; custom_padding_last_edited=\u00a0\u00bbon|phone\u00a0\u00bb disabled_on=\u00a0\u00bboff|on|on\u00a0\u00bb admin_label=\u00a0\u00bbSection Mobile\u00a0\u00bb _builder_version=\u00a0\u00bb4.0.6&Prime; background_color=\u00a0\u00bb#000000&Prime; custom_padding_tablet=\u00a0\u00bb\u00a0\u00bb custom_padding_phone=\u00a0\u00bb10vh||||false|false\u00a0\u00bb][et_pb_row _builder_version=\u00a0\u00bb4.0.6&Prime; custom_margin_tablet=\u00a0\u00bb\u00a0\u00bb custom_margin_phone=\u00a0\u00bb||||false|false\u00a0\u00bb custom_margin_last_edited=\u00a0\u00bbon|phone\u00a0\u00bb][et_pb_column type=\u00a0\u00bb4_4&Prime; _builder_version=\u00a0\u00bb4.0.6&Prime;][et_pb_image src=\u00a0\u00bbhttps:\/\/agir.wwf.fr\/stopextinction-saison-1\/wp-content\/uploads\/sites\/34\/2019\/11\/logo_footer.jpg\u00a0\u00bb align=\u00a0\u00bbcenter\u00a0\u00bb _builder_version=\u00a0\u00bb4.0.6&Prime;][\/et_pb_image][et_pb_text _builder_version=\u00a0\u00bb4.0.6&Prime; text_font=\u00a0\u00bbWWF new|200||on|||||\u00a0\u00bb text_text_color=\u00a0\u00bb#ffffff\u00a0\u00bb text_font_size=\u00a0\u00bb1.8em\u00a0\u00bb text_orientation=\u00a0\u00bbcenter\u00a0\u00bb background_layout=\u00a0\u00bbdark\u00a0\u00bb]<\/p>\n<p>#STOPEXTINCTION<\/p>\n<p>[\/et_pb_text][et_pb_text _builder_version=\u00a0\u00bb4.0.6&Prime; text_orientation=\u00a0\u00bbcenter\u00a0\u00bb background_layout=\u00a0\u00bbdark\u00a0\u00bb]<\/p>\n<p>Ensemble inversons la courbe de l&rsquo;extinction de la faune sauvage dans le monde.<\/p>\n<p>[\/et_pb_text][et_pb_text _builder_version=\u00a0\u00bb4.0.6&Prime; text_orientation=\u00a0\u00bbcenter\u00a0\u00bb background_layout=\u00a0\u00bbdark\u00a0\u00bb custom_padding=\u00a0\u00bb10px||||false|false\u00a0\u00bb border_width_top=\u00a0\u00bb1px\u00a0\u00bb border_color_top=\u00a0\u00bb#ffffff\u00a0\u00bb]<\/p>\n<p>Nous suivre<\/p>\n<p>[\/et_pb_text][et_pb_code raw_content_last_edited=\u00a0\u00bboff|desktop\u00a0\u00bb _builder_version=\u00a0\u00bb4.0.6&Prime; text_orientation=\u00a0\u00bbcenter\u00a0\u00bb custom_margin=\u00a0\u00bb3vw||||false|false\u00a0\u00bb text_orientation_tablet=\u00a0\u00bbcenter\u00a0\u00bb text_orientation_phone=\u00a0\u00bbcenter\u00a0\u00bb text_orientation_last_edited=\u00a0\u00bbon|phone\u00a0\u00bb]<\/p>\n<div class=\"mobile_rs\"><!-- [et_pb_line_break_holder] --><div class=\"et_social_networks et_social_autowidth et_social_slide et_social_circle et_social_top et_social_shortcode_1 et_social_mobile_on et_social_outer_dark\">\n\t\t\t\t\t<style type=\"text\/css\">.et_monarch .et_social_shortcode_1 li,.et_monarch .et_social_shortcode_1.et_social_circle ul li i.et_social_icon { background: #ffffff; } .et_monarch .et_social_shortcode_1.et_social_rounded .et_social_icons_container li:hover, .et_monarch .et_social_shortcode_1.et_social_rectangle .et_social_icons_container li:hover, .et_monarch .et_social_shortcode_1.et_social_circle .et_social_icons_container li:hover i.et_social_icon { background: #ffffff !important; } .et_monarch .et_social_shortcode_1 .et_social_icon, .et_monarch .et_social_shortcode_1 .et_social_networks .et_social_network_label, .et_monarch .et_social_shortcode_1 .et_social_networkname, .et_monarch .et_social_shortcode_1 .et_social_count { color: #000000 !important; } .et_monarch .et_social_shortcode_1 .et_social_icons_container li:hover .et_social_icon, .et_monarch .et_social_shortcode_1 .et_social_networks .et_social_icons_container li:hover .et_social_network_label, .et_monarch .et_social_shortcode_1 .et_social_icons_container li:hover .et_social_networkname, .et_monarch .et_social_rounded.et_social_shortcode_1 .et_social_icons_container li:hover .et_social_count, .et_monarch .et_social_rectangle.et_social_shortcode_1 .et_social_icons_container li:hover .et_social_count { color: #fe6a23 !important; }<\/style>\n\t\t\t\t\t\n\t\t\t\t\t<ul class=\"et_social_icons_container\"><li class=\"et_social_facebook\">\n\t\t\t\t\t\t<a href=\"https:\/\/www.facebook.com\/WWFFrance\/\" class=\"et_social_follow\" data-social_name=\"facebook\" data-social_type=\"follow\" data-post_id=\"0\" target=\"_blank\">\n\t\t\t\t\t\t\t<i class=\"et_social_icon et_social_icon_facebook\"><\/i>\n\t\t\t\t\t\t\t\n\t\t\t\t\t\t\t<span class=\"et_social_overlay\"><\/span>\n\t\t\t\t\t\t<\/a>\n\t\t\t\t\t<\/li><li class=\"et_social_twitter\">\n\t\t\t\t\t\t<a href=\"https:\/\/twitter.com\/WWFFRANCE\" class=\"et_social_follow\" data-social_name=\"twitter\" data-social_type=\"follow\" data-post_id=\"0\" target=\"_blank\">\n\t\t\t\t\t\t\t<i class=\"et_social_icon et_social_icon_twitter\"><\/i>\n\t\t\t\t\t\t\t\n\t\t\t\t\t\t\t<span class=\"et_social_overlay\"><\/span>\n\t\t\t\t\t\t<\/a>\n\t\t\t\t\t<\/li><li class=\"et_social_instagram\">\n\t\t\t\t\t\t<a href=\"https:\/\/www.instagram.com\/wwffrance\/\" class=\"et_social_follow\" data-social_name=\"instagram\" data-social_type=\"follow\" data-post_id=\"0\" target=\"_blank\">\n\t\t\t\t\t\t\t<i class=\"et_social_icon et_social_icon_instagram\"><\/i>\n\t\t\t\t\t\t\t\n\t\t\t\t\t\t\t<span class=\"et_social_overlay\"><\/span>\n\t\t\t\t\t\t<\/a>\n\t\t\t\t\t<\/li><\/ul>\n\t\t\t\t<\/div><!-- [et_pb_line_break_holder] -->  <\/div>\n<p>[\/et_pb_code][et_pb_text _builder_version=\u00a0\u00bb4.0.6&Prime; text_font=\u00a0\u00bbArial||||||||\u00a0\u00bb text_text_color=\u00a0\u00bb#fcfcfc\u00a0\u00bb text_font_size=\u00a0\u00bb14px\u00a0\u00bb header_font=\u00a0\u00bbWWF|800|||||||\u00a0\u00bb header_text_color=\u00a0\u00bb#ffffff\u00a0\u00bb text_orientation=\u00a0\u00bbcenter\u00a0\u00bb custom_margin=\u00a0\u00bb2vw||2vw||true|false\u00a0\u00bb custom_padding_tablet=\u00a0\u00bb\u00a0\u00bb custom_padding_phone=\u00a0\u00bb\u00a0\u00bb custom_padding_last_edited=\u00a0\u00bbon|phone\u00a0\u00bb]<\/p>\n<p style=\"text-align: center;\"><span>66 % du montant de votre don au profit du WWF peut \u00eatre d\u00e9duit de votre imp\u00f4t sur le revenu.<\/span><br \/><span>Le Fonds Mondial pour la Nature France, dit WWF France est une Fondation reconnue d&rsquo;utilit\u00e9 publique.<\/span><br \/><span>Num\u00e9ro d\u2019enregistrement et SIREN : 302 518 667<\/span><\/p>\n<p style=\"text-align: center;\">\u00a9 2019 WWF &#8211; World Wide Fund For Nature \u00a9 1986 Panda Symbol WWF \u2013 World Wide Fund For Nature (formerly World Wildlife Fund)<\/p>\n<p style=\"text-align: center;\">\u00ae\u201cWWF\u201d is a WWF Registered Trademark<\/p>\n<p>[\/et_pb_text][\/et_pb_column][\/et_pb_row][\/et_pb_section]<\/p>\n","protected":false},"excerpt":{"rendered":"<p>Cinq sur les six esp\u00e8ces de rhinoc\u00e9ros sont menac\u00e9es de disparition. Leur corne qui leur permet de se d\u00e9fendre est devenue leur mal\u00e9diction.Faire un don, c\u2019est agir aux c\u00f4t\u00e9s de WWF pour prot\u00e9ger\u00a0les esp\u00e8ces menac\u00e9es d\u2019extinction et leur permettre\u00a0d\u2019\u00e9voluer librement dans leur \u00e9cosyst\u00e8me.Benoit Allemane \u00a0nous conteLe dernier rhinoc\u00e9ros N&rsquo;attendons pas qu&rsquo;il devienne imaginaire Ensemble, conservons [&hellip;]<\/p>\n","protected":false},"author":5,"featured_media":55106,"parent":0,"menu_order":0,"comment_status":"closed","ping_status":"closed","template":"","meta":{"_et_pb_use_builder":"on","_et_pb_old_content":"","_et_gb_content_width":""},"yoast_head":"<!-- This site is optimized with the Yoast SEO plugin v21.1 - https:\/\/yoast.com\/wordpress\/plugins\/seo\/ -->\n<title>WWF Stop Extinction Saison 1 - N&#039;attendons pas que la faune sauvage devienne imaginaire. Agissons ensemble.<\/title>\n<meta name=\"description\" content=\"N&#039;attendons pas que la faune sauvage devienne imaginaire. Agissons ensemble.\" \/>\n<meta name=\"robots\" content=\"index, follow, max-snippet:-1, max-image-preview:large, max-video-preview:-1\" \/>\n<link rel=\"canonical\" href=\"https:\/\/agir.wwf.fr\/stopextinction-saison-1\/rhinoceros\/\" \/>\n<meta property=\"og:locale\" content=\"fr_FR\" \/>\n<meta property=\"og:type\" content=\"article\" \/>\n<meta property=\"og:title\" content=\"WWF Stop Extinction Saison 1 - N&#039;attendons pas que la faune sauvage devienne imaginaire. Agissons ensemble.\" \/>\n<meta property=\"og:description\" content=\"N&#039;attendons pas que la faune sauvage devienne imaginaire. Agissons ensemble.\" \/>\n<meta property=\"og:url\" content=\"https:\/\/agir.wwf.fr\/stopextinction-saison-1\/rhinoceros\/\" \/>\n<meta property=\"og:site_name\" content=\"WWF Stop Extinction Saison 1\" \/>\n<meta property=\"article:modified_time\" content=\"2019-12-09T20:12:12+00:00\" \/>\n<meta property=\"og:image\" content=\"https:\/\/agir.wwf.fr\/stopextinction-saison-1\/wp-content\/uploads\/sites\/34\/2019\/11\/meta-rhino.jpg\" \/>\n\t<meta property=\"og:image:width\" content=\"1450\" \/>\n\t<meta property=\"og:image:height\" content=\"787\" \/>\n\t<meta property=\"og:image:type\" content=\"image\/jpeg\" \/>\n<meta name=\"twitter:card\" content=\"summary_large_image\" \/>\n<meta name=\"twitter:label1\" content=\"Dur\u00e9e de lecture estim\u00e9e\" \/>\n\t<meta name=\"twitter:data1\" content=\"36 minutes\" \/>\n<script type=\"application\/ld+json\" class=\"yoast-schema-graph\">{\"@context\":\"https:\/\/schema.org\",\"@graph\":[{\"@type\":\"WebPage\",\"@id\":\"https:\/\/agir.wwf.fr\/stopextinction-saison-1\/rhinoceros\/\",\"url\":\"https:\/\/agir.wwf.fr\/stopextinction-saison-1\/rhinoceros\/\",\"name\":\"WWF Stop Extinction Saison 1 - N&#039;attendons pas que la faune sauvage devienne imaginaire. Agissons ensemble.\",\"isPartOf\":{\"@id\":\"https:\/\/agir.wwf.fr\/stopextinction-saison-1\/#website\"},\"datePublished\":\"2019-11-29T15:45:01+00:00\",\"dateModified\":\"2019-12-09T20:12:12+00:00\",\"description\":\"N'attendons pas que la faune sauvage devienne imaginaire. Agissons ensemble.\",\"breadcrumb\":{\"@id\":\"https:\/\/agir.wwf.fr\/stopextinction-saison-1\/rhinoceros\/#breadcrumb\"},\"inLanguage\":\"fr-FR\",\"potentialAction\":[{\"@type\":\"ReadAction\",\"target\":[\"https:\/\/agir.wwf.fr\/stopextinction-saison-1\/rhinoceros\/\"]}]},{\"@type\":\"BreadcrumbList\",\"@id\":\"https:\/\/agir.wwf.fr\/stopextinction-saison-1\/rhinoceros\/#breadcrumb\",\"itemListElement\":[{\"@type\":\"ListItem\",\"position\":1,\"name\":\"Accueil\",\"item\":\"https:\/\/agir.wwf.fr\/stopextinction-saison-1\/\"},{\"@type\":\"ListItem\",\"position\":2,\"name\":\"Rhinoc\u00e9ros\"}]},{\"@type\":\"WebSite\",\"@id\":\"https:\/\/agir.wwf.fr\/stopextinction-saison-1\/#website\",\"url\":\"https:\/\/agir.wwf.fr\/stopextinction-saison-1\/\",\"name\":\"WWF Stop Extinction Saison 1\",\"description\":\"N&#039;attendons pas que la faune sauvage devienne imaginaire. Agissons ensemble.\",\"publisher\":{\"@id\":\"https:\/\/agir.wwf.fr\/stopextinction-saison-1\/#organization\"},\"potentialAction\":[{\"@type\":\"SearchAction\",\"target\":{\"@type\":\"EntryPoint\",\"urlTemplate\":\"https:\/\/agir.wwf.fr\/stopextinction-saison-1\/?s={search_term_string}\"},\"query-input\":\"required name=search_term_string\"}],\"inLanguage\":\"fr-FR\"},{\"@type\":\"Organization\",\"@id\":\"https:\/\/agir.wwf.fr\/stopextinction-saison-1\/#organization\",\"name\":\"WWF\",\"url\":\"https:\/\/agir.wwf.fr\/stopextinction-saison-1\/\",\"logo\":{\"@type\":\"ImageObject\",\"inLanguage\":\"fr-FR\",\"@id\":\"https:\/\/agir.wwf.fr\/stopextinction-saison-1\/#\/schema\/logo\/image\/\",\"url\":\"https:\/\/agir.wwf.fr\/stopextinction-saison-1\/wp-content\/uploads\/sites\/34\/2019\/03\/wwflogo.png\",\"contentUrl\":\"https:\/\/agir.wwf.fr\/stopextinction-saison-1\/wp-content\/uploads\/sites\/34\/2019\/03\/wwflogo.png\",\"width\":647,\"height\":306,\"caption\":\"WWF\"},\"image\":{\"@id\":\"https:\/\/agir.wwf.fr\/stopextinction-saison-1\/#\/schema\/logo\/image\/\"}}]}<\/script>\n<!-- \/ Yoast SEO plugin. -->","yoast_head_json":{"title":"WWF Stop Extinction Saison 1 - N&#039;attendons pas que la faune sauvage devienne imaginaire. Agissons ensemble.","description":"N'attendons pas que la faune sauvage devienne imaginaire. Agissons ensemble.","robots":{"index":"index","follow":"follow","max-snippet":"max-snippet:-1","max-image-preview":"max-image-preview:large","max-video-preview":"max-video-preview:-1"},"canonical":"https:\/\/agir.wwf.fr\/stopextinction-saison-1\/rhinoceros\/","og_locale":"fr_FR","og_type":"article","og_title":"WWF Stop Extinction Saison 1 - N&#039;attendons pas que la faune sauvage devienne imaginaire. Agissons ensemble.","og_description":"N'attendons pas que la faune sauvage devienne imaginaire. Agissons ensemble.","og_url":"https:\/\/agir.wwf.fr\/stopextinction-saison-1\/rhinoceros\/","og_site_name":"WWF Stop Extinction Saison 1","article_modified_time":"2019-12-09T20:12:12+00:00","og_image":[{"width":1450,"height":787,"url":"https:\/\/agir.wwf.fr\/stopextinction-saison-1\/wp-content\/uploads\/sites\/34\/2019\/11\/meta-rhino.jpg","type":"image\/jpeg"}],"twitter_card":"summary_large_image","twitter_misc":{"Dur\u00e9e de lecture estim\u00e9e":"36 minutes"},"schema":{"@context":"https:\/\/schema.org","@graph":[{"@type":"WebPage","@id":"https:\/\/agir.wwf.fr\/stopextinction-saison-1\/rhinoceros\/","url":"https:\/\/agir.wwf.fr\/stopextinction-saison-1\/rhinoceros\/","name":"WWF Stop Extinction Saison 1 - N&#039;attendons pas que la faune sauvage devienne imaginaire. Agissons ensemble.","isPartOf":{"@id":"https:\/\/agir.wwf.fr\/stopextinction-saison-1\/#website"},"datePublished":"2019-11-29T15:45:01+00:00","dateModified":"2019-12-09T20:12:12+00:00","description":"N'attendons pas que la faune sauvage devienne imaginaire. Agissons ensemble.","breadcrumb":{"@id":"https:\/\/agir.wwf.fr\/stopextinction-saison-1\/rhinoceros\/#breadcrumb"},"inLanguage":"fr-FR","potentialAction":[{"@type":"ReadAction","target":["https:\/\/agir.wwf.fr\/stopextinction-saison-1\/rhinoceros\/"]}]},{"@type":"BreadcrumbList","@id":"https:\/\/agir.wwf.fr\/stopextinction-saison-1\/rhinoceros\/#breadcrumb","itemListElement":[{"@type":"ListItem","position":1,"name":"Accueil","item":"https:\/\/agir.wwf.fr\/stopextinction-saison-1\/"},{"@type":"ListItem","position":2,"name":"Rhinoc\u00e9ros"}]},{"@type":"WebSite","@id":"https:\/\/agir.wwf.fr\/stopextinction-saison-1\/#website","url":"https:\/\/agir.wwf.fr\/stopextinction-saison-1\/","name":"WWF Stop Extinction Saison 1","description":"N&#039;attendons pas que la faune sauvage devienne imaginaire. Agissons ensemble.","publisher":{"@id":"https:\/\/agir.wwf.fr\/stopextinction-saison-1\/#organization"},"potentialAction":[{"@type":"SearchAction","target":{"@type":"EntryPoint","urlTemplate":"https:\/\/agir.wwf.fr\/stopextinction-saison-1\/?s={search_term_string}"},"query-input":"required name=search_term_string"}],"inLanguage":"fr-FR"},{"@type":"Organization","@id":"https:\/\/agir.wwf.fr\/stopextinction-saison-1\/#organization","name":"WWF","url":"https:\/\/agir.wwf.fr\/stopextinction-saison-1\/","logo":{"@type":"ImageObject","inLanguage":"fr-FR","@id":"https:\/\/agir.wwf.fr\/stopextinction-saison-1\/#\/schema\/logo\/image\/","url":"https:\/\/agir.wwf.fr\/stopextinction-saison-1\/wp-content\/uploads\/sites\/34\/2019\/03\/wwflogo.png","contentUrl":"https:\/\/agir.wwf.fr\/stopextinction-saison-1\/wp-content\/uploads\/sites\/34\/2019\/03\/wwflogo.png","width":647,"height":306,"caption":"WWF"},"image":{"@id":"https:\/\/agir.wwf.fr\/stopextinction-saison-1\/#\/schema\/logo\/image\/"}}]}},"_links":{"self":[{"href":"https:\/\/agir.wwf.fr\/stopextinction-saison-1\/wp-json\/wp\/v2\/pages\/54913"}],"collection":[{"href":"https:\/\/agir.wwf.fr\/stopextinction-saison-1\/wp-json\/wp\/v2\/pages"}],"about":[{"href":"https:\/\/agir.wwf.fr\/stopextinction-saison-1\/wp-json\/wp\/v2\/types\/page"}],"author":[{"embeddable":true,"href":"https:\/\/agir.wwf.fr\/stopextinction-saison-1\/wp-json\/wp\/v2\/users\/5"}],"replies":[{"embeddable":true,"href":"https:\/\/agir.wwf.fr\/stopextinction-saison-1\/wp-json\/wp\/v2\/comments?post=54913"}],"version-history":[{"count":0,"href":"https:\/\/agir.wwf.fr\/stopextinction-saison-1\/wp-json\/wp\/v2\/pages\/54913\/revisions"}],"wp:featuredmedia":[{"embeddable":true,"href":"https:\/\/agir.wwf.fr\/stopextinction-saison-1\/wp-json\/wp\/v2\/media\/55106"}],"wp:attachment":[{"href":"https:\/\/agir.wwf.fr\/stopextinction-saison-1\/wp-json\/wp\/v2\/media?parent=54913"}],"curies":[{"name":"wp","href":"https:\/\/api.w.org\/{rel}","templated":true}]}}