
{"id":54840,"date":"2019-11-29T09:07:49","date_gmt":"2019-11-29T08:07:49","guid":{"rendered":"https:\/\/agir.wwf.fr\/stopextinction-saison-1\/?page_id=54840"},"modified":"2019-12-10T15:25:49","modified_gmt":"2019-12-10T14:25:49","slug":"conte-tigre","status":"publish","type":"page","link":"https:\/\/agir.wwf.fr\/stopextinction-saison-1\/conte-tigre\/","title":{"rendered":"Conte Tigre"},"content":{"rendered":"<p>[et_pb_section fb_built=\u00a0\u00bb1&Prime; _builder_version=\u00a0\u00bb4.0.6&Prime; background_color=\u00a0\u00bb#000000&Prime; width=\u00a0\u00bb100%\u00a0\u00bb][et_pb_row _builder_version=\u00a0\u00bb4.0.6&Prime; background_image=\u00a0\u00bbhttps:\/\/agir.wwf.fr\/stopextinction-saison-1\/wp-content\/uploads\/sites\/34\/2019\/11\/tigre_licorne_mobile.jpg\u00a0\u00bb background_size=\u00a0\u00bbcontain\u00a0\u00bb background_position=\u00a0\u00bbtop_center\u00a0\u00bb width=\u00a0\u00bb100%\u00a0\u00bb custom_padding=\u00a0\u00bb||10vh||false|false\u00a0\u00bb][et_pb_column type=\u00a0\u00bb4_4&Prime; _builder_version=\u00a0\u00bb4.0.6&Prime; custom_padding=\u00a0\u00bb||||false|false\u00a0\u00bb][et_pb_text _builder_version=\u00a0\u00bb4.0.6&Prime; text_font=\u00a0\u00bbWWF new|200||on|||||\u00a0\u00bb text_text_color=\u00a0\u00bb#ffffff\u00a0\u00bb text_font_size=\u00a0\u00bb2em\u00a0\u00bb text_line_height=\u00a0\u00bb1em\u00a0\u00bb text_orientation=\u00a0\u00bbcenter\u00a0\u00bb background_layout=\u00a0\u00bbdark\u00a0\u00bb custom_margin=\u00a0\u00bb10vh||35vh||false|false\u00a0\u00bb]<\/p>\n<p>Le Tigre<\/p>\n<p>[\/et_pb_text][et_pb_button button_url=\u00a0\u00bbhttps:\/\/agir.wwf.fr\/stopextinction\/tigre\u00a0\u00bb button_text=\u00a0\u00bbRetour\u00a0\u00bb _builder_version=\u00a0\u00bb4.0.6&Prime; custom_button=\u00a0\u00bbon\u00a0\u00bb button_text_size=\u00a0\u00bb19px\u00a0\u00bb button_text_color=\u00a0\u00bb#ffffff\u00a0\u00bb button_icon=\u00a0\u00bb%%27%%\u00a0\u00bb button_icon_color=\u00a0\u00bb#ffffff\u00a0\u00bb button_icon_placement=\u00a0\u00bbleft\u00a0\u00bb button_on_hover=\u00a0\u00bboff\u00a0\u00bb custom_margin=\u00a0\u00bb|||5vw|false|false\u00a0\u00bb custom_padding=\u00a0\u00bb8px|20px|8px|20px|true|true\u00a0\u00bb][\/et_pb_button][et_pb_text _builder_version=\u00a0\u00bb4.0.6&Prime; text_text_color=\u00a0\u00bb#ffffff\u00a0\u00bb background_layout=\u00a0\u00bbdark\u00a0\u00bb custom_margin=\u00a0\u00bb|5vw||5vw|false|true\u00a0\u00bb]<\/p>\n<p>Il \u00e9tait une fois une chambre.<\/p>\n<p>Pas une chambre extraordinaire non, la chambre d\u2019un petit gar\u00e7on : Joseph.<\/p>\n<p>Au-dessus de son lit tr\u00f4nait une peinture qui \u2013 elle \u2013 \u00e9tait extraordinaire. Elle montrait quatre monstres sacr\u00e9s : le dragon, le lion de montagne (blanc comme neige), le Garu\u1e0da (entre un oiseau et un homme) et le tigre. Joseph s\u2019endormait souvent le soir en regardant cette peinture et en se posant des questions. Qui \u00e9tait ces quatre animaux ? Existaient-ils vraiment ?<br \/>Au travers de sa fen\u00eatre, en regardant les montagnes enneig\u00e9es des Alpes, Joseph laissait parfois son imagination s\u2019envoler. Il apercevait alors un dragon aux narines fumantes farouchement accroch\u00e9 \u00e0 la roche, tandis qu\u2019un lion de montagne \u00e9tait blotti dans la neige, qu\u2019un Garu\u1e0da volait fi\u00e8rement autour d\u2019un sommet, et que, plus bas dans la for\u00eat, un tigre disparaissait derri\u00e8re les arbres, ne laissant derri\u00e8re lui que des traces de chat dans la neige.<br \/>Un matin, Joseph d\u00e9cida d\u2019aller voir son papa pour lui poser la question qui le tourmentait tant.<br \/>\u2014 Papa, h\u00e9sita Joseph, est-ce que les animaux de ma peinture existent dans la vraie vie ?<br \/>Interloqu\u00e9, son papa ne r\u00e9pondit pas tout de suite. Puis il s\u2019assit \u00e0 c\u00f4t\u00e9 de lui et lui dit :<br \/>\u2014 Il faut que tu saches qu\u2019un jour j\u2019ai fait un grand voyage, vers des montagnes si grandes et si hautes que les avions pouvaient presque les toucher.<br \/>Joseph ouvrit de grands yeux. Son imagination allait de nouveau d\u00e9coller.<br \/>\u2014 Dans ces montagnes, un moine bouddhiste m\u2019expliqua qu\u2019autrefois quatre animaux protecteurs \u00e9taient l\u00e0 pour veiller sur eux, les d\u00e9fendre contre les d\u00e9mons.<br \/>\u2014 C\u2019est quoi des d\u00e9mons ? demanda Joseph.<br \/>\u2014 Des esprits mal\u00e9fiques, mais aussi des gens malintentionn\u00e9s, des m\u00e9chants quoi !<br \/>Joseph acquies\u00e7a.<br \/>\u2014 Le moine m\u2019expliqua alors, tristement, que trois protecteurs avaient disparu et \u00e9taient dor\u00e9navant des l\u00e9gendes, le dragon, le lion de montagne et le Garu\u1e0da, et qu\u2019il ne restait aujourd\u2019hui que le tigre.<br \/>\u2014 Alors les tigres existent bien dans la vraie vie ?!<br \/>\u2014 C\u2019est incroyable, mais oui. Il n\u2019en reste qu\u2019environ quatre mille sur toute la plan\u00e8te. Tant que la for\u00eat sera l\u00e0, les tigres veilleront sur elle.<br \/>\u2014 Ils sont grands ?<br \/>\u2014 Tellement ! Leur t\u00eate est plus grande que toi, leurs dents grandes comme ma main, et leurs pattes laissent des traces dans la neige plus grandes encore que celles que laissent les vaches de nos montagnes.<br \/>\u2014 Waouh !<br \/>\u2014 C\u2019est alors que ce moine m\u2019a donn\u00e9 cette peinture, pour que je me souvienne que nous devons nous battre pour garder notre dernier protecteur, le tigre.<br \/>De retour dans sa chambre, Joseph ne regardait plus sa peinture de la m\u00eame fa\u00e7on. Il jugeait d\u00e9sormais chacun des d\u00e9tails. Les moustaches du dragon, la blancheur du lion de montagne, les cornes du Garu\u1e0da, et les oreilles rondes du tigre. Au plus profond de son lit, il se fit alors \u00e0 lui-m\u00eame une promesse : tout faire pour que le tigre ne disparaisse jamais des for\u00eats du monde.<\/p>\n<p>[\/et_pb_text][et_pb_button button_url=\u00a0\u00bbhttps:\/\/agir.wwf.fr\/stopextinction\/tigre\u00a0\u00bb button_text=\u00a0\u00bbRetour\u00a0\u00bb _builder_version=\u00a0\u00bb4.0.6&Prime; custom_button=\u00a0\u00bbon\u00a0\u00bb button_text_size=\u00a0\u00bb19px\u00a0\u00bb button_text_color=\u00a0\u00bb#ffffff\u00a0\u00bb button_icon=\u00a0\u00bb%%27%%\u00a0\u00bb button_icon_color=\u00a0\u00bb#ffffff\u00a0\u00bb button_icon_placement=\u00a0\u00bbleft\u00a0\u00bb button_on_hover=\u00a0\u00bboff\u00a0\u00bb custom_margin=\u00a0\u00bb|||5vw|false|false\u00a0\u00bb custom_padding=\u00a0\u00bb8px|20px|8px|20px|true|true\u00a0\u00bb][\/et_pb_button][\/et_pb_column][\/et_pb_row][\/et_pb_section]<\/p>\n","protected":false},"excerpt":{"rendered":"<p>Le TigreIl \u00e9tait une fois une chambre. Pas une chambre extraordinaire non, la chambre d\u2019un petit gar\u00e7on : Joseph. Au-dessus de son lit tr\u00f4nait une peinture qui \u2013 elle \u2013 \u00e9tait extraordinaire. Elle montrait quatre monstres sacr\u00e9s : le dragon, le lion de montagne (blanc comme neige), le Garu\u1e0da (entre un oiseau et un homme) [&hellip;]<\/p>\n","protected":false},"author":14,"featured_media":0,"parent":0,"menu_order":0,"comment_status":"closed","ping_status":"closed","template":"page-template-blank.php","meta":{"_et_pb_use_builder":"on","_et_pb_old_content":"","_et_gb_content_width":""},"yoast_head":"<!-- This site is optimized with the Yoast SEO plugin v21.1 - https:\/\/yoast.com\/wordpress\/plugins\/seo\/ -->\n<title>Conte Tigre - WWF Stop Extinction Saison 1<\/title>\n<meta name=\"description\" content=\"N&#039;attendons pas que la faune suavage devienne imaginaire. Agissons ensemble.\" \/>\n<meta name=\"robots\" content=\"index, follow, max-snippet:-1, max-image-preview:large, max-video-preview:-1\" \/>\n<link rel=\"canonical\" href=\"https:\/\/agir.wwf.fr\/stopextinction-saison-1\/conte-tigre\/\" \/>\n<meta property=\"og:locale\" content=\"fr_FR\" \/>\n<meta property=\"og:type\" content=\"article\" \/>\n<meta property=\"og:title\" content=\"Conte Tigre - WWF Stop Extinction Saison 1\" \/>\n<meta property=\"og:description\" content=\"N&#039;attendons pas que la faune suavage devienne imaginaire. Agissons ensemble.\" \/>\n<meta property=\"og:url\" content=\"https:\/\/agir.wwf.fr\/stopextinction-saison-1\/conte-tigre\/\" \/>\n<meta property=\"og:site_name\" content=\"WWF Stop Extinction Saison 1\" \/>\n<meta property=\"article:modified_time\" content=\"2019-12-10T14:25:49+00:00\" \/>\n<meta name=\"twitter:card\" content=\"summary_large_image\" \/>\n<meta name=\"twitter:title\" content=\"TEST\" \/>\n<meta name=\"twitter:description\" content=\"TEST\" \/>\n<meta name=\"twitter:label1\" content=\"Dur\u00e9e de lecture estim\u00e9e\" \/>\n\t<meta name=\"twitter:data1\" content=\"4 minutes\" \/>\n<script type=\"application\/ld+json\" class=\"yoast-schema-graph\">{\"@context\":\"https:\/\/schema.org\",\"@graph\":[{\"@type\":\"WebPage\",\"@id\":\"https:\/\/agir.wwf.fr\/stopextinction-saison-1\/conte-tigre\/\",\"url\":\"https:\/\/agir.wwf.fr\/stopextinction-saison-1\/conte-tigre\/\",\"name\":\"Conte Tigre - WWF Stop Extinction Saison 1\",\"isPartOf\":{\"@id\":\"https:\/\/agir.wwf.fr\/stopextinction-saison-1\/#website\"},\"datePublished\":\"2019-11-29T08:07:49+00:00\",\"dateModified\":\"2019-12-10T14:25:49+00:00\",\"description\":\"N'attendons pas que la faune suavage devienne imaginaire. Agissons ensemble.\",\"breadcrumb\":{\"@id\":\"https:\/\/agir.wwf.fr\/stopextinction-saison-1\/conte-tigre\/#breadcrumb\"},\"inLanguage\":\"fr-FR\",\"potentialAction\":[{\"@type\":\"ReadAction\",\"target\":[\"https:\/\/agir.wwf.fr\/stopextinction-saison-1\/conte-tigre\/\"]}]},{\"@type\":\"BreadcrumbList\",\"@id\":\"https:\/\/agir.wwf.fr\/stopextinction-saison-1\/conte-tigre\/#breadcrumb\",\"itemListElement\":[{\"@type\":\"ListItem\",\"position\":1,\"name\":\"Accueil\",\"item\":\"https:\/\/agir.wwf.fr\/stopextinction-saison-1\/\"},{\"@type\":\"ListItem\",\"position\":2,\"name\":\"Conte Tigre\"}]},{\"@type\":\"WebSite\",\"@id\":\"https:\/\/agir.wwf.fr\/stopextinction-saison-1\/#website\",\"url\":\"https:\/\/agir.wwf.fr\/stopextinction-saison-1\/\",\"name\":\"WWF Stop Extinction Saison 1\",\"description\":\"N&#039;attendons pas que la faune sauvage devienne imaginaire. Agissons ensemble.\",\"publisher\":{\"@id\":\"https:\/\/agir.wwf.fr\/stopextinction-saison-1\/#organization\"},\"potentialAction\":[{\"@type\":\"SearchAction\",\"target\":{\"@type\":\"EntryPoint\",\"urlTemplate\":\"https:\/\/agir.wwf.fr\/stopextinction-saison-1\/?s={search_term_string}\"},\"query-input\":\"required name=search_term_string\"}],\"inLanguage\":\"fr-FR\"},{\"@type\":\"Organization\",\"@id\":\"https:\/\/agir.wwf.fr\/stopextinction-saison-1\/#organization\",\"name\":\"WWF\",\"url\":\"https:\/\/agir.wwf.fr\/stopextinction-saison-1\/\",\"logo\":{\"@type\":\"ImageObject\",\"inLanguage\":\"fr-FR\",\"@id\":\"https:\/\/agir.wwf.fr\/stopextinction-saison-1\/#\/schema\/logo\/image\/\",\"url\":\"https:\/\/agir.wwf.fr\/stopextinction-saison-1\/wp-content\/uploads\/sites\/34\/2019\/03\/wwflogo.png\",\"contentUrl\":\"https:\/\/agir.wwf.fr\/stopextinction-saison-1\/wp-content\/uploads\/sites\/34\/2019\/03\/wwflogo.png\",\"width\":647,\"height\":306,\"caption\":\"WWF\"},\"image\":{\"@id\":\"https:\/\/agir.wwf.fr\/stopextinction-saison-1\/#\/schema\/logo\/image\/\"}}]}<\/script>\n<!-- \/ Yoast SEO plugin. -->","yoast_head_json":{"title":"Conte Tigre - WWF Stop Extinction Saison 1","description":"N'attendons pas que la faune suavage devienne imaginaire. Agissons ensemble.","robots":{"index":"index","follow":"follow","max-snippet":"max-snippet:-1","max-image-preview":"max-image-preview:large","max-video-preview":"max-video-preview:-1"},"canonical":"https:\/\/agir.wwf.fr\/stopextinction-saison-1\/conte-tigre\/","og_locale":"fr_FR","og_type":"article","og_title":"Conte Tigre - WWF Stop Extinction Saison 1","og_description":"N'attendons pas que la faune suavage devienne imaginaire. Agissons ensemble.","og_url":"https:\/\/agir.wwf.fr\/stopextinction-saison-1\/conte-tigre\/","og_site_name":"WWF Stop Extinction Saison 1","article_modified_time":"2019-12-10T14:25:49+00:00","twitter_card":"summary_large_image","twitter_title":"TEST","twitter_description":"TEST","twitter_misc":{"Dur\u00e9e de lecture estim\u00e9e":"4 minutes"},"schema":{"@context":"https:\/\/schema.org","@graph":[{"@type":"WebPage","@id":"https:\/\/agir.wwf.fr\/stopextinction-saison-1\/conte-tigre\/","url":"https:\/\/agir.wwf.fr\/stopextinction-saison-1\/conte-tigre\/","name":"Conte Tigre - WWF Stop Extinction Saison 1","isPartOf":{"@id":"https:\/\/agir.wwf.fr\/stopextinction-saison-1\/#website"},"datePublished":"2019-11-29T08:07:49+00:00","dateModified":"2019-12-10T14:25:49+00:00","description":"N'attendons pas que la faune suavage devienne imaginaire. Agissons ensemble.","breadcrumb":{"@id":"https:\/\/agir.wwf.fr\/stopextinction-saison-1\/conte-tigre\/#breadcrumb"},"inLanguage":"fr-FR","potentialAction":[{"@type":"ReadAction","target":["https:\/\/agir.wwf.fr\/stopextinction-saison-1\/conte-tigre\/"]}]},{"@type":"BreadcrumbList","@id":"https:\/\/agir.wwf.fr\/stopextinction-saison-1\/conte-tigre\/#breadcrumb","itemListElement":[{"@type":"ListItem","position":1,"name":"Accueil","item":"https:\/\/agir.wwf.fr\/stopextinction-saison-1\/"},{"@type":"ListItem","position":2,"name":"Conte Tigre"}]},{"@type":"WebSite","@id":"https:\/\/agir.wwf.fr\/stopextinction-saison-1\/#website","url":"https:\/\/agir.wwf.fr\/stopextinction-saison-1\/","name":"WWF Stop Extinction Saison 1","description":"N&#039;attendons pas que la faune sauvage devienne imaginaire. Agissons ensemble.","publisher":{"@id":"https:\/\/agir.wwf.fr\/stopextinction-saison-1\/#organization"},"potentialAction":[{"@type":"SearchAction","target":{"@type":"EntryPoint","urlTemplate":"https:\/\/agir.wwf.fr\/stopextinction-saison-1\/?s={search_term_string}"},"query-input":"required name=search_term_string"}],"inLanguage":"fr-FR"},{"@type":"Organization","@id":"https:\/\/agir.wwf.fr\/stopextinction-saison-1\/#organization","name":"WWF","url":"https:\/\/agir.wwf.fr\/stopextinction-saison-1\/","logo":{"@type":"ImageObject","inLanguage":"fr-FR","@id":"https:\/\/agir.wwf.fr\/stopextinction-saison-1\/#\/schema\/logo\/image\/","url":"https:\/\/agir.wwf.fr\/stopextinction-saison-1\/wp-content\/uploads\/sites\/34\/2019\/03\/wwflogo.png","contentUrl":"https:\/\/agir.wwf.fr\/stopextinction-saison-1\/wp-content\/uploads\/sites\/34\/2019\/03\/wwflogo.png","width":647,"height":306,"caption":"WWF"},"image":{"@id":"https:\/\/agir.wwf.fr\/stopextinction-saison-1\/#\/schema\/logo\/image\/"}}]}},"_links":{"self":[{"href":"https:\/\/agir.wwf.fr\/stopextinction-saison-1\/wp-json\/wp\/v2\/pages\/54840"}],"collection":[{"href":"https:\/\/agir.wwf.fr\/stopextinction-saison-1\/wp-json\/wp\/v2\/pages"}],"about":[{"href":"https:\/\/agir.wwf.fr\/stopextinction-saison-1\/wp-json\/wp\/v2\/types\/page"}],"author":[{"embeddable":true,"href":"https:\/\/agir.wwf.fr\/stopextinction-saison-1\/wp-json\/wp\/v2\/users\/14"}],"replies":[{"embeddable":true,"href":"https:\/\/agir.wwf.fr\/stopextinction-saison-1\/wp-json\/wp\/v2\/comments?post=54840"}],"version-history":[{"count":0,"href":"https:\/\/agir.wwf.fr\/stopextinction-saison-1\/wp-json\/wp\/v2\/pages\/54840\/revisions"}],"wp:attachment":[{"href":"https:\/\/agir.wwf.fr\/stopextinction-saison-1\/wp-json\/wp\/v2\/media?parent=54840"}],"curies":[{"name":"wp","href":"https:\/\/api.w.org\/{rel}","templated":true}]}}