{"id":57778,"date":"2021-04-13T11:39:26","date_gmt":"2021-04-13T09:39:26","guid":{"rendered":"https:\/\/agir.wwf.fr\/10-ans-pour-reconstruire\/?page_id=57778"},"modified":"2021-04-26T10:29:09","modified_gmt":"2021-04-26T08:29:09","slug":"politique-de-confidentialite","status":"publish","type":"page","link":"https:\/\/agir.wwf.fr\/10-ans-pour-reconstruire\/politique-de-confidentialite\/","title":{"rendered":"Politique de confidentialit\u00e9"},"content":{"rendered":"<p>[et_pb_section fb_built=\u00a0\u00bb1&Prime; custom_padding_last_edited=\u00a0\u00bbon|phone\u00a0\u00bb module_class=\u00a0\u00bbcentrer-verticalement\u00a0\u00bb _builder_version=\u00a0\u00bb4.9.4&Prime; background_color=\u00a0\u00bb#FFFFFF\u00a0\u00bb background_color_gradient_direction=\u00a0\u00bb1deg\u00a0\u00bb background_enable_image=\u00a0\u00bboff\u00a0\u00bb background_blend=\u00a0\u00bbmultiply\u00a0\u00bb width_tablet=\u00a0\u00bb\u00a0\u00bb width_phone=\u00a0\u00bb100%\u00a0\u00bb width_last_edited=\u00a0\u00bbon|phone\u00a0\u00bb max_width_tablet=\u00a0\u00bb\u00a0\u00bb max_width_phone=\u00a0\u00bb100%\u00a0\u00bb max_width_last_edited=\u00a0\u00bbon|phone\u00a0\u00bb custom_margin_tablet=\u00a0\u00bb\u00a0\u00bb custom_margin_phone=\u00a0\u00bb|-3%||-3%|false|true\u00a0\u00bb custom_margin_last_edited=\u00a0\u00bbon|phone\u00a0\u00bb custom_padding_tablet=\u00a0\u00bb\u00a0\u00bb custom_padding_phone=\u00a0\u00bb|0px||0px|true|false\u00a0\u00bb custom_css_main_element=\u00a0\u00bbmin-height: 100%;||align-items: center;\u00a0\u00bb da_disable_devices=\u00a0\u00bboff|off|off\u00a0\u00bb da_is_popup=\u00a0\u00bboff\u00a0\u00bb da_exit_intent=\u00a0\u00bboff\u00a0\u00bb da_has_close=\u00a0\u00bbon\u00a0\u00bb da_alt_close=\u00a0\u00bboff\u00a0\u00bb da_dark_close=\u00a0\u00bboff\u00a0\u00bb da_not_modal=\u00a0\u00bbon\u00a0\u00bb da_is_singular=\u00a0\u00bboff\u00a0\u00bb da_with_loader=\u00a0\u00bboff\u00a0\u00bb da_has_shadow=\u00a0\u00bbon\u00a0\u00bb][et_pb_row _builder_version=\u00a0\u00bb4.9.3&Prime; _module_preset=\u00a0\u00bbdefault\u00a0\u00bb custom_margin=\u00a0\u00bb|||9%|false|false\u00a0\u00bb][et_pb_column type=\u00a0\u00bb4_4&Prime; _builder_version=\u00a0\u00bb4.6.6&Prime; _module_preset=\u00a0\u00bbdefault\u00a0\u00bb][et_pb_text _builder_version=\u00a0\u00bb4.9.4&Prime; text_text_color=\u00a0\u00bb#0D131D\u00a0\u00bb text_font_size=\u00a0\u00bb18px\u00a0\u00bb text_line_height=\u00a0\u00bb1.3em\u00a0\u00bb header_font=\u00a0\u00bb|||on|||||\u00a0\u00bb header_text_color=\u00a0\u00bb#0D131D\u00a0\u00bb header_font_size=\u00a0\u00bb3.4em\u00a0\u00bb header_letter_spacing=\u00a0\u00bb5px\u00a0\u00bb header_line_height=\u00a0\u00bb1.1em\u00a0\u00bb header_2_font=\u00a0\u00bb|300||on|||||\u00a0\u00bb header_2_text_color=\u00a0\u00bb#0D131D\u00a0\u00bb header_2_font_size=\u00a0\u00bb3em\u00a0\u00bb header_2_letter_spacing=\u00a0\u00bb3px\u00a0\u00bb header_3_text_color=\u00a0\u00bb#0D131D\u00a0\u00bb custom_margin=\u00a0\u00bb|||16%|false|false\u00a0\u00bb custom_margin_tablet=\u00a0\u00bb\u00a0\u00bb custom_margin_phone=\u00a0\u00bb2%|2%||2%|false|true\u00a0\u00bb custom_margin_last_edited=\u00a0\u00bbon|phone\u00a0\u00bb animation_style=\u00a0\u00bbslide\u00a0\u00bb animation_direction=\u00a0\u00bbtop\u00a0\u00bb animation_intensity_slide=\u00a0\u00bb5%\u00a0\u00bb scroll_blur=\u00a0\u00bb0|40|60|100|10px|0px|0px\u00a0\u00bb text_font_size_tablet=\u00a0\u00bb\u00a0\u00bb text_font_size_phone=\u00a0\u00bb17px\u00a0\u00bb text_font_size_last_edited=\u00a0\u00bbon|phone\u00a0\u00bb header_font_size_tablet=\u00a0\u00bb\u00a0\u00bb header_font_size_phone=\u00a0\u00bb36px\u00a0\u00bb header_font_size_last_edited=\u00a0\u00bbon|phone\u00a0\u00bb]<\/p>\n<div class=\"content-intro\">\n<div class=\"content-intro-inner\">\n<div class=\"field field-name--field-page-title field-type--string field__item\">\n<h1>Politique de confidentialit\u00e9<\/h1>\n<p>&nbsp;<\/p>\n<\/div>\n<div class=\"field field-name--field-lead-text field-type--text-long field__item\">\n<p>La Fondation Fonds Mondial pour la Nature France (WWF France) en sa qualit\u00e9 de Responsable de traitement est particuli\u00e8rement attentive \u00e0 la protection et au respect de votre vie priv\u00e9e. La pr\u00e9sente politique de confidentialit\u00e9 a vocation \u00e0 vous pr\u00e9senter la mani\u00e8re dont nous collectons, utilisons et partageons vos Donn\u00e9es \u00e0 caract\u00e8re personnel et ce conform\u00e9ment \u00e0 la R\u00e9glementation. Nous vous invitons \u00e0 lire attentivement le pr\u00e9sent document pour conna\u00eetre et comprendre nos pratiques quant aux traitements de vos Donn\u00e9es personnelles.<\/p>\n<p>&nbsp;<\/p>\n<\/div>\n<\/div>\n<\/div>\n<div class=\"field field-name--field-content-elements field-type--entity-reference-revisions field__items\">\n<div class=\"field__item\">\n<div class=\"paragraph paragraph--type--text-block paragraph--view-mode--default\">\n<div class=\"paragraph-inner\">\n<div class=\"text-block-inner\">\n<h3 class=\"text-block-title\" data-gtm-vis-first-on-screen-281427_338=\"50\" data-gtm-vis-total-visible-time-281427_338=\"100\" data-gtm-vis-has-fired-281427_338=\"1\">1 \u2013 D\u00e9finitions<\/h3>\n<\/div>\n<div class=\"text-block-inner\">\n<div class=\"text-block-content\">\n<div class=\"field field-name--field-text-block-text field-type--text-long field__item\">\n<p><strong>\u00ab Donn\u00e9es \u00e0 caract\u00e8re personnel \u00bb<\/strong> ou<strong> \u00ab Donn\u00e9es \u00bb <\/strong>d\u00e9signe toute information se rapportant \u00e0 une personne physique identifi\u00e9e ou identifiable. Est r\u00e9put\u00e9e \u00eatre une \u00ab personne physique identifiable \u00bb une personne physique qui peut \u00eatre identifi\u00e9e, directement ou indirectement, notamment par r\u00e9f\u00e9rence \u00e0 un identifiant, tel qu&rsquo;un nom, un num\u00e9ro d&rsquo;identification, des Donn\u00e9es de localisation, un identifiant en ligne, ou \u00e0 un ou plusieurs \u00e9l\u00e9ments sp\u00e9cifiques propres \u00e0 son identit\u00e9 physique, physiologique, g\u00e9n\u00e9tique, psychique, \u00e9conomique, culturelle ou sociale ;<br \/><strong>\u00ab Donn\u00e9es sensibles \u00bb <\/strong>d\u00e9signe les Donn\u00e9es qui r\u00e9v\u00e8lent l&rsquo;origine raciale ou ethnique, les opinions politiques, les convictions religieuses ou philosophiques ou l&rsquo;appartenance syndicale, ainsi que le traitement des Donn\u00e9es g\u00e9n\u00e9tiques, des Donn\u00e9es biom\u00e9triques aux fins d&rsquo;identifier une personne physique de mani\u00e8re unique, des Donn\u00e9es concernant la sant\u00e9 ou des Donn\u00e9es concernant la vie sexuelle ou l&rsquo;orientation sexuelle d&rsquo;une personne physique. La Fondation ne traite aucune donn\u00e9e sensible;<br \/><strong>\u00ab Responsable du traitement \u00bb <\/strong>d\u00e9signe la personne physique ou morale, l&rsquo;autorit\u00e9 publique, le service ou un autre organisme qui, seul ou conjointement avec d&rsquo;autres, d\u00e9termine les finalit\u00e9s et les moyens du traitement. En l\u2019esp\u00e8ce il s\u2019agit de la Fondation WWF France;<br \/><strong>\u00ab R\u00e8glementation \u00bb <\/strong>d\u00e9signe le R\u00e8glement n\u00b0 2016\/679 du Parlement europ\u00e9en et du Conseil du 27 avril 2016 relatif \u00e0 la protection des personnes physiques \u00e0 l\u2019\u00e9gard du traitement des Donn\u00e9es \u00e0 caract\u00e8re personnel et \u00e0 la libre circulation des Donn\u00e9es (RGPD) et la Loi informatique et libert\u00e9 n\u00b078-17 du 6 janvier 1978 modifi\u00e9e.<br \/><strong>\u00ab Sites \u00bb <\/strong>d\u00e9signe tous les sites internet \u00e9dit\u00e9s par WWF France.<\/p>\n<p>&nbsp;<\/p>\n<\/div>\n<\/div>\n<\/div>\n<\/div>\n<\/div>\n<\/div>\n<div class=\"field__item\">\n<div class=\"paragraph paragraph--type--text-block paragraph--view-mode--default\">\n<div class=\"paragraph-inner\">\n<div class=\"text-block-inner\">\n<h3 class=\"text-block-title\" data-gtm-vis-first-on-screen-281427_338=\"1426\" data-gtm-vis-total-visible-time-281427_338=\"100\" data-gtm-vis-has-fired-281427_338=\"1\">2 \u2013 Les Donn\u00e9es que nous recueillons<\/h3>\n<\/div>\n<div class=\"text-block-inner\">\n<div class=\"text-block-content\">\n<div class=\"field field-name--field-text-block-text field-type--text-long field__item\">\n<p>Par l\u2019interm\u00e9diaire de nos Sites internet, nous sommes susceptibles de recueillir et de traiter les Donn\u00e9es suivantes :<\/p>\n<p><strong>2.1 \u2013 Les Donn\u00e9es que nous recueillons \u00e0 l\u2019occasion de vos dons, de vos promesses, ou de votre inscription \u00e0 un \u00e9v\u00e9nement n\u00e9cessitant une participation financi\u00e8re<\/strong><\/p>\n<p>Votre don est notre force et nous vous en remercions. Gr\u00e2ce \u00e0 vous et aux milliers de personnes qui nous soutiennent, le WWF est l\u2019une des premi\u00e8res organisations mondiales de protection de l\u2019environnement.<br \/>Afin de recevoir votre don, de vous envoyer votre re\u00e7u fiscal et de vous tenir au courant de l\u2019utilisation faite de nos ressources, notamment celles provenant de la g\u00e9n\u00e9rosit\u00e9 publique, nous sommes amen\u00e9s \u00e0 traiter les Donn\u00e9es suivantes :<\/p>\n<ul>\n<li>Donn\u00e9es d\u2019identification : email, civilit\u00e9, pr\u00e9nom, nom, adresse, date de naissance, num\u00e9ro de t\u00e9l\u00e9phone ;<\/li>\n<li>Donn\u00e9es de paiement : RIB, num\u00e9ro de carte bancaire, date d\u2019expiration, cryptogramme visuel (Ces donn\u00e9es sont trait\u00e9es par des prestataires de paiement\/sous-traitants mais ne sont pas conserv\u00e9es par le WWF ni par les sous-traitants).<\/li>\n<\/ul>\n<p>Lorsque vous vous inscrivez \u00e0 un \u00e9v\u00e9nement ou contribuer au financement d\u2019un \u00e9v\u00e9nement nous recueillons \u00e9galement les Donn\u00e9es ci-dessus ainsi qu\u2019une photographie si vous nous en fournissez une.<br \/>Si vous nous transmettez des informations personnelles concernant un tiers, vous devrez lui fournir une copie de cette Politique.<\/p>\n<p><strong>2.2 \u2013 Les Donn\u00e9es que nous recueillons \u00e0 l\u2019occasion de votre inscription \u00e0 notre newsletter ou de la signature d\u2019une p\u00e9tition<\/strong><br \/>Lors de votre inscription \u00e0 notre newsletter, nous recueillons les Donn\u00e9es suivantes :<\/p>\n<ul>\n<li>Nom ;<\/li>\n<li>Pr\u00e9nom ;<\/li>\n<li>Email ;<\/li>\n<li>Num\u00e9ro de t\u00e9l\u00e9phone.<\/li>\n<\/ul>\n<p>Ces Donn\u00e9es nous permettrons de vous contacter par email, courrier, t\u00e9l\u00e9phone ou sms pour vous faire part des actualit\u00e9s de la Fondation, faire appel \u00e0 votre g\u00e9n\u00e9rosit\u00e9, vous inviter \u00e0 des \u00e9v\u00e9nements\u2026.<\/p>\n<p><strong>2.3\u00a0\u2013 Les Donn\u00e9es que nous recueillons via les cookies et autre trackers<\/strong><\/p>\n<p>Les Sites WWF utilisent des cookies install\u00e9s sur votre ordinateur lors de votre navigation. Un cookie est un fichier de petite taille qui enregistre des informations relatives \u00e0 la navigation sur un Site. Les donn\u00e9es ainsi obtenues visent \u00e0 faciliter la navigation ult\u00e9rieure sur le Site, et ont \u00e9galement vocation \u00e0 permettre diverses mesures de fr\u00e9quentation. Pour en savoir plus sur la mani\u00e8re dont nous g\u00e9rons les cookies et les modalit\u00e9s d\u2019opposition, <a data-entity-type=\"node\" data-entity-uuid=\"fceb7219-6acc-400f-9eeb-a6cf6a5496ba\" href=\"https:\/\/www.wwf.fr\/politique-cookies\" title=\"Page - Footer - Cookies\"><strong>veuillez consulter notre Politique cookies.<\/strong><\/a><\/p>\n<p><strong>2.4\u00a0\u2013 Les Donn\u00e9es sensibles<\/strong><\/p>\n<p>WWF France ne traite aucune Donn\u00e9e sensible.<\/p>\n<p>&nbsp;<\/p>\n<\/div>\n<\/div>\n<\/div>\n<\/div>\n<\/div>\n<\/div>\n<div class=\"field__item\">\n<div class=\"paragraph paragraph--type--text-block paragraph--view-mode--default\">\n<div class=\"paragraph-inner\">\n<div class=\"text-block-inner\">\n<h3 class=\"text-block-title\" data-gtm-vis-first-on-screen-281427_338=\"2359\" data-gtm-vis-total-visible-time-281427_338=\"100\" data-gtm-vis-has-fired-281427_338=\"1\">3 \u2013 Les dur\u00e9es de conservations<\/h3>\n<\/div>\n<div class=\"text-block-inner\">\n<div class=\"text-block-content\">\n<div class=\"field field-name--field-text-block-text field-type--text-long field__item\">\n<p>Les Donn\u00e9es des donateurs seront conserv\u00e9es pendant <strong>6 ans apr\u00e8s l\u2019ann\u00e9e du dernier don<\/strong>, notamment pour \u00eatre en mesure de r\u00e9pondre aux demandes de l\u2019administration fiscale en cas de contr\u00f4le. Pendant cette p\u00e9riode, votre adresse email pourra \u00eatre utilis\u00e9e afin de vous faire part des actualit\u00e9s de la Fondation, faire appel \u00e0 votre g\u00e9n\u00e9rosit\u00e9, vous inviter \u00e0 des \u00e9v\u00e9nements.Au-del\u00e0 de cette p\u00e9riode, les donn\u00e9es anonymis\u00e9es permettant la r\u00e9alisation d\u2019\u00e9tudes statistiques seront alors conserv\u00e9es.<\/p>\n<p>Les Donn\u00e9es des testateurs potentiels seront conserv\u00e9es pendant <strong>9 ans apr\u00e8s la derni\u00e8re action du testateur <\/strong>(courrier adress\u00e9 au WWF, don, signature de p\u00e9tition).<\/p>\n<p>Les Donn\u00e9es des testateurs av\u00e9r\u00e9s (ayant confirm\u00e9 leur souhait de l\u00e9guer tout ou partie de leurs biens au WWF France) seront conserv\u00e9es pendant <strong>10 ans \u00e0 compter de la cl\u00f4ture de la succession<\/strong>.<\/p>\n<p>Les Donn\u00e9es de navigation des visiteurs seront conserv\u00e9es <strong>13 mois<\/strong>.<\/p>\n<p>&nbsp;<\/p>\n<\/div>\n<\/div>\n<\/div>\n<\/div>\n<\/div>\n<\/div>\n<div class=\"field__item\">\n<div class=\"paragraph paragraph--type--text-block paragraph--view-mode--default\">\n<div class=\"paragraph-inner\">\n<div class=\"text-block-inner\">\n<h3 class=\"text-block-title\" data-gtm-vis-first-on-screen-281427_338=\"2795\" data-gtm-vis-total-visible-time-281427_338=\"100\" data-gtm-vis-has-fired-281427_338=\"1\">4 &#8211; Les finalit\u00e9s et bases l\u00e9gales sur lesquelles sont fond\u00e9s nos traitements<\/h3>\n<\/div>\n<div class=\"text-block-inner\">\n<div class=\"text-block-content\">\n<div class=\"field field-name--field-text-block-text field-type--text-long field__item\">\n<p>Chaque traitement de Donn\u00e9es poursuit une finalit\u00e9 pr\u00e9cise et est fond\u00e9 sur une base l\u00e9gale.<\/p>\n<table border=\"1\" cellpadding=\"1\" cellspacing=\"1\">\n<tbody>\n<tr>\n<td>Les traitements vis\u00e9s au 2.1 ont pour finalit\u00e9s :<\/td>\n<td>Les traitements vis\u00e9s au 2.1 ont pour base l\u00e9gale :<\/td>\n<\/tr>\n<tr>\n<td>\n<ul>\n<li>L\u2019envoi de la lettre d\u2019information aux personnes en ayant effectu\u00e9 la demande<\/li>\n<li>L\u2019enregistrement de la signature de personnes dans le cadre de p\u00e9titions<\/li>\n<\/ul>\n<\/td>\n<td>\n<ul>\n<li>L\u2019ex\u00e9cution du contrat unilat\u00e9ral de donation<\/li>\n<li>Le respect d\u2019une obligation l\u00e9gale \u00e0 laquelle le Responsable de traitement est soumis<\/li>\n<\/ul>\n<\/td>\n<\/tr>\n<tr>\n<td>\n<ul>\n<li>La prise en compte de votre inscription \u00e0 un \u00e9v\u00e9nement<\/li>\n<\/ul>\n<\/td>\n<td>\n<ul>\n<li>L\u2019ex\u00e9cution du contrat (par exemple, le respect du R\u00e8glement d\u2019un \u00e9v\u00e9nement) et l\u2019int\u00e9r\u00eat l\u00e9gitime de WWF<\/li>\n<\/ul>\n<\/td>\n<\/tr>\n<tr>\n<td>\n<ul>\n<li>La gestion des relations testateurs et le suivi du traitement des legs<\/li>\n<li>La sollicitation de nouveaux dons<\/li>\n<li>La r\u00e9alisation d\u2019op\u00e9rations de prospection caritative<\/li>\n<\/ul>\n<\/td>\n<td>\n<ul>\n<li>L\u2019int\u00e9r\u00eat l\u00e9gitime de WWF France<\/li>\n<\/ul>\n<\/td>\n<\/tr>\n<tr>\n<td>Les traitements vis\u00e9s au 2.2 ont pour finalit\u00e9s :<\/td>\n<td>Le traitement vis\u00e9 au 2.2 a pour base l\u00e9gale :<\/td>\n<\/tr>\n<tr>\n<td>\n<ul>\n<li>L\u2019envoi de la lettre d\u2019information aux personnes en ayant effectu\u00e9 la demande<\/li>\n<li>L\u2019enregistrement de la signature de personnes dans le cadre de p\u00e9titions<\/li>\n<li>La sollicitation de ces m\u00eames abonn\u00e9s ou des signataires de p\u00e9tition(s) dans le cadre d\u2019appels \u00e0 soutenir financi\u00e8rement les actions du WWF France.<\/li>\n<\/ul>\n<\/td>\n<td>\n<ul>\n<li>Ce traitement a pour base l\u00e9gale l\u2019int\u00e9r\u00eat l\u00e9gitime de la Fondation et parfois le consentement.<\/li>\n<\/ul>\n<\/td>\n<\/tr>\n<\/tbody>\n<\/table>\n<p>&nbsp;<\/p>\n<\/div>\n<\/div>\n<\/div>\n<\/div>\n<\/div>\n<\/div>\n<div class=\"field__item\">\n<div class=\"paragraph paragraph--type--text-block paragraph--view-mode--default\">\n<div class=\"paragraph-inner\">\n<div class=\"text-block-inner\">\n<h3 class=\"text-block-title\" data-gtm-vis-first-on-screen-281427_338=\"3009\" data-gtm-vis-total-visible-time-281427_338=\"100\" data-gtm-vis-has-fired-281427_338=\"1\">5 \u2013 Les destinataires de vos Donn\u00e9es<\/h3>\n<\/div>\n<div class=\"text-block-inner\">\n<div class=\"text-block-content\">\n<div class=\"field field-name--field-text-block-text field-type--text-long field__item\">\n<p>Peuvent \u00eatre destinataires de vos Donn\u00e9es :<\/p>\n<ul>\n<li>les Services \u00ab Communication \u00bb et \u00ab G\u00e9n\u00e9rosit\u00e9 Publique \u00bb du WWF France pour vous adresser nos actualit\u00e9s ou des demandes de dons ;<\/li>\n<li>le service \u00ab legs \u00bb pour la gestion des relations testateurs et le suivi du traitement des legs ;<\/li>\n<li>le service \u00ab G\u00e9n\u00e9rosit\u00e9 Publique \u00bb du WWF France pour la gestion de la base de donn\u00e9es des donateurs, des testateurs potentiels et des testateurs av\u00e9r\u00e9s ;<\/li>\n<li>nos sous-traitants en charge des op\u00e9rations de fid\u00e9lisation ou de prospection ;<\/li>\n<li>nos sous-traitants en charge des op\u00e9rations de paiement ;<\/li>\n<li>nos prestataires informatiques ;<\/li>\n<li>les autres entit\u00e9s europ\u00e9ennes du WWF<\/li>\n<\/ul>\n<p>En cas de r\u00e9organisation ou de restructuration, envisag\u00e9es ou finalis\u00e9es, certains auditeurs, conseillers, acqu\u00e9reurs, pourraient \u00e9galement avoir acc\u00e8s \u00e0 vos Donn\u00e9es.<br \/>Il peut \u00e9galement arriver que vos Donn\u00e9es soient partag\u00e9es avec d\u2019autres associations. Vous pouvez vous y opposer selon la m\u00e9thode vis\u00e9e \u00e0 l\u2019article 9.<\/p>\n<p>&nbsp;<\/p>\n<\/div>\n<\/div>\n<\/div>\n<\/div>\n<\/div>\n<\/div>\n<div class=\"field__item\">\n<div class=\"paragraph paragraph--type--text-block paragraph--view-mode--default\">\n<div class=\"paragraph-inner\">\n<div class=\"text-block-inner\">\n<h3 class=\"text-block-title\" data-gtm-vis-first-on-screen-281427_338=\"7609\" data-gtm-vis-total-visible-time-281427_338=\"100\" data-gtm-vis-has-fired-281427_338=\"1\">6 \u2013 Transferts de Donn\u00e9es<\/h3>\n<\/div>\n<div class=\"text-block-inner\">\n<div class=\"text-block-content\">\n<div class=\"field field-name--field-text-block-text field-type--text-long field__item\">\n<p>WWF France ne transf\u00e8re pas vos Donn\u00e9es en dehors de l\u2019Union europ\u00e9enne. N\u00e9anmoins, il est possible que ces derni\u00e8res soient h\u00e9berg\u00e9es sur des serveurs situ\u00e9s en dehors de l\u2019Union europ\u00e9enne.<br \/>Dans ce cas, WWF France s\u2019engage \u00e0 prendre toutes les mesures n\u00e9cessaires \u00e0 la pr\u00e9servation de l\u2019int\u00e9grit\u00e9 et de la s\u00e9curit\u00e9 de vos Donn\u00e9es afin que ces derni\u00e8res soient :<\/p>\n<ul>\n<li>situ\u00e9es dans un Etat consid\u00e9r\u00e9 comme ad\u00e9quat par la Commission europ\u00e9enne ;<\/li>\n<li>envoy\u00e9es \u00e0 des entit\u00e9s pr\u00e9sentant des garanties suffisantes quant \u00e0 la protection des Donn\u00e9es \u00e0 caract\u00e8re personnel par la mise en \u0153uvre et la signature de clauses contractuelles types approuv\u00e9es par la Commission europ\u00e9enne.<\/li>\n<\/ul>\n<\/div>\n<\/div>\n<\/div>\n<\/div>\n<\/div>\n<\/div>\n<div class=\"field__item\">\n<div class=\"paragraph paragraph--type--text-block paragraph--view-mode--default\">\n<div class=\"paragraph-inner\">\n<div class=\"text-block-inner\">\n<h3 class=\"text-block-title\" data-gtm-vis-first-on-screen-281427_338=\"8342\" data-gtm-vis-total-visible-time-281427_338=\"100\" data-gtm-vis-has-fired-281427_338=\"1\">7 \u2013 S\u00e9curit\u00e9 des Traitements<\/h3>\n<\/div>\n<div class=\"text-block-inner\">\n<div class=\"text-block-content\">\n<div class=\"field field-name--field-text-block-text field-type--text-long field__item\">\n<p>WWF France assure le traitement de vos Donn\u00e9es en toute confidentialit\u00e9 et en toute s\u00e9curit\u00e9 en mettant en place les mesures techniques et organisationnelles n\u00e9cessaires pour pr\u00e9server dans des conditions optimales leur s\u00e9curit\u00e9, leur confidentialit\u00e9 et leur int\u00e9grit\u00e9.<\/p>\n<p>Seules les personnes strictement habilit\u00e9es par WWF France auront acc\u00e8s \u00e0 vos Donn\u00e9es. Aucun tiers non autoris\u00e9 ne saurait y avoir acc\u00e8s, hors obligation l\u00e9gale ou unioniste incombant au Responsable de traitement.<\/p>\n<\/div>\n<\/div>\n<\/div>\n<\/div>\n<\/div>\n<\/div>\n<div class=\"field__item\">\n<div class=\"paragraph paragraph--type--text-block paragraph--view-mode--default\">\n<div class=\"paragraph-inner\">\n<div class=\"text-block-inner\">\n<h3 class=\"text-block-title\" data-gtm-vis-first-on-screen-281427_338=\"8508\" data-gtm-vis-total-visible-time-281427_338=\"100\" data-gtm-vis-has-fired-281427_338=\"1\">8 &#8211; Journalistes, influenceurs\/utilisateurs des r\u00e9seaux sociaux, experts<\/h3>\n<\/div>\n<div class=\"text-block-inner\">\n<div class=\"text-block-content\">\n<div class=\"field field-name--field-text-block-text field-type--text-long field__item\">\n<p>WWF tient \u00e0 jour les coordonn\u00e9es (disponibles publiquement) des journalistes et personnes qui exercent une influence sur les r\u00e9seaux sociaux, les experts et personnes qui rendent publics leurs renseignements personnels ou professionnels ou leurs opinions. Ces listes sont consult\u00e9es et\/ou utilis\u00e9es par WWF afin d\u2019adresser des communiqu\u00e9s de presse et des informations sur la d\u00e9fense des causes qui lui sont ch\u00e8res. La base l\u00e9gale de ce traitement est l\u2019int\u00e9r\u00eat l\u00e9gitime de WWF.<\/p>\n<p>&nbsp;<\/p>\n<\/div>\n<\/div>\n<\/div>\n<\/div>\n<\/div>\n<\/div>\n<div class=\"field__item\">\n<div class=\"paragraph paragraph--type--text-block paragraph--view-mode--default\">\n<div class=\"paragraph-inner\">\n<div class=\"text-block-inner\">\n<h3 class=\"text-block-title\" data-gtm-vis-first-on-screen-281427_338=\"8642\" data-gtm-vis-total-visible-time-281427_338=\"100\" data-gtm-vis-has-fired-281427_338=\"1\">9 \u2013 Vos droits<\/h3>\n<\/div>\n<div class=\"text-block-inner\">\n<div class=\"text-block-content\">\n<div class=\"field field-name--field-text-block-text field-type--text-long field__item\">\n<p>En application de la loi Informatique et libert\u00e9s et du RGPD, vous disposez \u00e0 tout moment d&rsquo;un droit d&rsquo;acc\u00e8s, de modification, d\u2019opposition \u00e0 la prospection commerciale et en cas de motifs l\u00e9gitimes, du droit \u00e0 la limitation du traitement de vos Donn\u00e9es et du droit de demander la suppression des Donn\u00e9es personnelles vous concernant. Vous disposez \u00e9galement du droit \u00e0 la portabilit\u00e9 de vos Donn\u00e9es, du droit de d\u00e9finir des directives concernant vos Donn\u00e9es en cas de d\u00e9c\u00e8s et du droit de retirer votre consentement. <strong>Vous pouvez exercer vos droits en \u00e9crivant \u00e0 <a href=\"mailto:mesdonnees@wwf.fr\">mesdonnees@wwf.fr<\/a>.\u00a0<\/strong><\/p>\n<p>Si satisfaction ne vous \u00e9tait pas donn\u00e9e concernant le traitement de vos Donn\u00e9es ou l\u2019exercice de vos droits, vous avez la possibilit\u00e9 de saisir la CNIL.<\/p>\n<p>&nbsp;<\/p>\n<\/div>\n<\/div>\n<\/div>\n<\/div>\n<\/div>\n<\/div>\n<div class=\"field__item\">\n<div class=\"paragraph paragraph--type--text-block paragraph--view-mode--default\">\n<div class=\"paragraph-inner\">\n<div class=\"text-block-inner\">\n<h3 class=\"text-block-title\" data-gtm-vis-first-on-screen-281427_338=\"9391\" data-gtm-vis-total-visible-time-281427_338=\"100\" data-gtm-vis-has-fired-281427_338=\"1\">10 \u2013 Mise \u00e0 jour<\/h3>\n<\/div>\n<div class=\"text-block-inner\">\n<div class=\"text-block-content\">\n<div class=\"field field-name--field-text-block-text field-type--text-long field__item\">\n<p>La pr\u00e9sente politique pourra faire l\u2019objet d\u2019actualisation par WWF France, en cas de nouveaux traitements, et notamment sur le fondement :<\/p>\n<ul>\n<li>des changements significatifs intervenus dans la l\u00e9gislation et\/ou la jurisprudence ainsi que les normes techniques applicables au Syst\u00e8me d\u2019Information ;<\/li>\n<li>de l\u2019\u00e9valuation des risques ;<\/li>\n<li>des r\u00e9ajustements sugg\u00e9r\u00e9s par la mise en \u0153uvre des proc\u00e9dures internes de gestion de l\u2019information.<\/li>\n<\/ul>\n<p>&nbsp;<\/p>\n<p>&nbsp;<\/p>\n<p>&nbsp;<\/p>\n<\/div>\n<\/div>\n<\/div>\n<\/div>\n<\/div>\n<\/div>\n<\/div>\n<p>[\/et_pb_text][\/et_pb_column][\/et_pb_row][\/et_pb_section][et_pb_section fb_built=\u00a0\u00bb1&Prime; disabled_on=\u00a0\u00bboff|off|off\u00a0\u00bb admin_label=\u00a0\u00bbSection PC &#038; Tablette\u00a0\u00bb _builder_version=\u00a0\u00bb4.7.2&Prime; background_color=\u00a0\u00bb#000000&Prime; background_enable_image=\u00a0\u00bboff\u00a0\u00bb background_size=\u00a0\u00bbinitial\u00a0\u00bb background_repeat=\u00a0\u00bbrepeat\u00a0\u00bb custom_padding=\u00a0\u00bb4px|0px|0|0px|false|false\u00a0\u00bb z_index_tablet=\u00a0\u00bb500&Prime; da_disable_devices=\u00a0\u00bboff|off|off\u00a0\u00bb box_shadow_horizontal_tablet=\u00a0\u00bb0px\u00a0\u00bb box_shadow_vertical_tablet=\u00a0\u00bb0px\u00a0\u00bb box_shadow_blur_tablet=\u00a0\u00bb40px\u00a0\u00bb box_shadow_spread_tablet=\u00a0\u00bb0px\u00a0\u00bb global_module=\u00a0\u00bb55325&Prime; saved_tabs=\u00a0\u00bball\u00a0\u00bb da_is_popup=\u00a0\u00bboff\u00a0\u00bb da_exit_intent=\u00a0\u00bboff\u00a0\u00bb da_has_close=\u00a0\u00bbon\u00a0\u00bb da_alt_close=\u00a0\u00bboff\u00a0\u00bb da_dark_close=\u00a0\u00bboff\u00a0\u00bb da_not_modal=\u00a0\u00bbon\u00a0\u00bb da_is_singular=\u00a0\u00bboff\u00a0\u00bb da_with_loader=\u00a0\u00bboff\u00a0\u00bb da_has_shadow=\u00a0\u00bbon\u00a0\u00bb][et_pb_row column_structure=\u00a0\u00bb1_5,3_5,1_5&Prime; use_custom_gutter=\u00a0\u00bbon\u00a0\u00bb gutter_width=\u00a0\u00bb2&Prime; _builder_version=\u00a0\u00bb4.0.6&Prime; width=\u00a0\u00bb100%\u00a0\u00bb width_tablet=\u00a0\u00bb80%\u00a0\u00bb width_phone=\u00a0\u00bb80%\u00a0\u00bb width_last_edited=\u00a0\u00bbon|tablet\u00a0\u00bb max_width=\u00a0\u00bb1420px\u00a0\u00bb custom_margin=\u00a0\u00bb||||false|false\u00a0\u00bb][et_pb_column type=\u00a0\u00bb1_5&Prime; _builder_version=\u00a0\u00bb4.0.6&Prime; custom_padding=\u00a0\u00bb|0%|||false|false\u00a0\u00bb custom_padding__hover=\u00a0\u00bb|||\u00a0\u00bb][et_pb_image src=\u00a0\u00bbhttps:\/\/agir.wwf.fr\/8-miiliards\/wp-content\/uploads\/sites\/32\/2020\/10\/logo-wwf-2.jpg\u00a0\u00bb title_text=\u00a0\u00bblogo-wwf-2&Prime; show_bottom_space=\u00a0\u00bboff\u00a0\u00bb align_tablet=\u00a0\u00bb\u00a0\u00bb align_phone=\u00a0\u00bbright\u00a0\u00bb align_last_edited=\u00a0\u00bbon|phone\u00a0\u00bb disabled_on=\u00a0\u00bbon|off|off\u00a0\u00bb _builder_version=\u00a0\u00bb4.6.6&Prime; width=\u00a0\u00bb25%\u00a0\u00bb width_tablet=\u00a0\u00bb12%\u00a0\u00bb width_phone=\u00a0\u00bb\u00a0\u00bb width_last_edited=\u00a0\u00bbon|tablet\u00a0\u00bb max_width_tablet=\u00a0\u00bb\u00a0\u00bb max_width_phone=\u00a0\u00bb\u00a0\u00bb max_width_last_edited=\u00a0\u00bbon|tablet\u00a0\u00bb module_alignment=\u00a0\u00bbright\u00a0\u00bb custom_margin=\u00a0\u00bb-0.8vh||||false|false\u00a0\u00bb custom_margin_tablet=\u00a0\u00bb\u00a0\u00bb custom_margin_phone=\u00a0\u00bb\u00a0\u00bb custom_margin_last_edited=\u00a0\u00bbon|desktop\u00a0\u00bb][\/et_pb_image][\/et_pb_column][et_pb_column type=\u00a0\u00bb3_5&Prime; _builder_version=\u00a0\u00bb4.0.6&Prime; custom_padding=\u00a0\u00bb||||false|false\u00a0\u00bb][et_pb_text _builder_version=\u00a0\u00bb4.9.3&Prime; text_font=\u00a0\u00bb||||||||\u00a0\u00bb text_text_color=\u00a0\u00bb#fcfcfc\u00a0\u00bb header_font=\u00a0\u00bbWWF2|300|||||||\u00a0\u00bb header_text_color=\u00a0\u00bb#ffffff\u00a0\u00bb header_letter_spacing=\u00a0\u00bb1px\u00a0\u00bb header_3_font=\u00a0\u00bbWWF|||on|||||\u00a0\u00bb custom_margin=\u00a0\u00bb1vh||-5px||false|false\u00a0\u00bb custom_padding=\u00a0\u00bb30px|||||\u00a0\u00bb]<\/p>\n<h3><span style=\"font-size: 24px; color: #fcfcfc;\">10 ANS POUR RECONSTRUIRE LA NATURE<\/span><\/h3>\n<div class=\"footer-mission-text\"><\/div>\n<div class=\"footer-mission-text\"><\/div>\n<div class=\"footer-mission-text\"><\/div>\n<div class=\"footer-mission-text\"><\/div>\n<p>[\/et_pb_text][et_pb_text _builder_version=\u00a0\u00bb4.9.3&Prime; text_font=\u00a0\u00bb||||||||\u00a0\u00bb text_text_color=\u00a0\u00bb#ffffff\u00a0\u00bb header_font=\u00a0\u00bbWWF2|300|||||||\u00a0\u00bb header_text_color=\u00a0\u00bb#ffffff\u00a0\u00bb header_letter_spacing=\u00a0\u00bb1px\u00a0\u00bb header_3_font=\u00a0\u00bbWWF||||||||\u00a0\u00bb header_3_text_color=\u00a0\u00bb#ffffff\u00a0\u00bb header_3_font_size=\u00a0\u00bb1.4em\u00a0\u00bb custom_margin=\u00a0\u00bb||||false|false\u00a0\u00bb custom_padding=\u00a0\u00bb||||false|false\u00a0\u00bb]<\/p>\n<h3><span style=\"font-weight: 400;\">Partout sur la plan\u00e8te&#8230; \u00a0et en France aussi.<\/span><\/h3>\n<div class=\"footer-mission-text\"><\/div>\n<div class=\"footer-mission-text\"><\/div>\n<div class=\"footer-mission-text\"><\/div>\n<p>[\/et_pb_text][et_pb_text _builder_version=\u00a0\u00bb4.7.4&Prime; text_font=\u00a0\u00bbSource Sans Pro||||||||\u00a0\u00bb text_text_color=\u00a0\u00bb#fcfcfc\u00a0\u00bb text_font_size=\u00a0\u00bb14px\u00a0\u00bb header_font=\u00a0\u00bbWWF|800|||||||\u00a0\u00bb header_text_color=\u00a0\u00bb#ffffff\u00a0\u00bb custom_margin=\u00a0\u00bb2vw|17vw|2vw||true|false\u00a0\u00bb custom_margin_tablet=\u00a0\u00bb\u00a0\u00bb custom_margin_phone=\u00a0\u00bb|2vw|||true|false\u00a0\u00bb custom_margin_last_edited=\u00a0\u00bbon|phone\u00a0\u00bb]<\/p>\n<div class=\"footer-inner\">\n<div class=\"footer-mission\">\n<hr \/>\n<\/div>\n<\/div>\n<div class=\"footer-inner\">\n<div class=\"footer-end-wrapper\">\n<div class=\"footer-end-inner\">\n<div class=\"footer-bank-details\"><strong>D\u00e9duction fiscale<\/strong><\/div>\n<div class=\"footer-bank-details\"><span>66 % du montant de votre don au profit du WWF peut \u00eatre d\u00e9duit de votre imp\u00f4t sur le revenu.<\/span><\/div>\n<div class=\"footer-bank-details\"><span><\/span><\/div>\n<div class=\"footer-bank-details\">\n<p><b>Mutualisation des dons<\/b><br \/><span style=\"font-weight: 400;\">Prot\u00e9ger l&rsquo;environnement, c&rsquo;est prot\u00e9ger la plan\u00e8te et tous les \u00eatres vivants. Cela n\u00e9cessite d&rsquo;agir sur tous les fronts : climat, \u00e9nergie, syst\u00e8mes alimentaires, for\u00eat, vie sauvage, oc\u00e9ans, par des actions de terrain et de sensibilisation du public. Afin d&rsquo;\u00eatre le plus efficace possible, le WWF fait le choix d&rsquo;utiliser les dons selon les besoins des programmes et de ne pas affecter les dons, sauf demande expresse.<\/span><\/p>\n<p><span>Le Fonds Mondial pour la Nature France, dit WWF France est une Fondation reconnue d&rsquo;utilit\u00e9 publique.<\/span><br \/><span>Num\u00e9ro d\u2019enregistrement et SIREN : 302 518 667<\/span><\/p>\n<\/div>\n<div class=\"footer-bank-details\"><\/div>\n<div class=\"footer-bank-details\">\u00a9 2021 WWF &#8211; World Wide Fund For Nature \u00a9 1986 Panda Symbol WWF \u2013 World Wide Fund For Nature (formerly World Wildlife Fund) \u00ae<\/div>\n<div class=\"footer-bank-details\">\u201cWWF\u201d is a WWF Registered Trademark<\/div>\n<\/div>\n<\/div>\n<\/div>\n<p>[\/et_pb_text][et_pb_text _builder_version=\u00a0\u00bb4.9.4&Prime; text_text_color=\u00a0\u00bb#ffffff\u00a0\u00bb text_font_size=\u00a0\u00bb14px\u00a0\u00bb custom_margin=\u00a0\u00bb1vh||6vh||false|false\u00a0\u00bb custom_padding=\u00a0\u00bb||||false|false\u00a0\u00bb]<\/p>\n<p><a href=\"\/10-ans-pour-reconstruire\/mentions-legales\/\" target=\"_blank\" rel=\"noopener noreferrer\">Mentions l\u00e9gales<\/a>\u00a0 \u00a0\u00a0\u00a0\u00a0\u00a0\u00a0\u00a0<a href=\"https:\/\/agir.wwf.fr\/10-ans-pour-reconstruire\/politique-de-cookies\/\">Politique de cookies\u00a0\u00a0<\/a>\u00a0\u00a0\u00a0\u00a0 <a href=\"\/10-ans-pour-reconstruire\/politique-de-confidentialite\/\" target=\"_blank\" rel=\"noopener noreferrer\">Politique de confidentialit\u00e9<\/a>\u00a0\u00a0\u00a0\u00a0 <a href=\"\/10-ans-pour-reconstruire\/credits\/\" target=\"_blank\" rel=\"noopener noreferrer\">Cr\u00e9dits photos<\/a><\/p>\n<p>[\/et_pb_text][\/et_pb_column][et_pb_column type=\u00a0\u00bb1_5&Prime; _builder_version=\u00a0\u00bb3.25&Prime; custom_padding=\u00a0\u00bb|||\u00a0\u00bb custom_padding__hover=\u00a0\u00bb|||\u00a0\u00bb][et_pb_social_media_follow use_icon_font_size=\u00a0\u00bbon\u00a0\u00bb icon_font_size=\u00a0\u00bb20px\u00a0\u00bb _builder_version=\u00a0\u00bb4.7.4&Prime; text_orientation=\u00a0\u00bbleft\u00a0\u00bb custom_margin=\u00a0\u00bb3vw|||-40px|false|false\u00a0\u00bb custom_padding=\u00a0\u00bb10px||0px||false|false\u00a0\u00bb text_orientation_tablet=\u00a0\u00bb\u00a0\u00bb text_orientation_phone=\u00a0\u00bbcenter\u00a0\u00bb text_orientation_last_edited=\u00a0\u00bbon|phone\u00a0\u00bb custom_css_follow_button=\u00a0\u00bbwidth: 70%;\u00a0\u00bb border_radii=\u00a0\u00bbon|50px|50px|50px|50px\u00a0\u00bb][et_pb_social_media_follow_network social_network=\u00a0\u00bbfacebook\u00a0\u00bb url=\u00a0\u00bbhttps:\/\/www.facebook.com\/WWFFrance\/\u00a0\u00bb _builder_version=\u00a0\u00bb4.6.0&Prime; background_color=\u00a0\u00bb#e02b20&Prime; background_enable_color=\u00a0\u00bbon\u00a0\u00bb follow_button=\u00a0\u00bboff\u00a0\u00bb url_new_window=\u00a0\u00bbon\u00a0\u00bb]facebook[\/et_pb_social_media_follow_network][et_pb_social_media_follow_network social_network=\u00a0\u00bbtwitter\u00a0\u00bb url=\u00a0\u00bbhttps:\/\/twitter.com\/wwffrance\u00a0\u00bb _builder_version=\u00a0\u00bb4.6.0&Prime; background_color=\u00a0\u00bb#e02b20&Prime; background_enable_color=\u00a0\u00bbon\u00a0\u00bb follow_button=\u00a0\u00bboff\u00a0\u00bb url_new_window=\u00a0\u00bbon\u00a0\u00bb]twitter[\/et_pb_social_media_follow_network][et_pb_social_media_follow_network social_network=\u00a0\u00bbinstagram\u00a0\u00bb url=\u00a0\u00bbhttps:\/\/www.instagram.com\/wwffrance\/?hl=fr\u00a0\u00bb _builder_version=\u00a0\u00bb4.6.0&Prime; background_color=\u00a0\u00bb#e02b20&Prime; background_enable_color=\u00a0\u00bbon\u00a0\u00bb follow_button=\u00a0\u00bboff\u00a0\u00bb url_new_window=\u00a0\u00bbon\u00a0\u00bb]instagram[\/et_pb_social_media_follow_network][et_pb_social_media_follow_network social_network=\u00a0\u00bbyoutube\u00a0\u00bb url=\u00a0\u00bbhttps:\/\/www.youtube.com\/user\/WWFFrance\/videos\u00a0\u00bb _builder_version=\u00a0\u00bb4.6.0&Prime; background_color=\u00a0\u00bb#e02b20&Prime; background_enable_color=\u00a0\u00bbon\u00a0\u00bb follow_button=\u00a0\u00bboff\u00a0\u00bb url_new_window=\u00a0\u00bbon\u00a0\u00bb]youtube[\/et_pb_social_media_follow_network][\/et_pb_social_media_follow][et_pb_text disabled_on=\u00a0\u00bbon|off|off\u00a0\u00bb _builder_version=\u00a0\u00bb4.9.4&Prime; _module_preset=\u00a0\u00bbdefault\u00a0\u00bb text_font=\u00a0\u00bbSource Sans Pro|700|||||||\u00a0\u00bb text_text_color=\u00a0\u00bb#ffffff\u00a0\u00bb text_font_size=\u00a0\u00bb14px\u00a0\u00bb custom_margin=\u00a0\u00bb||10px|-15%|false|false\u00a0\u00bb text_orientation_tablet=\u00a0\u00bb\u00a0\u00bb text_orientation_phone=\u00a0\u00bbcenter\u00a0\u00bb text_orientation_last_edited=\u00a0\u00bbon|phone\u00a0\u00bb]<\/p>\n<p>Plan du site<\/p>\n<p>[\/et_pb_text][et_pb_menu menu_id=\u00a0\u00bb398&Prime; submenu_direction=\u00a0\u00bbdownwards\u00a0\u00bb active_link_color=\u00a0\u00bb#ffffff\u00a0\u00bb menu_icon_color=\u00a0\u00bb#ffffff\u00a0\u00bb disabled_on=\u00a0\u00bbon|off|off\u00a0\u00bb _builder_version=\u00a0\u00bb4.9.4&Prime; _module_preset=\u00a0\u00bbdefault\u00a0\u00bb menu_font=\u00a0\u00bbSource Sans Pro||||||||\u00a0\u00bb menu_text_color=\u00a0\u00bb#ffffff\u00a0\u00bb menu_line_height=\u00a0\u00bb1.1em\u00a0\u00bb background_color=\u00a0\u00bb#0a0404&Prime; width=\u00a0\u00bb78.2%\u00a0\u00bb custom_margin=\u00a0\u00bb|||-15%|false|false\u00a0\u00bb custom_margin_tablet=\u00a0\u00bb\u00a0\u00bb custom_margin_phone=\u00a0\u00bb||||false|false\u00a0\u00bb custom_margin_last_edited=\u00a0\u00bbon|phone\u00a0\u00bb custom_padding=\u00a0\u00bb|8%|||false|false\u00a0\u00bb background_last_edited=\u00a0\u00bbon|phone\u00a0\u00bb][\/et_pb_menu][\/et_pb_column][\/et_pb_row][\/et_pb_section]<\/p>\n","protected":false},"excerpt":{"rendered":"<p>Politique de confidentialit\u00e9 &nbsp; La Fondation Fonds Mondial pour la Nature France (WWF France) en sa qualit\u00e9 de Responsable de traitement est particuli\u00e8rement attentive \u00e0 la protection et au respect de votre vie priv\u00e9e. La pr\u00e9sente politique de confidentialit\u00e9 a vocation \u00e0 vous pr\u00e9senter la mani\u00e8re dont nous collectons, utilisons et partageons vos Donn\u00e9es \u00e0 [&hellip;]<\/p>\n","protected":false},"author":5,"featured_media":0,"parent":0,"menu_order":0,"comment_status":"closed","ping_status":"closed","template":"","meta":{"_et_pb_use_builder":"on","_et_pb_old_content":"","_et_gb_content_width":""},"yoast_head":"<!-- This site is optimized with the Yoast SEO plugin v21.1 - https:\/\/yoast.com\/wordpress\/plugins\/seo\/ -->\n<title>Politique de confidentialit\u00e9 - WWF | 10 ans pour reconstruire la nature<\/title>\n<meta name=\"description\" content=\"N&#039;attendons pas que la faune suavage devienne imaginaire. Agissons ensemble.\" \/>\n<meta name=\"robots\" content=\"index, follow, max-snippet:-1, max-image-preview:large, max-video-preview:-1\" \/>\n<link rel=\"canonical\" href=\"https:\/\/agir.wwf.fr\/10-ans-pour-reconstruire\/politique-de-confidentialite\/\" \/>\n<meta property=\"og:locale\" content=\"fr_FR\" \/>\n<meta property=\"og:type\" content=\"article\" \/>\n<meta property=\"og:title\" content=\"Politique de confidentialit\u00e9 - WWF | 10 ans pour reconstruire la nature\" \/>\n<meta property=\"og:description\" content=\"N&#039;attendons pas que la faune suavage devienne imaginaire. Agissons ensemble.\" \/>\n<meta property=\"og:url\" content=\"https:\/\/agir.wwf.fr\/10-ans-pour-reconstruire\/politique-de-confidentialite\/\" \/>\n<meta property=\"og:site_name\" content=\"WWF | 10 ans pour reconstruire la nature\" \/>\n<meta property=\"article:publisher\" content=\"https:\/\/www.facebook.com\/WWFFRANCE\" \/>\n<meta property=\"article:modified_time\" content=\"2021-04-26T08:29:09+00:00\" \/>\n<meta property=\"og:image\" content=\"https:\/\/agir.wwf.fr\/10-ans-pour-reconstruire\/wp-content\/uploads\/sites\/33\/2020\/11\/GettyImages-1195174769-scaled.jpg\" \/>\n\t<meta property=\"og:image:width\" content=\"2560\" \/>\n\t<meta property=\"og:image:height\" content=\"1313\" \/>\n\t<meta property=\"og:image:type\" content=\"image\/jpeg\" \/>\n<meta name=\"twitter:card\" content=\"summary_large_image\" \/>\n<meta name=\"twitter:site\" content=\"@WWFFRANCE\" \/>\n<meta name=\"twitter:label1\" content=\"Dur\u00e9e de lecture estim\u00e9e\" \/>\n\t<meta name=\"twitter:data1\" content=\"16 minutes\" \/>\n<script type=\"application\/ld+json\" class=\"yoast-schema-graph\">{\"@context\":\"https:\/\/schema.org\",\"@graph\":[{\"@type\":\"WebPage\",\"@id\":\"https:\/\/agir.wwf.fr\/10-ans-pour-reconstruire\/politique-de-confidentialite\/\",\"url\":\"https:\/\/agir.wwf.fr\/10-ans-pour-reconstruire\/politique-de-confidentialite\/\",\"name\":\"Politique de confidentialit\u00e9 - WWF | 10 ans pour reconstruire la nature\",\"isPartOf\":{\"@id\":\"https:\/\/agir.wwf.fr\/10-ans-pour-reconstruire\/#website\"},\"datePublished\":\"2021-04-13T09:39:26+00:00\",\"dateModified\":\"2021-04-26T08:29:09+00:00\",\"description\":\"N'attendons pas que la faune suavage devienne imaginaire. Agissons ensemble.\",\"breadcrumb\":{\"@id\":\"https:\/\/agir.wwf.fr\/10-ans-pour-reconstruire\/politique-de-confidentialite\/#breadcrumb\"},\"inLanguage\":\"fr-FR\",\"potentialAction\":[{\"@type\":\"ReadAction\",\"target\":[\"https:\/\/agir.wwf.fr\/10-ans-pour-reconstruire\/politique-de-confidentialite\/\"]}]},{\"@type\":\"BreadcrumbList\",\"@id\":\"https:\/\/agir.wwf.fr\/10-ans-pour-reconstruire\/politique-de-confidentialite\/#breadcrumb\",\"itemListElement\":[{\"@type\":\"ListItem\",\"position\":1,\"name\":\"Accueil\",\"item\":\"https:\/\/agir.wwf.fr\/10-ans-pour-reconstruire\/\"},{\"@type\":\"ListItem\",\"position\":2,\"name\":\"Politique de confidentialit\u00e9\"}]},{\"@type\":\"WebSite\",\"@id\":\"https:\/\/agir.wwf.fr\/10-ans-pour-reconstruire\/#website\",\"url\":\"https:\/\/agir.wwf.fr\/10-ans-pour-reconstruire\/\",\"name\":\"WWF | 10 ans pour reconstruire la nature\",\"description\":\"En France aussi, le WWF agit pour reconstruire la nature.\",\"publisher\":{\"@id\":\"https:\/\/agir.wwf.fr\/10-ans-pour-reconstruire\/#organization\"},\"potentialAction\":[{\"@type\":\"SearchAction\",\"target\":{\"@type\":\"EntryPoint\",\"urlTemplate\":\"https:\/\/agir.wwf.fr\/10-ans-pour-reconstruire\/?s={search_term_string}\"},\"query-input\":\"required name=search_term_string\"}],\"inLanguage\":\"fr-FR\"},{\"@type\":\"Organization\",\"@id\":\"https:\/\/agir.wwf.fr\/10-ans-pour-reconstruire\/#organization\",\"name\":\"WWF\",\"url\":\"https:\/\/agir.wwf.fr\/10-ans-pour-reconstruire\/\",\"logo\":{\"@type\":\"ImageObject\",\"inLanguage\":\"fr-FR\",\"@id\":\"https:\/\/agir.wwf.fr\/10-ans-pour-reconstruire\/#\/schema\/logo\/image\/\",\"url\":\"https:\/\/agir.wwf.fr\/8-milliards-de-raisons\/wp-content\/uploads\/sites\/32\/2019\/03\/wwflogo.png\",\"contentUrl\":\"https:\/\/agir.wwf.fr\/8-milliards-de-raisons\/wp-content\/uploads\/sites\/32\/2019\/03\/wwflogo.png\",\"width\":647,\"height\":306,\"caption\":\"WWF\"},\"image\":{\"@id\":\"https:\/\/agir.wwf.fr\/10-ans-pour-reconstruire\/#\/schema\/logo\/image\/\"},\"sameAs\":[\"https:\/\/www.facebook.com\/WWFFRANCE\",\"https:\/\/twitter.com\/WWFFRANCE\",\"https:\/\/www.instagram.com\/wwffrance\/\",\"https:\/\/www.linkedin.com\/company\/wwf-france\",\"https:\/\/www.youtube.com\/user\/WWFFrance\"]}]}<\/script>\n<!-- \/ Yoast SEO plugin. -->","yoast_head_json":{"title":"Politique de confidentialit\u00e9 - WWF | 10 ans pour reconstruire la nature","description":"N'attendons pas que la faune suavage devienne imaginaire. Agissons ensemble.","robots":{"index":"index","follow":"follow","max-snippet":"max-snippet:-1","max-image-preview":"max-image-preview:large","max-video-preview":"max-video-preview:-1"},"canonical":"https:\/\/agir.wwf.fr\/10-ans-pour-reconstruire\/politique-de-confidentialite\/","og_locale":"fr_FR","og_type":"article","og_title":"Politique de confidentialit\u00e9 - WWF | 10 ans pour reconstruire la nature","og_description":"N'attendons pas que la faune suavage devienne imaginaire. Agissons ensemble.","og_url":"https:\/\/agir.wwf.fr\/10-ans-pour-reconstruire\/politique-de-confidentialite\/","og_site_name":"WWF | 10 ans pour reconstruire la nature","article_publisher":"https:\/\/www.facebook.com\/WWFFRANCE","article_modified_time":"2021-04-26T08:29:09+00:00","og_image":[{"width":2560,"height":1313,"url":"https:\/\/agir.wwf.fr\/10-ans-pour-reconstruire\/wp-content\/uploads\/sites\/33\/2020\/11\/GettyImages-1195174769-scaled.jpg","type":"image\/jpeg"}],"twitter_card":"summary_large_image","twitter_site":"@WWFFRANCE","twitter_misc":{"Dur\u00e9e de lecture estim\u00e9e":"16 minutes"},"schema":{"@context":"https:\/\/schema.org","@graph":[{"@type":"WebPage","@id":"https:\/\/agir.wwf.fr\/10-ans-pour-reconstruire\/politique-de-confidentialite\/","url":"https:\/\/agir.wwf.fr\/10-ans-pour-reconstruire\/politique-de-confidentialite\/","name":"Politique de confidentialit\u00e9 - WWF | 10 ans pour reconstruire la nature","isPartOf":{"@id":"https:\/\/agir.wwf.fr\/10-ans-pour-reconstruire\/#website"},"datePublished":"2021-04-13T09:39:26+00:00","dateModified":"2021-04-26T08:29:09+00:00","description":"N'attendons pas que la faune suavage devienne imaginaire. Agissons ensemble.","breadcrumb":{"@id":"https:\/\/agir.wwf.fr\/10-ans-pour-reconstruire\/politique-de-confidentialite\/#breadcrumb"},"inLanguage":"fr-FR","potentialAction":[{"@type":"ReadAction","target":["https:\/\/agir.wwf.fr\/10-ans-pour-reconstruire\/politique-de-confidentialite\/"]}]},{"@type":"BreadcrumbList","@id":"https:\/\/agir.wwf.fr\/10-ans-pour-reconstruire\/politique-de-confidentialite\/#breadcrumb","itemListElement":[{"@type":"ListItem","position":1,"name":"Accueil","item":"https:\/\/agir.wwf.fr\/10-ans-pour-reconstruire\/"},{"@type":"ListItem","position":2,"name":"Politique de confidentialit\u00e9"}]},{"@type":"WebSite","@id":"https:\/\/agir.wwf.fr\/10-ans-pour-reconstruire\/#website","url":"https:\/\/agir.wwf.fr\/10-ans-pour-reconstruire\/","name":"WWF | 10 ans pour reconstruire la nature","description":"En France aussi, le WWF agit pour reconstruire la nature.","publisher":{"@id":"https:\/\/agir.wwf.fr\/10-ans-pour-reconstruire\/#organization"},"potentialAction":[{"@type":"SearchAction","target":{"@type":"EntryPoint","urlTemplate":"https:\/\/agir.wwf.fr\/10-ans-pour-reconstruire\/?s={search_term_string}"},"query-input":"required name=search_term_string"}],"inLanguage":"fr-FR"},{"@type":"Organization","@id":"https:\/\/agir.wwf.fr\/10-ans-pour-reconstruire\/#organization","name":"WWF","url":"https:\/\/agir.wwf.fr\/10-ans-pour-reconstruire\/","logo":{"@type":"ImageObject","inLanguage":"fr-FR","@id":"https:\/\/agir.wwf.fr\/10-ans-pour-reconstruire\/#\/schema\/logo\/image\/","url":"https:\/\/agir.wwf.fr\/8-milliards-de-raisons\/wp-content\/uploads\/sites\/32\/2019\/03\/wwflogo.png","contentUrl":"https:\/\/agir.wwf.fr\/8-milliards-de-raisons\/wp-content\/uploads\/sites\/32\/2019\/03\/wwflogo.png","width":647,"height":306,"caption":"WWF"},"image":{"@id":"https:\/\/agir.wwf.fr\/10-ans-pour-reconstruire\/#\/schema\/logo\/image\/"},"sameAs":["https:\/\/www.facebook.com\/WWFFRANCE","https:\/\/twitter.com\/WWFFRANCE","https:\/\/www.instagram.com\/wwffrance\/","https:\/\/www.linkedin.com\/company\/wwf-france","https:\/\/www.youtube.com\/user\/WWFFrance"]}]}},"_links":{"self":[{"href":"https:\/\/agir.wwf.fr\/10-ans-pour-reconstruire\/wp-json\/wp\/v2\/pages\/57778"}],"collection":[{"href":"https:\/\/agir.wwf.fr\/10-ans-pour-reconstruire\/wp-json\/wp\/v2\/pages"}],"about":[{"href":"https:\/\/agir.wwf.fr\/10-ans-pour-reconstruire\/wp-json\/wp\/v2\/types\/page"}],"author":[{"embeddable":true,"href":"https:\/\/agir.wwf.fr\/10-ans-pour-reconstruire\/wp-json\/wp\/v2\/users\/5"}],"replies":[{"embeddable":true,"href":"https:\/\/agir.wwf.fr\/10-ans-pour-reconstruire\/wp-json\/wp\/v2\/comments?post=57778"}],"version-history":[{"count":0,"href":"https:\/\/agir.wwf.fr\/10-ans-pour-reconstruire\/wp-json\/wp\/v2\/pages\/57778\/revisions"}],"wp:attachment":[{"href":"https:\/\/agir.wwf.fr\/10-ans-pour-reconstruire\/wp-json\/wp\/v2\/media?parent=57778"}],"curies":[{"name":"wp","href":"https:\/\/api.w.org\/{rel}","templated":true}]}}